{"id":25106,"date":"2024-04-02T10:36:33","date_gmt":"2024-04-02T10:36:33","guid":{"rendered":"https:\/\/fcmanrique.org\/?post_type=fcm_video&#038;p=25106"},"modified":"2024-07-12T13:41:03","modified_gmt":"2024-07-12T13:41:03","slug":"aurora-fernandez-polanco","status":"publish","type":"fcm_video","link":"https:\/\/ludiccc.ddns.net\/it\/fcm-video\/aurora-fernandez-polanco\/","title":{"rendered":"\u00abLa naturaleza como no-paisaje: acciones, estudios y labores desde el arte contempor\u00e1neo\u00bb"},"content":{"rendered":"<p><strong>Espacio de reflexi\u00f3n. Miradas divergentes<\/strong><\/p>\n<p>La Fundaci\u00f3n C\u00e9sar Manrique (FCM) acogi\u00f3 el pasado jueves 11 de abril de 2024, la conferencia titulada \u201cLa naturaleza como no-paisaje: acciones, estudios y labores desde el arte contempor\u00e1neo\u201d, que fue impartida por la catedr\u00e1tica de Historia del Arte de la Universidad Complutense de Madrid (UCM) <strong>Aurora Fern\u00e1ndez Polanco<\/strong>. El acto tuvo lugar en la sala Jos\u00e9 Saramago (La Plazuela, Arrecife), y que fue retransmitido en directo a trav\u00e9s de la web y el canal de Youtube de la FCM.<\/p>\n<p>Esta conferencia se enmarca dentro del espacio de reflexi\u00f3n \u201cMiradas divergentes\u201d. Un foro en el que han participado cr\u00edticos, historiadores y profesores de arte para revisar las valoraciones y los conceptos can\u00f3nicos establecidos en la cultura contempor\u00e1nea sobre etapas hist\u00f3ricas, tendencias, movimientos art\u00edsticos, personalidades especialmente sobresalientes o las conexiones existentes entre las distintas artes. Desde sus or\u00edgenes, este ciclo ha contado con la presencia de estudiosos como Estrella de Diego, Kosme de Bara\u00f1ano, Aurora Garc\u00eda, Juan Manuel Bonet, Victoria Combal\u00eda, Sim\u00f3n March\u00e1n, Mar\u00eda del Corral, Manuel Borja Villel, Lynne Cooke o Luis Fern\u00e1ndez-Galiano, entre otros y, recientemente, Eduardo Prieto.<\/p>\n<p><strong>Cr\u00f3nica de la conferencia:<\/strong> <a href=\"https:\/\/fcmanrique.org\/fcm-actividad\/fernandez-polanco-crecer-indefinidamente-ya-es-retroceder-indefinidamente\/\">Cr\u00f3nica<\/a><\/p>\n<p><strong>M\u00e1s informaci\u00f3n:<\/strong> <a href=\"https:\/\/fcmanrique.org\/wp-content\/uploads\/np.-02.24-Conferencia-Aurora-Fernandez.pdf\" target=\"_blank\" rel=\"noopener\">Nota de prensa<\/a><\/p>","protected":false},"featured_media":25227,"parent":0,"template":"","meta":{"_acf_changed":false,"ngg_post_thumbnail":0,"footnotes":""},"video_coleccion":[97],"class_list":["post-25106","fcm_video","type-fcm_video","status-publish","has-post-thumbnail","hentry","video_coleccion-conferencia"],"acf":[],"_links":{"self":[{"href":"https:\/\/ludiccc.ddns.net\/it\/wp-json\/wp\/v2\/fcm_video\/25106","targetHints":{"allow":["GET"]}}],"collection":[{"href":"https:\/\/ludiccc.ddns.net\/it\/wp-json\/wp\/v2\/fcm_video"}],"about":[{"href":"https:\/\/ludiccc.ddns.net\/it\/wp-json\/wp\/v2\/types\/fcm_video"}],"version-history":[{"count":40,"href":"https:\/\/ludiccc.ddns.net\/it\/wp-json\/wp\/v2\/fcm_video\/25106\/revisions"}],"predecessor-version":[{"id":25226,"href":"https:\/\/ludiccc.ddns.net\/it\/wp-json\/wp\/v2\/fcm_video\/25106\/revisions\/25226"}],"wp:featuredmedia":[{"embeddable":true,"href":"https:\/\/ludiccc.ddns.net\/it\/wp-json\/wp\/v2\/media\/25227"}],"wp:attachment":[{"href":"https:\/\/ludiccc.ddns.net\/it\/wp-json\/wp\/v2\/media?parent=25106"}],"wp:term":[{"taxonomy":"video_coleccion","embeddable":true,"href":"https:\/\/ludiccc.ddns.net\/it\/wp-json\/wp\/v2\/video_coleccion?post=25106"}],"curies":[{"name":"wp","href":"https:\/\/api.w.org\/{rel}","templated":true}]}}