{"id":24985,"date":"2024-02-27T10:51:05","date_gmt":"2024-02-27T10:51:05","guid":{"rendered":"https:\/\/fcmanrique.org\/?post_type=fcm_video&#038;p=24985"},"modified":"2024-07-09T13:30:33","modified_gmt":"2024-07-09T13:30:33","slug":"sergio-ramirez-la-literatura-y-sus-fantasmas","status":"publish","type":"fcm_video","link":"https:\/\/ludiccc.ddns.net\/it\/fcm-video\/sergio-ramirez-la-literatura-y-sus-fantasmas\/","title":{"rendered":"\u00abLa literatura y sus fantasmas\u00bb"},"content":{"rendered":"<p><!--<strong>Conferencia inaugural<\/strong>\n\nFECHA:&nbsp;<strong>5 de marzo<\/strong>\n\nHORA:<strong>&nbsp;19:30 horas<\/strong>\n\nLUGAR DE CELEBRACI\u00d3N:&nbsp;<strong>Sala Jos\u00e9 Saramago (La Plazuela-Arrecife)<\/strong>\n\nINTERVIENE:&nbsp;<b>Sergio Ram\u00edrez<\/b>--><\/p>\n<p><strong>Conferencia inaugural<\/strong><\/p>\n<p>La Fundaci\u00f3n C\u00e9sar Manrique (FCM) inaugur\u00f3 su programaci\u00f3n cultural de 2024 el pasado martes 5 de marzo de 2024, con una conferencia impartida por el escritor <strong>Sergio Ram\u00edrez<\/strong>, premio Cervantes 2017. Bajo el t\u00edtulo \u201cLa literatura y sus fantasmas\u201d, el ponente habl\u00f3 sobre la distancia y la fusi\u00f3n entre la realidad y la imaginaci\u00f3n en la escritura literaria. El acto tuvo lugar en la sala Jos\u00e9 Saramago (La Plazuela, Arrecife), y tambi\u00e9n fue transmitido en directo a trav\u00e9s de la web y el canal de Youtube de la FCM.<\/p>\n<p>Esta conferencia se enmarca dentro del espacio de encuentro entre creadores y p\u00fablico titulado <em>El autor y su obra<\/em>. Se trata de un foro de naturaleza multidisciplinar en el que los invitados hablan de la relaci\u00f3n que mantienen con su trabajo creativo y revisan algunas de las constantes que orientan su dedicaci\u00f3n. En este foro han participado, entre otros: Jos\u00e9 \u00c1ngel Valente, Rosa Montero, Alberto Coraz\u00f3n, Juan Gelman, Susan Sontag, Juan Goytisolo, Carmen Mart\u00edn Gaite, Eduardo Galeano, I\u00f1aki \u00c1balos, \u00c1ngeles Mastretta, G\u00fcnter Grass, Jos\u00e9 Saramago, Eduardo Mendoza o, recientemente, Bernardo Atxaga.<\/p>\n<p><strong>Cr\u00f3nica de la conferencia:<\/strong> <a href=\"https:\/\/fcmanrique.org\/fcm-actividad\/sergio-ramirez-en-america-las-leyes-justas-pasan-a-ser-la-mentira-y-el-poder-arbitrario-la-realidad\/?cpg=0\">Cr\u00f3nica<\/a><\/p>\n<p><strong>M\u00e1s informaci\u00f3n:<\/strong> <a href=\"https:\/\/fcmanrique.org\/wp-content\/uploads\/fc-manrique-nota-de-prensa-conferencia-sergio-ramirez.pdf\" target=\"_blank\" rel=\"noopener\">Nota de prensa<\/a><\/p>\n<p><!--<strong>M\u00e1s informaci\u00f3n:<\/strong> <a href=\"https:\/\/fcmanrique.org\/sergio-ramirez-la-literatura-y-sus-fantasmas-2\/\">Mas info<\/a>--><\/p>","protected":false},"featured_media":25062,"parent":0,"template":"","meta":{"_acf_changed":false,"ngg_post_thumbnail":0,"footnotes":""},"video_coleccion":[97],"class_list":["post-24985","fcm_video","type-fcm_video","status-publish","has-post-thumbnail","hentry","video_coleccion-conferencia"],"acf":[],"_links":{"self":[{"href":"https:\/\/ludiccc.ddns.net\/it\/wp-json\/wp\/v2\/fcm_video\/24985","targetHints":{"allow":["GET"]}}],"collection":[{"href":"https:\/\/ludiccc.ddns.net\/it\/wp-json\/wp\/v2\/fcm_video"}],"about":[{"href":"https:\/\/ludiccc.ddns.net\/it\/wp-json\/wp\/v2\/types\/fcm_video"}],"version-history":[{"count":22,"href":"https:\/\/ludiccc.ddns.net\/it\/wp-json\/wp\/v2\/fcm_video\/24985\/revisions"}],"predecessor-version":[{"id":25750,"href":"https:\/\/ludiccc.ddns.net\/it\/wp-json\/wp\/v2\/fcm_video\/24985\/revisions\/25750"}],"wp:featuredmedia":[{"embeddable":true,"href":"https:\/\/ludiccc.ddns.net\/it\/wp-json\/wp\/v2\/media\/25062"}],"wp:attachment":[{"href":"https:\/\/ludiccc.ddns.net\/it\/wp-json\/wp\/v2\/media?parent=24985"}],"wp:term":[{"taxonomy":"video_coleccion","embeddable":true,"href":"https:\/\/ludiccc.ddns.net\/it\/wp-json\/wp\/v2\/video_coleccion?post=24985"}],"curies":[{"name":"wp","href":"https:\/\/api.w.org\/{rel}","templated":true}]}}