{"id":23681,"date":"2023-04-13T08:23:24","date_gmt":"2023-04-13T08:23:24","guid":{"rendered":"https:\/\/fcmanrique.org\/?post_type=fcm_video&#038;p=23681"},"modified":"2024-06-05T10:07:27","modified_gmt":"2024-06-05T10:07:27","slug":"eduardo-prieto-islas-inauditas-breve-historia-de-las-utopias-medioambientales","status":"publish","type":"fcm_video","link":"https:\/\/ludiccc.ddns.net\/it\/fcm-video\/eduardo-prieto-islas-inauditas-breve-historia-de-las-utopias-medioambientales\/","title":{"rendered":"\u00abIslas inauditas. Breve historia de las utop\u00edas medioambientales\u00bb"},"content":{"rendered":"<p><strong>Espacio de reflexi\u00f3n. Miradas divergentes<\/strong><\/p>\n<p>La Fundaci\u00f3n C\u00e9sar Manrique (FCM) acogi\u00f3 el pasado jueves 20 de abril de 2023 a las 19:30 horas, en la sala Jos\u00e9 Saramago (La Plazuela, Arrecife), la conferencia titulada \u201cIslas inauditas. Breve historia de las utop\u00edas medioambientales\u201d, que fue impartida por el arquitecto y fil\u00f3sofo <strong>Eduardo Prieto<\/strong>. El acto fue transmitido en directo a trav\u00e9s de la web de la FCM.<\/p>\n<p>La ponencia de Eduardo Prieto se incluye dentro del espacio de reflexi\u00f3n \u201cMiradas divergentes\u201d. Un foro en el que han participado cr\u00edticos, historiadores y profesores de arte para revisar los conceptos y valoraciones establecidos en la cultura contempor\u00e1nea sobre etapas hist\u00f3ricas, tendencias, movimientos art\u00edsticos, personalidades especialmente sobresalientes o las conexiones existentes entre las distintas artes. Desde sus or\u00edgenes, este ciclo ha contado con la presencia de Estrella de Diego, Kosme de Bara\u00f1ano, Juan Manuel Bonet, Sim\u00f3n March\u00e1n, Manuel Borja Villel o Luis Fern\u00e1ndez-Galiano, entre otros.<\/p>\n<p><strong>Cr\u00f3nica de la conferencia:<\/strong> <a href=\"https:\/\/fcmanrique.org\/fcm-actividad\/eduardo-prieto\/?cpg=0\/\">Cr\u00f3nica<\/a><\/p>\n<p><strong>M\u00e1s informaci\u00f3n:<\/strong> <a href=\"https:\/\/fcmanrique.org\/wp-content\/uploads\/NP-Eduardo-Prieto.pdf\">Nota de prensa<\/a><\/p>","protected":false},"featured_media":23689,"parent":0,"template":"","meta":{"_acf_changed":false,"ngg_post_thumbnail":0,"footnotes":""},"video_coleccion":[97],"class_list":["post-23681","fcm_video","type-fcm_video","status-publish","has-post-thumbnail","hentry","video_coleccion-conferencia"],"acf":[],"_links":{"self":[{"href":"https:\/\/ludiccc.ddns.net\/it\/wp-json\/wp\/v2\/fcm_video\/23681","targetHints":{"allow":["GET"]}}],"collection":[{"href":"https:\/\/ludiccc.ddns.net\/it\/wp-json\/wp\/v2\/fcm_video"}],"about":[{"href":"https:\/\/ludiccc.ddns.net\/it\/wp-json\/wp\/v2\/types\/fcm_video"}],"version-history":[{"count":19,"href":"https:\/\/ludiccc.ddns.net\/it\/wp-json\/wp\/v2\/fcm_video\/23681\/revisions"}],"predecessor-version":[{"id":25602,"href":"https:\/\/ludiccc.ddns.net\/it\/wp-json\/wp\/v2\/fcm_video\/23681\/revisions\/25602"}],"wp:featuredmedia":[{"embeddable":true,"href":"https:\/\/ludiccc.ddns.net\/it\/wp-json\/wp\/v2\/media\/23689"}],"wp:attachment":[{"href":"https:\/\/ludiccc.ddns.net\/it\/wp-json\/wp\/v2\/media?parent=23681"}],"wp:term":[{"taxonomy":"video_coleccion","embeddable":true,"href":"https:\/\/ludiccc.ddns.net\/it\/wp-json\/wp\/v2\/video_coleccion?post=23681"}],"curies":[{"name":"wp","href":"https:\/\/api.w.org\/{rel}","templated":true}]}}