{"id":15083,"date":"2018-02-21T11:30:33","date_gmt":"2018-02-21T11:30:33","guid":{"rendered":"https:\/\/fcmanrique.org\/fcm-exposicion\/cesar-manrique-1950-1957\/"},"modified":"2026-04-23T23:20:11","modified_gmt":"2026-04-23T23:20:11","slug":"cesar-manrique-1950-1957","status":"publish","type":"fcm_exposicion","link":"https:\/\/ludiccc.ddns.net\/it\/fcm-exposicion\/cesar-manrique-1950-1957\/","title":{"rendered":"C\u00e9sar Manrique. 1950-1957"},"content":{"rendered":"<figure class=\"wp-block-image size-full\"><img fetchpriority=\"high\" width=\"289\" height=\"246\" src=\"https:\/\/fcm.local\/wp-content\/uploads\/cesar-manrique-expo-1950-1957-th.jpg\" class=\"wp-image-16790\" alt=\"C\u00e9sar Manrique. 1950-1957\" loading=\"eager\" decoding=\"async\" \/><\/figure>\n<p><strong>Exposici\u00f3n producida y organizada por la Fundaci\u00f3n C\u00e9sar Manrique<\/strong><\/p>\n<p>Esta muestra estaba vinculada al trabajo de catalogaci\u00f3n de la obra pl\u00e1stica del artista que la Fundaci\u00f3n comenz\u00f3 a mediados de los a\u00f1os noventa, y complet\u00f3 la revisi\u00f3n de la pintura de C\u00e9sar Manrique iniciada con la exposici\u00f3n retrospectiva que el Instituto Valenciano de Arte Moderno (IVAM) le dedic\u00f3 en 2005, referida en aquella ocasi\u00f3n al periodo 1958-1992, la de su obra pict\u00f3rica de madurez, asociada a la met\u00e1fora del volc\u00e1n.<\/p>\n<p>Entre 1950 \u2015cuando concluye sus estudios de Bellas Artes en la Academia de San Fernando, Madrid\u2015 y 1957, C\u00e9sar Manrique desarrolla una intensa vida creativa en la capital del Estado, planteando nuevos comportamientos y pr\u00e1cticas que contribuyen a renovar el clima art\u00edstico de la \u00e9poca. Son sus comienzos y su primera vinculaci\u00f3n al arte moderno.<\/p>\n<p>A comienzos de los cincuenta, Manrique produce composiciones de tem\u00e1tica variada bajo el denominador com\u00fan del monotipo, una t\u00e9cnica que le ofrece la posibilidad de investigar las texturas y de profundizar en su vocaci\u00f3n de gran colorista. Muestra estas obras, por primera vez, en noviembre de 1953, en una exposici\u00f3n organizada por el Cabildo Insular de Lanzarote. Cuelga en torno a una veintena de obras, que hab\u00eda pintado durante el verano en su estudio de la Caleta de Famara (Lanzarote), donde pasaba sus vacaciones y se nutr\u00eda de s\u00edmbolos para conformar su imaginario. Manrique dota en esos a\u00f1os a la isla de su retrato moderno, construyendo as\u00ed una mitolog\u00eda visual conductora, a trav\u00e9s de detalles de la vida cotidiana (barcas, palmeras, camellos, volcanes, aljibes, cactus, campesinas y campesinos\u2026).<\/p>\n<p>En esos a\u00f1os de formaci\u00f3n como artista moderno, su pintura evoluciona desde una figuraci\u00f3n colorista y estrechamente relacionada con el imaginario insular, a una progresiva abstracci\u00f3n que oscila entre el geometrismo y el lirismo provocado por el trabajo de las texturas en el fondo. Una obra que realiz\u00f3 en sinton\u00eda con el esp\u00edritu de la \u00e9poca, marcada por la renovaci\u00f3n de las artes pl\u00e1sticas de nuestro pa\u00eds, de la que fue protagonista.<\/p>\n<p>La exposici\u00f3n permaneci\u00f3 abierta en la sede de la FCM entre el 29 de junio y el 10 de septiembre de 2006. Posteriormente itiner\u00f3 a la sala CICCA de Las Palmas de Gran Canaria, entre el 20 de septiembre y el 21 de octubre, y al antiguo Convento de Santo Domingo de La Laguna, Tenerife, entre el 3 de noviembre y el 3 de diciembre.<\/p>\n<p><strong>M\u00e1s informaci\u00f3n:<\/strong> <a href=\"https:\/\/fcmanrique.org\/fcm-publicacion\/cesar-manrique-1950-1957\/?cpg=2\" target=\"_blank\" rel=\"noopener\">Cat\u00e1logo de la exposici\u00f3n<\/a><\/p>","protected":false},"featured_media":16790,"parent":0,"template":"","meta":{"_acf_changed":false,"ngg_post_thumbnail":0,"footnotes":""},"exposicion_linea_discursiva":[50],"class_list":["post-15083","fcm_exposicion","type-fcm_exposicion","status-publish","has-post-thumbnail","hentry","exposicion_linea_discursiva-exposiciones-dedicadas-a-manrique"],"acf":[],"_links":{"self":[{"href":"https:\/\/ludiccc.ddns.net\/it\/wp-json\/wp\/v2\/fcm_exposicion\/15083","targetHints":{"allow":["GET"]}}],"collection":[{"href":"https:\/\/ludiccc.ddns.net\/it\/wp-json\/wp\/v2\/fcm_exposicion"}],"about":[{"href":"https:\/\/ludiccc.ddns.net\/it\/wp-json\/wp\/v2\/types\/fcm_exposicion"}],"version-history":[{"count":8,"href":"https:\/\/ludiccc.ddns.net\/it\/wp-json\/wp\/v2\/fcm_exposicion\/15083\/revisions"}],"predecessor-version":[{"id":27099,"href":"https:\/\/ludiccc.ddns.net\/it\/wp-json\/wp\/v2\/fcm_exposicion\/15083\/revisions\/27099"}],"wp:featuredmedia":[{"embeddable":true,"href":"https:\/\/ludiccc.ddns.net\/it\/wp-json\/wp\/v2\/media\/16790"}],"wp:attachment":[{"href":"https:\/\/ludiccc.ddns.net\/it\/wp-json\/wp\/v2\/media?parent=15083"}],"wp:term":[{"taxonomy":"exposicion_linea_discursiva","embeddable":true,"href":"https:\/\/ludiccc.ddns.net\/it\/wp-json\/wp\/v2\/exposicion_linea_discursiva?post=15083"}],"curies":[{"name":"wp","href":"https:\/\/api.w.org\/{rel}","templated":true}]}}