{"id":15043,"date":"2018-02-21T11:30:23","date_gmt":"2018-02-21T11:30:23","guid":{"rendered":"https:\/\/fcmanrique.org\/fcm-exposicion\/nils-udo\/"},"modified":"2026-04-23T23:20:12","modified_gmt":"2026-04-23T23:20:12","slug":"nils-udo","status":"publish","type":"fcm_exposicion","link":"https:\/\/ludiccc.ddns.net\/it\/fcm-exposicion\/nils-udo\/","title":{"rendered":"Nils-Udo"},"content":{"rendered":"<div class=\"wp-block-columns fcm-page-migration-columns is-layout-flex wp-container-core-columns-is-layout-9d6595d7 wp-block-columns-is-layout-flex\"><div class=\"wp-block-column is-layout-flow wp-block-column-is-layout-flow\" style=\"flex-basis:66.66%\"><figure class=\"wp-block-image size-full\"><img fetchpriority=\"high\" width=\"289\" height=\"246\" src=\"https:\/\/fcm.local\/wp-content\/uploads\/cesar-manrique-expo-Nils-Udo-th.jpg\" class=\"wp-image-16819\" alt=\"Nils-Udo\" loading=\"eager\" decoding=\"async\" \/><\/figure>\n<p>El jueves 18 de enero del 2001 se inaugur\u00f3 en la sede de la FCM la exposici\u00f3n <em>Nils-Udo<\/em>. Esta exposici\u00f3n itinerante viaj\u00f3 por Alemania (<em>Aachen Ludwig Forum f\u00fcr Internationale Kunst, Aaschen<\/em>), Italia (<em>Galeria d\u2019Arte Moderna e Conteporanea, Bergamo<\/em>), Francia (<em>Frac Alsace, Selestat<\/em>) y Canad\u00e1, siendo la FCM el \u00fanico lugar donde fue mostrada en Espa\u00f1a.<\/p>\n<p>Nils-Udo naci\u00f3 en Lauf, Baviera, Alemania, en 1937. Es uno de los artistas europeos contempor\u00e1neos m\u00e1s representativos en la utilizaci\u00f3n de la naturaleza como material del arte. Nils-Udo realiza sus intervenciones en la naturaleza desde principio de los anos 70. En 1973 surgen sus primeros proyectos medioambientales que \u00e9l denominar\u00e1 <em>Instalaciones en espacios naturales<\/em>. Tras esta etapa, el artista pasa a la intervenci\u00f3n directa en la naturaleza: lagos, bosques y costas.<\/p>\n<p>Las instalaciones de Udo se distribuyen por toda Europa: Francia, Alemania, Grecia, Italia,\u2026 Las islas le fascinan especialmente para escenario de sus obras: las del Oc\u00e9ano \u00cdndico, las del Mar Egeo, o las Antillas Francesas.<\/p>\n<p>La obra de Nils-Udo evidencia un gran respeto por la naturaleza expresado con se\u00f1ales que se visualizan mediante peque\u00f1as actuaciones. Una hilera de p\u00e9talos rojos bordeando una grieta volc\u00e1nica, una guirnalda de hojas de colores vivos que pone de manifiesto la forma redondeada de un accidente geogr\u00e1fico en una roca, una isla flotante sobre el agua donde han sido plantados 1.000 narcisos, un manzano con l\u00e1minas de hielo en sus ramas, nidos de gran tama\u00f1o realizados con bamb\u00fa o troncos y ramas de \u00e1rboles, una l\u00ednea de hojas secas que potencia la frontera entre la tierra y el agua. La poes\u00eda est\u00e1 presente en el conjunto de su obra: <em>Rain Tower,<\/em> <em>Waterhouse<\/em>, o, por ejemplo, <em>Bambo Nest<\/em>, donde se puede contemplar una sobredimensi\u00f3n de un nido de bamb\u00fa, creando una instalaci\u00f3n circular de gran escala para el festival de cultura de la ciudad de Fujiho, en Kanagawa, Jap\u00f3n.<\/p>\n<p>El car\u00e1cter ef\u00edmero de las propuestas le obliga a plasmarlas sobre soporte fotogr\u00e1fico una vez concluidas. La exposici\u00f3n presentada en la FCM nos ofreci\u00f3 64 fotograf\u00edas, 2 pinturas y 2 maquetas, que daban una visi\u00f3n detallada de la extensa trayectoria de este artista polifac\u00e9tico.<\/p>\n<p>La exposici\u00f3n recibi\u00f3 59.863 visitantes. Hay que a\u00f1adir los 696 visitantes entre escolares y profesores que visitaron la exposici\u00f3n, acompa\u00f1ados por un programa de atenci\u00f3n guiada llevada a cabo por el Departamento Pedag\u00f3gico de la FCM.<\/p><\/div><div class=\"wp-block-column is-layout-flow wp-block-column-is-layout-flow\" style=\"flex-basis:33.33%\"><p>&nbsp;<\/p><\/div><\/div>","protected":false},"featured_media":16819,"parent":0,"template":"","meta":{"_acf_changed":false,"ngg_post_thumbnail":0,"footnotes":""},"exposicion_linea_discursiva":[51],"class_list":["post-15043","fcm_exposicion","type-fcm_exposicion","status-publish","has-post-thumbnail","hentry","exposicion_linea_discursiva-arte-naturaleza"],"acf":[],"_links":{"self":[{"href":"https:\/\/ludiccc.ddns.net\/it\/wp-json\/wp\/v2\/fcm_exposicion\/15043","targetHints":{"allow":["GET"]}}],"collection":[{"href":"https:\/\/ludiccc.ddns.net\/it\/wp-json\/wp\/v2\/fcm_exposicion"}],"about":[{"href":"https:\/\/ludiccc.ddns.net\/it\/wp-json\/wp\/v2\/types\/fcm_exposicion"}],"version-history":[{"count":2,"href":"https:\/\/ludiccc.ddns.net\/it\/wp-json\/wp\/v2\/fcm_exposicion\/15043\/revisions"}],"predecessor-version":[{"id":27125,"href":"https:\/\/ludiccc.ddns.net\/it\/wp-json\/wp\/v2\/fcm_exposicion\/15043\/revisions\/27125"}],"wp:featuredmedia":[{"embeddable":true,"href":"https:\/\/ludiccc.ddns.net\/it\/wp-json\/wp\/v2\/media\/16819"}],"wp:attachment":[{"href":"https:\/\/ludiccc.ddns.net\/it\/wp-json\/wp\/v2\/media?parent=15043"}],"wp:term":[{"taxonomy":"exposicion_linea_discursiva","embeddable":true,"href":"https:\/\/ludiccc.ddns.net\/it\/wp-json\/wp\/v2\/exposicion_linea_discursiva?post=15043"}],"curies":[{"name":"wp","href":"https:\/\/api.w.org\/{rel}","templated":true}]}}