{"id":3520,"date":"2014-11-11T00:00:00","date_gmt":"2014-11-11T00:00:00","guid":{"rendered":"https:\/\/fcmanrique.org\/2014\/11\/11\/el-espectaculo-cesar-manrique-rojo-negro-blanco-se-represento-en-la-sala-jose-saramago-de-la-fcm\/?lang=es"},"modified":"2026-04-23T23:19:18","modified_gmt":"2026-04-23T23:19:18","slug":"el-espectaculo-cesar-manrique-rojo-negro-blanco-se-represento-en-la-sala-jose-saramago-de-la-fcm","status":"publish","type":"fcm_actividad","link":"https:\/\/ludiccc.ddns.net\/it\/fcm-actividad\/el-espectaculo-cesar-manrique-rojo-negro-blanco-se-represento-en-la-sala-jose-saramago-de-la-fcm\/","title":{"rendered":"El espect\u00e1culo <em>C\u00e9sar Manrique. Rojo, negro, blanco<\/em> se represent\u00f3 en la Sala Jos\u00e9 Saramago de la FCM"},"content":{"rendered":"<p>El espect\u00e1culo <em>C\u00e9sar Manrique. Rojo, negro, blanco<\/em> se represent\u00f3 los d\u00edas 7 y 8 de noviembre en la Sala Jos\u00e9 Saramago de la Fundaci\u00f3n C\u00e9sar Manrique. La instituci\u00f3n reprodujo un espect\u00e1culo sobre C\u00e9sar Manrique, creado e interpretado por Cristina Temprano.<\/p>\n<p>El viernes, 7 de noviembre a las 19h, y el s\u00e1bado, 8 de noviembre, a las 11,30 h, en la Sala Jos\u00e9 Saramago de la Fundaci\u00f3n C\u00e9sar Manrique (La Plazuela, Arrecife), tuvo lugar la representaciones del cuento \u201cC\u00e9sar Manrique. Rojo, negro, blanco\u201d, abierta al p\u00fablico familiar.<\/p>\n<p>Se trata de un espect\u00e1culo de narraci\u00f3n con m\u00fasica de piano y clarinete, creado e interpretado por la narradora de historias Cristina Temprano, en cuya puesta en escena participa el m\u00fasico Ayoze Rodr\u00edguez.<\/p>\n<p>Siguiendo la trayectoria vital de un ni\u00f1o llamado C\u00e9sar, nacido en Lanzarote y futuro gran artista, se construye un rico tejido visual mediante objetos encontrados en la orilla del mar, recursos narrativos diversos, juegos, sombras chinescas y m\u00fasica que sirven para despertar en los m\u00e1s peque\u00f1os la curiosidad por la creaci\u00f3n, el amor por Lanzarote y el cultivo de la sensibilidad. <\/p>\n<p>Este espect\u00e1culo fue encargado y producido por la Fundaci\u00f3n C\u00e9sar Manrique (FCM) en el marco del 20\u00ba aniversario del fallecimiento de su fundador, ya fue representado en el mes de mayo de 2013, e intenta acercar la poblaci\u00f3n escolar de la isla al placer de la creaci\u00f3n art\u00edstica mediante una narraci\u00f3n oral que sigue la pauta de la vida de C\u00e9sar Manrique.<\/p>\n<p>La actividad se desarroll\u00f3 adem\u00e1s, a trav\u00e9s de un programa de representaciones, coordinado por el Departamento Pedag\u00f3gico de la FCM, al que se invit\u00f3 a los centros de ense\u00f1anza primaria y secundaria de Lanzarote. Se concertaron un total de 10 sesiones para escolares los d\u00edas 4, 5, 11, 12 y 13 del presente mes de noviembre (dos actuaciones cada d\u00eda en horario de ma\u00f1ana), de modo que m\u00e1s de 750 alumnos y 40 profesores disfrutaron de la teatralizaci\u00f3n sobre la vida y las creaciones del artista lanzarote\u00f1o.<\/p>","protected":false},"featured_media":0,"parent":0,"template":"","meta":{"_acf_changed":false,"ngg_post_thumbnail":0,"footnotes":""},"actividad_tipo":[37],"actividad_lugar":[],"actividad_departamento":[],"actividad_ciclo":[],"class_list":["post-3520","fcm_actividad","type-fcm_actividad","status-publish","hentry","actividad_tipo-otras-actividades"],"acf":[],"_links":{"self":[{"href":"https:\/\/ludiccc.ddns.net\/it\/wp-json\/wp\/v2\/fcm_actividad\/3520","targetHints":{"allow":["GET"]}}],"collection":[{"href":"https:\/\/ludiccc.ddns.net\/it\/wp-json\/wp\/v2\/fcm_actividad"}],"about":[{"href":"https:\/\/ludiccc.ddns.net\/it\/wp-json\/wp\/v2\/types\/fcm_actividad"}],"version-history":[{"count":4,"href":"https:\/\/ludiccc.ddns.net\/it\/wp-json\/wp\/v2\/fcm_actividad\/3520\/revisions"}],"predecessor-version":[{"id":26913,"href":"https:\/\/ludiccc.ddns.net\/it\/wp-json\/wp\/v2\/fcm_actividad\/3520\/revisions\/26913"}],"wp:attachment":[{"href":"https:\/\/ludiccc.ddns.net\/it\/wp-json\/wp\/v2\/media?parent=3520"}],"wp:term":[{"taxonomy":"actividad_tipo","embeddable":true,"href":"https:\/\/ludiccc.ddns.net\/it\/wp-json\/wp\/v2\/actividad_tipo?post=3520"},{"taxonomy":"actividad_lugar","embeddable":true,"href":"https:\/\/ludiccc.ddns.net\/it\/wp-json\/wp\/v2\/actividad_lugar?post=3520"},{"taxonomy":"actividad_departamento","embeddable":true,"href":"https:\/\/ludiccc.ddns.net\/it\/wp-json\/wp\/v2\/actividad_departamento?post=3520"},{"taxonomy":"actividad_ciclo","embeddable":true,"href":"https:\/\/ludiccc.ddns.net\/it\/wp-json\/wp\/v2\/actividad_ciclo?post=3520"}],"curies":[{"name":"wp","href":"https:\/\/api.w.org\/{rel}","templated":true}]}}