{"id":16463,"date":"2018-03-16T14:12:52","date_gmt":"2018-03-16T14:12:52","guid":{"rendered":"https:\/\/fcmanrique.org\/?p=16463"},"modified":"2026-04-23T23:19:19","modified_gmt":"2026-04-23T23:19:19","slug":"carmelo-vega-este-libro-es-un-intento-de-renovar-la-forma-de-entender-la-historia-de-la-fotografia-en-espana","status":"publish","type":"fcm_actividad","link":"https:\/\/ludiccc.ddns.net\/it\/fcm-actividad\/carmelo-vega-este-libro-es-un-intento-de-renovar-la-forma-de-entender-la-historia-de-la-fotografia-en-espana\/","title":{"rendered":"Carmelo Vega: \u201cEste libro es un intento de renovar la forma de entender la historia de la fotograf\u00eda en Espa\u00f1a\u201d"},"content":{"rendered":"<figure class=\"wp-block-image size-full\"><img fetchpriority=\"high\" width=\"289\" height=\"193\" src=\"https:\/\/fcm.local\/wp-content\/uploads\/fc-manrique-presentacion-libro-fotografia-carmelo-vega-p.jpg\" class=\"wp-image-16465\" alt=\"Carmelo Vega: \u00abEste libro es un intento de renovar la forma de entender la historia de la fotograf\u00eda en Espa\u00f1a\u00bb\" loading=\"eager\" decoding=\"async\" \/><\/figure>\n<p>La presentaci\u00f3n de <em>Fotograf\u00eda en Espa\u00f1a (1839-2015). Historia, tendencias, est\u00e9ticas <\/em>(C\u00e1tedra) de Carmelo Vega, el d\u00eda <strong>15 de marzo de 2018<\/strong> fue, en palabras de su autor, \u201cuna invitaci\u00f3n a la lectura del libro\u201d, un libro extenso (\u201clo han llamado ladrillo o tocho\u201d, se\u00f1al\u00f3 el autor) y riguroso. No es la primera publicaci\u00f3n del autor sobre esta materia. De hecho, el origen de este nuevo volumen est\u00e1 en su libro de 2011 <em>L\u00f3gicas tur\u00edsticas de la fotograf\u00eda.<\/em><a href=\"https:\/\/fcmanrique.org\/wp-content\/uploads\/fc-manrique-presentacion-libro-fotografia-carmelo-vega-01.jpg\"><img loading=\"lazy\" decoding=\"async\" src=\"https:\/\/fcmanrique.org\/wp-content\/uploads\/fc-manrique-presentacion-libro-fotografia-carmelo-vega-01.jpg\" alt=\"\" width=\"800\" height=\"566\"><\/a><\/p>\n<p><em>Fotograf\u00eda en Espa\u00f1a (1839-2015). Historia, tendencias, est\u00e9ticas<\/em> es un libro de consulta, de referencia, un manual, y est\u00e1 escrito a partir de la preocupaci\u00f3n del autor por la manera en que se ha construido la historia de la fotograf\u00eda y su inter\u00e9s en revisar la metodolog\u00eda, repensar c\u00f3mo se ha escrito y averiguar cu\u00e1l es el lugar que ocupa la historia de la fotograf\u00eda en la historia del arte. Hay dos formas de ver esa historia: una historia general o las historias de la fotograf\u00eda en cada regi\u00f3n, provincia o ciudad. \u201cO vemos desde una perspectiva lejana, o nos detenemos en la historia local, que deja ver el detalle pero no se aprecia el conjunto\u201d, se\u00f1al\u00f3. Google Earth sirve como met\u00e1fora para explicar estas dos visiones. O se ve el conjunto o se ve el detalle. \u201cEn la fotograf\u00eda espa\u00f1ola -seg\u00fan el autor- faltan los detalles, y al contrario, muchos detalles no est\u00e1n conectados con las formas globales de la historia de la fotograf\u00eda\u201d. Carmelo Vega pas\u00f3 a explicar los cap\u00edtulos del libro, escritos en orden cronol\u00f3gico, desde la llegada de la fotograf\u00eda a Espa\u00f1a, sus aplicaciones, la fotograf\u00eda art\u00edstica, la de vanguardia o la fotograf\u00eda durante la Guerra civil, hasta la reinvenci\u00f3n tur\u00edstica y las bases para una fotograf\u00eda contempor\u00e1nea. Se a\u00f1aden dos cap\u00edtulos, dos ensayos: uno sobre las fot\u00f3grafas, sobre el problema de por qu\u00e9 no aparecen fot\u00f3grafas en la historia, que es \u201cuna falsa ausencia porque siempre han estado en la producci\u00f3n y creaci\u00f3n fotogr\u00e1fica\u201d, y otro sobre la historia de la cr\u00edtica fotogr\u00e1fica. Despu\u00e9s llegan las notas, muy extensas y minuciosas, que se convierten \u201ccasi en un libro paralelo\u201d. En definitiva, es un libro de referencia, \u201cque es para lo que sirven este tipo de trabajos, para que el libro funcione como un manual universitario, pero tambi\u00e9n va m\u00e1s all\u00e1 e intenta aportar cosas nuevas en cuanto a la metodolog\u00eda\u201d, asegur\u00f3 Vega.<a href=\"https:\/\/fcmanrique.org\/wp-content\/uploads\/fc-manrique-presentacion-libro-fotografia-carmelo-vega-02.jpg\"><img loading=\"lazy\" decoding=\"async\" src=\"https:\/\/fcmanrique.org\/wp-content\/uploads\/fc-manrique-presentacion-libro-fotografia-carmelo-vega-02.jpg\" alt=\"\" width=\"800\" height=\"514\"><\/a> El recorrido de la historia de la fotograf\u00eda en Espa\u00f1a, seg\u00fan el autor, es muy reciente. Nace en 1981 con la publicaci\u00f3n de dos libros: <em>La historia de la fotograf\u00eda en Espa\u00f1a, desde sus or\u00edgenes hasta 1900<\/em>, de Lee Fontanella e<em> Historia de la fotograf\u00eda<\/em>, de Marie-Loup Sougez, aunque anteriormente hubo art\u00edculos en prensa y en revistas especializadas. \u201cSiempre hubo inter\u00e9s\u201d, se\u00f1al\u00f3 Vega, que tambi\u00e9n a\u00f1adi\u00f3 a esa lista varios libros de divulgaci\u00f3n en los a\u00f1os setenta, y \u201ccomo culminaci\u00f3n de un reconocimiento progresivo\u201d, el n\u00famero dedicado a la fotograf\u00eda en 2001 de la revista <em>Summa artis. <\/em>Paralelamente a esa historia se van construyendo las historias locales sobre la fotograf\u00eda y en 1986 se celebra en Sevilla el primer Congreso de la historia de la fotograf\u00eda en Espa\u00f1a. El autor del libro destac\u00f3 la importancia de los cat\u00e1logos de las exposiciones y de los inventarios de los fondos de las diferentes instituciones, como hizo la Biblioteca Nacional en primer lugar, a la que le siguieron otras. Es fundamental esa labor para poder conocer a los autores y poder escribir la historia. Tambi\u00e9n destac\u00f3 otros modelos, digitales, como estrategias para recuperar el patrimonio fotogr\u00e1fico y puso como ejemplo la web de <em>memoriadelanzarote<\/em>. Termin\u00f3 se\u00f1alando que no ha querido dividir la historia por regiones ni hacer un cat\u00e1logo de los grandes fot\u00f3grafos, sino que aporta miles de nombres, desde los m\u00e1s conocidos hasta otros m\u00e1s olvidados, ya que ha tratado de centrar el ensayo en aspectos que tienen que ver con el contexto de la fotograf\u00eda en cada momento hist\u00f3rico, difundiendo las grandes l\u00edneas de la fotograf\u00eda sin ce\u00f1irse a las obras m\u00e1s significativas. El libro, en definitiva, en palabras del autor, aporta \u201cun intento de renovar la forma de entender la historia de la fotograf\u00eda en Espa\u00f1a\u201d.<a href=\"https:\/\/fcmanrique.org\/wp-content\/uploads\/agendaweb.jpg\"><img loading=\"lazy\" decoding=\"async\" src=\"https:\/\/fcmanrique.org\/wp-content\/uploads\/agendaweb.jpg\" alt=\"\" width=\"1181\" height=\"787\"><\/a><a href=\"https:\/\/fcmanrique.org\/wp-content\/uploads\/fc-manrique-nota-prensa-presentacion-libro-fotografia-carmelo-vega.pdf\" class=\"fcm-pdf-download-link\">fc-manrique-nota-prensa-presentacion-libro-fotografia-carmelo-vega<\/a><\/p>","protected":false},"featured_media":16465,"parent":0,"template":"","meta":{"_acf_changed":false,"ngg_post_thumbnail":0,"footnotes":""},"actividad_tipo":[36],"actividad_lugar":[],"actividad_departamento":[],"actividad_ciclo":[],"class_list":["post-16463","fcm_actividad","type-fcm_actividad","status-publish","has-post-thumbnail","hentry","actividad_tipo-presentacion-libros"],"acf":[],"_links":{"self":[{"href":"https:\/\/ludiccc.ddns.net\/it\/wp-json\/wp\/v2\/fcm_actividad\/16463","targetHints":{"allow":["GET"]}}],"collection":[{"href":"https:\/\/ludiccc.ddns.net\/it\/wp-json\/wp\/v2\/fcm_actividad"}],"about":[{"href":"https:\/\/ludiccc.ddns.net\/it\/wp-json\/wp\/v2\/types\/fcm_actividad"}],"version-history":[{"count":9,"href":"https:\/\/ludiccc.ddns.net\/it\/wp-json\/wp\/v2\/fcm_actividad\/16463\/revisions"}],"predecessor-version":[{"id":26960,"href":"https:\/\/ludiccc.ddns.net\/it\/wp-json\/wp\/v2\/fcm_actividad\/16463\/revisions\/26960"}],"wp:featuredmedia":[{"embeddable":true,"href":"https:\/\/ludiccc.ddns.net\/it\/wp-json\/wp\/v2\/media\/16465"}],"wp:attachment":[{"href":"https:\/\/ludiccc.ddns.net\/it\/wp-json\/wp\/v2\/media?parent=16463"}],"wp:term":[{"taxonomy":"actividad_tipo","embeddable":true,"href":"https:\/\/ludiccc.ddns.net\/it\/wp-json\/wp\/v2\/actividad_tipo?post=16463"},{"taxonomy":"actividad_lugar","embeddable":true,"href":"https:\/\/ludiccc.ddns.net\/it\/wp-json\/wp\/v2\/actividad_lugar?post=16463"},{"taxonomy":"actividad_departamento","embeddable":true,"href":"https:\/\/ludiccc.ddns.net\/it\/wp-json\/wp\/v2\/actividad_departamento?post=16463"},{"taxonomy":"actividad_ciclo","embeddable":true,"href":"https:\/\/ludiccc.ddns.net\/it\/wp-json\/wp\/v2\/actividad_ciclo?post=16463"}],"curies":[{"name":"wp","href":"https:\/\/api.w.org\/{rel}","templated":true}]}}