{"id":14387,"date":"2012-03-27T00:00:00","date_gmt":"2012-03-27T00:00:00","guid":{"rendered":"https:\/\/fcmanrique.org\/fcm-actividad\/jose-juan-ramirez-la-fcm-ha-pagado\/"},"modified":"2026-04-23T23:19:29","modified_gmt":"2026-04-23T23:19:29","slug":"jose-juan-ramirez-la-fcm-ha-pagado","status":"publish","type":"fcm_actividad","link":"https:\/\/ludiccc.ddns.net\/it\/fcm-actividad\/jose-juan-ramirez-la-fcm-ha-pagado\/","title":{"rendered":"Jos\u00e9 Juan Ram\u00edrez: <em>La FCM ha pagado un precio y lo seguir\u00e1 pagando por su lucha contra la corrupci\u00f3n y la especulaci\u00f3n<\/em>"},"content":{"rendered":"<div class=\"wp-block-columns fcm-page-migration-columns is-layout-flex wp-container-core-columns-is-layout-9d6595d7 wp-block-columns-is-layout-flex\"><div class=\"wp-block-column is-layout-flow wp-block-column-is-layout-flow\" style=\"flex-basis:66.66%\"><figure class=\"wp-block-image size-full\"><img width=\"135\" height=\"100\" src=\"https:\/\/fcm.local\/wp-content\/uploads\/thmb_507e7f46invitacion-20-fcm135.jpg\" class=\"wp-image-14388\" alt=\"Jos\u00e9 Juan Ram\u00edrez: La FCM ha pagado un precio y lo seguir\u00e1 pagando por su lucha contra la corrupci\u00f3n y la especulaci\u00f3n\" loading=\"eager\" decoding=\"async\" \/><\/figure>\n<p>La Fundaci\u00f3n C\u00e9sar Manrique (FCM) celebr\u00f3 su veinte aniversario con un acto abierto al p\u00fablico en su sede de Taro de Tah\u00edche. La FCM se inaugur\u00f3 el 27 de marzo de 1992, con C\u00e9sar Manrique vivo, aunque falleci\u00f3 en un accidente s\u00f3lo seis meses despu\u00e9s. Al acto asistieron m\u00e1s de 300 personas. <\/p>\n<p>El presidente de la FCM, Jos\u00e9 Juan Ram\u00edrez, abri\u00f3 el acto asegurando que durante estos veinte a\u00f1os la instituci\u00f3n ha intentado mantener vivo el legado y el esp\u00edritu del artista lanzarote\u00f1o. Se\u00f1al\u00f3 que la viabilidad econ\u00f3mica de la Fundaci\u00f3n ha sido un elemento clave para garantizar la independencia de la FCM y poder actuar de manera \u201ccr\u00edtica y libre\u201d. Destac\u00f3 tres hitos en estos veinte a\u00f1os: la labor de investigaci\u00f3n y difusi\u00f3n de la obra del artista, la conformaci\u00f3n de un programa de actividades de \u201cnotable nivel\u201d pero que tampoco es ajeno a la crisis y la consecuci\u00f3n de un reconocimiento como plataforma cultural de referencia, principalmente en la l\u00ednea de Arte, Naturaleza y Territorio. <\/p>\n<p><br> Ram\u00edrez reconoci\u00f3 que el camino no ha estado exento de dificultades debido a su posici\u00f3n de defensa del medioambiente y el territorio, a su apuesta por una ordenaci\u00f3n razonable del suelo y a su lucha contra la especulaci\u00f3n y el desarrollo convirti\u00e9ndose en una \u201cvoz cr\u00edtica contra el desarrollismo y la especulaci\u00f3n\u201d. \u201cUna apuesta \u2014dijo\u2014 por la quela FCM ha pagado un precio y lo seguir\u00e1 pagando porque de la lucha contra la corrupci\u00f3n nadie sale indemne\u201d. Asegur\u00f3 que \u201ces mucho lo que est\u00e1 en juego\u201d pero que \u201cla sociedad civil tiene en la FCM a un referente fuerte de independencia y rigor cr\u00edtico\u201d y prometi\u00f3 seguir trabajando \u201ccon perseverancia y por la dignidad del ser humano y la tierra, por encima del dinero\u201d.<\/p>\n<p>Por su parte, el director de actividades, Fernando G\u00f3mez Aguilera, record\u00f3 que el equipo humano de la FCM comenz\u00f3 muy joven al frente de la instituci\u00f3n y que veinte a\u00f1os despu\u00e9s \u201clo relevante es que estamos\u201d. Dijo que la Fundaci\u00f3n tiene dos grandes patrimonios: el de la instituci\u00f3n para perpetuar la memoria de C\u00e9sar y el trabajo realizado en la l\u00ednea de Arte, Naturaleza y Territorio, y el capital humano de la FCM, que calific\u00f3 como \u201cun verdadero equipo que trabaja para sumar\u201d y que cree en un proyecto \u201ccon valores\u201d.<\/p>\n<p>G\u00f3mez Aguilera hizo balance de las cifras acumuladas por la FCM: 248 actos (conferencias, talleres, presentaciones de libros, mesas redondas, etc.), 300 ponentes (entre ellos tres premios Nobel), 22.000 asistentes a esos actos, 2,5 millones de personas que han visitado las 48 exposiciones, seis millones de visitantes a la sede de la FCM, 900.000 euros entregados en becas y ayudas, la edici\u00f3n de diez libros sobre C\u00e9sar Manrique y la recopilaci\u00f3n de decenas de miles de registros sobre su obra, adem\u00e1s de decenas de dict\u00e1menes, as\u00ed como m\u00e1s de 60.000 escolares que se han beneficiado de su programa pedag\u00f3gico, entre otros datos. <\/p>\n<p>Revel\u00f3 que la programaci\u00f3n de la FCM para 2012 y principios de 2013 se centrar\u00e1 en la figura de C\u00e9sar Manrique, con el montaje de tres exposiciones. La primera, que recrear\u00e1 el taller del artista, se inaugurar\u00e1 en junio; la segunda, en octubre, con fotograf\u00edas de C\u00e9sar Manrique, artista, que se llamar\u00e1 \u2018C\u00e9sar, instante y vida\u2019, y la \u00faltima, en 2013, recuperar\u00e1 sus ideas sobre Lanzarote bajo el t\u00edtulo \u2018C\u00e9sar Manrique, conciencia e isla\u201d. A finales de a\u00f1o la FCM tiene previsto editar un libro que recoja el pensamiento del artista sobre diversos temas a trav\u00e9s de cerca de un centenar de entrevistas aparecidas en la prensa escrita, realizadas en distintos momentos de su vida.<\/p>\n<p>Adem\u00e1s de esas tres muestras, recorrer\u00e1n los centros educativos y los centros socioculturales dos exposiciones con serigraf\u00edas del artista, se organizar\u00e1n cinco mesas redondas sobre su figura y se convocar\u00e1n tres concursos para escolares para acercarles a las ideas de C\u00e9sar Manrique. G\u00f3mez Aguilera ley\u00f3 varios fragmentos del libro \u2018La palabra encendida\u2019 que recoge ideas de C\u00e9sar Manrique, dedicados al valor de la educaci\u00f3n, de la fidelidad, el respeto, la salvaguarda activa, el vitalismo y la dignidad del ser humano. <\/p>\n<p>Tambi\u00e9n se\u00f1al\u00f3 que la FCM est\u00e1 muy preocupada por los planes de modernizaci\u00f3n del Gobierno de Canarias, porque pueden terminar con el esp\u00edritu de las Directrices del Turismo, primando la renovaci\u00f3n a costa de ocupaci\u00f3n de nuevo suelo; y finaliz\u00f3 recordando unas palabras de C\u00e9sar Manrique: \u201cTrat\u00e1ndose de un posible deterioro de la Isla, proceda de donde proceda, no me caso ni con mi madre\u201d. <\/p>\n<p>Tras las intervenciones se proyect\u00f3 un documental producido por el programa de TVE \u2018La mitad invisible\u2019 sobre la figura de C\u00e9sar Manrique y la FCM. Al finalizar, se abri\u00f3 al p\u00fablico la sede de la FCM para poder disfrutar de la visita del museo en horario nocturno, y se sirvi\u00f3 un c\u00f3ctel. <\/p><\/div><div class=\"wp-block-column is-layout-flow wp-block-column-is-layout-flow\" style=\"flex-basis:33.33%\"><div class=\"wp-block-group detail-panel detail-media wp-block-group-\"><div class=\"wp-block-group__inner-container is-layout-flow wp-block-group-is-layout-flow\"><p><a href=\"https:\/\/fcmanrique.org\/wp-content\/uploads\/507e7fbbinvitacion-20-fcm_640.jpg\"><\/a><\/p><\/div><\/div>\n<div class=\"wp-block-group detail-panel detail-media wp-block-group-\"><div class=\"wp-block-group__inner-container is-layout-flow wp-block-group-is-layout-flow\"><ul class=\"wp-block-list\"><li><a href=\"\/recursos\/actividad\/507e7f78np05-12%20fcm%2020%20aniversario.pdf\" class=\"fcm-pdf-download-link\">Nota de prensa<\/a><\/li><\/ul><\/div><\/div><\/div><\/div>","protected":false},"featured_media":14388,"parent":0,"template":"","meta":{"_acf_changed":false,"ngg_post_thumbnail":0,"footnotes":""},"actividad_tipo":[37],"actividad_lugar":[46],"actividad_departamento":[31],"actividad_ciclo":[],"class_list":["post-14387","fcm_actividad","type-fcm_actividad","status-publish","has-post-thumbnail","hentry","actividad_tipo-otras-actividades","actividad_lugar-lugar-fcm","actividad_departamento-departamento-de-programas-culturales"],"acf":[],"_links":{"self":[{"href":"https:\/\/ludiccc.ddns.net\/it\/wp-json\/wp\/v2\/fcm_actividad\/14387","targetHints":{"allow":["GET"]}}],"collection":[{"href":"https:\/\/ludiccc.ddns.net\/it\/wp-json\/wp\/v2\/fcm_actividad"}],"about":[{"href":"https:\/\/ludiccc.ddns.net\/it\/wp-json\/wp\/v2\/types\/fcm_actividad"}],"version-history":[{"count":1,"href":"https:\/\/ludiccc.ddns.net\/it\/wp-json\/wp\/v2\/fcm_actividad\/14387\/revisions"}],"predecessor-version":[{"id":27010,"href":"https:\/\/ludiccc.ddns.net\/it\/wp-json\/wp\/v2\/fcm_actividad\/14387\/revisions\/27010"}],"wp:featuredmedia":[{"embeddable":true,"href":"https:\/\/ludiccc.ddns.net\/it\/wp-json\/wp\/v2\/media\/14388"}],"wp:attachment":[{"href":"https:\/\/ludiccc.ddns.net\/it\/wp-json\/wp\/v2\/media?parent=14387"}],"wp:term":[{"taxonomy":"actividad_tipo","embeddable":true,"href":"https:\/\/ludiccc.ddns.net\/it\/wp-json\/wp\/v2\/actividad_tipo?post=14387"},{"taxonomy":"actividad_lugar","embeddable":true,"href":"https:\/\/ludiccc.ddns.net\/it\/wp-json\/wp\/v2\/actividad_lugar?post=14387"},{"taxonomy":"actividad_departamento","embeddable":true,"href":"https:\/\/ludiccc.ddns.net\/it\/wp-json\/wp\/v2\/actividad_departamento?post=14387"},{"taxonomy":"actividad_ciclo","embeddable":true,"href":"https:\/\/ludiccc.ddns.net\/it\/wp-json\/wp\/v2\/actividad_ciclo?post=14387"}],"curies":[{"name":"wp","href":"https:\/\/api.w.org\/{rel}","templated":true}]}}