{"id":14218,"date":"2009-04-13T00:00:00","date_gmt":"2009-04-13T00:00:00","guid":{"rendered":"https:\/\/fcmanrique.org\/fcm-actividad\/encuentro-entre-jose-saramago-y-sig\/"},"modified":"2026-04-23T23:19:20","modified_gmt":"2026-04-23T23:19:20","slug":"encuentro-entre-jose-saramago-y-sig","status":"publish","type":"fcm_actividad","link":"https:\/\/ludiccc.ddns.net\/it\/fcm-actividad\/encuentro-entre-jose-saramago-y-sig\/","title":{"rendered":"Encuentro entre Jos\u00e9 Saramago y Sigifredo L\u00f3pez"},"content":{"rendered":"<div class=\"wp-block-columns fcm-page-migration-columns is-layout-flex wp-container-core-columns-is-layout-9d6595d7 wp-block-columns-is-layout-flex\"><div class=\"wp-block-column is-layout-flow wp-block-column-is-layout-flow\" style=\"flex-basis:66.66%\"><figure class=\"wp-block-image size-full\"><img width=\"135\" height=\"100\" src=\"https:\/\/fcm.local\/wp-content\/uploads\/thmb_49e5973bthmb_encuentrosaramago02_13.jpg\" class=\"wp-image-14219\" alt=\"Encuentro entre Jos\u00e9 Saramago y Sigifredo L\u00f3pez\" loading=\"eager\" decoding=\"async\" \/><\/figure>\n\n<div>El 13 de abril de 2009, tuvo lugar el encuentro entre Jos\u00e9 Saramago y Sigifredo L\u00f3pez bajo el t\u00edtulo &#8220;Testimonio de un secuestro: un futuro en paz para Colombia&#8221;.<br><br>Fue una noche emotiva en la <em>Sala Jos\u00e9<\/em><em> Saramago<\/em>. Junto al director de la FCM, Fernando G\u00f3mez Aguilera, en la mesa, y ante un aforo completo, comparecieron dos hombres que parec\u00edan viejos amigos y que sin embargo hasta hace unos d\u00edas no se conoc\u00edan. Jos\u00e9 Saramago y Sigifredo L\u00f3pez Tob\u00f3n, diputado colombiano secuestrado por las FARC durante seis a\u00f1os, diez meses y veintis\u00e9is d\u00edas y liberado finalmente el pasado 5 de febrero gracias a la mediaci\u00f3n de la senadora Piedad C\u00f3rdoba, que lidera el movimiento <em>Colombianos por la paz. <\/em>Hace s\u00f3lo 61 d\u00edas recuper\u00f3 su libertad. \u201cCuando lo conoc\u00ed me encontr\u00e9 con un hombre tranquilo\u201d, dijo de \u00e9l y junto a \u00e9l el escritor portugu\u00e9s que da nombre a la sala, el \u201cmaestro\u201d, seg\u00fan L\u00f3pez Tob\u00f3n. Saramago lo compar\u00f3 con Fray Luis de Le\u00f3n, que retom\u00f3 su lecci\u00f3n en la Universidad de Salamanca (\u201ccomo dec\u00edamos ayer\u201d) tras volver de cinco a\u00f1os de cautiverio. Y lo dijo con un hilo de voz anudado por la bronquitis de la que se est\u00e1 recuperando\u2026 y por la emoci\u00f3n. <p>Saramago se emocion\u00f3 y explic\u00f3 el motivo. Al inicio del acto se proyect\u00f3 un v\u00eddeo de los primeros momentos de la liberaci\u00f3n de Sigifredo L\u00f3pez y de sus primeras palabras, en las que compar\u00f3 a Piedad C\u00f3rdoba con el personaje de la mujer del m\u00e9dico en la novela <em>Ensayo sobre la ceguera<\/em>. \u201cEn el momento de su liberaci\u00f3n compar\u00f3 la acci\u00f3n de la senadora colombiana con un personaje m\u00edo\u201d, explic\u00f3 Saramago. \u201cMe he sentido justificado como hombre y como escritor\u201d. \u201cP\u00f3nganse en mi lugar\u201d, pidi\u00f3. <br><\/p> <p>El Nobel portugu\u00e9s advirti\u00f3 que sobre Colombia sab\u00eda poco y que s\u00f3lo dir\u00eda banalidades que todo el mundo conoce. Complet\u00f3 la impresi\u00f3n que le produjo el pol\u00edtico colombiano destacando que le parec\u00eda un hombre en paz con la vida, con un discurso exento de resentimiento \u2014 \u201cy tiene derecho al odio\u201d \u2014 y que considera que la soluci\u00f3n del conflicto  y la consecuci\u00f3n de la paz en Colombia es m\u00e1s importante que los sucesos personales. Apost\u00f3 por una salida dialogada al conflicto colombiano \u201cno para olvidar lo que ocurri\u00f3 sino para que no ocurra m\u00e1s\u201d y puso sus esperanzas en que Piedad C\u00f3rdoba llegue a la presidencia de Colombia. \u201cSi lo consigue quiz\u00e1 algo pueda cambiar\u201d. \u201c\u00bfPuedo ser incorrecto en mi lenguaje? \u2014 pregunt\u00f3 a la audiencia\u2014. Y concluy\u00f3: \u201cPara que algo pueda cambiar de una puta vez\u201d.<br><\/p> <p><strong>\u201cCerrar puertas al di\u00e1logo no es \u00e9tico\u201d<\/strong> <br><\/p> <p>Sigifredo L\u00f3pez tom\u00f3 la palabra. Expres\u00f3 su admiraci\u00f3n a Saramago \u2014 \u201csu testimonio de vida perdurar\u00e1 tanto como su literatura\u201d \u2014 y su agradecimiento a \u00e9l, a Pilar del R\u00edo y a la Fundaci\u00f3n C\u00e9sar Manrique y explic\u00f3 parte de su experiencia personal y su visi\u00f3n del conflicto y de la soluci\u00f3n. Su abuelo fue asesinado en los a\u00f1os cincuenta, su padre tambi\u00e9n, cuando Sigifredo apenas ten\u00eda un a\u00f1o. \u00c9l, siete a\u00f1os secuestrado. \u201cEl drama de mi familia es el de miles de familias de Colombia. Cuatro generaciones de colombianos no han visto la paz\u201d. Una paz posible, seg\u00fan el diputado: \u201cS\u00f3lo hace falta un m\u00ednimo de racionalidad y un m\u00ednimo de humanidad\u201d. Tras hacer un breve recorrido por los or\u00edgenes y la evoluci\u00f3n del conflicto, se\u00f1al\u00f3 que Colombia anhela la paz y que \u201ccerrar puertas al di\u00e1logo no es \u00e9tico ni democr\u00e1tico\u201d. \u201cLa soluci\u00f3n solamente es pol\u00edtica y el di\u00e1logo es la \u00fanica salida\u201d, afirm\u00f3. <br><\/p> <p>Explic\u00f3 la \u201ctriste realidad\u201d social del pa\u00eds y la causa real del conflicto: la injusticia social, la exclusi\u00f3n y la pobreza. Hay ni\u00f1os de doce o trece a\u00f1os a quienes sus madres entregan a la guerrilla. \u201cNo es una opci\u00f3n, es la \u00fanica opci\u00f3n que hay para salvarse del hambre\u201d. As\u00ed no roban ni se prostituyen. En el pa\u00eds hay tres millones de j\u00f3venes entre doce y veinticinco a\u00f1os que viven en las zonas de influencia de la guerrilla o en zonas marginales. A la guerrilla le basta con reclutar al a\u00f1o al 0,01% para hacer frente a las bajas que causa el ej\u00e9rcito, 3.500 guerrilleros al a\u00f1o que son capturados, abatidos o que desertan. <br><\/p> <p>Antes de que L\u00f3pez Tob\u00f3n hablara sobre su experiencia personal en el cautiverio, Saramago apunt\u00f3 que probablemente sobrevivi\u00f3 porque hab\u00eda ido construyendo en su interior durante su cautiverio todo lo que la guerrilla hab\u00eda querido destruir en \u00e9l. \u201cA m\u00ed no me van a quitar mi dignidad, que es lo \u00fanico que tengo\u201d, dijo suplantando la personalidad del diputado. <br><\/p> <div><strong>La ausencia de los seres queridos<\/strong> <br><\/div> <p>\u201cLos m\u00e1s duro no son las cadenas, ni el maltrato, ni la humillaci\u00f3n; lo m\u00e1s duro es la carga emocional por la ausencia de tus seres queridos\u201d, dijo Sigifredo L\u00f3pez sobre su secuestro. A esa ausencia se suma la impotencia de permanecer cautivo sin expectativas de liberaci\u00f3n, ya que como secuestrado pol\u00edtico ni siquiera ped\u00edan un rescate monetario por \u00e9l. \u201cDependemos \u2014 en presente \u2014 de que unos se\u00f1ores quieran intercambiarnos por prisioneros\u201d. Y sent\u00edanel olvido, que \u201ces m\u00e1s duro que la muerte\u201d. <br><\/p> <p>Sin embargo, algo cambi\u00f3 cuando el 18 de junio de 2007 la guerrilla asesin\u00f3 a once diputados que fueron secuestrados junto a \u00e9l. Tan s\u00f3lo sobrevivi\u00f3 \u00e9l porque hab\u00eda sido apartado. Entonces la sociedad colombiana sali\u00f3 a la calle a protestar. \u201cLas v\u00edctimas, a pesar de sufrir, tenemos el deber de enviar un mensaje de optimismo, pasar de la denuncia a la propuesta, porque no se pueden construir las nuevas generaciones sobre mensajes de odio y venganza\u201d, se\u00f1al\u00f3. Narr\u00f3 c\u00f3mo soportaba el secuestro, haciendo dos ejercicios: uno de memoria, recordando a las personas que hab\u00eda conocido a lo largo de su vida, a sus compa\u00f1eros de colegio, los temas del primer semestre de la carrera de Derecho\u2026; y otro de imaginaci\u00f3n: pensando lo que har\u00eda tras el secuestro. Confes\u00f3 que en esos planes no entraba la pol\u00edtica. <br><\/p> <p>Tras el asesinato de sus compa\u00f1eros sinti\u00f3 odio por primera vez. \u201cNo lo hab\u00eda sentido ni por los asesinos de mi padre, que s\u00e9 qui\u00e9nes son y d\u00f3nde viven\u201d. Cay\u00f3 durante cuatro meses en una depresi\u00f3n y, superado el duelo, determin\u00f3 salir \u201cpor la puerta de las decisiones\u201d. \u201cHay mucho que hacer por Colombia\u201d. Apoy\u00f3 p\u00fablicamente a la figura de la senadora Piedad C\u00f3rdoba. \u201cYo creo en esa mujer porque su proyecto es \u00e9tico\u201d. <br><\/p> <div><strong>\u201cLa guerrilla se ha autodestruido\u201d<\/strong> <br><\/div> <p>Sigifredo L\u00f3pez reiter\u00f3 su creencia de que la paz es posible aunque el problema est\u00e1 anclado en \u201cfalsos dilemas\u201d, como que si hay o no hay conflicto armado o si se puede o no hablar con terroristas \u201cmientras los secuestrados se nos mueren\u201d. \u201cSon excusas para negarse a salvar vidas humanas\u201d. Asegur\u00f3 que sentarse a hablar con los terroristas, sin impunidad, no es legitimarlos como actores pol\u00edticos, ya que su m\u00faltiple condici\u00f3n, no s\u00f3lo de terroristas, sino tambi\u00e9n de narcotraficantes, de asesinos y de rebeldes, no los convierte en actores pol\u00edticos. Tambi\u00e9n se\u00f1al\u00f3 que las FARC est\u00e1n equivocadas si creen que la comunidad internacional los va a ver como un Estado en ciernes si logran el intercambio de prisioneros. \u201cNo tienen proyecto pol\u00edtico y no proponen nada desde hace diez a\u00f1os\u201d. \u201cEllos labraron su propia tumba con las barbaridades que han hecho, se han autodestruido\u201d. \u201cEl pueblo de Colombia los repudia y ninguna revoluci\u00f3n triunfa sin apoyo popular\u201d, asegur\u00f3. <br><\/p> <p>El acto termin\u00f3 con una llamada telef\u00f3nica de la senadora Piedad C\u00f3rdoba que habl\u00f3 con Sigifredo L\u00f3pez y con Jos\u00e9 Saramago. \u201cPara nosotros \u2014 le dijo Saramago \u2014 eres ya un referente pol\u00edtico y \u00e9tico y eso no hay quien lo pare\u201d. \u201cSiga siendo la mujer del m\u00e9dico\u201d, se despidi\u00f3 el Premio Nobel entre aplausos del p\u00fablico.<\/p> <\/div>\n<\/div><div class=\"wp-block-column is-layout-flow wp-block-column-is-layout-flow\" style=\"flex-basis:33.33%\"><div class=\"wp-block-group detail-panel detail-media wp-block-group-\"><div class=\"wp-block-group__inner-container is-layout-flow wp-block-group-is-layout-flow\"><p><a href=\"https:\/\/fcmanrique.org\/wp-content\/uploads\/48150thmb_encuentrosaramago03_64.jpg\"><\/a><\/p><\/div><\/div><\/div><\/div>","protected":false},"featured_media":14219,"parent":0,"template":"","meta":{"_acf_changed":false,"ngg_post_thumbnail":0,"footnotes":""},"actividad_tipo":[37],"actividad_lugar":[],"actividad_departamento":[31],"actividad_ciclo":[],"class_list":["post-14218","fcm_actividad","type-fcm_actividad","status-publish","has-post-thumbnail","hentry","actividad_tipo-otras-actividades","actividad_departamento-departamento-de-programas-culturales"],"acf":[],"_links":{"self":[{"href":"https:\/\/ludiccc.ddns.net\/it\/wp-json\/wp\/v2\/fcm_actividad\/14218","targetHints":{"allow":["GET"]}}],"collection":[{"href":"https:\/\/ludiccc.ddns.net\/it\/wp-json\/wp\/v2\/fcm_actividad"}],"about":[{"href":"https:\/\/ludiccc.ddns.net\/it\/wp-json\/wp\/v2\/types\/fcm_actividad"}],"version-history":[{"count":1,"href":"https:\/\/ludiccc.ddns.net\/it\/wp-json\/wp\/v2\/fcm_actividad\/14218\/revisions"}],"predecessor-version":[{"id":26983,"href":"https:\/\/ludiccc.ddns.net\/it\/wp-json\/wp\/v2\/fcm_actividad\/14218\/revisions\/26983"}],"wp:featuredmedia":[{"embeddable":true,"href":"https:\/\/ludiccc.ddns.net\/it\/wp-json\/wp\/v2\/media\/14219"}],"wp:attachment":[{"href":"https:\/\/ludiccc.ddns.net\/it\/wp-json\/wp\/v2\/media?parent=14218"}],"wp:term":[{"taxonomy":"actividad_tipo","embeddable":true,"href":"https:\/\/ludiccc.ddns.net\/it\/wp-json\/wp\/v2\/actividad_tipo?post=14218"},{"taxonomy":"actividad_lugar","embeddable":true,"href":"https:\/\/ludiccc.ddns.net\/it\/wp-json\/wp\/v2\/actividad_lugar?post=14218"},{"taxonomy":"actividad_departamento","embeddable":true,"href":"https:\/\/ludiccc.ddns.net\/it\/wp-json\/wp\/v2\/actividad_departamento?post=14218"},{"taxonomy":"actividad_ciclo","embeddable":true,"href":"https:\/\/ludiccc.ddns.net\/it\/wp-json\/wp\/v2\/actividad_ciclo?post=14218"}],"curies":[{"name":"wp","href":"https:\/\/api.w.org\/{rel}","templated":true}]}}