{"id":13990,"date":"2005-11-10T00:00:00","date_gmt":"2005-11-10T00:00:00","guid":{"rendered":"https:\/\/fcmanrique.org\/fcm-actividad\/la-palabra-encendida\/"},"modified":"2026-04-23T23:19:19","modified_gmt":"2026-04-23T23:19:19","slug":"la-palabra-encendida","status":"publish","type":"fcm_actividad","link":"https:\/\/ludiccc.ddns.net\/it\/fcm-actividad\/la-palabra-encendida\/","title":{"rendered":"<em>La palabra encendida<\/em>"},"content":{"rendered":"<div class=\"wp-block-columns fcm-page-migration-columns is-layout-flex wp-container-core-columns-is-layout-9d6595d7 wp-block-columns-is-layout-flex\"><div class=\"wp-block-column is-layout-flow wp-block-column-is-layout-flow\" style=\"flex-basis:66.66%\"><figure class=\"wp-block-image size-full\"><img width=\"135\" height=\"100\" src=\"https:\/\/fcm.local\/wp-content\/uploads\/thmb_thmb_palabraencendida_135x1.jpg\" class=\"wp-image-13991\" alt=\"La palabra encendida\" loading=\"eager\" decoding=\"async\" \/><\/figure>\n<p>El 10 de noviembre de 2005, se present\u00f3 el libro <em><strong>La palabra encendida<\/strong><\/em>, editado por la Universidad de Le\u00f3n a trav\u00e9s de su Secretariado de Publicaciones. La palabra encendida es n\u00famero seis de la colecci\u00f3n Pl\u00e1stica &amp; Palabra de la Universidad de Le\u00f3n y recoge textos fragmentarios e im\u00e1genes de C\u00e9sar Manrique. Tanto la selecci\u00f3n de textos como la introducci\u00f3n han corrido a cargo de Fernando G\u00f3mez Aguilera, director de Actividades Fundacionales de la FCM, siendo \u00e9sta la segunda ocasi\u00f3n en que G\u00f3mez Aguilera recopila textos de Manrique, despu\u00e9s de hacerlo en C\u00e9sar Manrique en sus palabras, editado por la FCM en 1995.<\/p>\n<p>En la primera parte del acto intervino G\u00f3mez Aguilera, ant\u00f3logo del libro, el presidente de la FCM, Jos\u00e9 Juan Ram\u00edrez, y uno de los directores de la colecci\u00f3n Pl\u00e1stica &amp; Palabra, Jos\u00e9 Luis Puerto. Posteriormente, se celebr\u00f3 una mesa redonda sobre la obra y el compromiso de C\u00e9sar Manrique con el territorio y la cultura de Lanzarote y de las Islas.<\/p>\n<p>Fernando G\u00f3mez present\u00f3 el libro como un autorretrato de C\u00e9sar Manrique, formado por 142 fragmentos de m\u00e1s de 50 textos escritos por el artista, desde 1959 hasta 1992, a\u00f1o de su muerte. Con este libro se pone al d\u00eda el discurso de Manrique y se ofrece al p\u00fablico sus palabras y su energ\u00eda civil. Recoge citas y discursos no editados y escritos que permanec\u00edan entre la documentaci\u00f3n personal de Manrique. En los textos seleccionados, Manrique hace referencia al arte, a su concepci\u00f3n de la vida y tambi\u00e9n a los conflictos territoriales de Lanzarote. G\u00f3mez Aguilera justific\u00f3 el t\u00edtulo del libro siguiendo la idea de la palabra encendida como palabra-volc\u00e1n e hizo especial hincapi\u00e9 en el discurso de cr\u00edtica social que mantuvo C\u00e9sar Manrique desde los a\u00f1os cincuenta, sobre todo vinculado a la conservaci\u00f3n del territorio, leyendo asimismo, algunos fragmentos incluidos en el libro.<\/p>\n<p>Posteriormente, Jos\u00e9 Luis Puerto, expuso los objetivos de la colecci\u00f3n Pl\u00e1stica y Palabra, que dirige junto a Javier Hernando e hizo una referencia a Manrique en cuanto a su sentido de compromiso con la isla. Por su parte, Jos\u00e9 Juan Ram\u00edrez agradeci\u00f3 el trabajo de todos aquellos que hab\u00edan colaborado en el proyecto, y elogi\u00f3 el discurso vital de C\u00e9sar Manrique.<\/p>\n<p>Despu\u00e9s de la presentaci\u00f3n del libro, se constituy\u00f3 una mesa redonda, cuyos participantes fueron: la periodista Herminia Fajardo, Fernando G\u00f3mez Aguilera, Virgilio Guti\u00e9rrez \u2014presidente de la demarcaci\u00f3n de Tenerife del Colegio de Arquitectos\u2014, Javier Hernando \u2014profesor de Historia del Arte de la Universidad de Le\u00f3n\u2014, y Fernando Sabat\u00e9 \u2014profesor de Geograf\u00eda e Historia de la Universidad de La Laguna. A todos ellos se les solicit\u00f3 que expresaran su propia visi\u00f3n de C\u00e9sar Manrique, de tal forma que permitiera obtener una visi\u00f3n calidosc\u00f3pica del personaje. Se dialog\u00f3 sobre su relaci\u00f3n con la tradici\u00f3n y la cultura vern\u00e1cula, su visi\u00f3n creativa y de modernidad, su vitalidad, sus referentes arquitect\u00f3nicos, su persona como artista interdisciplinar, donde se un\u00edan la pintura, los objetos, el paisajismo o el arte p\u00fablico y como artista medioambiental y relacionado con la protecci\u00f3n del territorio, el valor educativo de sus obras, etc.<\/p><\/div><div class=\"wp-block-column is-layout-flow wp-block-column-is-layout-flow\" style=\"flex-basis:33.33%\"><div class=\"wp-block-group detail-panel detail-media wp-block-group-\"><div class=\"wp-block-group__inner-container is-layout-flow wp-block-group-is-layout-flow\"><p><a href=\"https:\/\/fcmanrique.org\/wp-content\/uploads\/lapalabrae02_600.jpg\"><\/a><\/p><\/div><\/div><\/div><\/div>","protected":false},"featured_media":13991,"parent":0,"template":"","meta":{"_acf_changed":false,"ngg_post_thumbnail":0,"footnotes":""},"actividad_tipo":[36],"actividad_lugar":[46],"actividad_departamento":[31],"actividad_ciclo":[],"class_list":["post-13990","fcm_actividad","type-fcm_actividad","status-publish","has-post-thumbnail","hentry","actividad_tipo-presentacion-libros","actividad_lugar-lugar-fcm","actividad_departamento-departamento-de-programas-culturales"],"acf":[],"_links":{"self":[{"href":"https:\/\/ludiccc.ddns.net\/it\/wp-json\/wp\/v2\/fcm_actividad\/13990","targetHints":{"allow":["GET"]}}],"collection":[{"href":"https:\/\/ludiccc.ddns.net\/it\/wp-json\/wp\/v2\/fcm_actividad"}],"about":[{"href":"https:\/\/ludiccc.ddns.net\/it\/wp-json\/wp\/v2\/types\/fcm_actividad"}],"version-history":[{"count":2,"href":"https:\/\/ludiccc.ddns.net\/it\/wp-json\/wp\/v2\/fcm_actividad\/13990\/revisions"}],"predecessor-version":[{"id":26937,"href":"https:\/\/ludiccc.ddns.net\/it\/wp-json\/wp\/v2\/fcm_actividad\/13990\/revisions\/26937"}],"wp:featuredmedia":[{"embeddable":true,"href":"https:\/\/ludiccc.ddns.net\/it\/wp-json\/wp\/v2\/media\/13991"}],"wp:attachment":[{"href":"https:\/\/ludiccc.ddns.net\/it\/wp-json\/wp\/v2\/media?parent=13990"}],"wp:term":[{"taxonomy":"actividad_tipo","embeddable":true,"href":"https:\/\/ludiccc.ddns.net\/it\/wp-json\/wp\/v2\/actividad_tipo?post=13990"},{"taxonomy":"actividad_lugar","embeddable":true,"href":"https:\/\/ludiccc.ddns.net\/it\/wp-json\/wp\/v2\/actividad_lugar?post=13990"},{"taxonomy":"actividad_departamento","embeddable":true,"href":"https:\/\/ludiccc.ddns.net\/it\/wp-json\/wp\/v2\/actividad_departamento?post=13990"},{"taxonomy":"actividad_ciclo","embeddable":true,"href":"https:\/\/ludiccc.ddns.net\/it\/wp-json\/wp\/v2\/actividad_ciclo?post=13990"}],"curies":[{"name":"wp","href":"https:\/\/api.w.org\/{rel}","templated":true}]}}