{"id":13951,"date":"2006-04-20T00:00:00","date_gmt":"2006-04-20T00:00:00","guid":{"rendered":"https:\/\/fcmanrique.org\/fcm-actividad\/urbanismo-del-paisaje-en-europa\/"},"modified":"2026-04-23T23:19:30","modified_gmt":"2026-04-23T23:19:30","slug":"urbanismo-del-paisaje-en-europa","status":"publish","type":"fcm_actividad","link":"https:\/\/ludiccc.ddns.net\/it\/fcm-actividad\/urbanismo-del-paisaje-en-europa\/","title":{"rendered":"Taller \u00abUrbanismo del paisaje en Europa\u00bb"},"content":{"rendered":"<div class=\"wp-block-columns fcm-page-migration-columns is-layout-flex wp-container-core-columns-is-layout-9d6595d7 wp-block-columns-is-layout-flex\"><div class=\"wp-block-column is-layout-flow wp-block-column-is-layout-flow\" style=\"flex-basis:66.66%\"><figure class=\"wp-block-image size-full\"><img fetchpriority=\"high\" width=\"400\" height=\"340\" src=\"https:\/\/fcm.local\/wp-content\/uploads\/fc-manrique-taller-urbanismo-del-paisaje-en-europa.jpg\" class=\"wp-image-24755\" alt=\"Taller \u00abUrbanismo del paisaje en Europa\u00bb\" loading=\"eager\" decoding=\"async\" srcset=\"https:\/\/fcm.local\/wp-content\/uploads\/fc-manrique-taller-urbanismo-del-paisaje-en-europa.jpg 400w, https:\/\/fcm.local\/wp-content\/uploads\/fc-manrique-taller-urbanismo-del-paisaje-en-europa-300x255.jpg 300w, https:\/\/fcm.local\/wp-content\/uploads\/fc-manrique-taller-urbanismo-del-paisaje-en-europa-289x246.jpg 289w\" sizes=\"(max-width: 400px) 100vw, 400px\" \/><\/figure>\n<p>Durante los d\u00edas 20 y 21 de abril de 2006 se celebr\u00f3 el taller <strong>&#8220;Urbanismo del paisaje en Europa&#8221;<\/strong>. Idear la ciudad con -y no contra- el paisaje&#8221;, que fue impartido por <strong>Lisa Diedrich<\/strong>.<\/p>\n<p>Diedrich es arquitecta por la Escuela Nacional Superior de Arquitectura de Paris-Belleville, Francia. Se especializ\u00f3 en arquitectura del paisaje en la Universidad de Stuttgart, Alemania, y en la Escuela de Arte y Arquitectura de Marsella-Luminy, Francia. Desde 1993 a 2000, fue miembro de la redacci\u00f3n de la revista <em>TOPOS European Landscape Magazine<\/em>. Actualmente, Lisa Diedrich es investigadora y docente en la Universidad y Centro de Investigaci\u00f3n de Wageningen, Pa\u00edses Bajos. Asimismo, es asistente del arquitecto-jefe de Munich; cr\u00edtica de arquitectura y paisaje para varias publicaciones y asesora en materia de paisaje para instituciones y administraciones municipales europeas.<\/p>\n<p>Ha ofrecido conferencias en congresos especializados en paisajismo y arquitectura, y desde 2003, es redactora-jefe de la colecci\u00f3n de libros &#8220;Landscape Architecture Europe&#8221;. <\/p>\n<p>El paisaje existe desde que el hombre empez\u00f3 a cultivar las tierras donde habitaba; desde que transforma la naturaleza en paisaje, los parajes naturales en culturales. Las caba\u00f1as primitivas se agruparon formando poblaciones, las poblaciones se convirtieron en ciudades y las ciudades llegaron a ser lugares inh\u00f3spitos en el siglo XX. Desde entonces, en numerosas ciudades europeas el dise\u00f1o del espacio p\u00fablico est\u00e1 cobrando importancia. <\/p>\n<p>En Am\u00e9rica del Norte, los estudiosos han desarrollado m\u00e9todos urban\u00edsticos y ecol\u00f3gicos bajo el concepto de \u201cLandscape Urbanism\u201d (urbanismo del paisaje), mientras en Europa, los arquitectos paisajistas est\u00e1n conquistando la planificaci\u00f3n urban\u00edstica y regional con proyectos en los que el paisaje se convierte en protagonista. <\/p>\n<p>A lo largo de la historia y en diferentes \u00e1mbitos geogr\u00e1ficos, la transformaci\u00f3n e interpretaci\u00f3n del paisaje \u2014la imagen visible del territorio\u2014 experimenta consideraciones diferentes que, m\u00e1s all\u00e1 de la estricta sensibilidad individual, son consecuencia directa del concepto de naturaleza, las formas de crecimiento urbano, la capacidad tecnol\u00f3gica, la estructura social y la sensibilidad art\u00edstica. <\/p>\n<p>Atendiendo a una de las l\u00edneas de trabajo espec\u00edficas de la FCM, como es el estudio del paisaje y el arte p\u00fablico, en el taller se esbozaron e ilustraron procesos de urbanismo y paisaje tomando como ejemplo un proyecto clave de nueva planificaci\u00f3n regional europea, que utiliza el dise\u00f1o paisaj\u00edstico como fuerza impulsora del cambio econ\u00f3mico, urban\u00edstico y social en una metr\u00f3polis que hasta ahora carec\u00eda de identidad paisaj\u00edstica. <\/p>\n<p>En una segunda parte, el taller abord\u00f3 los paisajes urbanos con referencia a situaciones concretas de Arrecife, como ciudad situada junto al mar, con gran potencial para paisajes interiores alrededor del antiguo puerto, as\u00ed como de experiencias paisaj\u00edsticas que se pueden descubrir a trav\u00e9s de paseos.<\/p><\/div><div class=\"wp-block-column is-layout-flow wp-block-column-is-layout-flow\" style=\"flex-basis:33.33%\"><div class=\"wp-block-group detail-panel detail-media wp-block-group-\"><div class=\"wp-block-group__inner-container is-layout-flow wp-block-group-is-layout-flow\"><p><a href=\"https:\/\/fcmanrique.org\/wp-content\/uploads\/thmb_thmb_lisadiedrich_241x180.jpg\"><\/a><\/p><\/div><\/div>\n<div class=\"wp-block-group detail-panel detail-media wp-block-group-\"><div class=\"wp-block-group__inner-container is-layout-flow wp-block-group-is-layout-flow\"><ul class=\"wp-block-list\"><li><a href=\"\/recursos\/actividad\/conclusiones%20taller%20urbanismo%2006.pdf\" class=\"fcm-pdf-download-link\">Conclusiones del taller<\/a><\/li><li><a href=\"\/recursos\/actividad\/dipticourbdlpaisaj.pdf\" class=\"fcm-pdf-download-link\">D\u00edptico del taller<\/a><\/li><\/ul><\/div><\/div><\/div><\/div>","protected":false},"featured_media":24755,"parent":0,"template":"","meta":{"_acf_changed":false,"ngg_post_thumbnail":0,"footnotes":""},"actividad_tipo":[35],"actividad_lugar":[46],"actividad_departamento":[30],"actividad_ciclo":[],"class_list":["post-13951","fcm_actividad","type-fcm_actividad","status-publish","has-post-thumbnail","hentry","actividad_tipo-cursos-y-talleres","actividad_lugar-lugar-fcm","actividad_departamento-departamento-de-conservacion-y-artes-plasticas"],"acf":[],"_links":{"self":[{"href":"https:\/\/ludiccc.ddns.net\/it\/wp-json\/wp\/v2\/fcm_actividad\/13951","targetHints":{"allow":["GET"]}}],"collection":[{"href":"https:\/\/ludiccc.ddns.net\/it\/wp-json\/wp\/v2\/fcm_actividad"}],"about":[{"href":"https:\/\/ludiccc.ddns.net\/it\/wp-json\/wp\/v2\/types\/fcm_actividad"}],"version-history":[{"count":3,"href":"https:\/\/ludiccc.ddns.net\/it\/wp-json\/wp\/v2\/fcm_actividad\/13951\/revisions"}],"predecessor-version":[{"id":27078,"href":"https:\/\/ludiccc.ddns.net\/it\/wp-json\/wp\/v2\/fcm_actividad\/13951\/revisions\/27078"}],"wp:featuredmedia":[{"embeddable":true,"href":"https:\/\/ludiccc.ddns.net\/it\/wp-json\/wp\/v2\/media\/24755"}],"wp:attachment":[{"href":"https:\/\/ludiccc.ddns.net\/it\/wp-json\/wp\/v2\/media?parent=13951"}],"wp:term":[{"taxonomy":"actividad_tipo","embeddable":true,"href":"https:\/\/ludiccc.ddns.net\/it\/wp-json\/wp\/v2\/actividad_tipo?post=13951"},{"taxonomy":"actividad_lugar","embeddable":true,"href":"https:\/\/ludiccc.ddns.net\/it\/wp-json\/wp\/v2\/actividad_lugar?post=13951"},{"taxonomy":"actividad_departamento","embeddable":true,"href":"https:\/\/ludiccc.ddns.net\/it\/wp-json\/wp\/v2\/actividad_departamento?post=13951"},{"taxonomy":"actividad_ciclo","embeddable":true,"href":"https:\/\/ludiccc.ddns.net\/it\/wp-json\/wp\/v2\/actividad_ciclo?post=13951"}],"curies":[{"name":"wp","href":"https:\/\/api.w.org\/{rel}","templated":true}]}}