{"id":25605,"date":"2024-06-21T10:10:27","date_gmt":"2024-06-21T10:10:27","guid":{"rendered":"https:\/\/fcmanrique.org\/?post_type=fcm_video&#038;p=25605"},"modified":"2024-10-29T11:55:07","modified_gmt":"2024-10-29T11:55:07","slug":"rosa-maria-regueiro-el-desarrallo-eolico-en-el-contexto-de-crisis-ecosocial","status":"publish","type":"fcm_video","link":"https:\/\/ludiccc.ddns.net\/fr\/fcm-video\/rosa-maria-regueiro-el-desarrallo-eolico-en-el-contexto-de-crisis-ecosocial\/","title":{"rendered":"Taller. \u00abEl desarrollo e\u00f3lico en el contexto de crisis ecosocial\u00bb &#8211; Primera parte"},"content":{"rendered":"<p><strong>Taller<\/strong><\/p>\n<p>La Fundaci\u00f3n C\u00e9sar Manrique (FCM) organiz\u00f3 el pasado 20 de Junio de 2024, el taller titulado \u201cEl desarrollo e\u00f3lico en el contexto de crisis ecosocial: caracter\u00edsticas, problemas y retos en un horizonte incierto\u201d, que fue impartido por<strong> Rosa Mar\u00eda Regueiro,<\/strong> profesora titular de Econom\u00eda Aplicada de la Universidad de Santiago de Compostela, especializada en el campo de la econom\u00eda de la energ\u00eda.<\/p>\n<p>Este taller tuvo como objetivo analizar el desarrollo e\u00f3lico contempor\u00e1neo desde una perspectiva social, econ\u00f3mica y ambiental. En primer lugar, la atenci\u00f3n se centr\u00f3 sobre el impacto econ\u00f3mico y energ\u00e9tico del modelo de desarrollo e\u00f3lico empleado en Espa\u00f1a que, en comparaci\u00f3n con otros pa\u00edses, dista mucho de ser un modelo de desarrollo integral que considere a todos los agentes implicados. Seg\u00fan Regueiro, este hecho justifica la falta de aceptaci\u00f3n social por parte de la ciudadan\u00eda, a la que no se le permite tener una participaci\u00f3n directa en el proceso. En este sentido, cabe preguntarse si el modelo cambiar\u00e1 o se seguir\u00e1 permitiendo la concentraci\u00f3n de los beneficios en un grupo reducido de fondos de inversi\u00f3n. Adem\u00e1s, existen promociones e\u00f3licas que, por su emplazamiento, ponen en cuesti\u00f3n el respeto ambiental por el entorno, agravando la situaci\u00f3n.<\/p>\n<p><strong>Cr\u00f3nica del taller:<\/strong> <a href=\"https:\/\/fcmanrique.org\/fcm-actividad\/rosa-maria-regueiro\/\" target=\"_blank\" rel=\"noopener\">Cr\u00f3nica&nbsp;<\/a><\/p>\n<p><strong>M\u00e1s informaci\u00f3n: <\/strong><a href=\"https:\/\/fcmanrique.org\/wp-content\/uploads\/fc-manrique-taller-energia-eolica.pdf&quot;\" target=\"_blank\" rel=\"noopener\">Nota de prensa<\/a><\/p>\n<p><strong>D\u00edptico del taller:<\/strong> <a href=\"https:\/\/fcmanrique.org\/wp-content\/uploads\/fc-manrique-diptico-taller-energia-eolica-copia.pdf\">D\u00edptico del taller<\/a><\/p>","protected":false},"featured_media":25614,"parent":0,"template":"","meta":{"_acf_changed":false,"ngg_post_thumbnail":0,"footnotes":""},"video_coleccion":[],"class_list":["post-25605","fcm_video","type-fcm_video","status-publish","has-post-thumbnail","hentry"],"acf":[],"_links":{"self":[{"href":"https:\/\/ludiccc.ddns.net\/fr\/wp-json\/wp\/v2\/fcm_video\/25605","targetHints":{"allow":["GET"]}}],"collection":[{"href":"https:\/\/ludiccc.ddns.net\/fr\/wp-json\/wp\/v2\/fcm_video"}],"about":[{"href":"https:\/\/ludiccc.ddns.net\/fr\/wp-json\/wp\/v2\/types\/fcm_video"}],"version-history":[{"count":18,"href":"https:\/\/ludiccc.ddns.net\/fr\/wp-json\/wp\/v2\/fcm_video\/25605\/revisions"}],"predecessor-version":[{"id":26213,"href":"https:\/\/ludiccc.ddns.net\/fr\/wp-json\/wp\/v2\/fcm_video\/25605\/revisions\/26213"}],"wp:featuredmedia":[{"embeddable":true,"href":"https:\/\/ludiccc.ddns.net\/fr\/wp-json\/wp\/v2\/media\/25614"}],"wp:attachment":[{"href":"https:\/\/ludiccc.ddns.net\/fr\/wp-json\/wp\/v2\/media?parent=25605"}],"wp:term":[{"taxonomy":"video_coleccion","embeddable":true,"href":"https:\/\/ludiccc.ddns.net\/fr\/wp-json\/wp\/v2\/video_coleccion?post=25605"}],"curies":[{"name":"wp","href":"https:\/\/api.w.org\/{rel}","templated":true}]}}