{"id":26115,"date":"2024-10-09T13:25:55","date_gmt":"2024-10-09T13:25:55","guid":{"rendered":"https:\/\/fcmanrique.org\/?post_type=fcm_publicacion&#038;p=26115"},"modified":"2024-10-09T13:52:26","modified_gmt":"2024-10-09T13:52:26","slug":"antonio-alvarez-la-mano-izquierda-de-pepin-ramirez","status":"publish","type":"fcm_publicacion","link":"https:\/\/ludiccc.ddns.net\/fr\/fcm-publicacion\/antonio-alvarez-la-mano-izquierda-de-pepin-ramirez\/","title":{"rendered":"Antonio \u00c1lvarez. La mano izquierda de Pep\u00edn Ram\u00edrez"},"content":{"rendered":"<p><strong>Antonio \u00c1lvarez Rodr\u00edguez<\/strong> (1910-1986) fue uno de los personajes clave en la transformaci\u00f3n hist\u00f3rica que afront\u00f3 la isla de Lanzarote en los a\u00f1os 60 y principios de los 70. Form\u00f3 parte del equipo de los \u00abcinco magn\u00edficos\u00bb liderado por el artista C\u00e9sar Manrique y el entonces presidente del Cabildo, Jos\u00e9 Ram\u00edrez Cerd\u00e1, siendo una de las personas de m\u00e1xima confianza para ambos.<\/p>\n<p>Nacido en Santander, lleg\u00f3 a Lanzarote con 30 a\u00f1os y ya nunca se march\u00f3. Atr\u00e1s dej\u00f3 una dura infancia y sobre todo una Guerra Civil que marc\u00f3 su vida y tambi\u00e9n su llegada a la isla. Al terminar la guerra, fue enviado a Canarias como represaliado.<\/p>\n<p>En Lanzarote fue conocido como Antonio el telegrafista, ya que era funcionario de Tel\u00e9grafos. Hab\u00eda aprobado las oposiciones con 16 a\u00f1os y al llegar a la isla pudo mantener su puesto. Despu\u00e9s, tras cumplir la prohibici\u00f3n de ocupar cargos de responsabilidad durante diez a\u00f1os, se convirti\u00f3 en jefe de Tel\u00e9grafos y de la Radio Costera hasta su jubilaci\u00f3n.<\/p>\n<p>El 1 de abril de 1961 tom\u00f3 posesi\u00f3n como consejero y como vicepresidente del Cabildo de Lanzarote, presidido por Jos\u00e9 Ram\u00edrez Cerd\u00e1, que deleg\u00f3 en \u00e9l \u00e1reas que ser\u00edan clave en esos a\u00f1os, como Econom\u00eda y Hacienda y Educaci\u00f3n y Turismo.<\/p>\n<p>Cuando falleci\u00f3, el 14 de marzo de 1986, C\u00e9sar Manrique hizo una anotaci\u00f3n en su diario que da dimensi\u00f3n de su figura: \u00abHa muerto mi gran amigo y colaborador en el nacimiento de Lanzarote, Antonio \u00c1lvarez\u00bb.<\/p>\n<p><strong>Isabel Lusarreta Ruiz<\/strong> (Pamplona, 1976) es licenciada en Ciencias de la Informaci\u00f3n por la Universidad de Navarra. En 1999 inici\u00f3 su carrera profesional en Argentina, donde residi\u00f3 durante dos a\u00f1os. All\u00ed trabaj\u00f3 en el diario El Territorio y despu\u00e9s como jefa de cierre en el primer diario online que empez\u00f3 a funcionar en el a\u00f1o 2000 en la provincia de Misiones.<\/p>\n<p>Desde 2001 reside en Lanzarote, donde ha ejercido como periodista en prensa, radio y televisi\u00f3n. Fue jefa de redacci\u00f3n del semanario Lancelot, trabaj\u00f3 en la televisi\u00f3n Canal 9 Las Arenas y dirigi\u00f3 durante diecisiete a\u00f1os el peri\u00f3dico La Voz de Lanzarote. Tambi\u00e9n ha intervenido como colaboradora en distintos medios, como Lancelot Radio, Radio Lanzarote y Televisi\u00f3n Espa\u00f1ola en Canarias.<\/p>\n<p>En las dos \u00faltimas d\u00e9cadas se ha especializado en informaci\u00f3n de Tribunales, aunque sin olvidar el periodismo social, con el que inici\u00f3 su carrera, entendido como motor para alcanzar una sociedad m\u00e1s justa. Desde el a\u00f1o 2020, adem\u00e1s de su trabajo en comunicaci\u00f3n, colabora con varias ONG, y orienta su formaci\u00f3n hacia la Integraci\u00f3n Social y la Atenci\u00f3n a Menores en Situaci\u00f3n de Vulnerabilidad.<\/p>\n<p><strong>M\u00e1s informaci\u00f3n:<\/strong><a href=\"https:\/\/fcmanrique.org\/presentacion-del-libro-antonio-alvarez-la-mano-izquierda-de-pepin-ramirez-de-isabel-lusarreta-ruiz\/\">&nbsp;Nota de prensa<\/a><\/p>\n<p><strong>Presentaci\u00f3n del libro, el 26 de septiembre de 2024, en la Sala Saramago:<\/strong>&nbsp;<a href=\"https:\/\/fcmanrique.org\/fcm-actividad\/lusarreta-espero-que-este-libro-sirva-para-sacar-a-antonio-alvarez-de-la-zona-de-sombra-en-la-historia-de-esta-isla\/?cpg=0\">Acto de presentaci\u00f3n<\/a><\/p>","protected":false},"featured_media":26116,"parent":0,"template":"","meta":{"_acf_changed":false,"ngg_post_thumbnail":0,"footnotes":""},"publicacion_coleccion":[61],"class_list":["post-26115","fcm_publicacion","type-fcm_publicacion","status-publish","has-post-thumbnail","hentry","publicacion_coleccion-islas-de-memoria"],"acf":[],"_links":{"self":[{"href":"https:\/\/ludiccc.ddns.net\/fr\/wp-json\/wp\/v2\/fcm_publicacion\/26115","targetHints":{"allow":["GET"]}}],"collection":[{"href":"https:\/\/ludiccc.ddns.net\/fr\/wp-json\/wp\/v2\/fcm_publicacion"}],"about":[{"href":"https:\/\/ludiccc.ddns.net\/fr\/wp-json\/wp\/v2\/types\/fcm_publicacion"}],"version-history":[{"count":1,"href":"https:\/\/ludiccc.ddns.net\/fr\/wp-json\/wp\/v2\/fcm_publicacion\/26115\/revisions"}],"predecessor-version":[{"id":26117,"href":"https:\/\/ludiccc.ddns.net\/fr\/wp-json\/wp\/v2\/fcm_publicacion\/26115\/revisions\/26117"}],"wp:featuredmedia":[{"embeddable":true,"href":"https:\/\/ludiccc.ddns.net\/fr\/wp-json\/wp\/v2\/media\/26116"}],"wp:attachment":[{"href":"https:\/\/ludiccc.ddns.net\/fr\/wp-json\/wp\/v2\/media?parent=26115"}],"wp:term":[{"taxonomy":"publicacion_coleccion","embeddable":true,"href":"https:\/\/ludiccc.ddns.net\/fr\/wp-json\/wp\/v2\/publicacion_coleccion?post=26115"}],"curies":[{"name":"wp","href":"https:\/\/api.w.org\/{rel}","templated":true}]}}