{"id":15164,"date":"2018-02-21T11:31:12","date_gmt":"2018-02-21T11:31:12","guid":{"rendered":"https:\/\/fcmanrique.org\/fcm-exposicion\/cesar-manrique-el-taller-de-los-suenos\/"},"modified":"2026-04-23T23:20:11","modified_gmt":"2026-04-23T23:20:11","slug":"cesar-manrique-el-taller-de-los-suenos","status":"publish","type":"fcm_exposicion","link":"https:\/\/ludiccc.ddns.net\/fr\/fcm-exposicion\/cesar-manrique-el-taller-de-los-suenos\/","title":{"rendered":"C\u00e9sar Manrique. El taller de los sue\u00f1os"},"content":{"rendered":"<figure class=\"wp-block-image size-full\"><img fetchpriority=\"high\" width=\"289\" height=\"246\" src=\"https:\/\/fcm.local\/wp-content\/uploads\/cesar-manrique-expo-el-taller-de-los-suenos-th.jpg\" class=\"wp-image-16784\" alt=\"C\u00e9sar Manrique. El taller de los sue\u00f1os\" loading=\"eager\" decoding=\"async\" \/><\/figure>\n<p><strong>Inaugurada en la Fundaci\u00f3n C\u00e9sar Manrique la exposici\u00f3n <em>C\u00e9sar Manrique. El taller de los sue\u00f1os<\/em><\/strong><\/p>\n<p>El d\u00eda 28 de junio, la Fundaci\u00f3n C\u00e9sar Manrique (FCM) inaugur\u00f3 en su sede de Taro de Tah\u00edche, la exposici\u00f3n <em>C\u00e9sar Manrique. El taller de los sue\u00f1os<\/em>, una actividad enmarcada en los actos de conmemoraci\u00f3n del 20\u00ba aniversario de la inauguraci\u00f3n de la FCM y, al mismo tiempo, de la desaparici\u00f3n de su fundador. La muestra se podr\u00e1 visitar hasta el d\u00eda 13 de enero de 2013.<\/p>\n<p><em>C\u00e9sar Manrique. El taller de los sue\u00f1os<\/em>, est\u00e1 producida y organizada por la Fundaci\u00f3n C\u00e9sar Manrique. El proyecto expositivo es de Fernando G\u00f3mez Aguilera, director de la FCM. La exposici\u00f3n est\u00e1 dedicada a recrear el \u00faltimo estudio del artista lanzarote\u00f1o en su casa de Har\u00eda. Se pretende, por un lado, poner al alcance del p\u00fablico el \u00e1mbito de trabajo de un pintor, al que habitualmente no se tiene acceso; y, por otro, recordar al artista a trav\u00e9s de las huellas que dej\u00f3 en ese espacio, utilizando objetos originales pertenecientes a C\u00e9sar Manrique, con la intenci\u00f3n de recuperar emociones a trav\u00e9s de la impronta del artista, veinte a\u00f1os despu\u00e9s de su desaparici\u00f3n.<\/p>\n<p>En la muestra se recrean fielmente diversos ambientes del estudio-taller de Manrique en Har\u00eda, adonde se traslada en 1988. Se pueden observar fotograf\u00edas y objetos personales (tel\u00e9fono, revistas, notas, l\u00e1pices&#8230;), diarios, mobiliario original, agendas, cuadros inacabados, ropa de faena, anilinas, pinceles, pinturas pl\u00e1sticas, caballetes\u2026 y material audiovisual referido a su actividad como pintor. Tambi\u00e9n pueden verse carteles que C\u00e9sar Manrique colgaba en su estudio, adem\u00e1s de otros dedicados a sus propias exposiciones. Se incluye el autom\u00f3vil que pint\u00f3 para la casa SEAT, restaurado recientemente, adem\u00e1s de una maqueta del que pint\u00f3 para la BMW. Podr\u00e1n verse tambi\u00e9n los \u00faltimos cuadros que estaba realizando cuando le sobrevino la muerte, presentados tal y como quedaron en su estudio.<\/p>\n<p>El prop\u00f3sito de la exposici\u00f3n <em>C\u00e9sar Manrique. El taller de los sue\u00f1os<\/em><em>, concebida como una met\u00e1fora esc\u00e9nica del refugio \u00edntimo de trabajo del artista, donde imagina, esboza y ejecuta sus ideas pl\u00e1sticas, <\/em>es proporcionar al visitante argumentos para vivir una experiencia emocional y visual de aproximaci\u00f3n a C\u00e9sar Manrique artista a partir del ambiente y de los objetos que le rodearon en su lugar de trabajo.<\/p>","protected":false},"featured_media":16784,"parent":0,"template":"","meta":{"_acf_changed":false,"ngg_post_thumbnail":0,"footnotes":""},"exposicion_linea_discursiva":[50],"class_list":["post-15164","fcm_exposicion","type-fcm_exposicion","status-publish","has-post-thumbnail","hentry","exposicion_linea_discursiva-exposiciones-dedicadas-a-manrique"],"acf":[],"_links":{"self":[{"href":"https:\/\/ludiccc.ddns.net\/fr\/wp-json\/wp\/v2\/fcm_exposicion\/15164","targetHints":{"allow":["GET"]}}],"collection":[{"href":"https:\/\/ludiccc.ddns.net\/fr\/wp-json\/wp\/v2\/fcm_exposicion"}],"about":[{"href":"https:\/\/ludiccc.ddns.net\/fr\/wp-json\/wp\/v2\/types\/fcm_exposicion"}],"version-history":[{"count":5,"href":"https:\/\/ludiccc.ddns.net\/fr\/wp-json\/wp\/v2\/fcm_exposicion\/15164\/revisions"}],"predecessor-version":[{"id":27100,"href":"https:\/\/ludiccc.ddns.net\/fr\/wp-json\/wp\/v2\/fcm_exposicion\/15164\/revisions\/27100"}],"wp:featuredmedia":[{"embeddable":true,"href":"https:\/\/ludiccc.ddns.net\/fr\/wp-json\/wp\/v2\/media\/16784"}],"wp:attachment":[{"href":"https:\/\/ludiccc.ddns.net\/fr\/wp-json\/wp\/v2\/media?parent=15164"}],"wp:term":[{"taxonomy":"exposicion_linea_discursiva","embeddable":true,"href":"https:\/\/ludiccc.ddns.net\/fr\/wp-json\/wp\/v2\/exposicion_linea_discursiva?post=15164"}],"curies":[{"name":"wp","href":"https:\/\/api.w.org\/{rel}","templated":true}]}}