{"id":15078,"date":"2018-02-21T11:30:32","date_gmt":"2018-02-21T11:30:32","guid":{"rendered":"https:\/\/fcmanrique.org\/fcm-exposicion\/giuliano-mauri\/"},"modified":"2026-04-23T23:20:11","modified_gmt":"2026-04-23T23:20:11","slug":"giuliano-mauri","status":"publish","type":"fcm_exposicion","link":"https:\/\/ludiccc.ddns.net\/fr\/fcm-exposicion\/giuliano-mauri\/","title":{"rendered":"Giuliano Mauri"},"content":{"rendered":"<div class=\"wp-block-columns fcm-page-migration-columns is-layout-flex wp-container-core-columns-is-layout-9d6595d7 wp-block-columns-is-layout-flex\"><div class=\"wp-block-column is-layout-flow wp-block-column-is-layout-flow\" style=\"flex-basis:66.66%\"><figure class=\"wp-block-image size-full\"><img fetchpriority=\"high\" width=\"289\" height=\"246\" src=\"https:\/\/fcm.local\/wp-content\/uploads\/cesar-manrique-expo-Giuliano-Mauri-th.jpg\" class=\"wp-image-16812\" alt=\"Giuliano Mauri\" loading=\"eager\" decoding=\"async\" \/><\/figure>\n<p>El 16 de junio de 2005, se inaugur\u00f3 la exposici\u00f3n <em>Giuliano Mauri<\/em>, que pudo visitarse hasta el 18 de septiembre. El acto de inauguraci\u00f3n cont\u00f3 con la presencia del artista, de Jos\u00e9 Juan Ram\u00edrez y de Fernando G\u00f3mez Aguilera.<\/p>\n<p>Giuliano Mauri (Lodi Vecchio, Italia, 1938) es uno de los m\u00e1s genuinos representantes europeos del arte en la naturaleza. En sus inicios fue un artista conceptual y, a mediados de los ochenta, desplaz\u00f3 su centro de inter\u00e9s hacia un arte vinculado al paisaje y la naturaleza. La materia de sus obras son troncos, ramas y fibras vegetales. Mauri integra estos elementos en contextos naturales, por lo general apartados, y apropiados por la propia naturaleza a trav\u00e9s de sus ciclos estacionales. Sus objetos, aut\u00e9nticas propuestas de arte p\u00fablico, parecen participar de la misma emoci\u00f3n espiritual que emana de la tierra.<\/p>\n<p>El mundo creativo de Giuliano Mauri puede considerarse como austero y silencioso. En sus construcciones se alude al mito de la caba\u00f1a primitiva. En su cartograf\u00eda se muestran objetos fr\u00e1giles, humildes y discretos, sustentados en una ideolog\u00eda art\u00edstica muy s\u00f3lida, en donde se destaca una actitud personal militante de ra\u00edces \u00e9ticas enfrentada a la sociedad de consumo. <\/p>\n<p>En la exposici\u00f3n celebrada en la FCM, se pudo contemplar tanto su obra escult\u00f3rica, como las maquetas de sus obras de arte p\u00fablico, desarrolladas estas \u00faltimas desde los a\u00f1os ochenta hasta la actualidad. Fue una magn\u00edfica ocasi\u00f3n, pues es la primera vez que en Espa\u00f1a se muestra el trabajo creativo de este artista.<\/p>\n<p>Una de las esculturas (Terra que consente il cielo, cielo che consente dio) respond\u00eda a un encargo espec\u00edfico de la FCM, y fue realizada por el artista durante su estancia en Lanzarote como invitado dentro del programa de la instituci\u00f3n <em>Artistas en Residencia<\/em>. Esta escultura consist\u00eda en un cono de cinco metros de alto rodeado de una cinta espiral de treinta cent\u00edmetros de ancho, confeccionado con varas de olmo, ceniza volc\u00e1nica y p\u00edrganos de palmera.<\/p>\n<p>La exposici\u00f3n recibi\u00f3 105.750 visitantes.<\/p>\n<p><strong>M\u00e1s informaci\u00f3n:<\/strong><\/p>\n<p><a href=\"https:\/\/fcmanrique.org\/fcm-publicacion\/giuliano-mauri\/?cpg=2\" target=\"_blank\" rel=\"noopener\">Cat\u00e1logo de la exposici\u00f3n<\/a><\/p><\/div><div class=\"wp-block-column is-layout-flow wp-block-column-is-layout-flow\" style=\"flex-basis:33.33%\"><div class=\"wp-block-group detail-panel detail-media wp-block-group-\"><div class=\"wp-block-group__inner-container is-layout-flow wp-block-group-is-layout-flow\"><p><a href=\"https:\/\/fcmanrique.org\/wp-content\/uploads\/expomauri02_640.jpg\"><\/a><\/p><\/div><\/div><\/div><\/div>","protected":false},"featured_media":16812,"parent":0,"template":"","meta":{"_acf_changed":false,"ngg_post_thumbnail":0,"footnotes":""},"exposicion_linea_discursiva":[51],"class_list":["post-15078","fcm_exposicion","type-fcm_exposicion","status-publish","has-post-thumbnail","hentry","exposicion_linea_discursiva-arte-naturaleza"],"acf":[],"_links":{"self":[{"href":"https:\/\/ludiccc.ddns.net\/fr\/wp-json\/wp\/v2\/fcm_exposicion\/15078","targetHints":{"allow":["GET"]}}],"collection":[{"href":"https:\/\/ludiccc.ddns.net\/fr\/wp-json\/wp\/v2\/fcm_exposicion"}],"about":[{"href":"https:\/\/ludiccc.ddns.net\/fr\/wp-json\/wp\/v2\/types\/fcm_exposicion"}],"version-history":[{"count":5,"href":"https:\/\/ludiccc.ddns.net\/fr\/wp-json\/wp\/v2\/fcm_exposicion\/15078\/revisions"}],"predecessor-version":[{"id":27105,"href":"https:\/\/ludiccc.ddns.net\/fr\/wp-json\/wp\/v2\/fcm_exposicion\/15078\/revisions\/27105"}],"wp:featuredmedia":[{"embeddable":true,"href":"https:\/\/ludiccc.ddns.net\/fr\/wp-json\/wp\/v2\/media\/16812"}],"wp:attachment":[{"href":"https:\/\/ludiccc.ddns.net\/fr\/wp-json\/wp\/v2\/media?parent=15078"}],"wp:term":[{"taxonomy":"exposicion_linea_discursiva","embeddable":true,"href":"https:\/\/ludiccc.ddns.net\/fr\/wp-json\/wp\/v2\/exposicion_linea_discursiva?post=15078"}],"curies":[{"name":"wp","href":"https:\/\/api.w.org\/{rel}","templated":true}]}}