{"id":15035,"date":"2018-02-21T11:30:22","date_gmt":"2018-02-21T11:30:22","guid":{"rendered":"https:\/\/fcmanrique.org\/fcm-exposicion\/alberto-corazon-pinturas-esculturas-1992-2002\/"},"modified":"2026-04-24T13:43:21","modified_gmt":"2026-04-24T13:43:21","slug":"alberto-corazon-pinturas-esculturas-1992-2002","status":"publish","type":"fcm_exposicion","link":"https:\/\/ludiccc.ddns.net\/fr\/fcm-exposicion\/alberto-corazon-pinturas-esculturas-1992-2002\/","title":{"rendered":"<em>Alberto<\/em> Coraz\u00f3n. <strong>Pinturas<\/strong> &amp; Esculturas 1992-2002"},"content":{"rendered":"<div class=\"wp-block-columns fcm-page-migration-columns is-layout-flex wp-container-core-columns-is-layout-9d6595d7 wp-block-columns-is-layout-flex\"><div class=\"wp-block-column is-layout-flow wp-block-column-is-layout-flow\" style=\"flex-basis:66.66%\"><figure class=\"wp-block-image size-full\"><img fetchpriority=\"high\" width=\"289\" height=\"246\" src=\"https:\/\/fcm.local\/wp-content\/uploads\/cesar-manrique-expo-Alberto-Corazon-Pinturas-Esculturas-1992-2002-th.jpg\" class=\"wp-image-16845\" alt=\"Alberto Coraz\u00f3n. Pinturas &#038; Esculturas 1992-2002\" loading=\"eager\" decoding=\"async\" \/><\/figure>\n<p>El 4 de marzo de 2004, se inaugur\u00f3 en la sede de la Fundaci\u00f3n C\u00e9sar Manrique, en Taro de Tah\u00edche, la exposici\u00f3n <em>Alberto Coraz\u00f3n. Pinturas &amp; Esculturas 1992-2002, <\/em>y pudo visitarse hasta el 25 de abril de 2004.<\/p>\n<p>Alberto Coraz\u00f3n (Madrid, 1942) es uno de los principales dise\u00f1adores gr\u00e1ficos de nuestro pa\u00eds, ocupando tambi\u00e9n un lugar destacado en el panorama internacional. Ha recibido el Premio Nacional, as\u00ed como importantes reconocimientos internacionales. Asimismo, goza de un extraordinario prestigio en el campo del dise\u00f1o industrial. Su actividad creativa se completa con un extenso trabajo pl\u00e1stico.<\/p>\n<p>Alberto Coraz\u00f3n estudi\u00f3 Sociolog\u00eda y Ciencias Econ\u00f3micas. Al mismo tiempo, compagin\u00f3 estos estudios con el aprendizaje del dibujo y de la pintura. Al terminar sus estudios universitarios, fund\u00f3 con un grupo de amigos la editorial <em>Ciencia Nuevas<\/em> y se inici\u00f3 profesionalmente en el dise\u00f1o gr\u00e1fico. Simult\u00e1neamente, realiz\u00f3 sus primeras exposiciones en Tur\u00edn y en Mil\u00e1n. A comienzos de los a\u00f1os setenta, es el promotor, junto a Nacho Criado y Antoni Muntadas, de las primeras manifestacio\u00adnes de arte conceptual en Espa\u00f1a a trav\u00e9s de la Galer\u00eda Redor. En 1972, en colaboraci\u00f3n con Valeriano Bozal y Miguel Garc\u00eda S\u00e1nchez, cre\u00f3 <em>Alberto Coraz\u00f3n Editor<\/em>. Este proyecto permiti\u00f3 la introducci\u00f3n en el mercado espa\u00f1ol de los textos de las vanguardias hist\u00f3ricas y las corrientes estructuralistas en el pensamiento y la cr\u00edtica de arte. En 1976, fue invitado por el Comit\u00e9 Internacional a exponer en la Bienal de Venecia junto con T\u00e0pies y el Equipo Cr\u00f3nica, y en 1978 la Bienal de Par\u00eds, le invit\u00f3 a exponer en el Petit Palais junto con Antonio Saura. En la d\u00e9cada de los ochenta, decidi\u00f3 tomarse un per\u00edodo de reflexi\u00f3n, reorientando su trabajo hacia la escultura, presentando una exposici\u00f3n antol\u00f3gica en 1991. A partir de 1992, expuso en las galer\u00edas Gamarra &amp; Garrigues y Elvira Gonz\u00e1lez, as\u00ed como en el Museum W\u00fcrth (Alemania) que adquiri\u00f3 una amplia muestra de sus pinturas y esculturas. Desde el 2001, su obra puede contemplarse con regularidad en la Galer\u00eda Marlborough.<\/p>\n<p>En la exposici\u00f3n presentada en la FCM, pudieron contemplarse 20 pinturas y 4 esculturas correspondientes al per\u00edodo 1992-2002.<\/p>\n<p>Una exposici\u00f3n antol\u00f3gica de sus pinturas y esculturas de los diez \u00faltimos a\u00f1os fue exhibida en distintas salas del territorio espa\u00f1ol. Al mismo tiempo, una muestra representativa de su obra recorri\u00f3 diversos pa\u00edses de Oriente Medio.<\/p>\n<p>La exposici\u00f3n recibi\u00f3 42.589 visitantes.<\/p>\n    <section class=\"fcm-related-content\">\n        <div class=\"detail-divider detail-divider--solid\" aria-hidden=\"true\"><\/div>\n        <h2 class=\"fcm-related-content__title\">Contenus associes<\/h2>\n        <div class=\"detail-divider detail-divider--dotted\" aria-hidden=\"true\"><\/div>\n        <ul class=\"fcm-related-content__grid\">\n                <li class=\"fcm-related-content__item\">\n        <a class=\"listing-card fcm-related-content__card\" href=\"https:\/\/ludiccc.ddns.net\/fr\/fcm-actividad\/la-fcm-presenta-la-programacion-del-centenario-de-cesar-manrique\/\">\n            <div class=\"listing-card__media\"><img loading=\"lazy\" decoding=\"async\" width=\"400\" height=\"340\" src=\"https:\/\/ludiccc.ddns.net\/wp-content\/uploads\/fc-manrique-presentacion-centenario.jpg\" class=\"attachment-medium_large size-medium_large wp-post-image\" alt=\"\" srcset=\"https:\/\/ludiccc.ddns.net\/wp-content\/uploads\/fc-manrique-presentacion-centenario.jpg 400w, https:\/\/ludiccc.ddns.net\/wp-content\/uploads\/fc-manrique-presentacion-centenario-300x255.jpg 300w, https:\/\/ludiccc.ddns.net\/wp-content\/uploads\/fc-manrique-presentacion-centenario-289x246.jpg 289w\" sizes=\"auto, (max-width: 400px) 100vw, 400px\" \/><\/div>\n            <span class=\"fcm-pill-button\">Activites<\/span>\n            <h3 class=\"listing-card__title\">La FCM presenta la programaci\u00f3n del centenario de C\u00e9sar Manrique<\/h3>\n        <\/a>\n    <\/li>\n        <li class=\"fcm-related-content__item\">\n        <a class=\"listing-card fcm-related-content__card\" href=\"https:\/\/ludiccc.ddns.net\/fr\/fcm-exposicion\/miguel-angel-blanco-geogenia\/\">\n            <div class=\"listing-card__media\"><img loading=\"lazy\" decoding=\"async\" width=\"289\" height=\"246\" src=\"https:\/\/ludiccc.ddns.net\/wp-content\/uploads\/cesar-manrique-expo-Miguel-Angel-Blanco-Geogenia-th.jpg\" class=\"attachment-medium_large size-medium_large wp-post-image\" alt=\"\" \/><\/div>\n            <span class=\"fcm-pill-button\">Expositions<\/span>\n            <h3 class=\"listing-card__title\">Miguel \u00c1ngel Blanco. Geogenia<\/h3>\n        <\/a>\n    <\/li>\n        <li class=\"fcm-related-content__item fcm-related-content__item--video\">\n        <a class=\"listing-card fcm-related-content__card videoteca-card\" href=\"https:\/\/ludiccc.ddns.net\/fr\/fcm-video\/conferencia-26-octubre-2\/\">\n            <div class=\"listing-card__media videoteca-card__media\"><img loading=\"lazy\" decoding=\"async\" width=\"768\" height=\"432\" src=\"https:\/\/ludiccc.ddns.net\/wp-content\/uploads\/fc-manrique-video-disponible-bernardo-atxaga-768x432.jpg\" class=\"attachment-medium_large size-medium_large wp-post-image\" alt=\"\" srcset=\"https:\/\/ludiccc.ddns.net\/wp-content\/uploads\/fc-manrique-video-disponible-bernardo-atxaga-768x432.jpg 768w, https:\/\/ludiccc.ddns.net\/wp-content\/uploads\/fc-manrique-video-disponible-bernardo-atxaga-300x169.jpg 300w, https:\/\/ludiccc.ddns.net\/wp-content\/uploads\/fc-manrique-video-disponible-bernardo-atxaga-1024x576.jpg 1024w, https:\/\/ludiccc.ddns.net\/wp-content\/uploads\/fc-manrique-video-disponible-bernardo-atxaga-289x163.jpg 289w, https:\/\/ludiccc.ddns.net\/wp-content\/uploads\/fc-manrique-video-disponible-bernardo-atxaga-1536x864.jpg 1536w, https:\/\/ludiccc.ddns.net\/wp-content\/uploads\/fc-manrique-video-disponible-bernardo-atxaga-2048x1152.jpg 2048w\" sizes=\"auto, (max-width: 768px) 100vw, 768px\" \/><\/div>\n            <span class=\"fcm-pill-button\">Videotheque<\/span>\n            <h3 class=\"listing-card__title\">\u00abContra los lugares comunes\u00bb<\/h3>\n        <\/a>\n    <\/li>\n            <li class=\"fcm-related-content__item fcm-related-content__item--obra\">\n            <a class=\"institucion-work-card fcm-related-content__card fcm-related-content__card--obra\" href=\"https:\/\/ludiccc.ddns.net\/fr\/fcm-obra\/restaurante-el-diablo-timanfaya\/\">\n                <div class=\"institucion-work-card__media\"><img loading=\"lazy\" decoding=\"async\" width=\"289\" height=\"246\" src=\"https:\/\/ludiccc.ddns.net\/wp-content\/uploads\/cesar-manrique-obra-restaurante-el-diablo-timanfaya-th.jpg\" class=\"attachment-medium_large size-medium_large wp-post-image\" alt=\"\" \/><\/div>\n                <span class=\"fcm-pill-button\">Oeuvres<\/span>\n                <span class=\"institucion-work-card__title\">Restaurante El Diablo &#8211; Timanfaya<\/span>\n            <\/a>\n        <\/li>\n            <li class=\"fcm-related-content__item\">\n        <a class=\"listing-card fcm-related-content__card\" href=\"https:\/\/ludiccc.ddns.net\/fr\/sergio-ramirez-la-literatura-y-sus-fantasmas-2\/\">\n            <div class=\"listing-card__media\"><img loading=\"lazy\" decoding=\"async\" width=\"768\" height=\"768\" src=\"https:\/\/ludiccc.ddns.net\/wp-content\/uploads\/fc-manrique-conferencia-inaugural-sergio-ramirez-agenda-768x768.jpg\" class=\"attachment-medium_large size-medium_large wp-post-image\" alt=\"\" srcset=\"https:\/\/ludiccc.ddns.net\/wp-content\/uploads\/fc-manrique-conferencia-inaugural-sergio-ramirez-agenda-768x768.jpg 768w, https:\/\/ludiccc.ddns.net\/wp-content\/uploads\/fc-manrique-conferencia-inaugural-sergio-ramirez-agenda-300x300.jpg 300w, https:\/\/ludiccc.ddns.net\/wp-content\/uploads\/fc-manrique-conferencia-inaugural-sergio-ramirez-agenda-1024x1024.jpg 1024w, https:\/\/ludiccc.ddns.net\/wp-content\/uploads\/fc-manrique-conferencia-inaugural-sergio-ramirez-agenda-150x150.jpg 150w, https:\/\/ludiccc.ddns.net\/wp-content\/uploads\/fc-manrique-conferencia-inaugural-sergio-ramirez-agenda-246x246.jpg 246w, https:\/\/ludiccc.ddns.net\/wp-content\/uploads\/fc-manrique-conferencia-inaugural-sergio-ramirez-agenda.jpg 1200w\" sizes=\"auto, (max-width: 768px) 100vw, 768px\" \/><\/div>\n            <span class=\"fcm-pill-button\">Actualites<\/span>\n            <h3 class=\"listing-card__title\">Sergio Ram\u00edrez. \u00abLa literatura y sus fantasmas\u00bb<\/h3>\n        <\/a>\n    <\/li>\n        <li class=\"fcm-related-content__item\">\n        <a class=\"listing-card fcm-related-content__card\" href=\"https:\/\/ludiccc.ddns.net\/fr\/fernandez-galiano-y-la-arquitectura-apasionada-de-herzog-de-meuron\/\">\n            <div class=\"listing-card__media\"><img loading=\"lazy\" decoding=\"async\" width=\"640\" height=\"425\" src=\"https:\/\/ludiccc.ddns.net\/wp-content\/uploads\/4af81387luisfdezgaliano_640.jpg\" class=\"attachment-medium_large size-medium_large wp-post-image\" alt=\"\" srcset=\"https:\/\/ludiccc.ddns.net\/wp-content\/uploads\/4af81387luisfdezgaliano_640.jpg 640w, https:\/\/ludiccc.ddns.net\/wp-content\/uploads\/4af81387luisfdezgaliano_640-300x199.jpg 300w\" sizes=\"auto, (max-width: 640px) 100vw, 640px\" \/><\/div>\n            <span class=\"fcm-pill-button\">Presse<\/span>\n            <h3 class=\"listing-card__title\">Fern\u00e1ndez-Galiano y la arquitectura <em>apasionada<\/em> de Herzog &#038; De Meuron<\/h3>\n        <\/a>\n    <\/li>\n        <li class=\"fcm-related-content__item\">\n        <a class=\"listing-card fcm-related-content__card\" href=\"https:\/\/ludiccc.ddns.net\/fr\/fcm-publicacion\/el-mapa-no-es-el-territorio\/\">\n            <div class=\"listing-card__media\"><img loading=\"lazy\" decoding=\"async\" width=\"135\" height=\"199\" src=\"https:\/\/ludiccc.ddns.net\/wp-content\/uploads\/thmb_01thmb_pub_albertocorazon13.jpg\" class=\"attachment-medium_large size-medium_large wp-post-image\" alt=\"\" \/><\/div>\n            <span class=\"fcm-pill-button\">Publications<\/span>\n            <h3 class=\"listing-card__title\">EL MAPA NO ES EL TERRITORIO<\/h3>\n        <\/a>\n    <\/li>\n            <\/ul>\n        <div class=\"detail-divider detail-divider--solid\" aria-hidden=\"true\"><\/div>\n    <\/section>\n    <\/div><div class=\"wp-block-column is-layout-flow wp-block-column-is-layout-flow\" style=\"flex-basis:33.33%\"><div class=\"wp-block-group detail-panel detail-media wp-block-group-\"><div class=\"wp-block-group__inner-container is-layout-flow wp-block-group-is-layout-flow\"><p><a href=\"https:\/\/fcmanrique.org\/wp-content\/uploads\/thmb_expocorazon_600.jpg\"><\/a><\/p><\/div><\/div><\/div><\/div>","protected":false},"featured_media":16845,"parent":0,"template":"","meta":{"_acf_changed":false,"ngg_post_thumbnail":0,"footnotes":""},"exposicion_linea_discursiva":[53],"class_list":["post-15035","fcm_exposicion","type-fcm_exposicion","status-publish","has-post-thumbnail","hentry","exposicion_linea_discursiva-revisiones-historicas"],"acf":[],"_links":{"self":[{"href":"https:\/\/ludiccc.ddns.net\/fr\/wp-json\/wp\/v2\/fcm_exposicion\/15035","targetHints":{"allow":["GET"]}}],"collection":[{"href":"https:\/\/ludiccc.ddns.net\/fr\/wp-json\/wp\/v2\/fcm_exposicion"}],"about":[{"href":"https:\/\/ludiccc.ddns.net\/fr\/wp-json\/wp\/v2\/types\/fcm_exposicion"}],"version-history":[{"count":12,"href":"https:\/\/ludiccc.ddns.net\/fr\/wp-json\/wp\/v2\/fcm_exposicion\/15035\/revisions"}],"predecessor-version":[{"id":27154,"href":"https:\/\/ludiccc.ddns.net\/fr\/wp-json\/wp\/v2\/fcm_exposicion\/15035\/revisions\/27154"}],"wp:featuredmedia":[{"embeddable":true,"href":"https:\/\/ludiccc.ddns.net\/fr\/wp-json\/wp\/v2\/media\/16845"}],"wp:attachment":[{"href":"https:\/\/ludiccc.ddns.net\/fr\/wp-json\/wp\/v2\/media?parent=15035"}],"wp:term":[{"taxonomy":"exposicion_linea_discursiva","embeddable":true,"href":"https:\/\/ludiccc.ddns.net\/fr\/wp-json\/wp\/v2\/exposicion_linea_discursiva?post=15035"}],"curies":[{"name":"wp","href":"https:\/\/api.w.org\/{rel}","templated":true}]}}