{"id":4788,"date":"2017-12-01T13:00:54","date_gmt":"2017-12-01T13:00:54","guid":{"rendered":"https:\/\/fcmanrique.org\/?p=4788"},"modified":"2026-04-23T23:19:30","modified_gmt":"2026-04-23T23:19:30","slug":"taller-eco-esteticas-el-arte-como-medio-para-repensar-la-ecologia-impartido-por-blanca-de-la-torre-los-dias-27-y-28-de-noviembre","status":"publish","type":"fcm_actividad","link":"https:\/\/ludiccc.ddns.net\/fr\/fcm-actividad\/taller-eco-esteticas-el-arte-como-medio-para-repensar-la-ecologia-impartido-por-blanca-de-la-torre-los-dias-27-y-28-de-noviembre\/","title":{"rendered":"Taller: \u00ab\u00a0ECO-EST\u00e9TICAS. El arte como medio para repensar la ecolog\u00eda\u00a0\u00bb impartido por Blanca de la Torre los d\u00edas 27 y 28 de noviembre"},"content":{"rendered":"<figure class=\"wp-block-image size-full\"><img fetchpriority=\"high\" width=\"2126\" height=\"1419\" src=\"https:\/\/fcm.local\/wp-content\/uploads\/fc-manrique-blanca-de-la-torre-1.jpg\" class=\"wp-image-4789\" alt=\"Taller \u00abECO-EST\u00e9TICAS. El arte como medio para repensar la ecolog\u00eda\u00bb impartido por Blanca de la Torre\" loading=\"eager\" decoding=\"async\" srcset=\"https:\/\/fcm.local\/wp-content\/uploads\/fc-manrique-blanca-de-la-torre-1.jpg 2126w, https:\/\/fcm.local\/wp-content\/uploads\/fc-manrique-blanca-de-la-torre-1-300x200.jpg 300w, https:\/\/fcm.local\/wp-content\/uploads\/fc-manrique-blanca-de-la-torre-1-768x513.jpg 768w, https:\/\/fcm.local\/wp-content\/uploads\/fc-manrique-blanca-de-la-torre-1-1024x683.jpg 1024w\" sizes=\"(max-width: 2126px) 100vw, 2126px\" \/><\/figure>\n<p><strong>Blanca de la Torre aborda en Ecoest\u00e9ticas las propuestas art\u00edsticas m\u00e1s relevantes sobre la ecolog\u00eda<\/strong> \u201cEl desbordamiento de los l\u00edmites del Planeta nos sit\u00faa en un cambio de ciclo hist\u00f3rico que afecta a la m\u00e9dula \u00f3sea de la vida\u201d. El director de la Fundaci\u00f3n C\u00e9sar Manrique, Fernando G\u00f3mez Aguilera, abri\u00f3 el taller <em>Ecoest\u00e9ticas. El arte como medio para repensar la ecolog\u00eda<\/em>, impartido por la comisaria de arte Blanca de la Torre los d\u00edas 27 y 28 de noviembre en la sala Jos\u00e9 Saramago. \u201cNuestros patrones de consumo dicen que as\u00ed la vida no aguanta\u201d, se\u00f1al\u00f3. En este contexto, el arte se hace eco de estos desaf\u00edos, dialoga con ellos y sirve como herramienta para plantear preguntas. Pero el tiempo apremia \u201cy el Planeta no puede esperar por nuestra pasividad, hay que avanzar a escenarios m\u00e1s democr\u00e1ticos, m\u00e1s justos y m\u00e1s sostenibles\u201d. Blanca de la Torre comenz\u00f3 con una cita sobre la urgencia, la advertencia de Fatih Birol, director ejecutivo de la Agencia Internacional de Energ\u00eda, de que 2017 ser\u00eda el a\u00f1o en que la puerta se cerrar\u00eda para impedir que la temperatura del Planeta subiera dos grados cent\u00edgrados. De la Torre considera que la \u00fanica forma de entender la ecolog\u00eda es a trav\u00e9s de la ecolog\u00eda pol\u00edtica y asegur\u00f3 que el arte es necesario para afrontar la crisis ecol\u00f3gica por su capacidad de comunicaci\u00f3n y porque puede activar cambios de comportamiento. \u201cNo basta con comprender los datos cient\u00edficos\u201d. <a href=\"https:\/\/fcmanrique.org\/wp-content\/uploads\/fc-manrique-blanca-de-la-torre-1.jpg\"><img loading=\"lazy\" decoding=\"async\" src=\"https:\/\/fcmanrique.org\/wp-content\/uploads\/fc-manrique-blanca-de-la-torre-1.jpg\" alt=\"\" width=\"578\" height=\"386\"><\/a> Primero expuso los precedentes de la ecolog\u00eda en el arte contempor\u00e1neo, desde 1843 con el primer libro ilustrado con fotograf\u00edas de cianotipos de algas, de Anna Atkins, la primera fot\u00f3grafa, a otras manifestaciones art\u00edsticas, como el cuadro <em>En el tiempo de la armon\u00eda<\/em> (1893) de Paul Signac, la casa <em>Dymaxion<\/em> de Fuller en 1945 o <em>La primavera silenciosa<\/em> (1962), de Rachel Carson, un libro que advert\u00eda de los peligros para el medio ambiente y en el que se trat\u00f3, por primera vez, el efecto que tiene la aplicaci\u00f3n de insecticidas en los seres vivos, constituyendo un \u201cpunto de partida del pensamiento ecol\u00f3gico contempor\u00e1neo\u201d. <strong><em>Hybris<\/em><\/strong> La directora del taller expuso durante la primera jornada distintas miradas de artistas sobre los problemas medioambientales, reunidas en la exposici\u00f3n <em>Hybris. Una posible aproximaci\u00f3n ecoest\u00e9tica<\/em>, de la que ella misma es la comisaria y que se expone en el MUSAC de Le\u00f3n. La exposici\u00f3n est\u00e1 dividida en tres cap\u00edtulos. El primero es <em>Soluciones<\/em>, dedicado a intervenciones que aportan soluciones pr\u00e1cticas a problemas ecol\u00f3gicos. Est\u00e1n incluidos Alan Sonfist, Patricia Johanson o el proyecto de los 7.000 robles de Joseph Beuys en Kassel en 1982, pero tambi\u00e9n Zigor Barayazarra y sus abrigos vivos, Santiago Morilla con su \u201cbicihuerta\u201d para crear espacios verdes, Amy Balkin, que solicita la inclusi\u00f3n de la atm\u00f3sfera como patrimonio a proteger o Nicole Dextras y sus jardines port\u00e1tiles. <em>Reutilizaciones<\/em> es el segundo cap\u00edtulo, que recoge obras realizadas con materiales naturales o encontrados en la basura, como los de Herman Prigann, que recupera espacios degradados, Carmen Casul\u00e1 y su banco de memoria de agricultores, el ecografitti en forma de rana de Juan Zamora o la instalaci\u00f3n de Juan Carri\u00f3n que denuncia la sangre derramada para lograr el colt\u00e1n que se usa en los tel\u00e9fonos m\u00f3viles. Otras propuestas son las de Jorge Barbi y sus fotos de excrementos de gaviotas, o los discos de agua congelada de glaciares de Islandia, de Kathy Paterson, que se derriten tras escucharlos una sola vez. El tercer cap\u00edtulo es el de <em>Acciones<\/em>, con la participaci\u00f3n de Regina Jos\u00e9 Galindo, Fernando Garc\u00eda-Dory, Agnes Denes, que cre\u00f3 una monta\u00f1a artificial con 11.000 plantas sembradas por 11.000 personas, Nilo Gallego y Felipe Quintana con un coro de 3.000 ovejas o Hiroshi Sunairi, que recogi\u00f3 semillas de \u00e1rboles supervivientes de la bomba at\u00f3mica de Hiroshima y las reparte por el mundo. <strong>Teor\u00edas <\/strong> La segunda parte de la primera jornada estuvo dedicada a las principales teor\u00edas en torno a la ecolog\u00eda en el pensamiento contempor\u00e1neo. Entre los principales te\u00f3ricos est\u00e1n F\u00e9lix Guattari, Gregory Bateson y su concepto de salud \u00e9tica e incluso Ortega y Gasset, que ya advierte que el hombre adapta la naturaleza a sus necesidades. Otros cl\u00e1sicos son Murray Bookchain, que vincula la ecolog\u00eda social al anarquismo, Henry David Thoreau, que se fue a vivir a una caba\u00f1a en el bosque construida por \u00e9l mismo en 1845 y Aldo Leopold, otro de los pioneros con su obra <em>Almanac<\/em>, en la que explica la necesidad de que la humanidad practique una \u00e9tica natural. De la Torre tambi\u00e9n cit\u00f3 a Arne Naess y el concepto de ecolog\u00eda profunda, que critica las soluciones que siguen aplicando estrategias del capitalismo, o Timoty Morton, que aborda el problema desde la iron\u00eda y plantea renunciar a la idea de naturaleza para dar cabida a la ecocr\u00edtica y la cultura ambiental. M\u00e1s actuales y m\u00e1s cercanos son Jorge Riechmann o Joan Mart\u00ednez-Alier y su ecologismo de los pobres, o David Harvey que habla de la acumulaci\u00f3n por desposesi\u00f3n, Rob Nixon que apunta la violencia lenta que reciben las capas m\u00e1s desfavorecidas de la sociedad y Razmig Keucheyan y el Movimiento por la justicia ambiental. Junto a estos, autoras ligadas al ecofeminismo, como la escritora Arundhati Roy, Vandana Shiva, que habla de la explotaci\u00f3n de la naturaleza como la opresi\u00f3n de la mujer o Alicia Puleo, de la Universidad de Valladolid. Y finalmente, autores de la teor\u00eda del decrecimiento como Bruno Latour o Carlos Taibo, que plantean que en un Planeta con recursos limitados no puede haber un crecimiento ilimitado. <a href=\"https:\/\/fcmanrique.org\/wp-content\/uploads\/fc-manrique-blanca-de-la-torre-2.jpg\"><img loading=\"lazy\" decoding=\"async\" src=\"https:\/\/fcmanrique.org\/wp-content\/uploads\/fc-manrique-blanca-de-la-torre-2.jpg\" alt=\"\" width=\"507\" height=\"344\"><\/a><\/p>\n<p><strong><em>Imbalance<\/em><\/strong> La segunda jornada se abri\u00f3 con otra exposici\u00f3n colectiva, <em>Imbalance<\/em>, comisariada tambi\u00e9n por De la Torre en la ciudad polaca de Gdansk, dividida en cuatro ejes y presidida por la <em>Mesa de negociaci\u00f3n<\/em> de Antoni Muntadas, una mesa con doce mapas del reparto de la riqueza del mundo. La primera parte de la muestra, <em>Domesticaci\u00f3n del paisaje<\/em>, muestra obras como las de Sergio Belinch\u00f3n, que fotograf\u00eda extrarradios de ciudades o el fot\u00f3grafo Xavier Ribas, que muestra los efectos secundarios del ocio en los modos de ocupaci\u00f3n del territorio de las sociedades contempor\u00e1neas. La segunda parte, <em>Cat\u00e1strofes medioambientales<\/em>, cuestiona que se trate de hechos naturales y no motivados por el ser humano. Incluye las obras de Allan Sekula sobre el <em>Prestige<\/em>, Jun Nguyen-Hatsushiba, denunciando las enfermedades por contaminaci\u00f3n por mercurio en la regi\u00f3n japonesa de Minamata, M\u00e1ximo Gonz\u00e1lez y su proyecto para la reutilizaci\u00f3n de veh\u00edculos obsoletos, como maceteros de \u00e1rboles frutales, despu\u00e9s de la desaparici\u00f3n del petr\u00f3leo. En la tercera parte, <em>Gesti\u00f3n de recursos y h\u00e1bitos de consumo<\/em>, est\u00e1n las propuestas de Chus Garc\u00eda Fraile o Andreas Gursky, y la cuarta, <em>Mirando al Sur Global,<\/em> est\u00e1 inspirada en teor\u00edas como la del ecologismo de los pobres, en quienes recae la mayor parte de las consecuencias negativas, con las obras de Marjetica Potr\u010d y su <em>Caracas House<\/em> o el colectivo Superflex que construyeron en \u00c1frica unidades m\u00f3viles para hacer gas metano a partir de la basura dom\u00e9stica. <strong>Otros aspectos<\/strong> La \u00faltima parte del taller estuvo dirigida a intervenciones art\u00edsticas que abordan diferentes aspectos de la ecolog\u00eda. En el apartado de derechos de los campesinos<em>, <\/em>De la Torre expuso las propuestas alternativas de Asunci\u00f3n Molinos-Gordo, basada en ejercicios de caligraf\u00eda en pa\u00edses de Oriente Pr\u00f3ximo, <em>Critical art ensemble<\/em> para eliminar la agricultura multinacional, o <em>Inland<\/em>, un proyecto de aldea reconstruida en Asturias con el lema \u201carte, agricultura y territorio\u201d o las propuestas de la mexicana Minerva Cuevas contra famosas marcas comerciales. <a href=\"https:\/\/fcmanrique.org\/wp-content\/uploads\/fc-manrique-blanca-de-la-torre-3.jpg\"><img loading=\"lazy\" decoding=\"async\" src=\"https:\/\/fcmanrique.org\/wp-content\/uploads\/fc-manrique-blanca-de-la-torre-3.jpg\" alt=\"\" width=\"526\" height=\"349\"><\/a> El racismo ambiental lo trata Mel Chin, que realiz\u00f3 un proyecto de creaci\u00f3n de dinero en escuelas sacudidas por el hurac\u00e1n de Nueva Orleans que despu\u00e9s fue cambiado por dinero real para donaciones. Sobre el petr\u00f3leo y el gas trabajan <em>Oilwatch<\/em>, una red de resistencia a actividades petroleras, el colectivo <em>Platform<\/em> que act\u00faa contra el arte esponsorizado por la industria petrolera o <em>The yes men<\/em> y su pel\u00edcula <em>The yes men are revolting<\/em> en la que ridiculizan a directivos de grandes corporaciones. Por otra parte, Diego Arribas, Edgard Arag\u00f3n, Ursula Biemann y Paulo Tavares trabajan sobre los efectos de la miner\u00eda. Denunciando la situaci\u00f3n de los bosques trabaja <em>Green belt movement<\/em>, fundada por Wantari Matai en 1977 y que desde entonces ha plantado 51 millones de \u00e1rboles y ha logrado que 31.000 mujeres se capaciten en la silvicultura, o el movimiento Chipko, precursor del ecofeminismo, que surgi\u00f3 en el Himalaya en 1973 para evitar la tala de \u00e1rboles, abraz\u00e1ndolos. La polaca Cecylia Malik realiz\u00f3 una propuesta similar mediante fotograf\u00edas, que se acaba convirtiendo en una acci\u00f3n colectiva. Otro movimiento destacado es el Seringueiro, de los recolectores de caucho en Brasil. <em>Aosis<\/em> es una coalici\u00f3n de islas que denuncia los peligros del calentamiento global y la subida del nivel del mar. <em>Re-locate Kivalina<\/em>, en Alaska, es un proyecto para realojar una isla afectada por la erosi\u00f3n. En el apartado de refugiados clim\u00e1ticos, categor\u00eda a\u00fan no recogida por Acnur, trabaja el colectivo Argos, y sobre las semillas, alza la voz Vandana Shiva, contra Monsanto y su biopirater\u00eda y su pol\u00edtica de propiedad intelectual de las semillas, que ha provocado en India el suicidio de muchos campesinos obligados a endeudarse. Se refiri\u00f3 De la Torre a la \u201ccheap fashion\u201d y la concienciaci\u00f3n sobre la moda a bajo precio, el cultivo y el manejo del algod\u00f3n, que esclaviza a las comunidades. Los problemas del agua, o de su escasez, los abordan Ichi Ikeda y Navjot Altaf, que crea una estructura para generar fuentes donde no hay acceso al agua. El taller termin\u00f3 con las aportaciones de los alumnos, con propuestas de alternativas ecol\u00f3gicas, un balance de las dos jornadas, y con esta frase de Ernst Bloch: \u201cIncluso en los tiempos m\u00e1s oscuros, el arte proporciona al espectador la visi\u00f3n latente de la utop\u00eda\u201d. <a href=\"https:\/\/fcmanrique.org\/wp-content\/uploads\/fc-manrique-taller-blanca-de-la-torre-portada.jpg\"><img loading=\"lazy\" decoding=\"async\" src=\"https:\/\/fcmanrique.org\/wp-content\/uploads\/fc-manrique-taller-blanca-de-la-torre-portada.jpg\" alt=\"\" width=\"850\" height=\"850\"><\/a> M\u00e1s informaci\u00f3n, horarios y objetivos del TALLER, en PDF: <a href=\"https:\/\/fcmanrique.org\/wp-content\/uploads\/objetivos-y-horarios-taller-ECO-EST%C3%A9TICAS.pdf\" class=\"fcm-pdf-download-link\">objetivos y horarios taller ECO-EST\u00e9TICAS<\/a> Nota de prensa en PDF: <a href=\"https:\/\/fcmanrique.org\/wp-content\/uploads\/fc-manrique-taller-blanca-de-la-torre.pdf\" class=\"fcm-pdf-download-link\">fc-manrique-taller-blanca-de-la-torre<\/a><\/p>","protected":false},"featured_media":4789,"parent":0,"template":"","meta":{"_acf_changed":false,"ngg_post_thumbnail":0,"footnotes":""},"actividad_tipo":[35],"actividad_lugar":[],"actividad_departamento":[],"actividad_ciclo":[],"class_list":["post-4788","fcm_actividad","type-fcm_actividad","status-publish","has-post-thumbnail","hentry","actividad_tipo-cursos-y-talleres"],"acf":[],"_links":{"self":[{"href":"https:\/\/ludiccc.ddns.net\/fr\/wp-json\/wp\/v2\/fcm_actividad\/4788","targetHints":{"allow":["GET"]}}],"collection":[{"href":"https:\/\/ludiccc.ddns.net\/fr\/wp-json\/wp\/v2\/fcm_actividad"}],"about":[{"href":"https:\/\/ludiccc.ddns.net\/fr\/wp-json\/wp\/v2\/types\/fcm_actividad"}],"version-history":[{"count":6,"href":"https:\/\/ludiccc.ddns.net\/fr\/wp-json\/wp\/v2\/fcm_actividad\/4788\/revisions"}],"predecessor-version":[{"id":27070,"href":"https:\/\/ludiccc.ddns.net\/fr\/wp-json\/wp\/v2\/fcm_actividad\/4788\/revisions\/27070"}],"wp:featuredmedia":[{"embeddable":true,"href":"https:\/\/ludiccc.ddns.net\/fr\/wp-json\/wp\/v2\/media\/4789"}],"wp:attachment":[{"href":"https:\/\/ludiccc.ddns.net\/fr\/wp-json\/wp\/v2\/media?parent=4788"}],"wp:term":[{"taxonomy":"actividad_tipo","embeddable":true,"href":"https:\/\/ludiccc.ddns.net\/fr\/wp-json\/wp\/v2\/actividad_tipo?post=4788"},{"taxonomy":"actividad_lugar","embeddable":true,"href":"https:\/\/ludiccc.ddns.net\/fr\/wp-json\/wp\/v2\/actividad_lugar?post=4788"},{"taxonomy":"actividad_departamento","embeddable":true,"href":"https:\/\/ludiccc.ddns.net\/fr\/wp-json\/wp\/v2\/actividad_departamento?post=4788"},{"taxonomy":"actividad_ciclo","embeddable":true,"href":"https:\/\/ludiccc.ddns.net\/fr\/wp-json\/wp\/v2\/actividad_ciclo?post=4788"}],"curies":[{"name":"wp","href":"https:\/\/api.w.org\/{rel}","templated":true}]}}