{"id":4373,"date":"2016-11-04T15:10:06","date_gmt":"2016-11-04T15:10:06","guid":{"rendered":"https:\/\/fcmanrique.org\/?p=4373"},"modified":"2026-04-23T23:19:18","modified_gmt":"2026-04-23T23:19:18","slug":"paulino-rivero-no-recuerdo-una-norma-tan-aplaudida-a-rabiar-por-las-organizaciones-empresariales-si-esta-gusta-tanto-a-los-poderes-economicos-no-puede-ser-buena-socialmente","status":"publish","type":"fcm_actividad","link":"https:\/\/ludiccc.ddns.net\/fr\/fcm-actividad\/paulino-rivero-no-recuerdo-una-norma-tan-aplaudida-a-rabiar-por-las-organizaciones-empresariales-si-esta-gusta-tanto-a-los-poderes-economicos-no-puede-ser-buena-socialmente\/","title":{"rendered":"Paulino Rivero: \u201cNo recuerdo una norma tan aplaudida a rabiar por las organizaciones empresariales. Si esta gusta tanto a los poderes econ\u00f3micos no puede ser buena socialmente\u201d"},"content":{"rendered":"<figure class=\"wp-block-image size-full\"><img fetchpriority=\"high\" width=\"2598\" height=\"1719\" src=\"https:\/\/fcm.local\/wp-content\/uploads\/fcm-rivero-rodriguez-perezparrilla-territorio.jpg\" class=\"wp-image-4378\" alt=\"Paulino Rivero: \u201cNo recuerdo una norma tan aplaudida a rabiar por las organizaciones empresariales. Si esta gusta tanto a los poderes econ\u00f3micos no puede ser buena socialmente\u201d\" loading=\"eager\" decoding=\"async\" srcset=\"https:\/\/fcm.local\/wp-content\/uploads\/fcm-rivero-rodriguez-perezparrilla-territorio.jpg 2598w, https:\/\/fcm.local\/wp-content\/uploads\/fcm-rivero-rodriguez-perezparrilla-territorio-300x198.jpg 300w, https:\/\/fcm.local\/wp-content\/uploads\/fcm-rivero-rodriguez-perezparrilla-territorio-768x508.jpg 768w, https:\/\/fcm.local\/wp-content\/uploads\/fcm-rivero-rodriguez-perezparrilla-territorio-1024x678.jpg 1024w\" sizes=\"(max-width: 2598px) 100vw, 2598px\" \/><\/figure>\n<p><em> <\/em><\/p>\n<p><em>El ex presidente del Gobierno de Canarias critica en la FCM el proyecto de Clavijo: <\/em><em>\u201cLa Ley del Suelo va a generar m\u00e1s problemas de los que va a resolver porque el crecimiento econ\u00f3mico inmediato ser\u00e1 un lastre en el futuro\u201d<\/em><\/p>\n<p><a href=\"https:\/\/fcmanrique.org\/wp-content\/uploads\/fcm-rivero-rodriguez-perezparrilla-territorio2.jpg\"><img loading=\"lazy\" decoding=\"async\" src=\"https:\/\/fcmanrique.org\/wp-content\/uploads\/fcm-rivero-rodriguez-perezparrilla-territorio2.jpg\" alt=\"fcm-rivero-rodriguez-perezparrilla-territorio2\" width=\"535\" height=\"301\"><\/a><\/p>\n<p>\u201cLa Ley del Suelo es la de mayor alcance en cuanto a su poder de condicionar el futuro de Canarias\u201d, se\u00f1al\u00f3 el director de la Fundaci\u00f3n C\u00e9sar Manrique, Fernando G\u00f3mez Aguilera, al inicio de la mesa redonda \u201c\u00bfLey del suelo? Canarias no es un solar. Presidentes por un territorio sostenible\u201d, en la que participaron dos ex presidentes del Gobierno de Canarias, Paulino Rivero y Rom\u00e1n Rodr\u00edguez, y un ex presidente del Cabildo de Lanzarote, Enrique P\u00e9rez Parrilla. Asistieron al acto, en la sede de Taro de Tah\u00edche, el actual presidente del Cabildo lanzarote\u00f1o, Pedro San Gin\u00e9s; la ex consejera del Gobierno de Canarias, In\u00e9s Rojas; el diputado de Nueva Canarias, Pedro Quevedo; y la alcaldesa de Arrecife, Eva de Anta, entre otros cargos p\u00fablicos. G\u00f3mez Aguilera asegur\u00f3 que esta Ley supone una amenaza porque plantea un modelo de crecimiento insostenible, \u201cal servicio de la oligarqu\u00eda econ\u00f3mica\u201d: \u201cEsta es la Ley de lo que no se puede, donde no se puede, para los que siempre pueden\u201d, dijo.<\/p>\n<p>Paulino Rivero comenz\u00f3 su intervenci\u00f3n reconociendo que existe un consenso en que hay que llevar a cabo una agilizaci\u00f3n, una simplificaci\u00f3n administrativa. \u201cCreo en Canarias \u2014asegur\u00f3\u2014 como pa\u00eds, como patria, y esta Ley no refuerza la idea de cohesionar Canarias sino todo lo contrario. Ayuda a dispersar, a desintegrar, lo que es un proyecto com\u00fan en el Archipi\u00e9lago\u201d. Tambi\u00e9n consider\u00f3 que la Ley no apuesta por una Canarias sostenible y aludi\u00f3 \u201cal desequilibrio entre la capacidad que tiene nuestra econom\u00eda para generar empleo y nuestra poblaci\u00f3n\u201d. Record\u00f3 que, en 2004, se aprob\u00f3 por unanimidad en el Parlamento de Canarias la \u201cEstrategia de Especializaci\u00f3n Inteligente de Canarias 2014-2020\u201d, respaldada por la Uni\u00f3n Europea, en la que se definen los sectores estrat\u00e9gicos a impulsar para activar y diversificar la econom\u00eda \u201cy se descartaba la construcci\u00f3n\u201d por ser un depredador de suelo, mientras que la Ley del Suelo quiere activar la construcci\u00f3n de nuevo. Seg\u00fan Rivero, en el Archipi\u00e9lago hay posibilidad de mantener los 140.000 empleos que genera el sector de la construcci\u00f3n, pero con la rehabilitaci\u00f3n. Destac\u00f3, no obstante, que si la Ley permite construir hoteles en suelo r\u00fastico, \u201cva a ser esa la reorientaci\u00f3n de la inversi\u00f3n empresarial y no la rehabilitaci\u00f3n\u201d. Tambi\u00e9n asegur\u00f3 que est\u00e1 a favor del control p\u00fablico de los sectores claves como el territorio, y que la apuesta de esta Ley es \u201cultraliberal\u201d. Se\u00f1al\u00f3 que es un defensor del paisaje \u201ccomo valor a\u00f1adido al turismo, un sector estrat\u00e9gico, y la Ley no protege el paisaje porque permite el desarrollo en suelo r\u00fastico\u201d. Al final de su primera intervenci\u00f3n, destac\u00f3 que \u00e9l es un \u201cmunicipalista y cabildista convencido\u201d, pero que entre las competencias que deben pasar a instancias superiores est\u00e1n las del territorio evitando as\u00ed las presiones m\u00e1s inmediatas en el \u00e1mbito municipal.<\/p>\n<p><a href=\"https:\/\/fcmanrique.org\/wp-content\/uploads\/fcm-paulino-rivero-territorio.jpg\"><img loading=\"lazy\" decoding=\"async\" src=\"https:\/\/fcmanrique.org\/wp-content\/uploads\/fcm-paulino-rivero-territorio.jpg\" alt=\"fcm-paulino-rivero-territorio\" width=\"479\" height=\"342\"><\/a><\/p>\n<p>M\u00e1s tarde afirm\u00f3 que la Ley est\u00e1 hecha con buena voluntad \u201cpero va a generar m\u00e1s problemas de los que va a resolver porque el crecimiento econ\u00f3mico inmediato ser\u00e1 un lastre en el futuro\u201d. Compar\u00f3 esta situaci\u00f3n con las protestas en toda Canarias contra el petr\u00f3leo y dijo que no es coherente luchar contra el riesgo del petr\u00f3leo y apostar ahora por consumir suelo, que es un bien no renovable. Termin\u00f3 sus intervenciones diciendo que no recuerda \u201cuna norma tan aplaudida a rabiar por las organizaciones empresariales. Si esta gusta tanto a los poderes econ\u00f3micos, no puede ser buena socialmente\u201d.<\/p>\n<p>Rom\u00e1n Rodr\u00edguez asegur\u00f3 que \u201ca Paulino le cost\u00f3 el puesto el petr\u00f3leo\u201d, y record\u00f3 protestas medioambientales en Canarias, como las de El Rinc\u00f3n, Veneguera o Vilaflor, y dijo que \u201cla Ley del Suelo est\u00e1 muy por encima de cualquiera de esas protestas\u201d. Destac\u00f3 que la Ley \u201cse ha hecho en los despachos de los juristas de cabecera y se ha construido al margen del an\u00e1lisis, del diagn\u00f3stico, y de la participaci\u00f3n\u201d, y que no le han gustado ni las formas ni el procedimiento para disponer de un calendario tranquilo, tener tiempo y escuchar a todos (pol\u00edticos, expertos, empresarios, sindicatos, ambientalistas\u2026) al contrario que en el Pa\u00eds Vasco, donde van a revisar sus Directrices, con un plan de diagn\u00f3stico y un plan de participaci\u00f3n ciudadana durante tres a\u00f1os. Asegur\u00f3 que ninguna ley modifica por s\u00ed sola la econom\u00eda porque el problema es estructural, y critic\u00f3 que se usen elementos emocionales para buscar apoyos a la Ley, como la aparente protecci\u00f3n de agricultores o ganaderos. Dijo, igualmente, que la Ley \u201ctiene un 85 por ciento de cosas buenas\u201d porque compendia leyes elaboradas en los \u00faltimos 35 a\u00f1os pero otras van a tener efectos muy nocivos: la Ley \u201crenuncia al proyecto com\u00fan de Canarias\u201d porque desmantela las competencias sobre el territorio \u2014competencia exclusiva de nuestro Gobierno de Canarias\u2014, deroga las Directrices y elimina la Cotmac. Seg\u00fan el presidente de Nueva Canarias, \u201cno va a haber control de legalidad previo porque se deja todo el poder a los ayuntamientos, que no tienen estructura ni capacidad para afrontarla y acabar\u00e1 todo en manos de los tribunales, que no son \u00e1giles: no ser\u00e1 Canarias un solo pueblo, sino Canarias 88 pueblos\u201d, afirmando que no es la construcci\u00f3n nacional de Canarias sino la construcci\u00f3n cantonal de Canarias. \u201cEsta Ley apuesta por el urbanismo de proyectos en lugar de por la planificaci\u00f3n, que es una conquista de la democracia\u201d.<\/p>\n<p><a href=\"https:\/\/fcmanrique.org\/wp-content\/uploads\/fcm-roman-rodriguez-territorio.jpg\"><img loading=\"lazy\" decoding=\"async\" src=\"https:\/\/fcmanrique.org\/wp-content\/uploads\/fcm-roman-rodriguez-territorio.jpg\" alt=\"fcm-roman-rodriguez-territorio\" width=\"444\" height=\"325\"><\/a><\/p>\n<p>Alert\u00f3 de que en suelo r\u00fastico se va a poder hacer cualquier proyecto (hoteles, instalaciones tur\u00edsticas, instalaciones industriales, equipamientos de ocio\u2026) y de que el turismo desplazar\u00e1 en ese suelo a las actividades tradicionales: \u201ces cuesti\u00f3n de a\u00f1os porque hay demanda tur\u00edstica de sobra\u201d. Critic\u00f3 que Clavijo promueva esta Ley cuando ha sido incapaz de aprobar un Plan General en La Laguna, ciudad de la que fue concejal de Urbanismo y alcalde los \u00faltimos ocho a\u00f1os. Sobre la posibilidad de retirar o enmendar la Ley, afirm\u00f3 que la votar\u00e1n CC, PP y PSOE con alguna mejora poco significativa, y que esta Ley, junto con la Ley de las Islas Verdes y la Ley Tur\u00edstica en tramitaci\u00f3n, que elimina todo tipo de restricci\u00f3n sobre los suelos calificados, se convierten en \u201cuna bomba nuclear\u201d.<\/p>\n<p>Por su parte, P\u00e9rez Parrilla empez\u00f3 su intervenci\u00f3n se\u00f1alando que \u201cno hemos aprendido nada\u201d porque \u201ccuando casi era doctrina la contenci\u00f3n del territorio, llega el proyecto de Clavijo, que no cuenta con nadie; parece incre\u00edble que esto est\u00e9 pasando en 2016\u201d. Asegur\u00f3 que el hecho de que los ayuntamientos no vayan a tener capacidad para afrontar la Ley est\u00e1 pensado a prop\u00f3sito \u201cporque hay grupos empresariales que tienen m\u00e1s abogados que funcionarios hay en un ayuntamiento\u201d y, a base de querer eliminar las trabas administrativas, \u201cen Canarias va a ser m\u00e1s f\u00e1cil actuar sobre el territorio que abrir un bar\u201d. \u201cEl suelo no va a resolver nuestros problemas\u201d, defendi\u00f3, apuntando que los que facilitaron la burbuja inmobiliaria son los mismos que est\u00e1n presionando para que se apruebe esta Ley, que acabar\u00e1 con la eficacia de los planes insulares.<\/p>\n<p><img loading=\"lazy\" decoding=\"async\" src=\"https:\/\/fcmanrique.org\/wp-content\/uploads\/fcm-enrique-perez-parrilla-territorio.jpg\" alt=\"fcm-enrique-perez-parrilla-territorio\" width=\"436\" height=\"295\"><\/p>\n<p>G\u00f3mez Aguilera ley\u00f3 un texto y una breve carta, enviados para la ocasi\u00f3n, del ex presidente del Cabildo de El Hierro, Tom\u00e1s Padr\u00f3n, que hab\u00eda sido invitado a la mesa redonda, pero que finalmente no pudo asistir, en los que se\u00f1alaba que la Ley est\u00e1 hecha \u201csin alma canaria y con coraz\u00f3n de euro\u201d, y se preguntaba si en Canarias se quiere un turismo basado en el hormig\u00f3n o en el paisaje y si la Ley prev\u00e9 algo sobre la innovaci\u00f3n o la soberan\u00eda energ\u00e9tica. A\u00f1ad\u00eda en su escrito que \u201ccuesta comprender las prisas y la falta de debate social cuando vemos en la prensa que batimos cada a\u00f1o records de turistas\u201d.<\/p>\n<p>El director de la FCM tambi\u00e9n plante\u00f3 que Clavijo parad\u00f3jicamente asocia una Ley estructural a la coyuntura y las oportunidades econ\u00f3micas actuales y se pregunt\u00f3 si \u201cen unas islas hiperdesbordadas es necesaria esta ley desarrollista y neoliberal\u201d, que \u201ccalca la Ley del Suelo de Aznar de 1997\u201d, para reorientar la econom\u00eda canaria. Reconoci\u00f3 que hay problemas administrativos y legislativos que hay que solucionar, pero que la Ley del Suelo desborda esos problemas y encubre un cambio radical del modelo de gesti\u00f3n sostenible del territorio consensuado en la Islas iniciada desde la creaci\u00f3n de la Autonom\u00eda. Ahora, \u201cla receta del grupo de Gobierno es la desregulaci\u00f3n, la liberalizaci\u00f3n y un crecimiento sin l\u00edmites porque el objetivo es llegar a veinte millones de turistas\u201d.<\/p>\n<p>PDF Nota de prensa informaci\u00f3n mesa redonda Presidentes por un territorio sostenible, 3 de noviembre: <a href=\"https:\/\/fcmanrique.org\/wp-content\/uploads\/nota-p-fcm-mesa-redonda-presidentes-por-un-territorio-sostenible.pdf\" class=\"fcm-pdf-download-link\">nota-p-fcm-mesa-redonda-presidentes-por-un-territorio-sostenible<\/a><\/p>\n<p><a href=\"https:\/\/fcmanrique.org\/wp-content\/uploads\/fundacion-manrique-mesa-presidentes-ley-suelo.jpg\"><img loading=\"lazy\" decoding=\"async\" src=\"https:\/\/fcmanrique.org\/wp-content\/uploads\/fundacion-manrique-mesa-presidentes-ley-suelo.jpg\" alt=\"fundacion-manrique-mesa-presidentes-ley-suelo\" width=\"623\" height=\"425\"><\/a><\/p>","protected":false},"featured_media":4378,"parent":0,"template":"","meta":{"_acf_changed":false,"ngg_post_thumbnail":0,"footnotes":""},"actividad_tipo":[37],"actividad_lugar":[],"actividad_departamento":[],"actividad_ciclo":[],"class_list":["post-4373","fcm_actividad","type-fcm_actividad","status-publish","has-post-thumbnail","hentry","actividad_tipo-otras-actividades"],"acf":[],"_links":{"self":[{"href":"https:\/\/ludiccc.ddns.net\/fr\/wp-json\/wp\/v2\/fcm_actividad\/4373","targetHints":{"allow":["GET"]}}],"collection":[{"href":"https:\/\/ludiccc.ddns.net\/fr\/wp-json\/wp\/v2\/fcm_actividad"}],"about":[{"href":"https:\/\/ludiccc.ddns.net\/fr\/wp-json\/wp\/v2\/types\/fcm_actividad"}],"version-history":[{"count":11,"href":"https:\/\/ludiccc.ddns.net\/fr\/wp-json\/wp\/v2\/fcm_actividad\/4373\/revisions"}],"predecessor-version":[{"id":26927,"href":"https:\/\/ludiccc.ddns.net\/fr\/wp-json\/wp\/v2\/fcm_actividad\/4373\/revisions\/26927"}],"wp:featuredmedia":[{"embeddable":true,"href":"https:\/\/ludiccc.ddns.net\/fr\/wp-json\/wp\/v2\/media\/4378"}],"wp:attachment":[{"href":"https:\/\/ludiccc.ddns.net\/fr\/wp-json\/wp\/v2\/media?parent=4373"}],"wp:term":[{"taxonomy":"actividad_tipo","embeddable":true,"href":"https:\/\/ludiccc.ddns.net\/fr\/wp-json\/wp\/v2\/actividad_tipo?post=4373"},{"taxonomy":"actividad_lugar","embeddable":true,"href":"https:\/\/ludiccc.ddns.net\/fr\/wp-json\/wp\/v2\/actividad_lugar?post=4373"},{"taxonomy":"actividad_departamento","embeddable":true,"href":"https:\/\/ludiccc.ddns.net\/fr\/wp-json\/wp\/v2\/actividad_departamento?post=4373"},{"taxonomy":"actividad_ciclo","embeddable":true,"href":"https:\/\/ludiccc.ddns.net\/fr\/wp-json\/wp\/v2\/actividad_ciclo?post=4373"}],"curies":[{"name":"wp","href":"https:\/\/api.w.org\/{rel}","templated":true}]}}