{"id":4356,"date":"2016-10-28T10:05:56","date_gmt":"2016-10-28T10:05:56","guid":{"rendered":"https:\/\/fcmanrique.org\/?p=4356"},"modified":"2026-04-23T23:19:30","modified_gmt":"2026-04-23T23:19:30","slug":"la-union-entre-cesar-manrique-y-pepin-ramirez-supuso-una-operacion-de-capitalizacion-patrimonial-de-lanzarote","status":"publish","type":"fcm_actividad","link":"https:\/\/ludiccc.ddns.net\/fr\/fcm-actividad\/la-union-entre-cesar-manrique-y-pepin-ramirez-supuso-una-operacion-de-capitalizacion-patrimonial-de-lanzarote\/","title":{"rendered":"\u201cLa uni\u00f3n entre C\u00e9sar Manrique y Pep\u00edn Ram\u00edrez supuso una operaci\u00f3n de capitalizaci\u00f3n patrimonial de Lanzarote\u201d"},"content":{"rendered":"<figure class=\"wp-block-image size-full\"><img fetchpriority=\"high\" width=\"2362\" height=\"1569\" src=\"https:\/\/fcm.local\/wp-content\/uploads\/fundacion-manrique-libro-manrique-ramirez-marrero-im.jpg\" class=\"wp-image-4361\" alt=\"\u00abLa uni\u00f3n entre C\u00e9sar Manrique y Pep\u00edn Ram\u00edrez supuso una operaci\u00f3n de capitalizaci\u00f3n patrimonial de Lanzarote\u00bb\" loading=\"eager\" decoding=\"async\" srcset=\"https:\/\/fcm.local\/wp-content\/uploads\/fundacion-manrique-libro-manrique-ramirez-marrero-im.jpg 2362w, https:\/\/fcm.local\/wp-content\/uploads\/fundacion-manrique-libro-manrique-ramirez-marrero-im-300x199.jpg 300w, https:\/\/fcm.local\/wp-content\/uploads\/fundacion-manrique-libro-manrique-ramirez-marrero-im-768x510.jpg 768w, https:\/\/fcm.local\/wp-content\/uploads\/fundacion-manrique-libro-manrique-ramirez-marrero-im-1024x680.jpg 1024w\" sizes=\"(max-width: 2362px) 100vw, 2362px\" \/><\/figure>\n<p>El presidente de la Fundaci\u00f3n C\u00e9sar Manrique (FCM), Jos\u00e9 Juan Ram\u00edrez, repas\u00f3 la trayectoria profesional y personal de Juan Marrero Portugu\u00e9s, y expuso la primera an\u00e9cdota hist\u00f3rica de la noche, relatada en el libro por el autor, como testigo directo: C\u00e9sar Manrique y Pep\u00edn Ram\u00edrez hablaban de hacer algo \u00fanico en el mundo, en Jameos del Agua y Marrero pens\u00f3: \u201cYo sab\u00eda que los artistas est\u00e1n locos, pero Pep\u00edn parece que est\u00e1 igual o m\u00e1s loco que \u00e9l\u201d. El d\u00eda 20 de octubre de 2016, Marrero present\u00f3 en Taro de Tah\u00edche el libro, editado por la FCM, titulado \u201cC\u00e9sar Manrique y Pep\u00edn Ram\u00edrez. Dos l\u00edderes canarios en su contexto hist\u00f3rico\u201d, con pr\u00f3logo del director de la FCM, Fernando G\u00f3mez Aguilera, que comenz\u00f3 su intervenci\u00f3n pidiendo al p\u00fablico que leyera el libro porque es \u201cexcepcional y sorprendente\u201d. Se\u00f1al\u00f3 que no se trata de un libro de historia sino de \u201cbuena literatura memorialista\u201d, un \u201clibro de autor\u201d. El prologuista calific\u00f3 a Marrero como una fuente de indudable valor, ya que fue testigo y protagonista de una \u00e9poca en una sociedad en plena transformaci\u00f3n: entre un mundo que agonizaba y otro que comenzaba a nacer. <a href=\"https:\/\/fcmanrique.org\/wp-content\/uploads\/fundacion-manrique-libro-manrique-ramirez-marrero-im2.jpg\"><img loading=\"lazy\" decoding=\"async\" src=\"https:\/\/fcmanrique.org\/wp-content\/uploads\/fundacion-manrique-libro-manrique-ramirez-marrero-im2.jpg\" alt=\"fundacion-manrique-libro-manrique-ramirez-marrero-im2\" width=\"418\" height=\"269\"><\/a>\u201cEl verdadero protagonista del libro es el autor\u201d, se\u00f1al\u00f3 G\u00f3mez Aguilera, \u201csu talento como narrador y su mirada que desnuda a la sociedad\u201d. Destac\u00f3 tambi\u00e9n su curiosidad cultural, su memoria vigorosa y matizada, y su capacidad para valorar y dar un testimonio \u201ccapaz de ordenar, jerarquizar y articular una visi\u00f3n, con singular fuerza literaria\u201d. El autor desembarc\u00f3 en una ciudad de Arrecife dominada por \u201cuna sociedad conservadora, caciquil y clasista, estrangulada por las carencias\u201d, pero hall\u00f3 tambi\u00e9n \u201cun pueblo alegre, hospitalario y con dignidad\u201d. Marrero Portugu\u00e9s conoci\u00f3 a la perfecci\u00f3n el funcionamiento de la sociedad insular y supo identificar \u201ccu\u00e1les eran las decisiones m\u00e1s relevantes\u201d. Para el prologuista y presentador del libro, Marrero Portugu\u00e9s ofrece \u201cun proceso de recapitulaci\u00f3n de sus recuerdos de Lanzarote\u201d. El autor lleg\u00f3 a la isla en 1952, cuando acababa de cumplir veintitr\u00e9s a\u00f1os, y permanece hasta 1957. Se instal\u00f3 en Arrecife, comisionado por la Caja Insular de Ahorros para implantar su primera oficina en la isla. Se encontr\u00f3 un panorama \u201cdesolador\u201d. \u201cDa noticia de la sociedad insular de mediados del siglo pasado y de la profunda transformaci\u00f3n que comenz\u00f3 a sufrir a partir de 1960, de la mano de C\u00e9sar y de Pep\u00edn Ram\u00edrez. Cuenta un extraordinario proceso de ruptura en Lanzarote. Una \u00e9poca clave\u201d, indic\u00f3. A la hora de abordar el contexto de la \u00e9poca \u2500contin\u00faa G\u00f3mez Aguilera\u2500, Marrero Portugu\u00e9s, muy cercano a los protagonistas del libro y actor pol\u00edtico en aquellos momentos, \u201crecupera fragmentos de una tradici\u00f3n viva que rememora con familiaridad, recala en la cotidianidad local, resucita con viveza emocionante innumerables personajes devorados por el olvido\u201d. Y recuerda: \u201cLa \u00f3ptica general deriva de las \u00e9lites locales, se perfilan los rasgos de un cosmos burgu\u00e9s reducido, en el que el autor se integra. Un peque\u00f1o universo tambi\u00e9n disuelto en la penumbra de la Historia, pulverizado, que el autor rescata. No dispon\u00edamos de esta perspectiva por escrito hasta ahora\u201d. <a href=\"https:\/\/fcmanrique.org\/wp-content\/uploads\/fundacion-manrique-libro-manrique-ramirez-marrero-im3.jpg\"><img loading=\"lazy\" decoding=\"async\" src=\"https:\/\/fcmanrique.org\/wp-content\/uploads\/fundacion-manrique-libro-manrique-ramirez-marrero-im3.jpg\" alt=\"fundacion-manrique-libro-manrique-ramirez-marrero-im3\" width=\"429\" height=\"300\"><\/a>El presentador del libro se detuvo tambi\u00e9n en glosar la personalidad y las aportaciones de Pep\u00edn Ram\u00edrez y de C\u00e9sar Manrique, cuyo fuerte v\u00ednculo entre ambos \u201cdesentra\u00f1a, adem\u00e1s de exponer las aportaciones de cada uno, complementarias. Un t\u00e1ndem imbatible\u201d. Y a\u00f1adi\u00f3: \u201cSeg\u00fan se\u00f1ala Marrero Portugu\u00e9s, el gran m\u00e9rito de Pep\u00edn fue haber involucrado a C\u00e9sar en el devenir de su querida isla de Lanzarote, para llevar a la realidad lo que solo estaba en la imaginaci\u00f3n del gran artista\u201d. De Jos\u00e9 Ram\u00edrez Cerd\u00e1, seg\u00fan se\u00f1al\u00f3 el director de la FCM, el autor destaca sus virtudes -la principal su patriotismo insular-, y profundiza en tres factores decisivos: el duro debut como presidente del Cabildo, instituci\u00f3n a la que proporcion\u00f3 un saneamiento econ\u00f3mico y moral; el impulso a la obra p\u00fablica; y su renovado contacto con Manrique, que le ofrece \u201clas semillas de una revoluci\u00f3n\u201d. De C\u00e9sar Manrique record\u00f3 que Juan Marrero se\u00f1alaba en su texto que era \u201cla \u00fanica persona capaz de influir en Pep\u00edn\u201d. Manrique, indic\u00f3 G\u00f3mez Aguilera, aport\u00f3 la visi\u00f3n moderna que no exist\u00eda en la isla entonces, \u201cvio la naturaleza como cultura y renov\u00f3 la mirada sobre el lugar\u201d. Y, tras referirse a los numerosos colaboradores de calidad con los que C\u00e9sar y Pep\u00edn contaron en el proceso de transformaci\u00f3n de la isla, G\u00f3mez Aguilera concluy\u00f3: \u201cC\u00e9sar cre\u00eda en la cualidad est\u00e9tica de la isla y en su futuro especial. Vio la isla y luego, con Pep\u00edn y por Pep\u00edn, la isla lo vio a \u00e9l, cuando ya C\u00e9sar so\u00f1aba la nueva isla. Y en ese sue\u00f1o arrastr\u00f3 a otros. Ese es el m\u00e9rito de Pep\u00edn. Esa es la suerte de C\u00e9sar como artista, porque Pep\u00edn pone la isla en sus manos, pero C\u00e9sar le entrega una isla nueva, la isla del futuro, ideada por \u00e9l y construida entre muchos, con Pep\u00edn al frente. Y esa ha sido la fortuna actual y de las generaciones futuras si no la destruyen quienes tienen la obligaci\u00f3n de protegerla, algo que est\u00e1 m\u00e1s que en entredicho\u201d. Con la \u201cpatrimonializaci\u00f3n moderna\u201d sucedida en aquella \u00e9poca, en su opini\u00f3n, se a\u00f1adi\u00f3 \u201cuna segunda naturaleza cultural\u201d a Lanzarote, que es la que le proporciona su verdadera personalidad distintiva en el espacio de la industria del turismo y de la experiencia. C\u00e9sar, ve\u00eda \u201ccon luces largas y visi\u00f3n moderna\u201d, trabajando \u201cen una operaci\u00f3n de capitalizaci\u00f3n de la isla\u201d, por encima del valor monetario, porque se sum\u00f3 un patrimonio cultural al patrimonio natural, anot\u00f3 el director de la Fundaci\u00f3n. <strong>El autor<\/strong> \u201cNo s\u00e9 qui\u00e9n soy\u201d, comenz\u00f3 diciendo Juan Marrero tras la presentaci\u00f3n de G\u00f3mez Aguilera: \u201cEn esta obra no he puesto m\u00e1s que cari\u00f1o\u201d. Asegur\u00f3 que en Lanzarote comenz\u00f3 el cambio de su vida. Una vida \u201cque ha sido provechosa moral y \u00e9ticamente\u201d. Revel\u00f3 que el libro es el fruto de dos a\u00f1os de trabajo y que sin la participaci\u00f3n del director de la FCM \u201cesta obra no hubiera tenido raz\u00f3n de ser ni hubiera salido\u201d. Su escritura le ha supuesto una gran oportunidad para recordar y vivir de nuevo aquella \u00e9poca.<\/p>\n\n<img loading=\"lazy\" decoding=\"async\" src=\"https:\/\/fcmanrique.org\/wp-content\/uploads\/fundacion-manrique-libro-manrique-ramirez-marrero-im4.jpg\" alt=\"fundacion-manrique-libro-manrique-ramirez-marrero-im4\" width=\"482\" height=\"297\">\n\n<p>Se\u00f1al\u00f3 que no se trata de una biograf\u00eda de Pep\u00edn ni de C\u00e9sar, sino de Lanzarote, escrita por un forastero que lleg\u00f3 a una isla \u201carrasada por la pobreza, dominada por el clasismo y la endogamia\u201d. Es en ese contexto en el que nacen dos personajes \u201cimpresionantes\u201d, que entienden la pol\u00edtica como un servicio ciudadano. El libro finaliza con un \u00edndice de m\u00e1s de 500 referencias, y Marrero pas\u00f3 a hablar de algunas de ellas, como la de los Moros Notables, \u201cuna instituci\u00f3n \u00fanica que era una referencia \u00e9tica y moral para Lanzarote. Muchos forasteros no pudieron progresar por la opini\u00f3n de los Moros Notables, que fiscalizaron tanto a C\u00e9sar (menos) como a Pep\u00edn, a quien le regalaron su escepticismo cuando se le nombr\u00f3 presidente del Casino, y su conformidad cuando lleg\u00f3 a la alcald\u00eda de Arrecife\u201d. Record\u00f3 tambi\u00e9n el momento hist\u00f3rico en que C\u00e9sar cambi\u00f3 su trayectoria, involucr\u00e1ndose, junto a Pep\u00edn, en el futuro de la isla: \u201cNo mover\u00e9 una piedra sin contar con C\u00e9sar\u201d, le confes\u00f3 Pep\u00edn a Marrero Portugu\u00e9s. Marrero termin\u00f3 su intervenci\u00f3n comentando dos a\u00f1adidos al libro: la historia de Luis Ram\u00edrez, fil\u00e1ntropo y propietario de una casa modernista en Caleta de Famara, y la narraci\u00f3n de un cuento surreal en el que la Inquisici\u00f3n intenta quemar en la hoguera a Pep\u00edn, C\u00e9sar y al cura de San Gin\u00e9s por decir que C\u00e9sar hab\u00eda mejorado la naturaleza que Dios hab\u00eda creado. Antes del resumen del cuento (muy aplaudido), hab\u00eda hecho una sugerencia dirigida al Ayuntamiento de Arrecife: que se recupere el Parador, principalmente el espacio del antiguo comedor en cuyas paredes est\u00e1n los murales pintados por C\u00e9sar Manrique. \u201cQue se recupere, se mime, se limpie ese espacio, que es la Capilla Sixtina de C\u00e9sar Manrique\u201d, pidi\u00f3 Marrero Portugu\u00e9s. PDF Nota de prensa informaci\u00f3n presentaci\u00f3n del libro, 20 de octubre: <a href=\"https:\/\/fcmanrique.org\/wp-content\/uploads\/fundacion-manrique-nota-prensa-libro-manrique-ramirez-marrero.pdf\" class=\"fcm-pdf-download-link\">fundacion-manrique-nota-prensa-libro-manrique-ramirez-marrero<\/a><\/p>\n\n<img loading=\"lazy\" decoding=\"async\" src=\"https:\/\/fcmanrique.org\/wp-content\/uploads\/fundacion-manrique-libro-manrique-ramirez-marrero.jpg\" alt=\"fundacion-manrique-libro-manrique-ramirez-marrero\" width=\"601\" height=\"410\">","protected":false},"featured_media":4361,"parent":0,"template":"","meta":{"_acf_changed":false,"ngg_post_thumbnail":0,"footnotes":""},"actividad_tipo":[36],"actividad_lugar":[],"actividad_departamento":[],"actividad_ciclo":[],"class_list":["post-4356","fcm_actividad","type-fcm_actividad","status-publish","has-post-thumbnail","hentry","actividad_tipo-presentacion-libros"],"acf":[],"_links":{"self":[{"href":"https:\/\/ludiccc.ddns.net\/fr\/wp-json\/wp\/v2\/fcm_actividad\/4356","targetHints":{"allow":["GET"]}}],"collection":[{"href":"https:\/\/ludiccc.ddns.net\/fr\/wp-json\/wp\/v2\/fcm_actividad"}],"about":[{"href":"https:\/\/ludiccc.ddns.net\/fr\/wp-json\/wp\/v2\/types\/fcm_actividad"}],"version-history":[{"count":14,"href":"https:\/\/ludiccc.ddns.net\/fr\/wp-json\/wp\/v2\/fcm_actividad\/4356\/revisions"}],"predecessor-version":[{"id":27091,"href":"https:\/\/ludiccc.ddns.net\/fr\/wp-json\/wp\/v2\/fcm_actividad\/4356\/revisions\/27091"}],"wp:featuredmedia":[{"embeddable":true,"href":"https:\/\/ludiccc.ddns.net\/fr\/wp-json\/wp\/v2\/media\/4361"}],"wp:attachment":[{"href":"https:\/\/ludiccc.ddns.net\/fr\/wp-json\/wp\/v2\/media?parent=4356"}],"wp:term":[{"taxonomy":"actividad_tipo","embeddable":true,"href":"https:\/\/ludiccc.ddns.net\/fr\/wp-json\/wp\/v2\/actividad_tipo?post=4356"},{"taxonomy":"actividad_lugar","embeddable":true,"href":"https:\/\/ludiccc.ddns.net\/fr\/wp-json\/wp\/v2\/actividad_lugar?post=4356"},{"taxonomy":"actividad_departamento","embeddable":true,"href":"https:\/\/ludiccc.ddns.net\/fr\/wp-json\/wp\/v2\/actividad_departamento?post=4356"},{"taxonomy":"actividad_ciclo","embeddable":true,"href":"https:\/\/ludiccc.ddns.net\/fr\/wp-json\/wp\/v2\/actividad_ciclo?post=4356"}],"curies":[{"name":"wp","href":"https:\/\/api.w.org\/{rel}","templated":true}]}}