{"id":3460,"date":"2016-06-17T00:00:00","date_gmt":"2016-06-17T00:00:00","guid":{"rendered":"https:\/\/fcmanrique.org\/2016\/06\/17\/plataforma-por-un-territorio-sostenible-canarias-no-es-un-solar-no-al-anteproyecto-de-ley-del-suelo-2\/?lang=es"},"modified":"2026-04-23T23:19:29","modified_gmt":"2026-04-23T23:19:29","slug":"plataforma-por-un-territorio-sostenible-canarias-no-es-un-solar-no-al-anteproyecto-de-ley-del-suelo-2","status":"publish","type":"fcm_actividad","link":"https:\/\/ludiccc.ddns.net\/fr\/fcm-actividad\/plataforma-por-un-territorio-sostenible-canarias-no-es-un-solar-no-al-anteproyecto-de-ley-del-suelo-2\/","title":{"rendered":"PLATAFORMA Por un territorio sostenible. Canarias no es un solar. No al anteproyecto de Ley del Suelo"},"content":{"rendered":"<figure class=\"wp-block-image size-full\"><img fetchpriority=\"high\" width=\"640\" height=\"406\" src=\"https:\/\/fcm.local\/wp-content\/uploads\/5763fcdbplataformasuelolzte_640.jpg\" class=\"wp-image-3461\" alt=\"Plataforma: Por un territorio sostenible. Canarias no es un solar. No al anteproyecto de Ley del Suelo\" loading=\"eager\" decoding=\"async\" srcset=\"https:\/\/fcm.local\/wp-content\/uploads\/5763fcdbplataformasuelolzte_640.jpg 640w, https:\/\/fcm.local\/wp-content\/uploads\/5763fcdbplataformasuelolzte_640-300x190.jpg 300w\" sizes=\"(max-width: 640px) 100vw, 640px\" \/><\/figure>\n<p>El d\u00eda 16 de junio fue el elegido para presentar la Plataforma contra la Ley del suelo en Lanzarote. El acto tuvo lugar en la sede de Fundaci\u00f3n C\u00e9sar Manrique (FCM), en Taro de Tah\u00edche y comenz\u00f3 con una fotograf\u00eda en la que se reuni\u00f3 a los asistentes que quisieron dar su apoyo expl\u00edcito tras la pancarta con el lema \u201cPor un territorio sostenible. Canarias no es un solar. No al anteproyecto de Ley del Suelo\u201d. En la foto aparecen representantes de asociaciones vecinales, ecologistas, sindicatos, y de diversos partidos pol\u00edticos. <strong>Enlaces a otras p\u00e1ginas web<\/strong><\/p>\n<p><a href=\"https:\/\/www.facebook.com\/UPALASPALMAS\/posts\/1755598094656377\" target=\"_blank\" rel=\"noopener\">https:\/\/www.facebook.com\/UPALASPALMAS\/posts\/1755598094656377<\/a><\/p>\n<p><a href=\"https:\/\/www.facebook.com\/UPALASPALMAS\/photos\/a.1755521017997418.1073741847.1468539236695599\/1755521274664059\/?type=3&amp;theater\" target=\"_blank\" rel=\"noopener\">https:\/\/www.facebook.com\/UPALASPALMAS\/photos\/a.1755521017997418.1073741847.1468539236695599\/1755521274664059\/?type=3&amp;theater<\/a> V\u00eddeo de Faustino Garc\u00eda M\u00e1rquez: <a href=\"https:\/\/www.facebook.com\/UPALASPALMAS\/videos\/1756656067883913\/\" target=\"_blank\" rel=\"noopener\">https:\/\/www.facebook.com\/UPALASPALMAS\/videos\/1756656067883913\/<\/a> Emma P\u00e9rez Chac\u00f3n y Mario Marrero en Radio Guiniguada, viernes 17 junio <a href=\"https:\/\/www.ivoox.com\/sin-novedad-colonia-2016-06-17-audios-mp3_rf_11941746_1.html\" target=\"_blank\" rel=\"noopener\">https:\/\/www.ivoox.com\/sin-novedad-colonia-2016-06-17-audios-mp3_rf_11941746_1.html<\/a> Faustino Garc\u00eda M\u00e1rquez, 25 de febrero 2016 <a href=\"http:\/\/www.lacasademitia.es\/articulo\/politica\/faustino-garcia-marquez-gobierno-crea-nueva-ley-suelo-acabar-marana-leyes-mismo-fabrico-intereses\/20160225080423051444.html\">http:\/\/www.lacasademitia.es\/articulo\/politica\/faustino-garcia-marquez-gobierno-crea-nueva-ley-suelo-acabar-marana-leyes-mismo-fabrico-intereses\/20160225080423051444.html<\/a> Federico Aguilera Klink, 29 de junio 2016 <a href=\"http:\/\/www.lacasademitia.es\/articulo\/firmas\/clavijo-ley-suelo-protocolo-gobierno-argumentos-y-cambio-climatico-federico-aguilera-klink\/20160603053115055053.html\">http:\/\/www.lacasademitia.es\/articulo\/firmas\/clavijo-ley-suelo-protocolo-gobierno-argumentos-y-cambio-climatico-federico-aguilera-klink\/20160603053115055053.html<\/a> Recogida de firmas alojada en Change.org <a href=\"https:\/\/www.facebook.com\/canariasterritoriosostenible\/posts\/990778834351041\"> https:\/\/www.facebook.com\/canariasterritoriosostenible\/posts\/990778834351041<\/a> Debate: Los partidos ante la Ley del Suelo, 15 junio 2016 <a href=\"https:\/\/www.youtube.com\/watch?v=3cH007yXnI4&amp;feature=youtu.be\">https:\/\/www.youtube.com\/watch?v=3cH007yXnI4&amp;feature=youtu.be<\/a><\/p>\n<p><a href=\"https:\/\/www.facebook.com\/UPALASPALMAS\/posts\/1755030061379847\">https:\/\/www.facebook.com\/UPALASPALMAS\/posts\/1755030061379847<\/a><\/p>\n<p><a href=\"https:\/\/www.facebook.com\/ramon.afonso.33\/posts\/614252785400404\">https:\/\/www.facebook.com\/ramon.afonso.33\/posts\/614252785400404<\/a> Yeray Rodr\u00edguez, punto cubano, 15 junio 2016 <em> Quieren por la Ley del Suelo a nuestras islas ahogar. Convertir en un solar aquel pedazo de cielo. Pero distinto es el anhelo que del pueblo se desprende. Nuestra tierra se defiende Nuestra fuerza no se ablanda Y que sepan los que mandan que #Canariasnosevende<\/em> Sa\u00fal Garc\u00eda, \u00ab\u00a0Ley del Suelo\u00a0\u00bb, 22 de junio 2016 <a href=\"http:\/\/www.diariodelanzarote.com\/blogs\/blog-el-paseo\/ley-del-suelo\">http:\/\/www.diariodelanzarote.com\/blogs\/blog-el-paseo\/ley-del-suelo<\/a> Federico Aguilera Klink, \u201cLa RIC y el Anteproyecto de Ley del Suelo: algunas reflexiones\u201d, 22 junio 2016 VIDEO y DIAPOSITIVAS Video: <a href=\"https:\/\/www.youtube.com\/watch?v=ao0_RUpoNV8\">https:\/\/www.youtube.com\/watch?v=ao0_RUpoNV8<\/a> Diapositivas: <a href=\"https:\/\/docs.google.com\/presentation\/d\/1SS_FCLgwdlCSRHPBzdVv_CtIYMCekvst9Ytj5d8Qdug\/edit?usp=sharing\">https:\/\/docs.google.com\/presentation\/d\/1SS_FCLgwdlCSRHPBzdVv_CtIYMCekvst9Ytj5d8Qdug\/edit?usp=sharing<\/a> Izquierda Unida y S\u00ed se puede exigen un proceso participativo, 30 junio 2016 <a href=\"http:\/\/www.lacasademitia.es\/articulo\/comunicados\/izquierda-unida-y-puede-exigen-proceso-participativo-plural-ley-suelo\/20160630084008056202.html\">http:\/\/www.lacasademitia.es\/articulo\/comunicados\/izquierda-unida-y-puede-exigen-proceso-participativo-plural-ley-suelo\/20160630084008056202.html<\/a> USP logra el apoyo del Pleno de La Orotava para solicitar reabrir el periodo de informaci\u00f3n de la Ley del Suelo, 30 junio 2016 <a href=\"http:\/\/www.lacasademitia.es\/articulo\/comunicados\/usp-logra-apoyo-pleno-orotava-solicitar-reabrir-periodo-informacion-ley-suelo\/20160630064642056186.html\">http:\/\/www.lacasademitia.es\/articulo\/comunicados\/usp-logra-apoyo-pleno-orotava-solicitar-reabrir-periodo-informacion-ley-suelo\/20160630064642056186.html<\/a> Odalys Padr\u00f3n, 30 junio 2016 <a href=\"http:\/\/www.lacasademitia.es\/articulo\/comunicados\/estamos-aprobacion-ley-suelo-denominada-muchos-canarios-ley-corrupcion\/20160630083603056200.html\">http:\/\/www.lacasademitia.es\/articulo\/comunicados\/estamos-aprobacion-ley-suelo-denominada-muchos-canarios-ley-corrupcion\/20160630083603056200.html<\/a> Rueda de prensa de la Plataforma Canarias por un Desarrollo Sostenible, 30 junio 2016 <a href=\"http:\/\/www.lacasademitia.es\/articulo\/comunicados\/ley-suelo-disenada-gobierno-fernando-clavijo-dara-barra-libre-especulacion\/20160630062156056182.html\">http:\/\/www.lacasademitia.es\/articulo\/comunicados\/ley-suelo-disenada-gobierno-fernando-clavijo-dara-barra-libre-especulacion\/20160630062156056182.html<\/a> Antonio P\u00e9rez, 11 julio 2016 <a href=\"https:\/\/www.facebook.com\/UPALASPALMAS\/videos\/vb.1468539236695599\/1763167200566133\/?type=2&amp;theater\">https:\/\/www.facebook.com\/UPALASPALMAS\/videos\/vb.1468539236695599\/1763167200566133\/?type=2&amp;theater<\/a> Rueda de prensa convocada por la Plataforma \u00ab\u00a0Canarias Territorio Sostenible\u00a0\u00bb el pasado 6 de julio de 2016, en respuesta a la aprobaci\u00f3n por parte del Gobierno auton\u00f3mico del anteproyecto de Ley del Suelo de Canarias. <a href=\"https:\/\/www.youtube.com\/watch?v=KcLGorOoD2s&amp;feature=youtu.be\">https:\/\/www.youtube.com\/watch?v=KcLGorOoD2s&amp;feature=youtu.be<\/a><\/p>\n<p><a href=\"https:\/\/www.facebook.com\/UPALASPALMAS\/posts\/1764240540458799\">https:\/\/www.facebook.com\/UPALASPALMAS\/posts\/1764240540458799<\/a><\/p>\n<p><a href=\"http:\/\/www.eldiario.es\/canariasahora\/politica\/Ley-Suelo-reduccion-municipios-Canarias_0_534397068.html\">http:\/\/www.eldiario.es\/canariasahora\/politica\/Ley-Suelo-reduccion-municipios-Canarias_0_534397068.html<\/a> Fernando Prats, 6 de junio 2016 <a href=\"http:\/\/www.diariodelanzarote.com\/noticia\/%E2%80%9Clos-hoteleros-deber%C3%ADan-saber-que-si-se-sigue-creciendo-el-valor-de-los-hoteles-ser%C3%A1-menor%E2%80%9D\">http:\/\/www.diariodelanzarote.com\/noticia\/%E2%80%9Clos-hoteleros-deber%C3%ADan-saber-que-si-se-sigue-creciendo-el-valor-de-los-hoteles-ser%C3%A1-menor%E2%80%9D<\/a> Asun Delgado, 18 de julio 2016 <a href=\"https:\/\/www.youtube.com\/watch?v=WT927Zg9xLs\">https:\/\/www.youtube.com\/watch?v=WT927Zg9xLs<\/a> Gustavo Santana, 20 de julio 2016 <a href=\"https:\/\/www.facebook.com\/UPALASPALMAS\/videos\/1766226903593496\/\">https:\/\/www.facebook.com\/UPALASPALMAS\/videos\/1766226903593496\/<\/a> Faustino Garc\u00eda M\u00e1rquez, 5 de julio 2016 <a href=\"https:\/\/www.youtube.com\/watch?v=9M3qUsdpH7U\">https:\/\/www.youtube.com\/watch?v=9M3qUsdpH7U<\/a> Jos\u00e9 Manuel Naredo, 8 de julio 2016 <a href=\"https:\/\/www.youtube.com\/watch?v=hKHsb6lEsSU&amp;feature=youtu.be\">https:\/\/www.youtube.com\/watch?v=hKHsb6lEsSU&amp;feature=youtu.be<\/a> Extracto de Rueda de prensa. Antonio P\u00e9rez hace hincapi\u00e9 en la prioridad del Gobierno canario en sacar adelante la Ley del Suelo antes que un Plan contra la pobreza en las islas. 6 de julio 2016 <a href=\"https:\/\/www.facebook.com\/UPALASPALMAS\/videos\/1772896376259882\/\">https:\/\/www.facebook.com\/UPALASPALMAS\/videos\/1772896376259882\/<\/a> Mari \u00c1ngeles S\u00e1nchez, de la asociaci\u00f3n de vecinos Avecalta y miembro de la Plataforma \u00ab\u00a0Canarias Territorio Sostenible\u00a0\u00bb. 15 agosto 2016 <a href=\"https:\/\/www.facebook.com\/UPALASPALMAS\/videos\/1775407689342084\/\">https:\/\/www.facebook.com\/UPALASPALMAS\/videos\/1775407689342084\/<\/a> Eugenio Reyes, 13 de agosto 2016 <a href=\"https:\/\/www.facebook.com\/UPALASPALMAS\/videos\/1774663769416476\/\">https:\/\/www.facebook.com\/UPALASPALMAS\/videos\/1774663769416476\/<\/a><\/p>\n<p><strong>MATERIALES en PDF para descargar<\/strong><\/p>\n<p><a href=\"https:\/\/fcmanrique.org\/wp-content\/uploads\/1nota-de-prensa-de-la-fundacion-cesar-manrique-abril-2016.pdf\" class=\"fcm-pdf-download-link\">1nota de prensa de la fundacion cesar manrique, abril 2016<\/a><\/p>\n<p><a href=\"https:\/\/fcmanrique.org\/wp-content\/uploads\/2comunicado-de-la-fundacion-cesar-manrique-abril-2016.pdf\" class=\"fcm-pdf-download-link\">2comunicado de la fundacion cesar manrique, abril 2016<\/a><\/p>\n<p><a href=\"https:\/\/fcmanrique.org\/wp-content\/uploads\/3alegaciones-de-la-fundacion-cesar-manrique-al-anteproyecto.pdf\" class=\"fcm-pdf-download-link\">3alegaciones de la fundacion cesar manrique al anteproyecto<\/a><\/p>\n<p><a href=\"https:\/\/fcmanrique.org\/wp-content\/uploads\/4nota-de-prensa-de-la-fundacion-cesar-manrique-mayo-2016.pdf\" class=\"fcm-pdf-download-link\">4nota de prensa de la fundacion cesar manrique, mayo 2016<\/a><\/p>\n<p><a href=\"https:\/\/fcmanrique.org\/wp-content\/uploads\/5nota-de-prensa-presentacion-plataforma-junio-2016.pdf\" class=\"fcm-pdf-download-link\">5nota de prensa presentacion plataforma, junio 2016<\/a><\/p>\n<p><a href=\"https:\/\/fcmanrique.org\/wp-content\/uploads\/6suscriptores-de-la-plataforma-a-14-de-junio-2016.pdf\" class=\"fcm-pdf-download-link\">6suscriptores de la plataforma a 14 de junio 2016<\/a><\/p>\n<p><a href=\"https:\/\/fcmanrique.org\/wp-content\/uploads\/7resumen-mesa-redonda-presentacion-plataforma-16-junio-2016.pdf\" class=\"fcm-pdf-download-link\">7resumen mesa redonda presentacion plataforma, 16 junio 2016<\/a><\/p>\n<p><a href=\"https:\/\/fcmanrique.org\/wp-content\/uploads\/8nota-de-prensa-plataforma-28-junio-2016.pdf\" class=\"fcm-pdf-download-link\">8nota de prensa plataforma, 28 junio 2016<\/a><\/p>\n<p><a href=\"https:\/\/fcmanrique.org\/wp-content\/uploads\/9nota-de-prensa-intervencion-fundacion-cesar-manrique-en-sede-parlamentaria.pdf\" class=\"fcm-pdf-download-link\">9nota de prensa intervencion fundacion cesar manrique en sede parlamentaria<\/a>, 15 julio 2016<\/p>","protected":false},"featured_media":3461,"parent":0,"template":"","meta":{"_acf_changed":false,"ngg_post_thumbnail":0,"footnotes":""},"actividad_tipo":[37],"actividad_lugar":[],"actividad_departamento":[],"actividad_ciclo":[],"class_list":["post-3460","fcm_actividad","type-fcm_actividad","status-publish","has-post-thumbnail","hentry","actividad_tipo-otras-actividades"],"acf":[],"_links":{"self":[{"href":"https:\/\/ludiccc.ddns.net\/fr\/wp-json\/wp\/v2\/fcm_actividad\/3460","targetHints":{"allow":["GET"]}}],"collection":[{"href":"https:\/\/ludiccc.ddns.net\/fr\/wp-json\/wp\/v2\/fcm_actividad"}],"about":[{"href":"https:\/\/ludiccc.ddns.net\/fr\/wp-json\/wp\/v2\/types\/fcm_actividad"}],"version-history":[{"count":19,"href":"https:\/\/ludiccc.ddns.net\/fr\/wp-json\/wp\/v2\/fcm_actividad\/3460\/revisions"}],"predecessor-version":[{"id":27044,"href":"https:\/\/ludiccc.ddns.net\/fr\/wp-json\/wp\/v2\/fcm_actividad\/3460\/revisions\/27044"}],"wp:featuredmedia":[{"embeddable":true,"href":"https:\/\/ludiccc.ddns.net\/fr\/wp-json\/wp\/v2\/media\/3461"}],"wp:attachment":[{"href":"https:\/\/ludiccc.ddns.net\/fr\/wp-json\/wp\/v2\/media?parent=3460"}],"wp:term":[{"taxonomy":"actividad_tipo","embeddable":true,"href":"https:\/\/ludiccc.ddns.net\/fr\/wp-json\/wp\/v2\/actividad_tipo?post=3460"},{"taxonomy":"actividad_lugar","embeddable":true,"href":"https:\/\/ludiccc.ddns.net\/fr\/wp-json\/wp\/v2\/actividad_lugar?post=3460"},{"taxonomy":"actividad_departamento","embeddable":true,"href":"https:\/\/ludiccc.ddns.net\/fr\/wp-json\/wp\/v2\/actividad_departamento?post=3460"},{"taxonomy":"actividad_ciclo","embeddable":true,"href":"https:\/\/ludiccc.ddns.net\/fr\/wp-json\/wp\/v2\/actividad_ciclo?post=3460"}],"curies":[{"name":"wp","href":"https:\/\/api.w.org\/{rel}","templated":true}]}}