{"id":14464,"date":"2012-11-08T00:00:00","date_gmt":"2012-11-08T00:00:00","guid":{"rendered":"https:\/\/fcmanrique.org\/fcm-actividad\/la-supervivencia-de-manrique-como-i\/"},"modified":"2026-04-23T23:19:19","modified_gmt":"2026-04-23T23:19:19","slug":"la-supervivencia-de-manrique-como-i","status":"publish","type":"fcm_actividad","link":"https:\/\/ludiccc.ddns.net\/fr\/fcm-actividad\/la-supervivencia-de-manrique-como-i\/","title":{"rendered":"<em>La supervivencia de Manrique como icono medi\u00e1tico depender\u00e1 de la supervivencia de la Lanzarote que \u00e9l cre\u00f3<\/em>"},"content":{"rendered":"<div class=\"wp-block-columns fcm-page-migration-columns is-layout-flex wp-container-core-columns-is-layout-9d6595d7 wp-block-columns-is-layout-flex\"><div class=\"wp-block-column is-layout-flow wp-block-column-is-layout-flow\" style=\"flex-basis:66.66%\"><figure class=\"wp-block-image size-full\"><img width=\"135\" height=\"100\" src=\"https:\/\/fcm.local\/wp-content\/uploads\/thmb_548b09a4135_100.jpg\" class=\"wp-image-14465\" alt=\"La supervivencia de Manrique como icono medi\u00e1tico depender\u00e1 de la supervivencia de la Lanzarote que \u00e9l cre\u00f3\" loading=\"eager\" decoding=\"async\" \/><\/figure>\n<p>La proyecci\u00f3n de unas im\u00e1genes extra\u00eddas del documental <em>Taro. El eco de Manrique<\/em>, con palabras del artista ante las c\u00e1maras, abri\u00f3 la \u00faltima de las mesas redondas dedicadas a Manrique este a\u00f1o en la FCM, celebrada el 8 de noviembre de 2012. Siete periodistas, incluidos los dos moderadores, Manuel Riveiro e Isabel Lusarreta, disertaron sobre C\u00e9sar Manrique como icono medi\u00e1tico. Comenz\u00f3 Techi Acosta con una an\u00e9cdota que ejemplifica la relaci\u00f3n de Manrique y el uso de los medios que \u00e9l hac\u00eda, recordando que Manrique entraba en Radio Lanzarote y le dec\u00eda a su director, Agust\u00edn Acosta: \u201cAgust\u00edn, voy a hablar\u201d. El otro periodista lanzarote\u00f1o de la mesa, Salvador Hern\u00e1ndez, destac\u00f3 que le sorprend\u00eda de C\u00e9sar su esp\u00edritu did\u00e1ctico porque se esforzaba en que el periodista viera la importancia de su mensaje. Por su parte, Javier Dur\u00e1n, que se desplaz\u00f3 en varias ocasiones desde Las Palmas para entrevistar a Manrique, cont\u00f3 que en esas entrevistas siempre sal\u00eda la misma pregunta: \u201c\u00bfQu\u00e9 hacemos con el Sur de Gran Canaria?\u201d, y la misma respuesta: \u201cPonerle una bomba\u201d. Como un \u201canimal medi\u00e1tico\u201d defini\u00f3 Victoriano Su\u00e1rez \u00c1lamo a Manrique: \u201cEra un fil\u00f3n, un caramelo para un periodista y sab\u00eda el poder que ten\u00edan los medios para hacer llegar su mensaje al pueblo\u201d. Algo que corrobor\u00f3 Juan Manuel Pardellas, para quien fue un privilegio entrevistarle porque \u201cdaba muchos palos al poder establecido\u201d: \u201cCada palabra de C\u00e9sar era un titular a cinco columnas\u201d.<\/p>\n<p>El debate se centr\u00f3 brevemente sobre la intimidad y la vida personal de Manrique, un aspecto en el que todos coincidieron que era secundario y que no le interesaba a la prensa del momento, y pas\u00f3 a analizar el cambio del Manrique medi\u00e1tico amable que promociona Lanzarote al reivindicativo que se queja de la especulaci\u00f3n. Ese icono ya comenzaba a molestar a los poderes f\u00e1cticos. Salvador Hern\u00e1ndez record\u00f3 que tras la entrevista a <em>Der Spiegel<\/em> en 1988, en la que denunciaba la situaci\u00f3n de la Isla, se reuni\u00f3 el Patronato de Turismo para intentar hacerle callar, pero que \u201cnadie fue capaz de hacer callar a C\u00e9sar Manrique\u201d. Seg\u00fan Javier Dur\u00e1n, Manrique es un icono medi\u00e1tico porque supo hacer algo ins\u00f3lito, como llevar a cabo un proyecto tur\u00edstico diferente al de la \u00e9poca, en Espa\u00f1a y \u201csacar del hambre a una Isla\u201d. Pardellas habl\u00f3 de la llegada de C\u00e9sar a Tenerife \u201cponiendo \u00e1rboles del rev\u00e9s\u201d en el Puerto de la Cruz, su contribuci\u00f3n a la revalorizaci\u00f3n de ese destino tur\u00edstico y su posible influencia para evitar el derribo de unas naves de carb\u00f3n, \u00faltimo vestigio de aquella \u00e9poca en Santa Cruz y que los vecinos reclamaban que quedaran en pie.<\/p>\n<p>Haciendo un ejercicio de imaginaci\u00f3n motivado por los moderadores, Su\u00e1rez \u00c1lamo, que asegur\u00f3 que a C\u00e9sar habr\u00eda que estudiarlo en las escuelas de comunicaci\u00f3n por su forma de emplear a los medios, dijo que tuvo suerte con los medios de aquella \u00e9poca porque ten\u00eda m\u00e1s peso el periodista que el empresario, mientras que ahora se desvirtuar\u00eda m\u00e1s su mensaje. Techi Acosta dijo que \u201cse echa de menos un personaje como C\u00e9sar Manrique\u201d, que se mov\u00eda en una Isla en la que los medios de comunicaci\u00f3n pertenec\u00edan a periodistas y no a empresarios de la construcci\u00f3n: \u201cEn la actualidad ser\u00eda peor tratado por los medios y quiz\u00e1 ni siquiera vivir\u00eda en Lanzarote\u201d. Cogiendo ese hilo, Hern\u00e1ndez asegur\u00f3 que los poderes f\u00e1cticos le ten\u00edan acorralado en los \u00faltimos a\u00f1os de su vida y que se quer\u00eda ir a vivir a Marrakech, y afirm\u00f3 que el mensaje de C\u00e9sar permanecer\u00e1 porque en vida dej\u00f3 preparado su relevo, depositado en la Fundaci\u00f3n que lleva su nombre. Javier Dur\u00e1n concluy\u00f3 sus intervenciones diciendo que el gran reto es el de mantener a Manrique como icono medi\u00e1tico frente a la corrupci\u00f3n y los esc\u00e1ndalos: \u201cLa supervivencia de Manrique como icono medi\u00e1tico depender\u00e1 de la supervivencia de la Lanzarote que \u00e9l creo\u201d, y alent\u00f3 a que Manrique no se convierta en un souvenir cultural o tur\u00edstico sino que se mantenga como s\u00edmbolo de lo que realmente fue. Finalmente, Juan Manuel Pardellas dijo que se queda de C\u00e9sar con \u201cc\u00f3mo era temido por los gobernantes\u201d y lament\u00f3 que su muerte \u201cnos dej\u00f3 hu\u00e9rfanos en la lucha ambiental\u201d.<\/p>\n\n<div> <\/div>\n<\/div><div class=\"wp-block-column is-layout-flow wp-block-column-is-layout-flow\" style=\"flex-basis:33.33%\"><div class=\"wp-block-group detail-panel detail-media wp-block-group-\"><div class=\"wp-block-group__inner-container is-layout-flow wp-block-group-is-layout-flow\"><p><a href=\"https:\/\/fcmanrique.org\/wp-content\/uploads\/548b0a78509d16e7icono2_640.jpg\"><\/a><\/p><\/div><\/div>\n<div class=\"wp-block-group detail-panel detail-media wp-block-group-\"><div class=\"wp-block-group__inner-container is-layout-flow wp-block-group-is-layout-flow\"><ul class=\"wp-block-list\"><li><a href=\"\/recursos\/actividad\/548b09e8np18-12%20mesa%20redonda%20icono.pdf\" class=\"fcm-pdf-download-link\">Nota de prensa<\/a><\/li><\/ul><\/div><\/div><\/div><\/div>","protected":false},"featured_media":14465,"parent":0,"template":"","meta":{"_acf_changed":false,"ngg_post_thumbnail":0,"footnotes":""},"actividad_tipo":[37],"actividad_lugar":[49],"actividad_departamento":[31],"actividad_ciclo":[],"class_list":["post-14464","fcm_actividad","type-fcm_actividad","status-publish","has-post-thumbnail","hentry","actividad_tipo-otras-actividades","actividad_lugar-lugar-sala-saramago","actividad_departamento-departamento-de-programas-culturales"],"acf":[],"_links":{"self":[{"href":"https:\/\/ludiccc.ddns.net\/fr\/wp-json\/wp\/v2\/fcm_actividad\/14464","targetHints":{"allow":["GET"]}}],"collection":[{"href":"https:\/\/ludiccc.ddns.net\/fr\/wp-json\/wp\/v2\/fcm_actividad"}],"about":[{"href":"https:\/\/ludiccc.ddns.net\/fr\/wp-json\/wp\/v2\/types\/fcm_actividad"}],"version-history":[{"count":1,"href":"https:\/\/ludiccc.ddns.net\/fr\/wp-json\/wp\/v2\/fcm_actividad\/14464\/revisions"}],"predecessor-version":[{"id":26938,"href":"https:\/\/ludiccc.ddns.net\/fr\/wp-json\/wp\/v2\/fcm_actividad\/14464\/revisions\/26938"}],"wp:featuredmedia":[{"embeddable":true,"href":"https:\/\/ludiccc.ddns.net\/fr\/wp-json\/wp\/v2\/media\/14465"}],"wp:attachment":[{"href":"https:\/\/ludiccc.ddns.net\/fr\/wp-json\/wp\/v2\/media?parent=14464"}],"wp:term":[{"taxonomy":"actividad_tipo","embeddable":true,"href":"https:\/\/ludiccc.ddns.net\/fr\/wp-json\/wp\/v2\/actividad_tipo?post=14464"},{"taxonomy":"actividad_lugar","embeddable":true,"href":"https:\/\/ludiccc.ddns.net\/fr\/wp-json\/wp\/v2\/actividad_lugar?post=14464"},{"taxonomy":"actividad_departamento","embeddable":true,"href":"https:\/\/ludiccc.ddns.net\/fr\/wp-json\/wp\/v2\/actividad_departamento?post=14464"},{"taxonomy":"actividad_ciclo","embeddable":true,"href":"https:\/\/ludiccc.ddns.net\/fr\/wp-json\/wp\/v2\/actividad_ciclo?post=14464"}],"curies":[{"name":"wp","href":"https:\/\/api.w.org\/{rel}","templated":true}]}}