{"id":14450,"date":"2012-10-28T00:00:00","date_gmt":"2012-10-28T00:00:00","guid":{"rendered":"https:\/\/fcmanrique.org\/fcm-actividad\/cesar-manrique-recuerdos-compartido\/"},"modified":"2026-04-23T23:19:19","modified_gmt":"2026-04-23T23:19:19","slug":"cesar-manrique-recuerdos-compartido","status":"publish","type":"fcm_actividad","link":"https:\/\/ludiccc.ddns.net\/fr\/fcm-actividad\/cesar-manrique-recuerdos-compartido\/","title":{"rendered":"C\u00e9sar Manrique. Recuerdos compartidos de su vida m\u00e1s \u00edntima"},"content":{"rendered":"<div class=\"wp-block-columns fcm-page-migration-columns is-layout-flex wp-container-core-columns-is-layout-9d6595d7 wp-block-columns-is-layout-flex\"><div class=\"wp-block-column is-layout-flow wp-block-column-is-layout-flow\" style=\"flex-basis:66.66%\"><figure class=\"wp-block-image size-full\"><img width=\"135\" height=\"100\" src=\"https:\/\/fcm.local\/wp-content\/uploads\/thmb_544fa9a8mrmemoria1_135x100.jpg\" class=\"wp-image-14451\" alt=\"C\u00e9sar Manrique. Recuerdos compartidos de su vida m\u00e1s \u00edntima\" loading=\"eager\" decoding=\"async\" \/><\/figure>\n<p>Los dos hermanos de C\u00e9sar Manrique, Carlos y Juana, el presidente de la FCM, Jos\u00e9 Juan Ram\u00edrez y el ex director de la Caja de Canarias y amigo del artista, Juan Marreo Portugu\u00e9s, compartieron, en la cuarta de las mesas redondas sobre C\u00e9sar Manrique previstas para este a\u00f1o, celebrada el 25 de octubre de 2012, su memoria sobre el artista lanzarote\u00f1o, moderados por las periodistas Usoa Ibarra y Mar\u00eda Jos\u00e9 Tabar. <\/p>\n<p>Marrero Portugu\u00e9s, muy locuaz toda la noche, calific\u00f3 a Manrique como un ser humano \u201c\u00fanico e irrepetible\u201d, mientras que su hermano Carlos record\u00f3 que C\u00e9sar estaba \u201cen otro mundo\u201d: \u201c\u00cdbamos a pescar, yo me pon\u00eda con la ca\u00f1a y \u00e9l hac\u00eda dibujos en la arena\u201d. Juana a\u00f1adi\u00f3 que dibujaba mujeres desnudas \u201cy nosotros no dec\u00edamos nada a las madres\u201d. Todo eso ocurr\u00eda en la playa de Famara, lugar de veraneo y de libertad \u201cdonde \u00e9ramos muy felices\u201d, seg\u00fan Juana. Los hermanos evocaron al C\u00e9sar adolescente, que no acud\u00eda a las llamadas a la mesa porque estaba pintando, y que quer\u00eda estudiar pintura frente a la opini\u00f3n de su padre de que estudiara para ser aparejador a pesar de que \u201cera un cero en matem\u00e1ticas\u201d. \u201cMi padre le dec\u00eda que iba a ser un pintamonas\u201d, dijo Juana. Un padre del que se acord\u00f3 mucho C\u00e9sar cuando le otorgaron el Premio \u201cEuropa Nostra\u201d, y as\u00ed se lo relat\u00f3 a Jos\u00e9 Juan Ram\u00edrez. <\/p>\n<p>Tras una larga introducci\u00f3n sobre su llegada al Arrecife de principios de los a\u00f1os cincuenta, Marrero Portugu\u00e9s relat\u00f3 su primer encuentro con Manrique en 1954, en uno de sus viajes desde Madrid. Ya conoc\u00eda su obra porque hab\u00eda visto los murales del Parador, y tambi\u00e9n sab\u00eda de \u00e9l por boca de Pep\u00edn Ram\u00edrez, su amigo desde la infancia, y con quien Marrero trab\u00f3 amistad y comparti\u00f3 responsabilidades en el Ayuntamiento, antes de convertirse en cu\u00f1ados. En aquellos murales, dijo Carlos, C\u00e9sar tambi\u00e9n hab\u00eda pintando unas mujeres desnudas, que provocaron la censura del obispo y a su vez la negativa de C\u00e9sar a borrarlas, aunque acab\u00f3 cediendo a vestirlas.<\/p>\n<p>C\u00e9sar fue a la Guerra Civil como voluntario con Pep\u00edn Ram\u00edrez y Juan Prats para que no les mandaran al frente de batalla. Primero llegaron a Ceuta, donde C\u00e9sar pregunt\u00f3, ante la visi\u00f3n de muchos hombres tumbados, si se acostaban pronto, cuando la realidad era que estaban muertos, \u201cEso le afect\u00f3 mucho\u201d, dijo Jos\u00e9 Juan Ram\u00edrez, que asegur\u00f3 que ni C\u00e9sar ni su padre hablaban sobre la Guerra. Despu\u00e9s fueron a Catalu\u00f1a y acabaron en el Desfile de la Victoria de Madrid, y seg\u00fan le cont\u00f3 Prats a Marrero Portugu\u00e9s, C\u00e9sar pint\u00f3 algunos ca\u00f1ones que salieron as\u00ed en el desfile. Al volver a casa, seg\u00fan Juana, lo primero que hizo fue subir a la azotea, quitarse el uniforme y patear la ropa de soldado. Marrero Portugu\u00e9s, hablando sobre el franquismo, dijo que \u201cel tema pol\u00edtico con C\u00e9sar Manrique no se suscitaba, C\u00e9sar estaba muy por encima, viv\u00eda en su mundo dedicado al arte\u201d. \u201cEn su intimidad \u2014se\u00f1al\u00f3\u2014 no era un hombre exc\u00e9ntrico, era serio, cabal, ejemplar y se cuidaba much\u00edsimo, era un atleta\u201d. Eso s\u00ed, \u201cle encantaba disfrazarse\u201d, dijo Juana. <\/p>\n<p>Repasando la vida de C\u00e9sar Manrique, los participantes en la mesa llegaron a su etapa en Madrid como estudiante de Bellas Artes. Una \u00e9poca en la que, seg\u00fan Ram\u00edrez, lo pas\u00f3 mal, sin apenas dinero y le cost\u00f3 salir adelante \u201cpero estaba muy enamorado de la pintura\u201d. Ya sab\u00eda que no era un bicho raro, que no estaba loco y que su sue\u00f1o era realizable porque hab\u00eda conocido a la familia Millares, con quienes compart\u00eda inquietudes. Ram\u00edrez tambi\u00e9n repas\u00f3 otro de los momentos cr\u00edticos, del que tampoco C\u00e9sar habl\u00f3 mucho posteriormente: la muerte de Pepi, su mujer. Lo tuvieron que sedar y estuvo dos d\u00edas dormido. Tras su muerte decidi\u00f3 marcharse a Nueva York, \u201cy all\u00ed es donde se dio cuenta de las posibilidades de desarrollo de Lanzarote y comenz\u00f3 a escribir a las autoridades\u201d.<\/p>\n<p>Seg\u00fan Marrero, en la proyecci\u00f3n mundial de C\u00e9sar, jug\u00f3 un papel muy destacado Pep\u00edn Ram\u00edrez \u201cque no se le ha agradecido del todo\u201d. \u201cPep\u00edn \u2014dijo\u2014 influy\u00f3 en que C\u00e9sar orientase su sentimiento art\u00edstico en mejorar el paisaje de Lanzarote\u201d. Marrero alab\u00f3 la \u201cingenier\u00eda financiera\u201d que hizo Ram\u00edrez para poder llevar a cabo las obras de C\u00e9sar, que no hac\u00eda ni proyecto ni presupuestos, y dijo que fueron posibles por \u201cel coraje, la valent\u00eda y la honestidad de Pep\u00edn\u201d. Termin\u00f3 contando una an\u00e9cdota del entierro de Manrique, en el que el cura Miguel Lantigua dijo que C\u00e9sar se sentar\u00eda a la derecha de Dios porque le dir\u00e1: \u201cHas sido capaz de mejorar la Naturaleza que he creado\u201d.<\/p>\n<p>Los hermanos acabaron mostrando su \u201corgullo\u201d de hermanos y Jos\u00e9 Juan Ram\u00edrez calific\u00f3 a C\u00e9sar como una persona entra\u00f1able y honesta \u201cpero sobre todo \u201csincero y valiente\u201d. \u201cCon el paso de los a\u00f1os y las dificultades en hacer o\u00edr sus ideas, valoro m\u00e1s la actitud de C\u00e9sar en la defensa de su visi\u00f3n de Lanzarote\u201d, concluy\u00f3.<\/p><\/div><div class=\"wp-block-column is-layout-flow wp-block-column-is-layout-flow\" style=\"flex-basis:33.33%\"><div class=\"wp-block-group detail-panel detail-media wp-block-group-\"><div class=\"wp-block-group__inner-container is-layout-flow wp-block-group-is-layout-flow\"><p><a href=\"https:\/\/fcmanrique.org\/wp-content\/uploads\/544fa79cmrmemoria1-640.jpg\"><\/a><\/p><\/div><\/div>\n<div class=\"wp-block-group detail-panel detail-media wp-block-group-\"><div class=\"wp-block-group__inner-container is-layout-flow wp-block-group-is-layout-flow\"><ul class=\"wp-block-list\"><li><a href=\"\/recursos\/actividad\/544fa74enp17-12%20mesa%20redonda%20memoria.pdf\" class=\"fcm-pdf-download-link\">Nota de prensa<\/a><\/li><\/ul><\/div><\/div><\/div><\/div>","protected":false},"featured_media":14451,"parent":0,"template":"","meta":{"_acf_changed":false,"ngg_post_thumbnail":0,"footnotes":""},"actividad_tipo":[37],"actividad_lugar":[49],"actividad_departamento":[31],"actividad_ciclo":[],"class_list":["post-14450","fcm_actividad","type-fcm_actividad","status-publish","has-post-thumbnail","hentry","actividad_tipo-otras-actividades","actividad_lugar-lugar-sala-saramago","actividad_departamento-departamento-de-programas-culturales"],"acf":[],"_links":{"self":[{"href":"https:\/\/ludiccc.ddns.net\/fr\/wp-json\/wp\/v2\/fcm_actividad\/14450","targetHints":{"allow":["GET"]}}],"collection":[{"href":"https:\/\/ludiccc.ddns.net\/fr\/wp-json\/wp\/v2\/fcm_actividad"}],"about":[{"href":"https:\/\/ludiccc.ddns.net\/fr\/wp-json\/wp\/v2\/types\/fcm_actividad"}],"version-history":[{"count":1,"href":"https:\/\/ludiccc.ddns.net\/fr\/wp-json\/wp\/v2\/fcm_actividad\/14450\/revisions"}],"predecessor-version":[{"id":26961,"href":"https:\/\/ludiccc.ddns.net\/fr\/wp-json\/wp\/v2\/fcm_actividad\/14450\/revisions\/26961"}],"wp:featuredmedia":[{"embeddable":true,"href":"https:\/\/ludiccc.ddns.net\/fr\/wp-json\/wp\/v2\/media\/14451"}],"wp:attachment":[{"href":"https:\/\/ludiccc.ddns.net\/fr\/wp-json\/wp\/v2\/media?parent=14450"}],"wp:term":[{"taxonomy":"actividad_tipo","embeddable":true,"href":"https:\/\/ludiccc.ddns.net\/fr\/wp-json\/wp\/v2\/actividad_tipo?post=14450"},{"taxonomy":"actividad_lugar","embeddable":true,"href":"https:\/\/ludiccc.ddns.net\/fr\/wp-json\/wp\/v2\/actividad_lugar?post=14450"},{"taxonomy":"actividad_departamento","embeddable":true,"href":"https:\/\/ludiccc.ddns.net\/fr\/wp-json\/wp\/v2\/actividad_departamento?post=14450"},{"taxonomy":"actividad_ciclo","embeddable":true,"href":"https:\/\/ludiccc.ddns.net\/fr\/wp-json\/wp\/v2\/actividad_ciclo?post=14450"}],"curies":[{"name":"wp","href":"https:\/\/api.w.org\/{rel}","templated":true}]}}