{"id":14440,"date":"2012-09-25T00:00:00","date_gmt":"2012-09-25T00:00:00","guid":{"rendered":"https:\/\/fcmanrique.org\/fcm-actividad\/proyeccion-de-la-pelicula-taro-el-e\/"},"modified":"2026-04-23T23:19:29","modified_gmt":"2026-04-23T23:19:29","slug":"proyeccion-de-la-pelicula-taro-el-e","status":"publish","type":"fcm_actividad","link":"https:\/\/ludiccc.ddns.net\/fr\/fcm-actividad\/proyeccion-de-la-pelicula-taro-el-e\/","title":{"rendered":"Proyecci\u00f3n de la pel\u00edcula <em>Taro. El eco de Manrique<\/em>"},"content":{"rendered":"<div class=\"wp-block-columns fcm-page-migration-columns is-layout-flex wp-container-core-columns-is-layout-9d6595d7 wp-block-columns-is-layout-flex\"><div class=\"wp-block-column is-layout-flow wp-block-column-is-layout-flow\" style=\"flex-basis:66.66%\"><figure class=\"wp-block-image size-full\"><img width=\"135\" height=\"100\" src=\"https:\/\/fcm.local\/wp-content\/uploads\/thmb_5190f6925062f878pelicula-taro2_135.jpg\" class=\"wp-image-14441\" alt=\"Proyecci\u00f3n de la pel\u00edcula Taro. El eco de Manrique\" loading=\"eager\" decoding=\"async\" \/><\/figure>\n<p>En el marco de actividades programadas durante 2012 por la Fundaci\u00f3n C\u00e9sar Manrique (FCM), en conmemoraci\u00f3n del 20\u00ba aniversario de su inauguraci\u00f3n y, al mismo tiempo, de la desaparici\u00f3n de su fundador, el martes 25 de septiembre, coincidiendo con la efem\u00e9ride de la desaparici\u00f3n de C\u00e9sar Manrique, se proyect\u00f3 el largometraje-documental titulado <em>Taro. El eco de Manrique<\/em>. Es una pel\u00edcula de Miguel G. Morales que se aproxima a C\u00e9sar Manrique, subrayando su activismo medioambiental y territorial, su lucha contra la especulaci\u00f3n, y su pasi\u00f3n por la naturaleza de Lanzarote.<\/p>\n<p><em>Taro. El eco de Manrique <\/em>est\u00e1 coproducida por Televisi\u00f3n Espa\u00f1ola, Televisi\u00f3n Canaria, Obra Social de CajaCanarias, Miguel Morales y DXT Producciones, as\u00ed como la coproducci\u00f3n en Alemania de Allary Film TV &amp; Media.<\/p>\n<p>Miguel Morales, el director del largometraje-documental proyectado, ha simultaneado su carrera entre el cine documental y la televisi\u00f3n, haciendo incursiones en la video-creaci\u00f3n. En sus trabajos, ha realizado funciones como guionista, director, realizador, c\u00e1mara, montador y productor ejecutivo. Muchas de sus obras han participado en festivales nacionales e internacionales y recibido premios y menciones especiales. Con esta nueva entrega, Garc\u00eda Morales contin\u00faa su serie de documentales biogr\u00e1ficos sobre artistas o escritores ilustres vinculados a las islas, como \u00d3scar Dom\u00ednguez, Juan Ismael, Cristino de Vera, Pepe D\u00e1maso o, m\u00e1s recientemente, Domingo P\u00e9rez Minik, Ignacio Aldecoa y Jos\u00e9 Saramago.<\/p>\n<p>En la pel\u00edcula, se recuperan abundantes im\u00e1genes de archivo, en las que aparece el artista con su vibrante discurso cr\u00edtico y de defensa de Lanzarote. Asimismo, se recoge el testimonio de diversos colaboradores suyos como Jos\u00e9 Juan Ram\u00edrez, Fernando G\u00f3mez Aguilera, Luis Morales, Santiago Hern\u00e1ndez, Feliciano Luzardo, Antonio de Le\u00f3n y Jos\u00e9 Manuel Curbelo, adem\u00e1s de valoraciones de personalidades del ecologismo y la arquitectura, como el naturalista Joaqu\u00edn Ara\u00fajo y el arquitecto Frei Otto.<\/p>\n<p>Al acto asisti\u00f3 Miguel G. Morales, que se dirigi\u00f3 al p\u00fablico al finalizar la proyecci\u00f3n y tambi\u00e9n estuvieron presentes los colaboradores de C\u00e9sar Manrique que participan en la pel\u00edcula.<\/p>\n<p>Video promocional:<\/p>\n<p><iframe loading=\"lazy\" title=\"Trailer TARO. El eco de Manrique\" width=\"500\" height=\"281\" src=\"https:\/\/www.youtube.com\/embed\/Q-j8WKq6Ntw?feature=oembed\" frameborder=\"0\" allow=\"accelerometer; autoplay; clipboard-write; encrypted-media; gyroscope; picture-in-picture; web-share\" referrerpolicy=\"strict-origin-when-cross-origin\" allowfullscreen><\/iframe><\/p><\/div><div class=\"wp-block-column is-layout-flow wp-block-column-is-layout-flow\" style=\"flex-basis:33.33%\"><div class=\"wp-block-group detail-panel detail-media wp-block-group-\"><div class=\"wp-block-group__inner-container is-layout-flow wp-block-group-is-layout-flow\"><p><a href=\"https:\/\/fcmanrique.org\/wp-content\/uploads\/5190f7185062f82fpelicula-taro1_640.jpg\"><\/a><\/p><\/div><\/div><\/div><\/div>","protected":false},"featured_media":14441,"parent":0,"template":"","meta":{"_acf_changed":false,"ngg_post_thumbnail":0,"footnotes":""},"actividad_tipo":[37],"actividad_lugar":[46],"actividad_departamento":[31],"actividad_ciclo":[],"class_list":["post-14440","fcm_actividad","type-fcm_actividad","status-publish","has-post-thumbnail","hentry","actividad_tipo-otras-actividades","actividad_lugar-lugar-fcm","actividad_departamento-departamento-de-programas-culturales"],"acf":[],"_links":{"self":[{"href":"https:\/\/ludiccc.ddns.net\/fr\/wp-json\/wp\/v2\/fcm_actividad\/14440","targetHints":{"allow":["GET"]}}],"collection":[{"href":"https:\/\/ludiccc.ddns.net\/fr\/wp-json\/wp\/v2\/fcm_actividad"}],"about":[{"href":"https:\/\/ludiccc.ddns.net\/fr\/wp-json\/wp\/v2\/types\/fcm_actividad"}],"version-history":[{"count":1,"href":"https:\/\/ludiccc.ddns.net\/fr\/wp-json\/wp\/v2\/fcm_actividad\/14440\/revisions"}],"predecessor-version":[{"id":27055,"href":"https:\/\/ludiccc.ddns.net\/fr\/wp-json\/wp\/v2\/fcm_actividad\/14440\/revisions\/27055"}],"wp:featuredmedia":[{"embeddable":true,"href":"https:\/\/ludiccc.ddns.net\/fr\/wp-json\/wp\/v2\/media\/14441"}],"wp:attachment":[{"href":"https:\/\/ludiccc.ddns.net\/fr\/wp-json\/wp\/v2\/media?parent=14440"}],"wp:term":[{"taxonomy":"actividad_tipo","embeddable":true,"href":"https:\/\/ludiccc.ddns.net\/fr\/wp-json\/wp\/v2\/actividad_tipo?post=14440"},{"taxonomy":"actividad_lugar","embeddable":true,"href":"https:\/\/ludiccc.ddns.net\/fr\/wp-json\/wp\/v2\/actividad_lugar?post=14440"},{"taxonomy":"actividad_departamento","embeddable":true,"href":"https:\/\/ludiccc.ddns.net\/fr\/wp-json\/wp\/v2\/actividad_departamento?post=14440"},{"taxonomy":"actividad_ciclo","embeddable":true,"href":"https:\/\/ludiccc.ddns.net\/fr\/wp-json\/wp\/v2\/actividad_ciclo?post=14440"}],"curies":[{"name":"wp","href":"https:\/\/api.w.org\/{rel}","templated":true}]}}