{"id":14213,"date":"2009-03-19T00:00:00","date_gmt":"2009-03-19T00:00:00","guid":{"rendered":"https:\/\/fcmanrique.org\/fcm-actividad\/victor-gomez-pin-contra-la-barbarie\/"},"modified":"2026-04-23T23:19:30","modified_gmt":"2026-04-23T23:19:30","slug":"victor-gomez-pin-contra-la-barbarie","status":"publish","type":"fcm_actividad","link":"https:\/\/ludiccc.ddns.net\/fr\/fcm-actividad\/victor-gomez-pin-contra-la-barbarie\/","title":{"rendered":"V\u00edctor G\u00f3mez Pin. <em>Contra la barbarie: la filosof\u00eda educadora de la humanidad<\/em>"},"content":{"rendered":"<div class=\"wp-block-columns fcm-page-migration-columns is-layout-flex wp-container-core-columns-is-layout-9d6595d7 wp-block-columns-is-layout-flex\"><div class=\"wp-block-column is-layout-flow wp-block-column-is-layout-flow\" style=\"flex-basis:66.66%\"><figure class=\"wp-block-image size-full\"><img width=\"135\" height=\"100\" src=\"https:\/\/fcm.local\/wp-content\/uploads\/thmb_49c3a1e3thmb_victorgomezpin02_135.jpg\" class=\"wp-image-14214\" alt=\"V\u00edctor G\u00f3mez Pin. Contra la barbarie: la filosof\u00eda educadora de la humanidad\" loading=\"eager\" decoding=\"async\" \/><\/figure>\n\n<meta>\n\n\n<meta>\n\n\n<meta>\n\n\n<meta>\n\n\n<style>\n<!--\n \/* Style Definitions *\/\n p.MsoNormal, li.MsoNormal, div.MsoNormal\n\t{mso-style-parent:\"\";\n\tmargin:0cm;\n\t\n\tmso-pagination:widow-orphan;\n\tofont-size:11.0pt;\n\tofont-family:\"Times New Roman\";\n\tmso-fareast-ofont-family:\"Times New Roman\";\n\tmso-ofont-kerning:16.0pt;\n\tmso-bidi-ofont-weight:bold;}\n@page Section1\n\t{size:612.0pt 792.0pt;\n\tmargin:70.85pt 3.0cm 70.85pt 3.0cm;\n\tmso-header-margin:36.0pt;\n\tmso-footer-margin:36.0pt;\n\tmso-paper-source:0;}\ndiv.Section1\n\t{page:Section1;}\n-->\n<\/style>\n\n<p>\u201cVoy a hacer apolog\u00eda de la filosof\u00eda\u201d. As\u00ed comenz\u00f3 V\u00edctor G\u00f3mez Pin la conferencia titulada <em>Contra la barbarie: la filosof\u00eda educadora de la humanidad<\/em>, que ofreci\u00f3 en la Sala Jos\u00e9 Saramago de Arrecife el 19 de marzo, con la que la FCM inaugur\u00f3 su programa de actividades de 2009, y que puede verse desde el archivo de emisiones en <a href=\"http:\/\/www.tv.fcmanrique.org\" target=\"_blank\">www.tv.fcmanrique.org<\/a><\/p>\n<p> <\/p>\n<p>\u201cEs dif\u00edcil convencer a la gente de que los fil\u00f3sofos hablan de cosas que conciernen a todos, y si hici\u00e9ramos una encuesta\u201d, introdujo G\u00f3mez Pin, \u201cy pregunt\u00e1ramos a la gente qu\u00e9 es un fil\u00f3sofo, la respuesta seguramente ser\u00eda esta: una persona que se ocupa de asuntos que no interesan a nadie (o s\u00f3lo a ellos mismos) y lo hacen adem\u00e1s con una terminolog\u00eda oscura que no se entiende\u201d. Una idea que es injusta, a juicio del conferenciante, pero que a veces ha sido provocada por los propios fil\u00f3sofos.<\/p>\n<p> <\/p>\n<p>G\u00f3mez Pin dedic\u00f3 buena parte de su reflexi\u00f3n al fil\u00f3sofo griego Arist\u00f3teles, el primer bi\u00f3logo y f\u00edsico de la Historia, que redact\u00f3 la Constituci\u00f3n de Atenas, recolect\u00f3 proverbios, hizo tratados de L\u00f3gica, de Cosmolog\u00eda\u2026 y de Metaf\u00edsica. \u201cLas primeras quince l\u00edneas de la Metaf\u00edsica aristot\u00e9lica explican qu\u00e9 diferencia al hombre del resto de animales: todos los humanos desean \/ aspiran \/ necesitan, por su propia condici\u00f3n y naturaleza, la lucidez\u201d, afirm\u00f3 el profesor G\u00f3mez Pin, quien a\u00f1adi\u00f3 que \u201cuna sociedad que no permite alcanzar esa lucidez est\u00e1 mutilando nuestra propia condici\u00f3n. Nuestros genes exigen lucidez, y donde no hay lucidez, hay s\u00edntoma, eso lo sabe cualquier psiquiatra\u201d. Para el conferenciante, \u201cel hombre, adem\u00e1s, a diferencia del resto del mundo animal, es el \u00fanico al que le gusta saber por saber, al margen de sus necesidades de subsistencia; nos gustan los sentidos por ellos mismos; lo que nos gusta no es tanto adecuarnos a la vida, sino contemplarla\u201d.<\/p>\n<p> <\/p>\n<p>Ahondando en las caracter\u00edsticas que definen al hombre como tal, G\u00f3mez Pin se\u00f1al\u00f3 la capacidad de raciocinio y el uso de la t\u00e9cnica como los dos elementos fundamentales que nos diferencian de los animales. Una capacidad de raciocinio que, seg\u00fan el fil\u00f3sofo y escritor, \u201chace que nos relacionemos con el mundo a trav\u00e9s de conceptos e ideas, con las que hacemos juicios y nos hace, por tanto, seres de juicio\u201d. <\/p>\n<p> <\/p>\n<p>Otra de las caracter\u00edsticas singularizadoras y espec\u00edficas del ser humano es el lenguaje. Para el conferenciante, \u201cmientras el resto de animales tienen c\u00f3digos de se\u00f1ales, el hombre convirti\u00f3 el instrumento del lenguaje en un fin en s\u00ed mismo\u201d, lo que llev\u00f3 al fil\u00f3sofo a afirmar que \u201cquien instrumentaliza la palabra pierde su dignidad como hombre\u201d, y que \u201cun poeta es alguien que renuncia a usar la palabra como instrumento y se pone al servicio de la palabra\u201d.<\/p>\n<p> <\/p>\n<p>Para finalizar su intervenci\u00f3n, G\u00f3mez Pin se\u00f1al\u00f3 que \u201cbarbarie es no luchar por las condiciones necesarias para que toda la humanidad pueda realizarse encontrando la lucidez; y la libertad y la fertilidad del esp\u00edritu humano est\u00e1 por encima de todas las prioridades\u201d.<\/p>\n<p><strong>Victor G\u00f3mez Pin<\/strong> es catedr\u00e1tico de la Universidad Aut\u00f3noma de Barcelona, donde ense\u00f1a <em>Teor\u00eda del Conocimiento<\/em> e <em>Introducci\u00f3n al Pensamiento matem\u00e1tico<\/em>. Desde muy joven se traslad\u00f3 a la Sorbona de Paris donde alcanz\u00f3 el grado de <em>Doctor de Estado<\/em> con una tesis sobre el orden aristot\u00e9lico. Tras a\u00f1os de docencia en universidades francesas se incorpor\u00f3 a la Universidad del Pa\u00eds Vasco de cuyo Departamento de Filosof\u00eda fue el primer director. <br><\/p>\n<p>Victor G\u00f3mez Pin es Cordinador del <em>Congreso Internacional de Ontolog\u00eda,<\/em> cuyas ediciones desde hace 16 a\u00f1os han merecido el patrocinio de la UNESCO. <br><\/p>\n<p>Autor de casi una treintena de libros, ha obtenido entre otros los Premios Anagrama de Ensayo y Espasa de Ensayo. Entre sus obras destacan <em>El drama de la ciudad ideal<\/em>, <em>L\u00edmites de la conciencia<\/em>, <em>El infinito<\/em>, <em>Descartes, la exigencia filos\u00f3fica<\/em>, <em>La dignidad<\/em> y <em>La tentaci\u00f3n pitag\u00f3rica<\/em>. Su \u00faltimo libro publicado es <em>Filosof\u00eda: Interrogaciones que a todos conciernen<\/em>, en 2008.<\/p>\n<p><\/p><\/div><div class=\"wp-block-column is-layout-flow wp-block-column-is-layout-flow\" style=\"flex-basis:33.33%\"><div class=\"wp-block-group detail-panel detail-media wp-block-group-\"><div class=\"wp-block-group__inner-container is-layout-flow wp-block-group-is-layout-flow\"><p><a href=\"https:\/\/fcmanrique.org\/wp-content\/uploads\/49c39fe7thmb_victorgomezpin02_640.jpg\"><\/a><\/p><\/div><\/div><\/div><\/div>","protected":false},"featured_media":14214,"parent":0,"template":"","meta":{"_acf_changed":false,"ngg_post_thumbnail":0,"footnotes":""},"actividad_tipo":[34],"actividad_lugar":[],"actividad_departamento":[31],"actividad_ciclo":[72],"class_list":["post-14213","fcm_actividad","type-fcm_actividad","status-publish","has-post-thumbnail","hentry","actividad_tipo-conferencias","actividad_departamento-departamento-de-programas-culturales","actividad_ciclo-fronteras-y-direcciones-de-progreso"],"acf":[],"_links":{"self":[{"href":"https:\/\/ludiccc.ddns.net\/fr\/wp-json\/wp\/v2\/fcm_actividad\/14213","targetHints":{"allow":["GET"]}}],"collection":[{"href":"https:\/\/ludiccc.ddns.net\/fr\/wp-json\/wp\/v2\/fcm_actividad"}],"about":[{"href":"https:\/\/ludiccc.ddns.net\/fr\/wp-json\/wp\/v2\/types\/fcm_actividad"}],"version-history":[{"count":1,"href":"https:\/\/ludiccc.ddns.net\/fr\/wp-json\/wp\/v2\/fcm_actividad\/14213\/revisions"}],"predecessor-version":[{"id":27085,"href":"https:\/\/ludiccc.ddns.net\/fr\/wp-json\/wp\/v2\/fcm_actividad\/14213\/revisions\/27085"}],"wp:featuredmedia":[{"embeddable":true,"href":"https:\/\/ludiccc.ddns.net\/fr\/wp-json\/wp\/v2\/media\/14214"}],"wp:attachment":[{"href":"https:\/\/ludiccc.ddns.net\/fr\/wp-json\/wp\/v2\/media?parent=14213"}],"wp:term":[{"taxonomy":"actividad_tipo","embeddable":true,"href":"https:\/\/ludiccc.ddns.net\/fr\/wp-json\/wp\/v2\/actividad_tipo?post=14213"},{"taxonomy":"actividad_lugar","embeddable":true,"href":"https:\/\/ludiccc.ddns.net\/fr\/wp-json\/wp\/v2\/actividad_lugar?post=14213"},{"taxonomy":"actividad_departamento","embeddable":true,"href":"https:\/\/ludiccc.ddns.net\/fr\/wp-json\/wp\/v2\/actividad_departamento?post=14213"},{"taxonomy":"actividad_ciclo","embeddable":true,"href":"https:\/\/ludiccc.ddns.net\/fr\/wp-json\/wp\/v2\/actividad_ciclo?post=14213"}],"curies":[{"name":"wp","href":"https:\/\/api.w.org\/{rel}","templated":true}]}}