{"id":14122,"date":"2007-04-19T00:00:00","date_gmt":"2007-04-19T00:00:00","guid":{"rendered":"https:\/\/fcmanrique.org\/fcm-actividad\/jose-manuel-iglesias-el-patrimonio\/"},"modified":"2026-04-23T23:19:29","modified_gmt":"2026-04-23T23:19:29","slug":"jose-manuel-iglesias-el-patrimonio","status":"publish","type":"fcm_actividad","link":"https:\/\/ludiccc.ddns.net\/fr\/fcm-actividad\/jose-manuel-iglesias-el-patrimonio\/","title":{"rendered":"Jos\u00e9 Manuel Iglesias. <em>El Patrimonio Integral<\/em>"},"content":{"rendered":"<div class=\"wp-block-columns fcm-page-migration-columns is-layout-flex wp-container-core-columns-is-layout-9d6595d7 wp-block-columns-is-layout-flex\"><div class=\"wp-block-column is-layout-flow wp-block-column-is-layout-flow\" style=\"flex-basis:66.66%\"><figure class=\"wp-block-image size-full\"><img width=\"135\" height=\"100\" src=\"https:\/\/fcm.local\/wp-content\/uploads\/thmb_thmb_jmiglesias_135.jpg\" class=\"wp-image-14123\" alt=\"Jos\u00e9 Manuel Iglesias. El Patrimonio Integral\" loading=\"eager\" decoding=\"async\" \/><\/figure>\n<p> <\/p>\n<p>El jueves 19 de abril, Jos\u00e9 Manuel Iglesias Gil pronunci\u00f3 la conferencia titulada <em>El Patrimonio Integral<\/em>.<\/p>\n<p>Jos\u00e9 Manuel Iglesias Gil es Doctor por la Universidad de Salamanca y Catedr\u00e1tico de Historia Antigua de la Universidad de Cantabria. Desde 1990 es Director de los Cursos monogr\u00e1ficos sobre el Patrimonio Hist\u00f3rico de la Universidad de Cantabria.<\/p>\n<p>Iglesias Gil ha investigado sobre la Historia Antigua de la Pen\u00ednsula Ib\u00e9rica en base a las fuentes historiogr\u00e1ficas \u2013arqueolog\u00eda y epigraf\u00eda- y literarias de los escritores cl\u00e1sicos. Es director desde 1980 de las excavaciones arqueol\u00f3gicas de la ciudad romana de <em>Juliobriga<\/em> y entre 1991 y 1995 dirigi\u00f3 las realizadas en la colonia romana de <em>Flaviobriga<\/em> en el casco urbano de Castro Urdiales. Ha publicado numerosos art\u00edculos en revistas especializadas, ponencias en congresos nacionales e internacionales y monograf\u00edas relacionadas con el occidente del Imperio Romano y en particular con Hispania y Cantabria en la Edad Antigua.<\/p>\n<p>Su inter\u00e9s por los temas relacionados con el Patrimonio Hist\u00f3rico y Natural en los \u00faltimos a\u00f1os, fruto de los foros que se desarrollan en los cursos que la Universidad de Cantabria organiza en Reinosa en el mes de julio de cada a\u00f1o, le ha llevado a realizar estudios y proyectos espec\u00edficos sobre la tem\u00e1tica y su incidencia en el medio rural. En dicha l\u00ednea ha publicado recientemente la monograf\u00eda <em>El paisaje arqueol\u00f3gico y natural de la ruta de Celada Marlantes a Retortillo, Campoo de Enmedio, Cantabria,<\/em> como resultado de un proyecto de intervenci\u00f3n ejecutado para la preservaci\u00f3n integral del patrimonio natural, arqueol\u00f3gico y arquitect\u00f3nico.<\/p>\n<p>En el transcurso de su intervenci\u00f3n, Jos\u00e9 Manuel Iglesias Gil abord\u00f3 el concepto de Patrimonio Integral como la suma del Patrimonio Cultural o Hist\u00f3rico y del Patrimonio Natural. El primero abarca los bienes materiales e inmateriales hechos o manipulados por la mano humana frente al Patrimonio Natural que contiene los bienes medioambientales que son producto de la naturaleza y no han sido alterados por las personas. <br><\/p>\n<p><br> Ambos patrimonios presentan legislaciones diferentes, administraciones independientes, contienen sistemas de informaci\u00f3n espec\u00edficos y una incidencia social muy grande en el Patrimonio Natural y muy peque\u00f1a en el Patrimonio Cultural, si bien en los \u00faltimos a\u00f1os esta \u00faltima diferencia se va paliando y las administraciones tienden a aunar sinergias que, con un panorama un tanto optimista, pueden tener en el futuro una relaci\u00f3n m\u00e1s integrada.<br> Seg\u00fan Iglesias Gil, la frontera entre uno y otro Patrimonio la marca la actividad humana que destruye lo \u201cnatural\u201d en nuestra vieja, poblada y desarrollada Europa, estableciendo l\u00edmites, construyendo ciudades, trazando comunicaciones terrestres, implantando aerogeneradores en el paisaje, reconduciendo r\u00edos y creando reservas.<br><\/p>\n<p><br> Como soluci\u00f3n ante la dicotom\u00eda, Iglesias Gil propone la consideraci\u00f3n de un Patrimonio Integral compuesto por la obra humana \u2014nunca independiente de la naturaleza\u2014 y por la obra de la naturaleza \u2014nunca independiente de los seres humanos en la poblada Europa\u2014. La soluci\u00f3n pasa, a juicio del profesor Iglesias, por una cooperaci\u00f3n en la gesti\u00f3n de los responsables que integre en el futuro ambos Patrimonios en los Inventarios con espacios comunes dise\u00f1ados por las normas como verdaderas \u201creservas\u201d, coordine las pol\u00edticas de puesta en valor y unifique los programas de difusi\u00f3n de rutas did\u00e1cticas y tur\u00edsticas, pues la educaci\u00f3n y la informaci\u00f3n pueden jugar un papel muy importante.<br><\/p>\n<p><br> As\u00ed, sugiri\u00f3 la conveniencia de crear \u00e1mbitos transversales de cooperaci\u00f3n entre consejer\u00edas como la de Cultura, Patrimonio, Medio Ambiente, Territorio, Industria, Turismo o Econom\u00eda.<br><br> Como ejemplos de recursos patrimoniales integrados, expuso los casos de El Paisaje arqueol\u00f3gico y natural de la ruta de Celada Marlantes a Retortillo, y el trabajo desarrollado por la Fundaci\u00f3n Santa Mar\u00eda de la Real, de Aguilar de Campoo.<br><\/p>\n<p><br> Para acometer este tipo de proyectos, Iglesias Gil propuso la ecuaci\u00f3n Paisaje + Patrimonio + Imaginaci\u00f3n, con la cual se posicion\u00f3 frente a soluciones est\u00e1ndares a la hora de ofrecer alternativas tur\u00edsticas, que acaban banalizando y uniformando el paisaje.<br><\/p>\n<p><br> Como conclusi\u00f3n, el profesor Iglesias insisti\u00f3 en la voluntad de cooperaci\u00f3n y al trabajo conjunto entre instituciones para poner en marcha proyectos de estas caracter\u00edsticas, y se\u00f1al\u00f3 la estabilidad pol\u00edtica como uno de los factores fundamentales para su desarrollo.<\/p>\n<p><\/p>\n<p> <\/p><\/div><div class=\"wp-block-column is-layout-flow wp-block-column-is-layout-flow\" style=\"flex-basis:33.33%\"><div class=\"wp-block-group detail-panel detail-media wp-block-group-\"><div class=\"wp-block-group__inner-container is-layout-flow wp-block-group-is-layout-flow\"><p><a href=\"https:\/\/fcmanrique.org\/wp-content\/uploads\/11047thmb_jmiglesias2_600.jpg\"><\/a><\/p><\/div><\/div><\/div><\/div>","protected":false},"featured_media":14123,"parent":0,"template":"","meta":{"_acf_changed":false,"ngg_post_thumbnail":0,"footnotes":""},"actividad_tipo":[34],"actividad_lugar":[46],"actividad_departamento":[31],"actividad_ciclo":[72],"class_list":["post-14122","fcm_actividad","type-fcm_actividad","status-publish","has-post-thumbnail","hentry","actividad_tipo-conferencias","actividad_lugar-lugar-fcm","actividad_departamento-departamento-de-programas-culturales","actividad_ciclo-fronteras-y-direcciones-de-progreso"],"acf":[],"_links":{"self":[{"href":"https:\/\/ludiccc.ddns.net\/fr\/wp-json\/wp\/v2\/fcm_actividad\/14122","targetHints":{"allow":["GET"]}}],"collection":[{"href":"https:\/\/ludiccc.ddns.net\/fr\/wp-json\/wp\/v2\/fcm_actividad"}],"about":[{"href":"https:\/\/ludiccc.ddns.net\/fr\/wp-json\/wp\/v2\/types\/fcm_actividad"}],"version-history":[{"count":1,"href":"https:\/\/ludiccc.ddns.net\/fr\/wp-json\/wp\/v2\/fcm_actividad\/14122\/revisions"}],"predecessor-version":[{"id":27011,"href":"https:\/\/ludiccc.ddns.net\/fr\/wp-json\/wp\/v2\/fcm_actividad\/14122\/revisions\/27011"}],"wp:featuredmedia":[{"embeddable":true,"href":"https:\/\/ludiccc.ddns.net\/fr\/wp-json\/wp\/v2\/media\/14123"}],"wp:attachment":[{"href":"https:\/\/ludiccc.ddns.net\/fr\/wp-json\/wp\/v2\/media?parent=14122"}],"wp:term":[{"taxonomy":"actividad_tipo","embeddable":true,"href":"https:\/\/ludiccc.ddns.net\/fr\/wp-json\/wp\/v2\/actividad_tipo?post=14122"},{"taxonomy":"actividad_lugar","embeddable":true,"href":"https:\/\/ludiccc.ddns.net\/fr\/wp-json\/wp\/v2\/actividad_lugar?post=14122"},{"taxonomy":"actividad_departamento","embeddable":true,"href":"https:\/\/ludiccc.ddns.net\/fr\/wp-json\/wp\/v2\/actividad_departamento?post=14122"},{"taxonomy":"actividad_ciclo","embeddable":true,"href":"https:\/\/ludiccc.ddns.net\/fr\/wp-json\/wp\/v2\/actividad_ciclo?post=14122"}],"curies":[{"name":"wp","href":"https:\/\/api.w.org\/{rel}","templated":true}]}}