{"id":14006,"date":"2005-04-21T00:00:00","date_gmt":"2005-04-21T00:00:00","guid":{"rendered":"https:\/\/fcmanrique.org\/fcm-actividad\/carlos-varona-occidente-y-el-mundo\/"},"modified":"2026-04-23T23:19:19","modified_gmt":"2026-04-23T23:19:19","slug":"carlos-varona-occidente-y-el-mundo","status":"publish","type":"fcm_actividad","link":"https:\/\/ludiccc.ddns.net\/fr\/fcm-actividad\/carlos-varona-occidente-y-el-mundo\/","title":{"rendered":"Carlos Varona. <em>Occidente y el mundo musulm\u00e1n: mitos e intereses de un malentendido<\/em>"},"content":{"rendered":"<div class=\"wp-block-columns fcm-page-migration-columns is-layout-flex wp-container-core-columns-is-layout-9d6595d7 wp-block-columns-is-layout-flex\"><div class=\"wp-block-column is-layout-flow wp-block-column-is-layout-flow\" style=\"flex-basis:66.66%\"><figure class=\"wp-block-image size-full\"><img width=\"135\" height=\"100\" src=\"https:\/\/fcm.local\/wp-content\/uploads\/thmb_thmb_carlosvarona_135x100.jpg\" class=\"wp-image-14007\" alt=\"Carlos Varona. Occidente y el mundo musulm\u00e1n: mitos e intereses de un malentendido\" loading=\"eager\" decoding=\"async\" \/><\/figure>\n<p>Carlos Varona Narvi\u00f3n es Doctor en Filolog\u00eda \u00c1rabe por la Universidad Aut\u00f3noma de Madrid. Fue profesor de Lengua y Literatura Espa\u00f1ola en la Universidad de Am\u00e1n (Jordania),  delegado en El Cairo de la Agencia EFE, director del Servicio Internacional en \u00c1rabe de la misma agencia en Granada, director del Instituto Cervantes de Damasco, y en la actualidad dirige el Instituto Cervantes de Am\u00e1n. Sus estudios en el arabismo versan sobre el sufismo y la espiritualidad musulmana. Entre sus publicaciones destacan <em>El Camino Espiritual. Los g\u00e9neros b\u00e1quico y amoroso en la literatura m\u00edstica musulmana <\/em>y <em>El Int\u00e9rprete de los Deseos<\/em>, que constituyen an\u00e1lisis de las obras de `Omar Ibn al-Farid y de Ibn `Arabi, respectivamente.<\/p>\n<p>El 21 de abril de 2005, Carlos Varona pronunci\u00f3 la conferencia <em>Occidente y el mundo musulm\u00e1n: mitos e intereses de un malentendido. <\/em>Abord\u00f3 en su intervenci\u00f3n la compleja relaci\u00f3n entre Occidente y el mundo musulm\u00e1n, y las dificultades de comunicaci\u00f3n a las que se enfrentan ambas civilizaciones. Seg\u00fan sus palabras, \u201caun con idiosincrasias culturales muy distintas, no existe en realidad una contradicci\u00f3n o choque entre Oriente y Occidente, en cuanto a su convivencia y posible enriquecimiento mutuo, sino que son los intereses partidistas y tribales los que han instrumentalizado la religi\u00f3n y la identidad, creando multitud de mitos, causa del malentendido entre Occidente, y especialmente el mundo musulm\u00e1n\u201d.<\/p>\n<p>A juicio de Varona, \u201cuna visi\u00f3n cultural y espiritual del Oriente mediterr\u00e1neo puede contribuir a que ambos orbes se aporten mutuamente contenidos y posibilidades de desarrollo, en un mundo dominado por la globalizaci\u00f3n y la emigraci\u00f3n\u201d.<\/p>\n<p>Como ejemplo de ese nuevo enfoque, Carlos Varona coment\u00f3 la preparaci\u00f3n del congreso <em>Alandalus como Proyecto<\/em>, que estaba organizando en el Instituto Cervantes de Am\u00e1n, y que intenta ser una visi\u00f3n cr\u00edtica de lo que esa regi\u00f3n hist\u00f3rica aport\u00f3 a Espa\u00f1a y a Europa. Un an\u00e1lisis en clave de presente, y sobre todo de futuro, del entramado que posibilite esa convivencia y cruce de culturas, para que entre s\u00ed se fertilicen y se toleren.<\/p>\n<p>La conferencia finaliz\u00f3 con un debate con el p\u00fablico, en el que se abordaron los problemas de las mujeres, de la pobreza y de la democracia; se se\u00f1al\u00f3 el freno de occidente al desarrollo laico del mundo \u00e1rabe, y la utilizaci\u00f3n del integrismo. Finalmente, se habl\u00f3 de la influencia cultural \u00e1rabe en Espa\u00f1a.<\/p><\/div><div class=\"wp-block-column is-layout-flow wp-block-column-is-layout-flow\" style=\"flex-basis:33.33%\"><div class=\"wp-block-group detail-panel detail-media wp-block-group-\"><div class=\"wp-block-group__inner-container is-layout-flow wp-block-group-is-layout-flow\"><p><a href=\"https:\/\/fcmanrique.org\/wp-content\/uploads\/thmb_carlosvarona_640.jpg\"><\/a><\/p><\/div><\/div><\/div><\/div>","protected":false},"featured_media":14007,"parent":0,"template":"","meta":{"_acf_changed":false,"ngg_post_thumbnail":0,"footnotes":""},"actividad_tipo":[34],"actividad_lugar":[46],"actividad_departamento":[29],"actividad_ciclo":[72],"class_list":["post-14006","fcm_actividad","type-fcm_actividad","status-publish","has-post-thumbnail","hentry","actividad_tipo-conferencias","actividad_lugar-lugar-fcm","actividad_departamento-departamento-de-territorio-y-medio-ambiente","actividad_ciclo-fronteras-y-direcciones-de-progreso"],"acf":[],"_links":{"self":[{"href":"https:\/\/ludiccc.ddns.net\/fr\/wp-json\/wp\/v2\/fcm_actividad\/14006","targetHints":{"allow":["GET"]}}],"collection":[{"href":"https:\/\/ludiccc.ddns.net\/fr\/wp-json\/wp\/v2\/fcm_actividad"}],"about":[{"href":"https:\/\/ludiccc.ddns.net\/fr\/wp-json\/wp\/v2\/types\/fcm_actividad"}],"version-history":[{"count":1,"href":"https:\/\/ludiccc.ddns.net\/fr\/wp-json\/wp\/v2\/fcm_actividad\/14006\/revisions"}],"predecessor-version":[{"id":26959,"href":"https:\/\/ludiccc.ddns.net\/fr\/wp-json\/wp\/v2\/fcm_actividad\/14006\/revisions\/26959"}],"wp:featuredmedia":[{"embeddable":true,"href":"https:\/\/ludiccc.ddns.net\/fr\/wp-json\/wp\/v2\/media\/14007"}],"wp:attachment":[{"href":"https:\/\/ludiccc.ddns.net\/fr\/wp-json\/wp\/v2\/media?parent=14006"}],"wp:term":[{"taxonomy":"actividad_tipo","embeddable":true,"href":"https:\/\/ludiccc.ddns.net\/fr\/wp-json\/wp\/v2\/actividad_tipo?post=14006"},{"taxonomy":"actividad_lugar","embeddable":true,"href":"https:\/\/ludiccc.ddns.net\/fr\/wp-json\/wp\/v2\/actividad_lugar?post=14006"},{"taxonomy":"actividad_departamento","embeddable":true,"href":"https:\/\/ludiccc.ddns.net\/fr\/wp-json\/wp\/v2\/actividad_departamento?post=14006"},{"taxonomy":"actividad_ciclo","embeddable":true,"href":"https:\/\/ludiccc.ddns.net\/fr\/wp-json\/wp\/v2\/actividad_ciclo?post=14006"}],"curies":[{"name":"wp","href":"https:\/\/api.w.org\/{rel}","templated":true}]}}