{"id":14002,"date":"2005-05-26T00:00:00","date_gmt":"2005-05-26T00:00:00","guid":{"rendered":"https:\/\/fcmanrique.org\/fcm-actividad\/gema-martin-munoz-politica-e-identi\/"},"modified":"2026-04-23T23:19:20","modified_gmt":"2026-04-23T23:19:20","slug":"gema-martin-munoz-politica-e-identi","status":"publish","type":"fcm_actividad","link":"https:\/\/ludiccc.ddns.net\/fr\/fcm-actividad\/gema-martin-munoz-politica-e-identi\/","title":{"rendered":"Gema Mart\u00edn Mu\u00f1oz. <em>Pol\u00edtica e identidades \u00e9tnicas y confesionales en los pa\u00edses musulmanes<\/em>"},"content":{"rendered":"<div class=\"wp-block-columns fcm-page-migration-columns is-layout-flex wp-container-core-columns-is-layout-9d6595d7 wp-block-columns-is-layout-flex\"><div class=\"wp-block-column is-layout-flow wp-block-column-is-layout-flow\" style=\"flex-basis:66.66%\"><figure class=\"wp-block-image size-full\"><img width=\"135\" height=\"100\" src=\"https:\/\/fcm.local\/wp-content\/uploads\/thmb_thmb_gemamartin_135x100.jpg\" class=\"wp-image-14003\" alt=\"Gema Mart\u00edn Mu\u00f1oz. Pol\u00edtica e identidades \u00e9tnicas y confesionales en los pa\u00edses musulmanes\" loading=\"eager\" decoding=\"async\" \/><\/figure>\n<p>Gema Mart\u00edn Mu\u00f1oz es Doctora en Estudios \u00c1rabes e Isl\u00e1micos y profesora de Sociolog\u00eda del Mundo \u00c1rabe e Isl\u00e1mico de la Universidad Aut\u00f3noma de Madrid. Ha estudiado los procesos de reforma pol\u00edtica y cambio social en los pa\u00edses \u00e1rabo-isl\u00e1micos, en los que ha realizado multitud de estancias de investigaci\u00f3n. Asimismo, ha investigado sobre los musulmanes en Europa. Tambi\u00e9n ha participado como observadora internacional en los procesos electorales de Argelia, Palestina, Egipto e Ir\u00e1n.<\/p>\n<p>Es miembro de diferentes Consejos cient\u00edficos y del Consejo Asesor de la Fundaci\u00f3n Euromediterr\u00e1nea Anna Lindht para el Di\u00e1logo entre Culturas, creada por la Uni\u00f3n Europea y los pa\u00edses del sur del Mediterr\u00e1neo. Ha sido profesora invitada en diversas universidades de Europa y Estados Unidos. Adem\u00e1s, es colaboradora de la secci\u00f3n de opini\u00f3n de El Pa\u00eds.<\/p>\n<p>Entre sus libros se se\u00f1ala<em> <\/em><em>El Estado \u00c1rabe. Crisis de legitimidad y contestaci\u00f3n islamista<\/em> (2000); <em>Irak, un fracaso de Occidente<\/em> (2003); y <em>Mujeres Musulmanas en Espa\u00f1a. El caso de la inmigraci\u00f3n femenina marroqu\u00ed<\/em> (2004).<\/p>\n<p>En su conferencia <em>Pol\u00edtica e identidades \u00e9tnicas y confesionales en los pa\u00edses musulmanes<\/em>, pronunciada el 26 de mayo de 2005, Gema Mart\u00edn Mu\u00f1oz repas\u00f3 las caracter\u00edsticas culturales y religiosas del mundo musulm\u00e1n, describi\u00f3 las m\u00faltiples identidades que conforman el Oriente Medio, y el papel que ha desempe\u00f1ado la instrumentalizaci\u00f3n pol\u00edtica en la evoluci\u00f3n de esta zona. Reflexion\u00f3 sobre las \u201cidentidades hegem\u00f3nicas\u201d de los pa\u00edses de Pr\u00f3ximo Oriente y Oriente Medio, defini\u00e9ndolas como la \u201carabidad\u201d y el Islam. El \u00e1rabe, no como t\u00e9rmino \u00e9tnico, sino cultural e hist\u00f3rico, cuyo motor es la lengua. Y el Islam, como algo que supera lo religioso y afecta tambi\u00e9n al \u00e1mbito de lo cultural y de lo social. Adem\u00e1s de estas identidades hegem\u00f3nicas, analiz\u00f3 la coexistencia, en un mismo territorio, de bereberes, kurdos, jud\u00edos \u00e1rabes \u2014askenaz\u00edes\u2014, cristianos, y sunn\u00edes y shi\u00edtas. La profesora estableci\u00f3 los v\u00ednculos entre esa zona del mundo y la actual situaci\u00f3n por la que atraviesan las relaciones entre los pa\u00edses musulmanes y Occidente. Se refiri\u00f3 tambi\u00e9n a la intervenci\u00f3n de Estados Unidos y su proyecto hegem\u00f3nico en Oriente Medio, cuyo objetivo parece ser el crear una visi\u00f3n de Oriente Medio con enfrentamientos sectarios violentos, creando etnocracias e impidiendo la transici\u00f3n hacia un gobierno moderno.<\/p>\n<p>Tras la conferencia, se produjo un interesante debate, en el que Gema Mart\u00edn Mu\u00f1oz ampli\u00f3 y aclar\u00f3 alguno de los puntos expuestos en su intervenci\u00f3n.<\/p><\/div><div class=\"wp-block-column is-layout-flow wp-block-column-is-layout-flow\" style=\"flex-basis:33.33%\"><div class=\"wp-block-group detail-panel detail-media wp-block-group-\"><div class=\"wp-block-group__inner-container is-layout-flow wp-block-group-is-layout-flow\"><p><a href=\"https:\/\/fcmanrique.org\/wp-content\/uploads\/thmb_thmb_gemamartin_241x180.jpg\"><\/a><\/p><\/div><\/div><\/div><\/div>","protected":false},"featured_media":14003,"parent":0,"template":"","meta":{"_acf_changed":false,"ngg_post_thumbnail":0,"footnotes":""},"actividad_tipo":[34],"actividad_lugar":[46],"actividad_departamento":[29],"actividad_ciclo":[72],"class_list":["post-14002","fcm_actividad","type-fcm_actividad","status-publish","has-post-thumbnail","hentry","actividad_tipo-conferencias","actividad_lugar-lugar-fcm","actividad_departamento-departamento-de-territorio-y-medio-ambiente","actividad_ciclo-fronteras-y-direcciones-de-progreso"],"acf":[],"_links":{"self":[{"href":"https:\/\/ludiccc.ddns.net\/fr\/wp-json\/wp\/v2\/fcm_actividad\/14002","targetHints":{"allow":["GET"]}}],"collection":[{"href":"https:\/\/ludiccc.ddns.net\/fr\/wp-json\/wp\/v2\/fcm_actividad"}],"about":[{"href":"https:\/\/ludiccc.ddns.net\/fr\/wp-json\/wp\/v2\/types\/fcm_actividad"}],"version-history":[{"count":1,"href":"https:\/\/ludiccc.ddns.net\/fr\/wp-json\/wp\/v2\/fcm_actividad\/14002\/revisions"}],"predecessor-version":[{"id":26990,"href":"https:\/\/ludiccc.ddns.net\/fr\/wp-json\/wp\/v2\/fcm_actividad\/14002\/revisions\/26990"}],"wp:featuredmedia":[{"embeddable":true,"href":"https:\/\/ludiccc.ddns.net\/fr\/wp-json\/wp\/v2\/media\/14003"}],"wp:attachment":[{"href":"https:\/\/ludiccc.ddns.net\/fr\/wp-json\/wp\/v2\/media?parent=14002"}],"wp:term":[{"taxonomy":"actividad_tipo","embeddable":true,"href":"https:\/\/ludiccc.ddns.net\/fr\/wp-json\/wp\/v2\/actividad_tipo?post=14002"},{"taxonomy":"actividad_lugar","embeddable":true,"href":"https:\/\/ludiccc.ddns.net\/fr\/wp-json\/wp\/v2\/actividad_lugar?post=14002"},{"taxonomy":"actividad_departamento","embeddable":true,"href":"https:\/\/ludiccc.ddns.net\/fr\/wp-json\/wp\/v2\/actividad_departamento?post=14002"},{"taxonomy":"actividad_ciclo","embeddable":true,"href":"https:\/\/ludiccc.ddns.net\/fr\/wp-json\/wp\/v2\/actividad_ciclo?post=14002"}],"curies":[{"name":"wp","href":"https:\/\/api.w.org\/{rel}","templated":true}]}}