{"id":25120,"date":"2024-05-06T08:01:03","date_gmt":"2024-05-06T08:01:03","guid":{"rendered":"https:\/\/fcmanrique.org\/?post_type=fcm_video&#038;p=25120"},"modified":"2024-07-11T10:38:06","modified_gmt":"2024-07-11T10:38:06","slug":"25120-2","status":"publish","type":"fcm_video","link":"https:\/\/ludiccc.ddns.net\/en\/fcm-video\/25120-2\/","title":{"rendered":"\u00abRazones para una escritura rebelde\u00bb"},"content":{"rendered":"<p><strong>Foro de reflexi\u00f3n. Fronteras y direcciones del progreso<\/strong><\/p>\n<p>La Fundaci\u00f3n C\u00e9sar Manrique (FCM) acogi\u00f3 el pasado jueves 9 de mayo de 2024, la conferencia titulada \u201cRazones para una escritura rebelde\u201d, impartida por <strong>Remedios Zafra<\/strong>. La ensayista, profesora de universidad e investigadora reflexion\u00f3 sobre la pasi\u00f3n creativa y la transformaci\u00f3n del trabajo intelectual en el marco de crisis planetaria que vivimos. El acto tuvo lugar en la sala Jos\u00e9 Saramago (La Plazuela, Arrecife) y fue transmitido en directo a trav\u00e9s de la web y el canal de Youtube de la FCM.<\/p>\n<p>Bajo la premisa de que \u201cnada, salvo repetici\u00f3n y cansancio, pero nada valioso, germina del desapego con el trabajo de quien se siente pieza de la maquinaria\u201d, Remedios Zafra se apoy\u00f3 en su nuevo ensayo para decir s\u00ed y no al mismo tiempo. Decir No a la deshumanizaci\u00f3n tecnol\u00f3gica, al esfuerzo por crear apariencia y justificaci\u00f3n perdiendo oportunidad para la construcci\u00f3n de sentido, al desafecto que se extiende entre los trabajadores cuando sus tiempos est\u00e1n ocupados por tareas que nada tienen que ver con su prop\u00f3sito: investigar, ense\u00f1ar, crear\u2026 Decir S\u00ed a que todo esto pueda ser transformado y a la liberaci\u00f3n de tiempo propio, del que nacer\u00edan mejores ideas y mayor compromiso con la sociedad, los cuidados y el planeta, y con la atenci\u00f3n que requieren la justicia y la ciencia o el goce de la cultura.<\/p>\n<p><strong>Cr\u00f3nica de la conferencia:<\/strong> <a href=\"https:\/\/fcmanrique.org\/fcm-actividad\/remedios-zafra-la-tecnologia-no-ha-conseguido-el-objetivo-de-darnos-mas-tiempo-para-nosotros\">Cr\u00f3nica<\/a><\/p>\n<p><strong>M\u00e1s informaci\u00f3n:<\/strong> <a href=\"https:\/\/fcmanrique.org\/wp-content\/uploads\/np-03.24.-Conferencia-Remedios-Zafra.pdf\" target=\"_blank\" rel=\"noopener\">Nota de prensa<\/a><\/p>","protected":false},"featured_media":25332,"parent":0,"template":"","meta":{"_acf_changed":false,"ngg_post_thumbnail":0,"footnotes":""},"video_coleccion":[97],"class_list":["post-25120","fcm_video","type-fcm_video","status-publish","has-post-thumbnail","hentry","video_coleccion-conferencia"],"acf":[],"_links":{"self":[{"href":"https:\/\/ludiccc.ddns.net\/en\/wp-json\/wp\/v2\/fcm_video\/25120","targetHints":{"allow":["GET"]}}],"collection":[{"href":"https:\/\/ludiccc.ddns.net\/en\/wp-json\/wp\/v2\/fcm_video"}],"about":[{"href":"https:\/\/ludiccc.ddns.net\/en\/wp-json\/wp\/v2\/types\/fcm_video"}],"version-history":[{"count":19,"href":"https:\/\/ludiccc.ddns.net\/en\/wp-json\/wp\/v2\/fcm_video\/25120\/revisions"}],"predecessor-version":[{"id":25731,"href":"https:\/\/ludiccc.ddns.net\/en\/wp-json\/wp\/v2\/fcm_video\/25120\/revisions\/25731"}],"wp:featuredmedia":[{"embeddable":true,"href":"https:\/\/ludiccc.ddns.net\/en\/wp-json\/wp\/v2\/media\/25332"}],"wp:attachment":[{"href":"https:\/\/ludiccc.ddns.net\/en\/wp-json\/wp\/v2\/media?parent=25120"}],"wp:term":[{"taxonomy":"video_coleccion","embeddable":true,"href":"https:\/\/ludiccc.ddns.net\/en\/wp-json\/wp\/v2\/video_coleccion?post=25120"}],"curies":[{"name":"wp","href":"https:\/\/api.w.org\/{rel}","templated":true}]}}