{"id":23801,"date":"2023-05-29T07:46:46","date_gmt":"2023-05-29T07:46:46","guid":{"rendered":"https:\/\/fcmanrique.org\/?post_type=fcm_video&#038;p=23801"},"modified":"2024-06-05T10:06:38","modified_gmt":"2024-06-05T10:06:38","slug":"concierto-german-diaz","status":"publish","type":"fcm_video","link":"https:\/\/ludiccc.ddns.net\/en\/fcm-video\/concierto-german-diaz\/","title":{"rendered":"\u00abLa zanfona. Mil a\u00f1os de historia\u00bb"},"content":{"rendered":"<p><strong>Concierto-conferencia<\/strong><\/p>\n<p>La Fundaci\u00f3n C\u00e9sar Manrique (FCM) ofreci\u00f3 el pasado d\u00eda 19 de mayo de 2023, en la sala Jos\u00e9 Saramago (La Plazuela, Arrecife), una conferencia con concierto ilustrativo, titulada \u201cLa zanfona. Mil a\u00f1os de historia\u201d, a cargo de Germ\u00e1n D\u00edaz. El m\u00fasico hizo un recorrido por la historia de este instrumento de cuerda \u2014desde sus or\u00edgenes medievales hasta las composiciones contempor\u00e1neas\u2014, a trav\u00e9s de los vestigios conservados en la escultura, pintura y literatura espa\u00f1ola, con referencia particular a los instrumentos hist\u00f3ricos ib\u00e9ricos.&nbsp;<\/p>\n<p>La zanfona, un instrumento con m\u00e1s de mil a\u00f1os de historia, vivi\u00f3 su periodo de esplendor en la Baja Edad Media. Su uso se fue extinguiendo paulatinamente hasta que, en el siglo XVIII, volvi\u00f3 a resurgir como instrumento de la corte.&nbsp;<\/p>\n<p><strong>Germ\u00e1n D\u00edaz<\/strong> es m\u00fasico especializado en Estudios sobre la Tradici\u00f3n y fil\u00f3logo cl\u00e1sico. Estudi\u00f3 zanfona con los grandes maestros europeos. Perteneci\u00f3 a la m\u00edtica Viellistic Orchestra, orquesta de zanfonas asentada en Francia.&nbsp;<\/p>\n<p><b>Cr\u00f3nica del concierto-conferencia: <\/b><a href=\"https:\/\/fcmanrique.org\/fcm-actividad\/german-diaz\/?cpg=0\">Cr\u00f3nica<\/a><\/p>\n<p><strong>M\u00e1s informaci\u00f3n: <\/strong><a href=\"https:\/\/fcmanrique.org\/wp-content\/uploads\/NP-German-Diaz.pdf\">Nota de prensa<\/a><\/p>","protected":false},"featured_media":23821,"parent":0,"template":"","meta":{"_acf_changed":false,"ngg_post_thumbnail":0,"footnotes":""},"video_coleccion":[139,97],"class_list":["post-23801","fcm_video","type-fcm_video","status-publish","has-post-thumbnail","hentry","video_coleccion-concierto","video_coleccion-conferencia"],"acf":[],"_links":{"self":[{"href":"https:\/\/ludiccc.ddns.net\/en\/wp-json\/wp\/v2\/fcm_video\/23801","targetHints":{"allow":["GET"]}}],"collection":[{"href":"https:\/\/ludiccc.ddns.net\/en\/wp-json\/wp\/v2\/fcm_video"}],"about":[{"href":"https:\/\/ludiccc.ddns.net\/en\/wp-json\/wp\/v2\/types\/fcm_video"}],"version-history":[{"count":17,"href":"https:\/\/ludiccc.ddns.net\/en\/wp-json\/wp\/v2\/fcm_video\/23801\/revisions"}],"predecessor-version":[{"id":25600,"href":"https:\/\/ludiccc.ddns.net\/en\/wp-json\/wp\/v2\/fcm_video\/23801\/revisions\/25600"}],"wp:featuredmedia":[{"embeddable":true,"href":"https:\/\/ludiccc.ddns.net\/en\/wp-json\/wp\/v2\/media\/23821"}],"wp:attachment":[{"href":"https:\/\/ludiccc.ddns.net\/en\/wp-json\/wp\/v2\/media?parent=23801"}],"wp:term":[{"taxonomy":"video_coleccion","embeddable":true,"href":"https:\/\/ludiccc.ddns.net\/en\/wp-json\/wp\/v2\/video_coleccion?post=23801"}],"curies":[{"name":"wp","href":"https:\/\/api.w.org\/{rel}","templated":true}]}}