{"id":16211,"date":"2000-07-20T00:00:00","date_gmt":"2000-07-20T00:00:00","guid":{"rendered":"https:\/\/fcmanrique.org\/fcm-publicacion\/tantear-la-noche\/"},"modified":"2024-04-05T09:31:47","modified_gmt":"2024-04-05T09:31:47","slug":"tantear-la-noche","status":"publish","type":"fcm_publicacion","link":"https:\/\/ludiccc.ddns.net\/en\/fcm-publicacion\/tantear-la-noche\/","title":{"rendered":"Tantear la noche"},"content":{"rendered":"<p><\/p>\n<p class=\"MsoNormal\" style=\"text-align: justify;\"><span style=\"ofont-family: Arial;\"><strong>Juan Gelman<\/strong> (Buenos Aires, 1930) naci\u00f3 en el seno de una familia de jud\u00edos ucranianos emigrados de la URSS. A los 11 a\u00f1os public\u00f3 su primer poema en una revista de Buenos Aires. Tras desempe\u00f1ar distintos trabajos, en 1956 comenz\u00f3 su actividad como periodista, labor que ha desarrollado en distintos medios de comunicaci\u00f3n: secretario de redacci\u00f3n de los semanarios <em>Panorama <\/em>y <em>Confirmado<\/em>, director del suplemento cultural <em>La Opini\u00f3n<\/em>, secretario de redacci\u00f3n de la revista<em> Crisis<\/em>, jefe de redacci\u00f3n del diario <em>Noticias<\/em>, director de la red latinoamericana de la agencia de noticias <em>Inter Press Service<\/em>. Tambi\u00e9n ha colaborado con distintas revistas literarias y culturales.<\/span><\/p>\n<p class=\"MsoBodyTextIndent2\" style=\"text-indent: 0cm;\"><span style=\"ofont-size: 10pt; ofont-family: Arial;\">En 1975, le fue encomendada la misi\u00f3n de viajar a Europa para dar a conocer las violaciones de derechos humanos perpetradas por el gobierno de Isabel Per\u00f3n en Argentina. El golpe de estado de marzo de 1976, convierte esa misi\u00f3n en exilio. Con otros desterrados, prosigui\u00f3 la labor de denuncia de los cr\u00edmenes de la dictadura militar (1976-1983). En agosto de 1976, un comando militar secuestr\u00f3, en Buenos Aires, a su hijo Marcelo Ariel, de 20 a\u00f1os, y a su nuera Mar\u00eda Claudia Garc\u00eda Irureta Goyena, de 19 a\u00f1os, embarazada de siete meses. Marcelo Ariel fue asesinado y su esposa \u2013en el marco de Plan C\u00f3ndor que coordin\u00f3 la represi\u00f3n de las dictaduras del Cono Sur\u2013 fue trasladada a un centro clandestino de detenci\u00f3n de Montevideo, del que desapareci\u00f3 a finales de diciembre de 1976 con su beb\u00e9, nacido en cautiverio.<\/span><\/p>\n<p class=\"MsoNormal\" style=\"text-align: justify;\"><span style=\"ofont-family: Arial;\">En el exilio, trabaj\u00f3 como traductor para la UNESCO, la FAO, y la ONU. En la actualidad, desempe\u00f1a su labor como columnista en el diario argentino <em>Pagina\/12<\/em>. En febrero de 2000, adquiri\u00f3 la residencia permanente en M\u00e9xico. Tras una larga investigaci\u00f3n, encontr\u00f3 a su nieta, robada por militares uruguayos hace veinticuatro a\u00f1os.<\/span><\/p>\n<p class=\"MsoNormal\" style=\"text-align: justify;\"><span style=\"ofont-family: Arial;\">Entre su numerosa obra po\u00e9tica destacan, entre otros t\u00edtulos<em>, Viol\u00edn y otras cuestiones<\/em> (1956), <em>C\u00f3lera buey<\/em> (1971), <em>Hechos y relaciones <\/em>(1980),<em> Si dulcemente<\/em> (1980), <em>Anunciaciones<\/em> (1988), <em>Dibaxu<\/em> (1994) <em>Sombra de vuelta y de ida<\/em> (1997) y <em>Salarios del imp\u00edo y otros poemas <\/em>(1998). De la poes\u00eda de Juan Gelman se han hecho 12 antolog\u00edas, y sus versos han sido traducidos al ingl\u00e9s, sueco, hebreo, ruso, griego, chino, checo y turco. De su obra en prosa cabe se\u00f1alar <em>Ni el flaco perd\u00f3n de Dios. Hijos de desaparecidos<\/em>, en colaboraci\u00f3n con Mara La Madrid (1997) y <em>Prosa de Prensa<\/em> (1997).<\/span><\/p>\n<p class=\"MsoNormal\" style=\"text-align: justify;\"><span style=\"ofont-family: Arial;\">En reconocimiento a su obra, Juan Gelman ha recibido el Premio Internacional de Poes\u00eda Mondello, Italia, 1980; el Premio Boris Vian, Argentina, 1986; el Premio Juan Bautista Alberdi, Argentina, 1992; y el Primer Premio Nacional de Poes\u00eda 1992-1995, Argentina, 1997. A principios del a\u00f1o 2000, le fue concedido el Premio Juan Rulfo, el galard\u00f3n m\u00e1s importante de la literatura en Latinoam\u00e9rica.&nbsp;&nbsp; <\/span><\/p>\n<p class=\"MsoNormal\" style=\"text-align: justify;\"><span style=\"ofont-family: Arial;\">Juan Gelman est\u00e1 considerado como uno de los m\u00e1s importantes poetas en castellano de nuestra \u00e9poca. Su poes\u00eda es testimonio y reflejo de sus experiencias m\u00e1s vitales y en su voz aparecen todos los viejos temas universales: el amor, el dolor, la derrota y la muerte, los exilios y aflicciones; y siempre, con una econom\u00eda verbal sobresaliente, utilizando palabras tan sencillas como transparentes, en una operaci\u00f3n creativa por construir una lengua po\u00e9tica personal que opera sobre las estructuras esenciales del idioma.<\/span><\/p>\n<p><span style=\"ofont-size: 10pt; ofont-family: Arial;\">En <em>Tantear la noche<\/em> se publican 22 poemas in\u00e9ditos del poeta argentino.<\/span><\/p>","protected":false},"featured_media":16212,"parent":0,"template":"","meta":{"_acf_changed":false,"ngg_post_thumbnail":0,"footnotes":""},"publicacion_coleccion":[66],"class_list":["post-16211","fcm_publicacion","type-fcm_publicacion","status-publish","has-post-thumbnail","hentry","publicacion_coleccion-penola-blanca"],"acf":[],"_links":{"self":[{"href":"https:\/\/ludiccc.ddns.net\/en\/wp-json\/wp\/v2\/fcm_publicacion\/16211","targetHints":{"allow":["GET"]}}],"collection":[{"href":"https:\/\/ludiccc.ddns.net\/en\/wp-json\/wp\/v2\/fcm_publicacion"}],"about":[{"href":"https:\/\/ludiccc.ddns.net\/en\/wp-json\/wp\/v2\/types\/fcm_publicacion"}],"version-history":[{"count":1,"href":"https:\/\/ludiccc.ddns.net\/en\/wp-json\/wp\/v2\/fcm_publicacion\/16211\/revisions"}],"predecessor-version":[{"id":25158,"href":"https:\/\/ludiccc.ddns.net\/en\/wp-json\/wp\/v2\/fcm_publicacion\/16211\/revisions\/25158"}],"wp:featuredmedia":[{"embeddable":true,"href":"https:\/\/ludiccc.ddns.net\/en\/wp-json\/wp\/v2\/media\/16212"}],"wp:attachment":[{"href":"https:\/\/ludiccc.ddns.net\/en\/wp-json\/wp\/v2\/media?parent=16211"}],"wp:term":[{"taxonomy":"publicacion_coleccion","embeddable":true,"href":"https:\/\/ludiccc.ddns.net\/en\/wp-json\/wp\/v2\/publicacion_coleccion?post=16211"}],"curies":[{"name":"wp","href":"https:\/\/api.w.org\/{rel}","templated":true}]}}