{"id":15161,"date":"2018-02-21T11:31:12","date_gmt":"2018-02-21T11:31:12","guid":{"rendered":"https:\/\/fcmanrique.org\/fcm-exposicion\/jose-miguel-ullan-visto-y-no-visto-5\/"},"modified":"2026-04-23T23:20:11","modified_gmt":"2026-04-23T23:20:11","slug":"jose-miguel-ullan-visto-y-no-visto-5","status":"publish","type":"fcm_exposicion","link":"https:\/\/ludiccc.ddns.net\/en\/fcm-exposicion\/jose-miguel-ullan-visto-y-no-visto-5\/","title":{"rendered":"Jos\u00e9-Miguel Ull\u00e1n, visto y no visto"},"content":{"rendered":"<div class=\"wp-block-columns fcm-page-migration-columns is-layout-flex wp-container-core-columns-is-layout-9d6595d7 wp-block-columns-is-layout-flex\"><div class=\"wp-block-column is-layout-flow wp-block-column-is-layout-flow\" style=\"flex-basis:66.66%\"><figure class=\"wp-block-image size-full\"><img fetchpriority=\"high\" width=\"289\" height=\"246\" src=\"https:\/\/fcm.local\/wp-content\/uploads\/cesar-manrique-expo-Jose-Miguel-Ullan-visto-y-no-visto-th.jpg\" class=\"wp-image-16832\" alt=\"Jos\u00e9-Miguel Ull\u00e1n, visto y no visto\" loading=\"eager\" decoding=\"async\" \/><\/figure>\n\n<p><em>Jos\u00e9-Miguel Ull\u00e1n, visto y no visto<\/em><\/p>\n\n\n<p>Exposici\u00f3n en la FCM. 17 de junio &#8211; 3 de octubre El jueves 17 de junio de 2010, a las 20,30 h, la Fundaci\u00f3n C\u00e9sar Manrique inaugur\u00f3 en su sede de Taro de Tah\u00edche, la exposici\u00f3n <em>Jos\u00e9-Miguel Ull\u00e1n, visto y no visto<\/em>, que pudo visitarse hasta el 3 de octubre de 2010. Producida y organizada por la Fundaci\u00f3n C\u00e9sar Manrique y copatrocinada por La Caja de Canarias,<em> Jos\u00e9-Miguel Ull\u00e1n, visto y no visto<\/em>, que se hab\u00eda podido ver anteriormente en el C\u00edrculo de Lectores de Madrid y Barcelona, se personaliz\u00f3 para su desplazamiento a Lanzarote con la inclusi\u00f3n de m\u00e1s de un centenar de nuevos dibujos exhibi\u00e9ndose, en su conjunto, m\u00e1s de 400 piezas. La muestra estuvo comisariada por Manuel Ferro, que ha ejercido el periodismo en diferentes medios tanto escritos \u2014<em>ABC<\/em>, <em>El Pa\u00eds<\/em>, <em>Diario 16<\/em>, donde coordin\u00f3 el suplemento &#8220;Culturas&#8221;\u2014 como en Televisi\u00f3n Espa\u00f1ola o en Radio Nacional de Espa\u00f1a. Es fundador de la editorial Ave del Para\u00edso. Durante varios a\u00f1os coordin\u00f3 el <em>Sal\u00f3n de los XVI<\/em>, con exposiciones en el Museo de Arte Contempor\u00e1neo (Madrid), la Caixa (Barcelona) y Pabell\u00f3n Mud\u00e9jar (Sevilla). Ha colaborado en la organizaci\u00f3n de diferentes exposiciones de artistas mexicanos en Espa\u00f1a (Frida Kahlo, Manuel \u00c1lvarez Bravo, Juan Soriano, Vicente Rojo, Jos\u00e9 Luis Cuevas, Julio Gal\u00e1n y la colectiva<em> Pintado en M\u00e9xico<\/em>), as\u00ed como de artistas espa\u00f1oles en M\u00e9xico (Zush, Jos\u00e9 Manuel Broto, Jos\u00e9 Mar\u00eda Sicilia, R\u00e0fols-Casamada, Josep Guinovart y Javier Fern\u00e1ndez de Molina). Paralelamente ha desarrollado su actividad de dise\u00f1ador gr\u00e1fico trabajando para diversas instituciones como el Museo Nacional Centro de Arte Reina Sof\u00eda, Fundaci\u00f3n Mir\u00f3, Seacex, Fundaci\u00f3n C\u00e9sar Manrique, Fundaci\u00f3n Casa de la Moneda, Museo Jos\u00e9 Luis Cuevas (M\u00e9xico) o el MEIAC, entre otras. <em>Visto y no visto<\/em> traz\u00f3 un completo recorrido por la trayectoria y el universo creativo de Jos\u00e9-Miguel Ull\u00e1n (Villarino de los Aires, Salamanca, 1944 &#8211; Madrid, 2009). As\u00ed, se mostr\u00f3 tanto su poes\u00eda como su trabajo pict\u00f3rico (<em>agrafismos<\/em>, denominaci\u00f3n que escogi\u00f3 para sus dibujos de peque\u00f1o formato sobre papel), adem\u00e1s de su colaboraci\u00f3n con artistas pl\u00e1sticos: primeras ediciones de sus libros de poes\u00eda, fotograf\u00edas, una amplia selecci\u00f3n de libros de artista (Joan Mir\u00f3, Antoni T\u00e0pies, Eduardo Chillida, Pablo Palazuelo, Eusebio Sempere y Antonio Saura, entre otros), y una extensa selecci\u00f3n de obra pl\u00e1stica (poes\u00eda visual), en la que se incluye dibujos no vistos en Madrid y Barcelona, entre ellos la serie de 54 <em>agrafismos<\/em> titulada <em>L\u00e1mparas<\/em>, en homenaje a la escritora Mar\u00eda Zambrano, que se muestra por primera vez. Jos\u00e9-Miguel Ull\u00e1n est\u00e1 considerado como una de las figuras m\u00e1s sobresalientes de la poes\u00eda hisp\u00e1nica. Escritor, cr\u00edtico, comisario de exposiciones y poeta, desarroll\u00f3 una intensa actividad dentro de la vida cultural del pa\u00eds. Dirigi\u00f3, en Par\u00eds, las emisiones radiof\u00f3nicas en lengua espa\u00f1ola de France Culture (ORTF). Fue subdirector de la revista de artes pl\u00e1sticas <em>Guadalimar<\/em>, codirector de <em>Cuadernos Guadalimar<\/em> y subdirector del peri\u00f3dico <em>Diario 16<\/em>, donde fund\u00f3 el suplemento &#8220;Culturas\u201d. As\u00ed mismo, cre\u00f3 la colecci\u00f3n Poes\u00eda\/C\u00e1tedra y fue fundador y director literario de la editorial Ave del Para\u00edso.  Como poeta, Jos\u00e9-Miguel Ull\u00e1n se caracteriz\u00f3 siempre por entrecruzar los mimbres de la pl\u00e1stica y de la literatura en una exploraci\u00f3n singular en la que funde trazo y signo, palabra e imagen, en un permanente flujo de transferencias que forma parte sustantiva de su c\u00f3digo expresivo. Autor de una extensa obra po\u00e9tica, entre sus libros publicados cabe se\u00f1alar: <em>Maniluvios, Frases, Rumor de T\u00e1nger, Visto y no visto, Ardicia (Antolog\u00eda po\u00e9tica, 1964-1994), Tardes de lluvia \/ Animales impuros, Test\u00edculo del Anticristo, Con todas las letras, Amo de llaves, De madrugada, entre la sombra, el viento, \u00d3rganos dispersos<\/em> \u2014editado por la Fundaci\u00f3n C\u00e9sar Manrique dentro de su colecci\u00f3n de poes\u00eda P\u00e9\u00f1ola Blanca\u2014 y <em>Ondulaciones (Poes\u00eda reunida. 1968-2007)<\/em>. Ha publicado tambi\u00e9n <em>Mar\u00eda Zambrano<\/em>, esencia y hermosura, una antolog\u00eda de textos de la escritora, seleccionados y prologado por Ull\u00e1n.  Muchas de las obras de este poeta fueron objeto de ediciones de bibliofilia realizadas con pintores. Estas piezas han sido expuestas en diversos museos, entre los que destacan: MoMa (Nueva York), Museo Nacional Centro de Arte Reina Sof\u00eda (Madrid) y Biblioteca Nacional de Francia (Par\u00eds). Con esta muestra, la FCM da continuidad a una de las l\u00edneas de trabajo de su programa de exposiciones como es la de Revisiones hist\u00f3ricas, que atiende a figuras, movimientos y periodos del arte o autores que, por diversas causas, no han recibido la consideraci\u00f3n cr\u00edtica que merecen.<\/p>\n<\/div><div class=\"wp-block-column is-layout-flow wp-block-column-is-layout-flow\" style=\"flex-basis:33.33%\"><div class=\"wp-block-group detail-panel detail-media wp-block-group-\"><div class=\"wp-block-group__inner-container is-layout-flow wp-block-group-is-layout-flow\"><p><a href=\"https:\/\/fcmanrique.org\/wp-content\/uploads\/thmb_4caafaf0CARTEL-ULLAN_241b.jpg\"><\/a><\/p><\/div><\/div>\n<div class=\"wp-block-group detail-panel detail-media wp-block-group-\"><div class=\"wp-block-group__inner-container is-layout-flow wp-block-group-is-layout-flow\"><ul class=\"wp-block-list\"><li><a href=\"\/recursos\/exposicion\/4caae55cnp14-10jmullan.pdf\" class=\"fcm-pdf-download-link\">Nota de prensa<\/a><\/li><li><a href=\"\/recursos\/exposicion\/4caae59eDossier%20de%20prensa%20de%20la%20exposicion.pdf\" class=\"fcm-pdf-download-link\">Dossier de prensa<\/a><\/li><\/ul><\/div><\/div><\/div><\/div>","protected":false},"featured_media":16832,"parent":0,"template":"","meta":{"_acf_changed":false,"ngg_post_thumbnail":0,"footnotes":""},"exposicion_linea_discursiva":[53],"class_list":["post-15161","fcm_exposicion","type-fcm_exposicion","status-publish","has-post-thumbnail","hentry","exposicion_linea_discursiva-revisiones-historicas"],"acf":[],"_links":{"self":[{"href":"https:\/\/ludiccc.ddns.net\/en\/wp-json\/wp\/v2\/fcm_exposicion\/15161","targetHints":{"allow":["GET"]}}],"collection":[{"href":"https:\/\/ludiccc.ddns.net\/en\/wp-json\/wp\/v2\/fcm_exposicion"}],"about":[{"href":"https:\/\/ludiccc.ddns.net\/en\/wp-json\/wp\/v2\/types\/fcm_exposicion"}],"version-history":[{"count":6,"href":"https:\/\/ludiccc.ddns.net\/en\/wp-json\/wp\/v2\/fcm_exposicion\/15161\/revisions"}],"predecessor-version":[{"id":27115,"href":"https:\/\/ludiccc.ddns.net\/en\/wp-json\/wp\/v2\/fcm_exposicion\/15161\/revisions\/27115"}],"wp:featuredmedia":[{"embeddable":true,"href":"https:\/\/ludiccc.ddns.net\/en\/wp-json\/wp\/v2\/media\/16832"}],"wp:attachment":[{"href":"https:\/\/ludiccc.ddns.net\/en\/wp-json\/wp\/v2\/media?parent=15161"}],"wp:term":[{"taxonomy":"exposicion_linea_discursiva","embeddable":true,"href":"https:\/\/ludiccc.ddns.net\/en\/wp-json\/wp\/v2\/exposicion_linea_discursiva?post=15161"}],"curies":[{"name":"wp","href":"https:\/\/api.w.org\/{rel}","templated":true}]}}