{"id":15057,"date":"2018-02-21T11:30:27","date_gmt":"2018-02-21T11:30:27","guid":{"rendered":"https:\/\/fcmanrique.org\/fcm-exposicion\/washington-barcala-retrospectiva\/"},"modified":"2026-04-23T23:20:12","modified_gmt":"2026-04-23T23:20:12","slug":"washington-barcala-retrospectiva","status":"publish","type":"fcm_exposicion","link":"https:\/\/ludiccc.ddns.net\/en\/fcm-exposicion\/washington-barcala-retrospectiva\/","title":{"rendered":"Washington Barcala. Retrospectiva"},"content":{"rendered":"<div class=\"wp-block-columns fcm-page-migration-columns is-layout-flex wp-container-core-columns-is-layout-9d6595d7 wp-block-columns-is-layout-flex\"><div class=\"wp-block-column is-layout-flow wp-block-column-is-layout-flow\" style=\"flex-basis:66.66%\"><figure class=\"wp-block-image size-full\"><img fetchpriority=\"high\" width=\"289\" height=\"246\" src=\"https:\/\/fcm.local\/wp-content\/uploads\/cesar-manrique-expo-Washington-Barcala-Retrospectiva-th.jpg\" class=\"wp-image-16849\" alt=\"Washington Barcala. Retrospectiva\" loading=\"eager\" decoding=\"async\" \/><\/figure>\n<p>El 27 de febrero de 2003, se inaugur\u00f3, en la sede de la Fundaci\u00f3n C\u00e9sar Manrique, en Taro de Tah\u00edche, la exposici\u00f3n <strong><em>Washington Barcala. Retrospectiva<\/em><\/strong>, que fue clausurada el 27 de abril.<\/p>\n<p><strong>Washington Barcala<\/strong>, hijo \u00fanico de una familia con ascendencia espa\u00f1ola e italiana, se form\u00f3 compartiendo juegos y estudios con tareas en la f\u00e1brica de cajas de cart\u00f3n propiedad de sus padres. All\u00ed trabaj\u00f3 con una materia prima que, muchos a\u00f1os m\u00e1s tarde, emplear\u00eda en su obra. Barcala se familiariz\u00f3 entonces con el cart\u00f3n, con la m\u00e1quina de coser, y con las cajas, todas palabras clave para entender el mundo creativo de su madurez. El lenguaje de Barcala no solo es de pintor, sino que se despliega en las vecindades de otras disciplinas. Se puede afirmar que es un pintor de los l\u00edmites, de las fronteras. <\/p>\n<p>Fue a mediados de los a\u00f1os 60, despu\u00e9s de haberse iniciado en el mundo del arte como pintor figurativo y abstracto, cuando comenz\u00f3 a explorar su lenguaje creativo m\u00e1s personal. En Espa\u00f1a encontr\u00f3 el lugar y los est\u00edmulos propicios para su aventura creativa, contenida en sus cajas, objetos pict\u00f3ricos construidos con trozos de madera, telas, hilos, cart\u00f3n, palos, papeles, puntadas&#8230;, proponiendo silenciosos y sutiles paisajes emocionales.<\/p>\n<p>Barcala logr\u00f3 una obra personal, coherente y rigurosa, utilizando un lenguaje \u00edntimo y, en ocasiones, herm\u00e9tico. Su producci\u00f3n se ha desarrollado en torno a tres estilos: la pintura figurativa (1946-1950); la pintura abstracta e informalista (1961-1964) \u2013es la etapa de las <em>Chatarras<\/em>\u2013, y su estilo m\u00e1s personal, durante la \u00faltima etapa de su carrera art\u00edstica, desde 1967 (etapa de las <em>Cajas<\/em>). Para expresar su pensamiento, Barcala no utiliza ni los tradicionales lienzos, ni las ortodoxas pinturas sino que hace acopio de otros materiales con los que se siente libre, con los que logra crear su estilo, su lenguaje. <\/p>\n<p>Para la comisaria de la exposici\u00f3n, <strong>Mar\u00eda Mart\u00edn<\/strong>, la importancia de la obra de Barcala reside en que en su producci\u00f3n \u201cWashington a\u00fana el Arte Povera y el Expresionismo abstracto; el <em>ready-made<\/em> con la tradici\u00f3n pict\u00f3rica. Cuando llega a Espa\u00f1a en los a\u00f1os setenta se encuentra con el influjo de la pintura abstracta espa\u00f1ola (el grupo El Paso y el grupo de Cuenca) y como buen receptor saber absorber lo que se encuentra conjug\u00e1ndolo con un constructivismo y formalismo ya aprehendido. De esta manera crea un lenguaje propio, lleno de tradici\u00f3n y novedad\u201d.<\/p>\n<p>La exposici\u00f3n exhibida en la FCM reun\u00eda 64 obras del artista uruguayo. Las obras han sido cedidas, entre otros, por la familia Barcala, el Museo Nacional Centro de Arte Reina Sof\u00eda de Madrid, el Museo Nacional de Artes Visuales de Montevideo y el Patio Herreriano-Museo de Arte Contempor\u00e1neo Espa\u00f1ol de Valladolid. Esta muestra cuenta con el patrocinio de Telef\u00f3nica, S.A. y fue acogida en el mes de mayo, en las salas de exposiciones de la Fundaci\u00f3n Telef\u00f3nica en Madrid.<\/p>\n<p>En el acto de presentaci\u00f3n, el d\u00eda 27 de febrero, junto al presidente de la FCM, Jos\u00e9 Juan Ram\u00edrez, y el director de Actividades Fundacionales, Fernando G\u00f3mez Aguilera estuvieron presentes la comisaria de la muestra, Mar\u00eda Mart\u00edn, y el director de Proyectos Culturales de la Fundaci\u00f3n Telef\u00f3nica, Santiago Mu\u00f1oz Bastide. La comisaria, durante su intervenci\u00f3n, afirm\u00f3 que el legado de Washington Barcala \u201cdebe ser mirado y revisado y, pese a que ya est\u00e1 presente en muchos museos y cada vez va encontrando m\u00e1s su sitio, ahora debe ser conocido por el p\u00fablico en general\u201d.<\/p>\n<p>La exposici\u00f3n recibi\u00f3 43.181 visitantes.<\/p>\n<p><strong>M\u00e1s informaci\u00f3n:<\/strong><\/p>\n<p><a href=\"https:\/\/fcmanrique.org\/fcm-publicacion\/washington-barcala\/?cpg=2\" target=\"_blank\" rel=\"noopener\">Cat\u00e1logo de la exposici\u00f3n<\/a><\/p><\/div><div class=\"wp-block-column is-layout-flow wp-block-column-is-layout-flow\" style=\"flex-basis:33.33%\"><div class=\"wp-block-group detail-panel detail-media wp-block-group-\"><div class=\"wp-block-group__inner-container is-layout-flow wp-block-group-is-layout-flow\"><p><a href=\"https:\/\/fcmanrique.org\/wp-content\/uploads\/thmb_expobarcala03_241.jpg\"><\/a><\/p><\/div><\/div><\/div><\/div>","protected":false},"featured_media":16849,"parent":0,"template":"","meta":{"_acf_changed":false,"ngg_post_thumbnail":0,"footnotes":""},"exposicion_linea_discursiva":[53],"class_list":["post-15057","fcm_exposicion","type-fcm_exposicion","status-publish","has-post-thumbnail","hentry","exposicion_linea_discursiva-revisiones-historicas"],"acf":[],"_links":{"self":[{"href":"https:\/\/ludiccc.ddns.net\/en\/wp-json\/wp\/v2\/fcm_exposicion\/15057","targetHints":{"allow":["GET"]}}],"collection":[{"href":"https:\/\/ludiccc.ddns.net\/en\/wp-json\/wp\/v2\/fcm_exposicion"}],"about":[{"href":"https:\/\/ludiccc.ddns.net\/en\/wp-json\/wp\/v2\/types\/fcm_exposicion"}],"version-history":[{"count":4,"href":"https:\/\/ludiccc.ddns.net\/en\/wp-json\/wp\/v2\/fcm_exposicion\/15057\/revisions"}],"predecessor-version":[{"id":27132,"href":"https:\/\/ludiccc.ddns.net\/en\/wp-json\/wp\/v2\/fcm_exposicion\/15057\/revisions\/27132"}],"wp:featuredmedia":[{"embeddable":true,"href":"https:\/\/ludiccc.ddns.net\/en\/wp-json\/wp\/v2\/media\/16849"}],"wp:attachment":[{"href":"https:\/\/ludiccc.ddns.net\/en\/wp-json\/wp\/v2\/media?parent=15057"}],"wp:term":[{"taxonomy":"exposicion_linea_discursiva","embeddable":true,"href":"https:\/\/ludiccc.ddns.net\/en\/wp-json\/wp\/v2\/exposicion_linea_discursiva?post=15057"}],"curies":[{"name":"wp","href":"https:\/\/api.w.org\/{rel}","templated":true}]}}