{"id":4577,"date":"2017-06-09T13:38:28","date_gmt":"2017-06-09T13:38:28","guid":{"rendered":"https:\/\/fcmanrique.org\/?p=4577"},"modified":"2026-04-23T23:19:18","modified_gmt":"2026-04-23T23:19:18","slug":"la-fundacion-cesar-manrique-homenajea-a-luis-morales","status":"publish","type":"fcm_actividad","link":"https:\/\/ludiccc.ddns.net\/en\/fcm-actividad\/la-fundacion-cesar-manrique-homenajea-a-luis-morales\/","title":{"rendered":"La Fundaci\u00f3n C\u00e9sar Manrique homenajea a Luis Morales"},"content":{"rendered":"<figure class=\"wp-block-image size-full\"><img fetchpriority=\"high\" width=\"2126\" height=\"1394\" src=\"https:\/\/fcm.local\/wp-content\/uploads\/fcmanrique-libro-luis-morales-3.jpg\" class=\"wp-image-4581\" alt=\"La Fundaci\u00f3n C\u00e9sar Manrique homenajea a Luis Morales\" loading=\"eager\" decoding=\"async\" srcset=\"https:\/\/fcm.local\/wp-content\/uploads\/fcmanrique-libro-luis-morales-3.jpg 2126w, https:\/\/fcm.local\/wp-content\/uploads\/fcmanrique-libro-luis-morales-3-300x197.jpg 300w, https:\/\/fcm.local\/wp-content\/uploads\/fcmanrique-libro-luis-morales-3-768x504.jpg 768w, https:\/\/fcm.local\/wp-content\/uploads\/fcmanrique-libro-luis-morales-3-1024x671.jpg 1024w\" sizes=\"(max-width: 2126px) 100vw, 2126px\" \/><\/figure>\n<p>\u201cEstoy seguro de que cuando le cuenten sus hijos la masiva asistencia que ha habido a este acto, Luis Morales estar\u00e1 muy contento\u201d. Con esas palabras, Jos\u00e9 Juan Ram\u00edrez, presidente de la Fundaci\u00f3n C\u00e9sar Manrique (FCM), dio por finalizada, el 8 de junio en Taro de Tah\u00edche, la presentaci\u00f3n del libro <em>Luis Morales Padr\u00f3n<\/em>, el quinto t\u00edtulo de la colecci\u00f3n <em>Islas de memoria<\/em>, escrito por Mario Alberto Perdomo. Luis Morales (Arrecife, 1932) no pudo asistir por motivos de salud. En su lugar, su hija Mercedes ley\u00f3 unas palabras de disculpa por su ausencia y de agradecimiento por el libro y por el acto, rematadas con una frase que el encargado de V\u00edas y Obras del Cabildo siempre dice cuando va de visita a la FCM: \u201cAqu\u00ed estoy porque he venido, porque he venido aqu\u00ed estoy, como ya he terminado, como he venido, me voy\u201d. Ram\u00edrez hab\u00eda arrancado tambi\u00e9n la presentaci\u00f3n destacando la vocaci\u00f3n de servicio p\u00fablico de Luis Morales y la relaci\u00f3n de confianza entre su padre, el presidente del Cabildo Pep\u00edn Ram\u00edrez, y \u00e9l: \u201cRecuerdo las continuas visitas a mi casa para tratar asuntos sobre la mejora de la Isla\u201d. \u201cEste libro pone a Luis Morales en su lugar, aunque se merece mucho m\u00e1s que este libro\u201d, se\u00f1al\u00f3. <a href=\"https:\/\/fcmanrique.org\/wp-content\/uploads\/fcmanrique-libro-luis-morales.jpg\"><img loading=\"lazy\" decoding=\"async\" src=\"https:\/\/fcmanrique.org\/wp-content\/uploads\/fcmanrique-libro-luis-morales.jpg\" alt=\"\" width=\"496\" height=\"323\"><\/a> El director de la FCM, Fernando G\u00f3mez Aguilera, calific\u00f3 la obra como \u201cun libro informado\u201d, con fuentes muy variadas, con muchos datos y de una \u201clectura rica y provechosa\u201d. El libro, con el hilo conductor del protagonista, se centra principalmente en un periodo de quince a\u00f1os (1960-1975), \u201cun tiempo de rupturas\u201d, \u201cla verdadera revoluci\u00f3n moderna de la historia de Lanzarote\u201d, en palabras de G\u00f3mez Aguilera, por las obras p\u00fablicas realizadas, el cambio en el modelo econ\u00f3mico y la distribuci\u00f3n social del bienestar: \u201cLa edad de oro de la Isla\u201d. El libro, por tanto, \u201ces una cr\u00f3nica detallada de esa \u00e9poca de transformaci\u00f3n\u201d y se ocupa de la microhistoria, de los personajes que no aparecen en la historia. Tambi\u00e9n es \u201cun documento de antropolog\u00eda o etnograf\u00eda\u201d y una \u201ccr\u00f3nica de hechos admirables, casi m\u00e1gicos\u201d. El director de la FCM expuso que el libro gira sobre varios ejes. Uno ser\u00eda la modernizaci\u00f3n \u201crelativa\u201d de la Administraci\u00f3n, del Cabildo, que tuvo como inicio un proceso traum\u00e1tico, de romper con pr\u00e1cticas corruptas y clientelares, as\u00ed como la creaci\u00f3n del departamento de V\u00edas y Obras y el impulso de la obra p\u00fablica. Otro ser\u00eda la creaci\u00f3n de una imagen \u00fanica en el mundo, una puesta en valor del patrimonio cultural, \u201cel sue\u00f1o de una minor\u00eda que fue tomando cuerpo\u201d, con un modelo tur\u00edstico in\u00e9dito, propio de la Isla e impulsado por C\u00e9sar Manrique. Tambi\u00e9n est\u00e1 la incorporaci\u00f3n de la sensibilidad al cuidado del paisaje y el inicio de una incipiente pol\u00edtica de ordenaci\u00f3n territorial. G\u00f3mez Aguilera hizo un par\u00e9ntesis para pedir al Cabildo, que proyecta hacer una rotonda en Jameos del Agua y eliminar la isleta del cangrejo, \u201cque no lo haga porque es una carretera preciosa, una joya hist\u00f3rica y por respeto a una \u00e9poca, a esos hombres y esos ideales\u201d. Y que en lugar de eliminarla pongan una placa que diga que \u201cen reconocimiento a Luis Morales y a sus hombres no se ha destruido este tramo\u201d. \u201cCon el tiempo lo agradecer\u00e1n\u201d, asegur\u00f3. Y c\u00f3mo cuenta todo esto Mario Alberto Perdomo. \u201cComo un narrador omnisciente -se\u00f1al\u00f3 G\u00f3mez Aguilera-, alternando la cr\u00f3nica, el relato y el testimonio\u201d. \u201cEs el libro de un gran tejedor\u201d que hace \u201cun levantamiento de la historia inconsciente\u201d. Tambi\u00e9n es \u201cun cantar de gesta contempor\u00e1neo\u201d, una epopeya sobre una \u00e9poca y sobre un hombre, \u201cuna buena persona que se hizo mayor antes de tiempo\u201d, \u201cun hombre trabajador, de m\u00fasica y de una buena pesca, que form\u00f3 parte de la trinidad del Cabildo, junto a Pep\u00edn y Antonio \u00c1lvarez\u201d. \u201cUno de los funcionarios p\u00fablicos que m\u00e1s ha prestigiado al Cabildo\u201d. <a href=\"https:\/\/fcmanrique.org\/wp-content\/uploads\/fcmanrique-libro-luis-morales-2.jpg\"><img loading=\"lazy\" decoding=\"async\" src=\"https:\/\/fcmanrique.org\/wp-content\/uploads\/fcmanrique-libro-luis-morales-2.jpg\" alt=\"\" width=\"511\" height=\"328\"><\/a> Mario Alberto Perdomo dijo que iba a ser breve y lo fue. Lament\u00f3 la ausencia de Morales \u201cporque el acto hubiera sido m\u00e1s divertido\u201d y dijo que el libro est\u00e1 repleto de los gestos y la memoria del protagonista, \u201cde un hombre que tiene la cultura del proyecto compartido\u201d. El autor agradeci\u00f3 la colaboraci\u00f3n de todos los que han dado su testimonio para el libro y especialmente de Polo D\u00edaz, autor del pr\u00f3logo, \u201cen esta \u00e9poca tan extra\u00f1a por la defensa de la legalidad\u201d. El libro est\u00e1 dedicado a la memoria de Maestro Manuel, padre de Luis Morales, trabajador del Ayuntamiento de Arrecife y que no s\u00f3lo ense\u00f1\u00f3 a su hijo el oficio sino sus valores. Perdomo se\u00f1al\u00f3 que para el libro hubieran valido tambi\u00e9n estos cuatro t\u00edtulos: \u201cEl hombre que siempre estuvo all\u00ed\u201d, \u201cEl mejor int\u00e9rprete de Manrique\u201d, \u201cEl ayudante de C\u00e9sar\u201d o \u201cEl m\u00e1s visible de los invisibles\u201d. Destac\u00f3 que toda la obra p\u00fablica de Manrique pas\u00f3 por sus manos y que disfrutamos de los trabajos de Morales cada vez que pisamos una carretera, visitamos un Centro tur\u00edstico, caminamos por un adoquinado o jugamos en alg\u00fan parque. \u201cCuando se jubil\u00f3 -dijo Perdomo-, Luis Morales ten\u00eda 150 hombres a su cargo aunque lleg\u00f3 a tener 300, y entre sus logros est\u00e1 el de contagiar su ilusi\u00f3n y entusiasmo a todos esos trabajadores\u201d. Record\u00f3 el cartel que colgaba en su oficina: \u201cAqu\u00ed, en V\u00edas y Obras, las cosas f\u00e1ciles las hacemos sobre la marcha, lo dif\u00edcil tardamos un poco, y, si quiere usted que hagamos milagros, tiene que avisar con tiempo\u201d. \u201cPara todo tipo de tejido social -concluy\u00f3 el autor del libro- es sanador reconocer las aportaciones de sus mejores hijos e hijas\u201d. Nota de prensa en PDF: <a href=\"https:\/\/fcmanrique.org\/wp-content\/uploads\/fcmanrique-presen-libro-luis-morales-padron.pdf\" class=\"fcm-pdf-download-link\">fcmanrique-presen-libro-luis-morales-padron<\/a><\/p>\n<p><a href=\"https:\/\/fcmanrique.org\/wp-content\/uploads\/fcm-inv-libro-luis-morales..jpg\"><img loading=\"lazy\" decoding=\"async\" src=\"https:\/\/fcmanrique.org\/wp-content\/uploads\/fcm-inv-libro-luis-morales..jpg\" alt=\"\" width=\"570\" height=\"379\"><\/a><\/p>","protected":false},"featured_media":4581,"parent":0,"template":"","meta":{"_acf_changed":false,"ngg_post_thumbnail":0,"footnotes":""},"actividad_tipo":[36],"actividad_lugar":[],"actividad_departamento":[],"actividad_ciclo":[],"class_list":["post-4577","fcm_actividad","type-fcm_actividad","status-publish","has-post-thumbnail","hentry","actividad_tipo-presentacion-libros"],"acf":[],"_links":{"self":[{"href":"https:\/\/ludiccc.ddns.net\/en\/wp-json\/wp\/v2\/fcm_actividad\/4577","targetHints":{"allow":["GET"]}}],"collection":[{"href":"https:\/\/ludiccc.ddns.net\/en\/wp-json\/wp\/v2\/fcm_actividad"}],"about":[{"href":"https:\/\/ludiccc.ddns.net\/en\/wp-json\/wp\/v2\/types\/fcm_actividad"}],"version-history":[{"count":7,"href":"https:\/\/ludiccc.ddns.net\/en\/wp-json\/wp\/v2\/fcm_actividad\/4577\/revisions"}],"predecessor-version":[{"id":26920,"href":"https:\/\/ludiccc.ddns.net\/en\/wp-json\/wp\/v2\/fcm_actividad\/4577\/revisions\/26920"}],"wp:featuredmedia":[{"embeddable":true,"href":"https:\/\/ludiccc.ddns.net\/en\/wp-json\/wp\/v2\/media\/4581"}],"wp:attachment":[{"href":"https:\/\/ludiccc.ddns.net\/en\/wp-json\/wp\/v2\/media?parent=4577"}],"wp:term":[{"taxonomy":"actividad_tipo","embeddable":true,"href":"https:\/\/ludiccc.ddns.net\/en\/wp-json\/wp\/v2\/actividad_tipo?post=4577"},{"taxonomy":"actividad_lugar","embeddable":true,"href":"https:\/\/ludiccc.ddns.net\/en\/wp-json\/wp\/v2\/actividad_lugar?post=4577"},{"taxonomy":"actividad_departamento","embeddable":true,"href":"https:\/\/ludiccc.ddns.net\/en\/wp-json\/wp\/v2\/actividad_departamento?post=4577"},{"taxonomy":"actividad_ciclo","embeddable":true,"href":"https:\/\/ludiccc.ddns.net\/en\/wp-json\/wp\/v2\/actividad_ciclo?post=4577"}],"curies":[{"name":"wp","href":"https:\/\/api.w.org\/{rel}","templated":true}]}}