{"id":3526,"date":"2014-10-28T00:00:00","date_gmt":"2014-10-28T00:00:00","guid":{"rendered":"https:\/\/fcmanrique.org\/2014\/10\/28\/presentacion-del-libro-postumo-de-jose-saramago-en-la-fundacion-cesar-manrique\/?lang=es"},"modified":"2026-04-23T23:19:18","modified_gmt":"2026-04-23T23:19:18","slug":"presentacion-del-libro-postumo-de-jose-saramago-en-la-fundacion-cesar-manrique","status":"publish","type":"fcm_actividad","link":"https:\/\/ludiccc.ddns.net\/en\/fcm-actividad\/presentacion-del-libro-postumo-de-jose-saramago-en-la-fundacion-cesar-manrique\/","title":{"rendered":"Presentaci\u00f3n del libro p\u00f3stumo de Jos\u00e9 Saramago en la Fundaci\u00f3n C\u00e9sar Manrique"},"content":{"rendered":"<figure class=\"wp-block-image size-full\"><img fetchpriority=\"high\" width=\"640\" height=\"581\" src=\"https:\/\/fcm.local\/wp-content\/uploads\/544f7df0invitacionalabardas_640.jpg\" class=\"wp-image-3527\" alt=\"Presentaci\u00f3n del libro p\u00f3stumo de Jos\u00e9 Saramago en la Fundaci\u00f3n C\u00e9sar Manrique\" loading=\"eager\" decoding=\"async\" srcset=\"https:\/\/fcm.local\/wp-content\/uploads\/544f7df0invitacionalabardas_640.jpg 640w, https:\/\/fcm.local\/wp-content\/uploads\/544f7df0invitacionalabardas_640-300x272.jpg 300w\" sizes=\"(max-width: 640px) 100vw, 640px\" \/><\/figure>\n<p>El pr\u00f3ximo jueves d\u00eda 30, a las 20.30 h., se presentar\u00e1 en la sede de la Fundaci\u00f3n C\u00e9sar Manrique (FCM), en Taro de Tah\u00edche, <em>Alabardas, alabardas, espingardas, espingardas<\/em>, la novela p\u00f3stuma de Jos\u00e9 Saramago, cuya escritura fue interrumpida por su fallecimiento, el 18 de junio de 2010.<\/p>\n<p>El acto de presentaci\u00f3n de la novela correr\u00e1 a cargo de Pilar del R\u00edo, presidenta de la Fundaci\u00f3n Jos\u00e9 Saramago, Pilar Reyes, directora de Alfaguara y Fernando G\u00f3mez Aguilera, director de la FCM, que intervendr\u00e1n en una mesa redonda moderada por el periodista Jaime Puig.<\/p>\n<p>La novela incompleta, editada en Espa\u00f1a por Alfaguara\/Penguin Random House, que ya ha aparecido en Portugal, Brasil e Italia, se publica acompa\u00f1ada de dos textos, uno de Fernando G\u00f3mez Aguilera y otro de Roberto Saviano, e ilustraciones de G\u00fcnter Grass. En la edici\u00f3n se incluyen tambi\u00e9n las notas en las que Saramago fue apuntando diversas reflexiones sobre el desarrollo de la novela, desde los problemas t\u00e9cnicos que se iba encontrando hasta su disgusto por las interrupciones en la dedicaci\u00f3n a la tarea de escribir o los avances y expectativas que se le planteaban.<\/p>\n<p>En su \u00faltimo empe\u00f1o narrativo, abordado cuando su salud se encontraba ya muy da\u00f1ada, Saramago se enfrenta a un gran asunto que afecta a la humanidad: la producci\u00f3n de armas y la violencia de la guerra. A modo de un golpe en la conciencia del lector, el Premio Nobel afincado en T\u00edas (Lanzarote) indaga en el oscuro mundo de la industria b\u00e9lica.<\/p>\n<p>Fernando G\u00f3mez Aguilera, que acompa\u00f1\u00f3 a Saramago en sus \u00faltimos d\u00edas y pudo seguir de cerca el desarrollo de la obra, recuerda en su texto las circunstancias que rodearon la escritura de las p\u00e1ginas de Alabardas, al tiempo que interpreta la novela en el contexto de la producci\u00f3n del narrador, a partir de lo escrito y de los prop\u00f3sitos del autor.<\/p>\n<p>Roberto Saviano, buen conocedor de los resortes de la violencia, ha dicho de <em>Alabardas<\/em>: \u201cEstas nuevas p\u00e1ginas de Saramago son (\u2026) como un manual de traducci\u00f3n de sonidos, percepciones e indignaciones. La historia de Arturo Paz Semedo supone una revelaci\u00f3n para el lector m\u00e1s distra\u00eddo, para la lectora m\u00e1s atenta, para el erudito m\u00e1s riguroso, para el fil\u00f3logo m\u00e1s c\u00ednico. Es una orquesta de revelaciones\u201d.<\/p>\n<p>El pr\u00f3ximo jueves d\u00eda 30, a las 20.30 h., se presentar\u00e1 en la sede de la Fundaci\u00f3n C\u00e9sar Manrique (FCM), en Taro de Tah\u00edche, <em>Alabardas, alabardas, espingardas, espingardas<\/em>, la novela p\u00f3stuma de Jos\u00e9 Saramago, cuya escritura fue interrumpida por su fallecimiento, el 18 de junio de 2010.<\/p>\n<p>El acto de presentaci\u00f3n de la novela correr\u00e1 a cargo de Pilar del R\u00edo, presidenta de la Fundaci\u00f3n Jos\u00e9 Saramago, Pilar Reyes, directora de Alfaguara y Fernando G\u00f3mez Aguilera, director de la FCM, que intervendr\u00e1n en una mesa redonda moderada por el periodista Jaime Puig.<\/p>\n<p>La novela incompleta, editada en Espa\u00f1a por Alfaguara\/Penguin Random House, que ya ha aparecido en Portugal, Brasil e Italia, se publica acompa\u00f1ada de dos textos, uno de Fernando G\u00f3mez Aguilera y otro de Roberto Saviano, e ilustraciones de G\u00fcnter Grass. En la edici\u00f3n se incluyen tambi\u00e9n las notas en las que Saramago fue apuntando diversas reflexiones sobre el desarrollo de la novela, desde los problemas t\u00e9cnicos que se iba encontrando hasta su disgusto por las interrupciones en la dedicaci\u00f3n a la tarea de escribir o los avances y expectativas que se le planteaban.<\/p>\n<p>En su \u00faltimo empe\u00f1o narrativo, abordado cuando su salud se encontraba ya muy da\u00f1ada, Saramago se enfrenta a un gran asunto que afecta a la humanidad: la producci\u00f3n de armas y la violencia de la guerra. A modo de un golpe en la conciencia del lector, el Premio Nobel afincado en T\u00edas (Lanzarote) indaga en el oscuro mundo de la industria b\u00e9lica.<\/p>\n<p>Fernando G\u00f3mez Aguilera, que acompa\u00f1\u00f3 a Saramago en sus \u00faltimos d\u00edas y pudo seguir de cerca el desarrollo de la obra, recuerda en su texto las circunstancias que rodearon la escritura de las p\u00e1ginas de Alabardas, al tiempo que interpreta la novela en el contexto de la producci\u00f3n del narrador, a partir de lo escrito y de los prop\u00f3sitos del autor.<\/p>\n<p>Roberto Saviano, buen conocedor de los resortes de la violencia, ha dicho de <em>Alabardas<\/em>: \u201cEstas nuevas p\u00e1ginas de Saramago son (\u2026) como un manual de traducci\u00f3n de sonidos, percepciones e indignaciones. La historia de Arturo Paz Semedo supone una revelaci\u00f3n para el lector m\u00e1s distra\u00eddo, para la lectora m\u00e1s atenta, para el erudito m\u00e1s riguroso, para el fil\u00f3logo m\u00e1s c\u00ednico. Es una orquesta de revelaciones\u201d.<\/p>","protected":false},"featured_media":3527,"parent":0,"template":"","meta":{"_acf_changed":false,"ngg_post_thumbnail":0,"footnotes":""},"actividad_tipo":[36],"actividad_lugar":[],"actividad_departamento":[],"actividad_ciclo":[],"class_list":["post-3526","fcm_actividad","type-fcm_actividad","status-publish","has-post-thumbnail","hentry","actividad_tipo-presentacion-libros"],"acf":[],"_links":{"self":[{"href":"https:\/\/ludiccc.ddns.net\/en\/wp-json\/wp\/v2\/fcm_actividad\/3526","targetHints":{"allow":["GET"]}}],"collection":[{"href":"https:\/\/ludiccc.ddns.net\/en\/wp-json\/wp\/v2\/fcm_actividad"}],"about":[{"href":"https:\/\/ludiccc.ddns.net\/en\/wp-json\/wp\/v2\/types\/fcm_actividad"}],"version-history":[{"count":6,"href":"https:\/\/ludiccc.ddns.net\/en\/wp-json\/wp\/v2\/fcm_actividad\/3526\/revisions"}],"predecessor-version":[{"id":26929,"href":"https:\/\/ludiccc.ddns.net\/en\/wp-json\/wp\/v2\/fcm_actividad\/3526\/revisions\/26929"}],"wp:featuredmedia":[{"embeddable":true,"href":"https:\/\/ludiccc.ddns.net\/en\/wp-json\/wp\/v2\/media\/3527"}],"wp:attachment":[{"href":"https:\/\/ludiccc.ddns.net\/en\/wp-json\/wp\/v2\/media?parent=3526"}],"wp:term":[{"taxonomy":"actividad_tipo","embeddable":true,"href":"https:\/\/ludiccc.ddns.net\/en\/wp-json\/wp\/v2\/actividad_tipo?post=3526"},{"taxonomy":"actividad_lugar","embeddable":true,"href":"https:\/\/ludiccc.ddns.net\/en\/wp-json\/wp\/v2\/actividad_lugar?post=3526"},{"taxonomy":"actividad_departamento","embeddable":true,"href":"https:\/\/ludiccc.ddns.net\/en\/wp-json\/wp\/v2\/actividad_departamento?post=3526"},{"taxonomy":"actividad_ciclo","embeddable":true,"href":"https:\/\/ludiccc.ddns.net\/en\/wp-json\/wp\/v2\/actividad_ciclo?post=3526"}],"curies":[{"name":"wp","href":"https:\/\/api.w.org\/{rel}","templated":true}]}}