{"id":26178,"date":"2024-10-18T14:21:06","date_gmt":"2024-10-18T14:21:06","guid":{"rendered":"https:\/\/fcmanrique.org\/?post_type=fcm_actividad&#038;p=26178"},"modified":"2026-04-23T23:19:30","modified_gmt":"2026-04-23T23:19:30","slug":"vuelve-ficmec-dedicado-a-la-masificacion-turistica-bajo-el-lema","status":"publish","type":"fcm_actividad","link":"https:\/\/ludiccc.ddns.net\/en\/fcm-actividad\/vuelve-ficmec-dedicado-a-la-masificacion-turistica-bajo-el-lema\/","title":{"rendered":"Vuelve FICMEC dedicado a la masificaci\u00f3n tur\u00edstica bajo el lema \u00abEl mayor desatino\u00bb"},"content":{"rendered":"<figure class=\"wp-block-image size-full\"><img fetchpriority=\"high\" width=\"394\" height=\"335\" src=\"https:\/\/fcm.local\/wp-content\/uploads\/fc-manrique-festival-cine-medioambiental-canarias1.jpg\" class=\"wp-image-26197\" alt=\"Vuelve FICMEC dedicado a la masificaci\u00f3n tur\u00edstica bajo el lema \u00abEl mayor desatino\u00bb\" loading=\"eager\" decoding=\"async\" srcset=\"https:\/\/fcm.local\/wp-content\/uploads\/fc-manrique-festival-cine-medioambiental-canarias1.jpg 394w, https:\/\/fcm.local\/wp-content\/uploads\/fc-manrique-festival-cine-medioambiental-canarias1-300x255.jpg 300w, https:\/\/fcm.local\/wp-content\/uploads\/fc-manrique-festival-cine-medioambiental-canarias1-289x246.jpg 289w\" sizes=\"(max-width: 394px) 100vw, 394px\" \/><\/figure>\n<p>Santiago Lecuona, representante del Festival Internacional de Cine de Medio Ambiente de Canarias (FICMEC) present\u00f3 la primera sesi\u00f3n abierta al p\u00fablico general, en la sala Jos\u00e9 Saramago, el d\u00eda 16 de octubre, en la que se proyectaron cuatro cortometrajes. Record\u00f3 que al Festival y a la Fundaci\u00f3n C\u00e9sar Manrique no solo les unen \u201clas mismas preocupaciones\u201d sino que \u201cnacen de la misma persona\u201d, ya que C\u00e9sar Manrique impuls\u00f3 en los a\u00f1os ochenta el Festival en Puerto de la Cruz (Tenerife), que despu\u00e9s se acab\u00f3 trasladando a Garachico. Destac\u00f3 que, en su g\u00e9nero, es el festival m\u00e1s antiguo de Espa\u00f1a y probablemente tambi\u00e9n de Europa: \u201cEso nos convierte en una eminencia\u201d. Este a\u00f1o el festival se centra en la masificaci\u00f3n tur\u00edstica bajo el lema \u2018El mayor desatino\u2019. \u201cEn los \u00faltimos a\u00f1os, todas las semanas leemos alguna noticia que nos acongoja \u2013se\u00f1al\u00f3 Lecuona\u2013 como expolios al territorio, que se siguen produciendo\u201d. El lema escogido se refleja en la carteler\u00eda del festival que muestra la isla de Tenerife, o en este caso de Lanzarote, repleta de trabajadores, turistas, obras, vertidos o veh\u00edculos, y tambi\u00e9n se plasma ese concepto en otros proyectos art\u00edsticos que se programan cada a\u00f1o, paralelos a las proyecciones. <a href=\"https:\/\/fcmanrique.org\/wp-content\/uploads\/fcmanrique-festival-cine-medioambiental-canarias1.jpg\"><img loading=\"lazy\" decoding=\"async\" src=\"https:\/\/fcmanrique.org\/wp-content\/uploads\/fcmanrique-festival-cine-medioambiental-canarias1.jpg\" alt=\"\" width=\"920\" height=\"613\"><\/a> El Festival proyecta cortometrajes con el objetivo de ofrecer varios g\u00e9neros, estilos e historias \u201cque dialoguen entre s\u00ed\u201d. Lecuona dijo que en otros festivales los cortos de ficci\u00f3n son \u201cel patito feo\u201d pero que en el FICMEC quieren \u201cmimarlos\u201d. El mi\u00e9rcoles 16 se proyectaron cuatro cortos que hablan sobre la b\u00fasqueda de tierras raras en \u00c1frica, la vida en un pueblo costero de Costa Rica, la introducci\u00f3n de muflones en los a\u00f1os setenta en el Teide y el peligro de la desaparici\u00f3n del salm\u00f3n salvaje: <em>Terra Mater<\/em>, <em>Solo la luna comprender\u00e1<\/em>,<em> El \u00faltimo mufl\u00f3n <\/em>y<em> Wild Summon<\/em>. Estos dos \u00faltimos cortos, presentados previamente por Lecuona, los pudieron ver, en las tres sesiones de ma\u00f1ana, los alumnos de Primaria y Secundaria de varios centros escolares de la Isla, a los que acompa\u00f1\u00f3 el departamento pedag\u00f3gico de la Fundaci\u00f3n C\u00e9sar Manrique. El jueves 17 de octubre se proyect\u00f3 <em>Antarctica Calling<\/em> (Luc Jacquet, 2023), un largometraje documental que muestra un continente en v\u00edas de desaparici\u00f3n y sus habitantes. El director realiz\u00f3 en 1991 su primer viaje a la Ant\u00e1rtida y vuelve treinta a\u00f1os despu\u00e9s. La Fundaci\u00f3n C\u00e9sar Manrique, que desde el a\u00f1o 2014 colabora con este festival medioambiental que aborda muchos aspectos relacionados con la obra y el discurso activista de C\u00e9sar Manrique, se\u00f1al\u00f3 en la apertura del Festival en Lanzarote que FICMEC consolida este \u201c\u00e1mbito reflexivo ante lo que se ha convertido en uno de los grandes temas que perturban y desaf\u00edan a nuestro tiempo\u201d. <a href=\"https:\/\/fcmanrique.org\/wp-content\/uploads\/2024-10-16-invitacion-ciclo-cine-ficmec.jpg\"><img loading=\"lazy\" decoding=\"async\" src=\"https:\/\/fcmanrique.org\/wp-content\/uploads\/2024-10-16-invitacion-ciclo-cine-ficmec.jpg\" alt=\"\" width=\"1200\" height=\"1200\"><\/a><\/p>\n<p><strong>M\u00e1s informaci\u00f3n:<\/strong><\/p>\n<p><a href=\"https:\/\/fcmanrique.org\/wp-content\/uploads\/fcmanrique-nota-de-prensa-ficmec-2024.pdf\" target=\"_blank\" rel=\"noopener\" class=\"fcm-pdf-download-link\">Nota de prensa<\/a><\/p>","protected":false},"featured_media":26197,"parent":0,"template":"","meta":{"_acf_changed":false,"ngg_post_thumbnail":0,"footnotes":""},"actividad_tipo":[],"actividad_lugar":[49],"actividad_departamento":[31],"actividad_ciclo":[],"class_list":["post-26178","fcm_actividad","type-fcm_actividad","status-publish","has-post-thumbnail","hentry","actividad_lugar-lugar-sala-saramago","actividad_departamento-departamento-de-programas-culturales"],"acf":[],"_links":{"self":[{"href":"https:\/\/ludiccc.ddns.net\/en\/wp-json\/wp\/v2\/fcm_actividad\/26178","targetHints":{"allow":["GET"]}}],"collection":[{"href":"https:\/\/ludiccc.ddns.net\/en\/wp-json\/wp\/v2\/fcm_actividad"}],"about":[{"href":"https:\/\/ludiccc.ddns.net\/en\/wp-json\/wp\/v2\/types\/fcm_actividad"}],"version-history":[{"count":5,"href":"https:\/\/ludiccc.ddns.net\/en\/wp-json\/wp\/v2\/fcm_actividad\/26178\/revisions"}],"predecessor-version":[{"id":27087,"href":"https:\/\/ludiccc.ddns.net\/en\/wp-json\/wp\/v2\/fcm_actividad\/26178\/revisions\/27087"}],"wp:featuredmedia":[{"embeddable":true,"href":"https:\/\/ludiccc.ddns.net\/en\/wp-json\/wp\/v2\/media\/26197"}],"wp:attachment":[{"href":"https:\/\/ludiccc.ddns.net\/en\/wp-json\/wp\/v2\/media?parent=26178"}],"wp:term":[{"taxonomy":"actividad_tipo","embeddable":true,"href":"https:\/\/ludiccc.ddns.net\/en\/wp-json\/wp\/v2\/actividad_tipo?post=26178"},{"taxonomy":"actividad_lugar","embeddable":true,"href":"https:\/\/ludiccc.ddns.net\/en\/wp-json\/wp\/v2\/actividad_lugar?post=26178"},{"taxonomy":"actividad_departamento","embeddable":true,"href":"https:\/\/ludiccc.ddns.net\/en\/wp-json\/wp\/v2\/actividad_departamento?post=26178"},{"taxonomy":"actividad_ciclo","embeddable":true,"href":"https:\/\/ludiccc.ddns.net\/en\/wp-json\/wp\/v2\/actividad_ciclo?post=26178"}],"curies":[{"name":"wp","href":"https:\/\/api.w.org\/{rel}","templated":true}]}}