{"id":25716,"date":"2024-07-01T11:20:05","date_gmt":"2024-07-01T11:20:05","guid":{"rendered":"https:\/\/fcmanrique.org\/?post_type=fcm_actividad&#038;p=25716"},"modified":"2026-04-23T23:19:29","modified_gmt":"2026-04-23T23:19:29","slug":"oscar-carpintero","status":"publish","type":"fcm_actividad","link":"https:\/\/ludiccc.ddns.net\/en\/fcm-actividad\/oscar-carpintero\/","title":{"rendered":"\u00d3scar Carpintero: \u00abDan ganas de pedir que no haya m\u00e1s cumbres clim\u00e1ticas\u00bb"},"content":{"rendered":"<figure class=\"wp-block-image size-full\"><img fetchpriority=\"high\" width=\"394\" height=\"335\" src=\"https:\/\/fcm.local\/wp-content\/uploads\/fc-manrique-actividad-oscar-carpintero.jpg\" class=\"wp-image-25724\" alt=\"\u00d3scar Carpintero: \u00abDan ganas de pedir que no haya m\u00e1s cumbres clim\u00e1ticas\u00bb\" loading=\"eager\" decoding=\"async\" srcset=\"https:\/\/fcm.local\/wp-content\/uploads\/fc-manrique-actividad-oscar-carpintero.jpg 394w, https:\/\/fcm.local\/wp-content\/uploads\/fc-manrique-actividad-oscar-carpintero-300x255.jpg 300w, https:\/\/fcm.local\/wp-content\/uploads\/fc-manrique-actividad-oscar-carpintero-289x246.jpg 289w\" sizes=\"(max-width: 394px) 100vw, 394px\" \/><\/figure>\n<p>\u201cDesde cualquier perspectiva, si nos remontamos a cincuenta a\u00f1os atr\u00e1s, ecol\u00f3gicamente estamos peor\u201d. Seg\u00fan \u00d3scar Carpintero, profesor de Econom\u00eda de la Universidad de Valladolid, es parad\u00f3jico, porque \u201cahora sabemos mejor por qu\u00e9 estamos peor\u201d pero sin embargo \u201ccuanto m\u00e1s sabemos, menos hacemos por remediarlo\u201d. El d\u00eda 27 de junio, en la sala Jos\u00e9 Saramago, Carpintero imparti\u00f3 la conferencia titulada \u2018L\u00edmites, transici\u00f3n energ\u00e9tica y escenarios postcrecimiento\u2019, dentro del Foro de reflexi\u00f3n \u2018Fronteras y direcciones del progreso\u2019. \u201cSi atendemos a las emisiones que se han producido en el periodo en que se han celebrado las \u00faltimas cumbres sobre el clima, cuanto m\u00e1s nos preparamos para afrontar el problema, m\u00e1s aumentan las emisiones: Dan ganas de pedir que no haya m\u00e1s cumbres clim\u00e1ticas\u201d, expres\u00f3 el ponente. El cambio clim\u00e1tico, en el fondo, no es m\u00e1s que una manifestaci\u00f3n de los l\u00edmites. Estamos dentro de una crisis energ\u00e9tica, pero tambi\u00e9n en una crisis de los l\u00edmites, tanto por el lado de los residuos como por el lado de los recursos. Nos enfrentamos, eso s\u00ed, a una novedad hist\u00f3rica. A lo largo de la Historia todas las transiciones se han saldado con un uso de energ\u00eda mayor, tanto total como <em>per capita<\/em>. La novedad es que en esta transici\u00f3n la disponibilidad de energ\u00eda va a ser menor que en el pasado. En 2035 se prev\u00e9 extraer un tercio del petr\u00f3leo convencional que se extra\u00eda en 2010. Incluso, aunque el petr\u00f3leo no tuviera un techo, cabr\u00eda preguntarse si podr\u00edamos quemar todo el petr\u00f3leo que quisi\u00e9ramos. La respuesta es sencilla: no, porque tenemos el l\u00edmite del cambio clim\u00e1tico. <a href=\"https:\/\/fcmanrique.org\/wp-content\/uploads\/DSC1277-copia.jpg\"><img loading=\"lazy\" decoding=\"async\" src=\"https:\/\/fcmanrique.org\/wp-content\/uploads\/DSC1277-copia.jpg\" alt=\"\" width=\"920\" height=\"613\"><\/a> Carpintero destac\u00f3 que es esencial hablar de econom\u00eda cuando nos referimos al cambio clim\u00e1tico. La relaci\u00f3n entre el Producto Interior Bruto (PIB) y las emisiones es muy estrecha. Es dif\u00edcil reflexionar sobre el cambio clim\u00e1tico sin profundizar en el sistema econ\u00f3mico. De esta manera, \u00bfcu\u00e1nto tendr\u00edamos que reducir las emisiones para no tener que sobrepasar ese aumento de 0,5 grados cent\u00edgrados de temperatura media en el planeta? Aunque no hici\u00e9ramos nada, la inercia nos llevar\u00eda ya a ese escenario, pero es que no estamos reduciendo las emisiones, sino que las seguimos incrementando a un ritmo de un seis por ciento anual. Es m\u00e1s, si se cumplieran los planes de reducci\u00f3n de emisiones que han presentado los 168 pa\u00edses, las emisiones aumentar\u00edan entre un 19 y un 37 por ciento, porque las reducciones previstas no son totales, sino relativas, por unidad de PIB. Con este escenario, el incremento de la temperatura podr\u00eda ser de entre 3 y 4 grados. \u00bfQu\u00e9 se tendr\u00eda que haber hecho en la Cumbre de Par\u00eds para que lleg\u00e1ramos a un escenario razonable? \u00bfCu\u00e1nto petr\u00f3leo deber\u00edamos quemar para cumplir el objetivo? \u00bfO cu\u00e1nto deber\u00edamos dejar de quemar para mantener la temperatura por debajo de un aumento de 0,5 grados? Deber\u00edamos dejar de extraer el 58 por ciento del petr\u00f3leo que queda, el 59 por ciento del gas y el 90 por ciento del carb\u00f3n. Lo que pasa es que esos recursos pertenecen a empresas, por lo que hace falta una negociaci\u00f3n para compensarlas, algo que no se ha abordado. De manera m\u00e1s coloquial: \u201cLlevamos treinta a\u00f1os mareando la perdiz\u201d en unas cumbres del clima que tienen, como dice Federico Aguilera Klink, una \u201cfunci\u00f3n ceremonial\u201d. La \u00fanica vez que se plante\u00f3 algo similar lo hizo Ecuador, que estaba dispuesto a no extraer petr\u00f3leo si se le compensaba por ello. La comunidad internacional no respondi\u00f3. Tan solo se cubri\u00f3 el cinco por ciento del fondo de compensaci\u00f3n previsto. Prosigui\u00f3 Carpintero que cuando hablamos de cambio clim\u00e1tico estamos abordando un debate sobre la igualdad. Ahora, el 1 por ciento de los pa\u00edses que m\u00e1s emiten son responsables del 17 por ciento de las emisiones totales y el 10 por ciento de los pa\u00edses emite m\u00e1s del 30. En el otro lado, la mitad de la poblaci\u00f3n mundial es responsable solo del 12 por ciento de las emisiones. En Espa\u00f1a deber\u00edamos reducir el 90 por ciento de nuestras emisiones brutas, quedarnos solo con la cifra de las que hoy genera Andaluc\u00eda. Eso supone \u201cuna transformaci\u00f3n muy importante\u201d. <a href=\"https:\/\/fcmanrique.org\/wp-content\/uploads\/DSC1262-copia.jpg\"><img loading=\"lazy\" decoding=\"async\" src=\"https:\/\/fcmanrique.org\/wp-content\/uploads\/DSC1262-copia.jpg\" alt=\"\" width=\"920\" height=\"613\"><\/a> La segunda parte de la conferencia de Carpintero, se centr\u00f3 en los escenarios posibles de la transici\u00f3n. Hay dos tipos de soluciones. El primero es acudir a las soluciones convencionales, como las del \u201cpacto verde\u201d o el \u201ccrecimiento verde\u201d, que plantean que siga creciendo la actividad econ\u00f3mica y el consumo pero, en lugar de con combustibles f\u00f3siles, mediante energ\u00edas renovables. \u00bfEs factible sustituir toda la energ\u00eda f\u00f3sil por energ\u00eda renovable? De momento, las renovables solo abarcan una cuarta parte de las necesidades energ\u00e9ticas y se centran principalmente en la electricidad. \u201cLlegamos 30 o 40 a\u00f1os tarde para esta sustituci\u00f3n\u201d. Hay otra limitaci\u00f3n: los costes ambientales. Con la l\u00f3gica de la expansi\u00f3n, no se asumen los l\u00edmites y \u201cse peca de optimismo tecnol\u00f3gico, cuando la tecnolog\u00eda nunca ha sido un buen aliado ecol\u00f3gico\u201d. No se tiene en cuenta que para instalar ahora y renovar despu\u00e9s estas energ\u00edas renovables, hace falta un gran consumo de energ\u00edas f\u00f3siles y de materiales. Es la conocida como \u201ctrampa de la energ\u00eda\u201d. Si sustituy\u00e9ramos todos los coches actuales que hay en el mundo, unos 1.400 millones, por coches el\u00e9ctricos, acabar\u00edamos con todas las reservas de aluminio, cobre, cobalto, magnesio o n\u00edquel solo para los veh\u00edculos, sin poder emplearlos en otros usos. En ese escenario, Espa\u00f1a deber\u00eda dedicar toda su capacidad el\u00e9ctrica solo para cargar los coches: \u201cCuando se hacen estas cuentas elementales, la burbuja explota\u201d. <em>Millones de coches duermen en la calle en nuestro pa\u00eds. Para poder recargar esos coches durante la noche har\u00eda falta poner un poste el\u00e9ctrico cada cinco metros de acera aproximadamente. Si fueran postes de 22KW, como los que quiere instalar el gobierno en las gasolineras, en ciento veinticinco metros de calle habr\u00eda que tender un cableado junto con los postes para poder suministrar m\u00e1s de un megavatio (MW) de potencia. Una ciudad como Madrid, con m\u00e1s de mil kil\u00f3metros de calles, necesitar\u00eda cableados, subestaciones el\u00e9ctricas y sistemas de control para disponer de unos 8GW de potencia (es decir, como todas las centrales nucleares de Espa\u00f1a). Si extrapolamos estos datos para el resto de Espa\u00f1a, estar\u00edamos hablando de m\u00e1s de 100GW (igual que la capacidad el\u00e9ctrica m\u00e1xima de Espa\u00f1a)<\/em>. (Antonio Turiel, 2020, en <em>Petrocalipsis<\/em>, p. 145) <a href=\"https:\/\/fcmanrique.org\/wp-content\/uploads\/DSC1489-copia.jpg\"><img loading=\"lazy\" decoding=\"async\" src=\"https:\/\/fcmanrique.org\/wp-content\/uploads\/DSC1489-copia.jpg\" alt=\"\" width=\"920\" height=\"613\"><\/a> El segundo tipo de soluciones son las basadas en el decrecimiento o el post crecimiento, que no son sencillas pero \u201cal menos miran el problema a la cara\u201d. Carpintero dej\u00f3 claro que es una propuesta que se hace a los pa\u00edses ricos, no a los pa\u00edses que a\u00fan no cubren sus necesidades. Para llegar a este este escenario es necesario hacer pol\u00edticas de prevenci\u00f3n del empleo y de reparto del trabajo, una reforma fiscal y del sistema financiero profunda y llevar a cabo una macroeconom\u00eda ecol\u00f3gica porque el PIB no es un buen objetivo ya que no tiene relaci\u00f3n con el bienestar. Hace falta medir la econom\u00eda de otra manera. Carpintero record\u00f3 la \u201cteor\u00eda de la rosquilla\u201d, de la economista inglesa Kate Raworth, seg\u00fan la cual hay que buscar un espacio seguro y justo, tanto desde el punto de vista ecol\u00f3gico como social, que tenga en cuenta los l\u00edmites ecol\u00f3gicos y el suelo social. Actualmente, ning\u00fan pa\u00eds entra dentro de estos par\u00e1metros. En el a\u00f1o 2050, para estar dentro de los l\u00edmites de esa rosquilla, el consumo energ\u00e9tico deber\u00eda estar entre 13 y 18 gigajulios por habitante, y ahora est\u00e1 entre 5 y 200. En Espa\u00f1a est\u00e1 cerca de 100. Ser\u00eda necesario un descenso en los niveles de consumo del 60 por ciento cuando va a haber un 30 por ciento m\u00e1s de poblaci\u00f3n. Como consideraciones finales, Carpintero se\u00f1al\u00f3 que \u201cla distancia entre lo que tendr\u00edamos que hacer y lo que parece probable pol\u00edticamente es muy grande\u201d. Tambi\u00e9n dijo que es muy improbable que asistamos a una transici\u00f3n tranquila y que puede haber un colapso, que no ser\u00eda \u201cde un d\u00eda para otro\u201d. Si se dirige la acci\u00f3n hacia un escenario de post crecimiento, que es un escenario a contracorriente, habr\u00e1 que gestionar los conflictos. Acab\u00f3 la conferencia solicitando no perder nunca la perspectiva global, poner el foco en la investigaci\u00f3n, asumir la naturaleza humana y evitar la ilusi\u00f3n del optimismo tecnol\u00f3gico. \u201cLa soluci\u00f3n \u00f3ptima es minimizar los remordimientos futuros\u201d. <a href=\"https:\/\/fcmanrique.org\/wp-content\/uploads\/fc-manrique-fronteras-direcciones-oscar-carpintero-invitacion-OK-F.jpg\"><img loading=\"lazy\" decoding=\"async\" src=\"https:\/\/fcmanrique.org\/wp-content\/uploads\/fc-manrique-fronteras-direcciones-oscar-carpintero-invitacion-OK-F.jpg\" alt=\"\" width=\"1200\" height=\"1200\"><\/a><\/p>\n<p><strong>M\u00e1s informaci\u00f3n: <\/strong><a href=\"https:\/\/fcmanrique.org\/wp-content\/uploads\/np-08.24.-Conferencia-Oscar-Carpintero.pdf\" target=\"_blank\" rel=\"noopener\" class=\"fcm-pdf-download-link\">Nota de prensa<\/a><\/p>\n<p><strong>Grabaci\u00f3n de la conferencia:<\/strong><\/p>\n<p><a href=\"https:\/\/fcmanrique.org\/fcm-video\/oscar-carpintero-limites-transicion-energetica-y-escenarios-postcrecimiento\/\">Grabaci\u00f3n<\/a><\/p>","protected":false},"featured_media":25724,"parent":0,"template":"","meta":{"_acf_changed":false,"ngg_post_thumbnail":0,"footnotes":""},"actividad_tipo":[34],"actividad_lugar":[49],"actividad_departamento":[],"actividad_ciclo":[72],"class_list":["post-25716","fcm_actividad","type-fcm_actividad","status-publish","has-post-thumbnail","hentry","actividad_tipo-conferencias","actividad_lugar-lugar-sala-saramago","actividad_ciclo-fronteras-y-direcciones-de-progreso"],"acf":[],"_links":{"self":[{"href":"https:\/\/ludiccc.ddns.net\/en\/wp-json\/wp\/v2\/fcm_actividad\/25716","targetHints":{"allow":["GET"]}}],"collection":[{"href":"https:\/\/ludiccc.ddns.net\/en\/wp-json\/wp\/v2\/fcm_actividad"}],"about":[{"href":"https:\/\/ludiccc.ddns.net\/en\/wp-json\/wp\/v2\/types\/fcm_actividad"}],"version-history":[{"count":11,"href":"https:\/\/ludiccc.ddns.net\/en\/wp-json\/wp\/v2\/fcm_actividad\/25716\/revisions"}],"predecessor-version":[{"id":27041,"href":"https:\/\/ludiccc.ddns.net\/en\/wp-json\/wp\/v2\/fcm_actividad\/25716\/revisions\/27041"}],"wp:featuredmedia":[{"embeddable":true,"href":"https:\/\/ludiccc.ddns.net\/en\/wp-json\/wp\/v2\/media\/25724"}],"wp:attachment":[{"href":"https:\/\/ludiccc.ddns.net\/en\/wp-json\/wp\/v2\/media?parent=25716"}],"wp:term":[{"taxonomy":"actividad_tipo","embeddable":true,"href":"https:\/\/ludiccc.ddns.net\/en\/wp-json\/wp\/v2\/actividad_tipo?post=25716"},{"taxonomy":"actividad_lugar","embeddable":true,"href":"https:\/\/ludiccc.ddns.net\/en\/wp-json\/wp\/v2\/actividad_lugar?post=25716"},{"taxonomy":"actividad_departamento","embeddable":true,"href":"https:\/\/ludiccc.ddns.net\/en\/wp-json\/wp\/v2\/actividad_departamento?post=25716"},{"taxonomy":"actividad_ciclo","embeddable":true,"href":"https:\/\/ludiccc.ddns.net\/en\/wp-json\/wp\/v2\/actividad_ciclo?post=25716"}],"curies":[{"name":"wp","href":"https:\/\/api.w.org\/{rel}","templated":true}]}}