{"id":25218,"date":"2024-04-12T13:25:20","date_gmt":"2024-04-12T13:25:20","guid":{"rendered":"https:\/\/fcmanrique.org\/?post_type=fcm_actividad&#038;p=25218"},"modified":"2026-04-23T23:19:20","modified_gmt":"2026-04-23T23:19:20","slug":"fernandez-polanco-crecer-indefinidamente-ya-es-retroceder-indefinidamente","status":"publish","type":"fcm_actividad","link":"https:\/\/ludiccc.ddns.net\/en\/fcm-actividad\/fernandez-polanco-crecer-indefinidamente-ya-es-retroceder-indefinidamente\/","title":{"rendered":"Fern\u00e1ndez Polanco: \u00abCrecer indefinidamente ya es retroceder indefinidamente\u00bb"},"content":{"rendered":"<figure class=\"wp-block-image size-full\"><img fetchpriority=\"high\" width=\"394\" height=\"335\" src=\"https:\/\/fcm.local\/wp-content\/uploads\/fc-manrique-actividad-aurora-fernandez-polanco.jpg\" class=\"wp-image-25221\" alt=\"Fern\u00e1ndez Polanco: \u00abCrecer indefinidamente ya es retroceder indefinidamente\u00bb\" loading=\"eager\" decoding=\"async\" srcset=\"https:\/\/fcm.local\/wp-content\/uploads\/fc-manrique-actividad-aurora-fernandez-polanco.jpg 394w, https:\/\/fcm.local\/wp-content\/uploads\/fc-manrique-actividad-aurora-fernandez-polanco-300x255.jpg 300w, https:\/\/fcm.local\/wp-content\/uploads\/fc-manrique-actividad-aurora-fernandez-polanco-289x246.jpg 289w\" sizes=\"(max-width: 394px) 100vw, 394px\" \/><\/figure>\n<p>A grandes pasos, \u201ccalzando las botas de siete leguas\u201d, la catedr\u00e1tica de Historia del Arte, Aurora Fern\u00e1ndez Polanco, recorri\u00f3 con su conferencia \u201cLa naturaleza como no-paisaje: acciones, estudios y labores desde el arte contempor\u00e1neo\u201d el camino de la separaci\u00f3n entre la cultura y la naturaleza desde el siglo XVIII. Fue un camino convertido en comedia del arte en tres actos: el primero, para contar el nacimiento de esa distancia, el segundo con las escenas que se apropian del territorio como lugar y el tercer acto, \u201caterrizados ya en la tierra\u201d, en el que expuso las pr\u00e1cticas actuales desde la conciencia de la colaboraci\u00f3n necesaria entre todas las disciplinas. <a href=\"https:\/\/fcmanrique.org\/wp-content\/uploads\/fc-manrique-conferencia-aurora-fernandez-polanco1.jpg\"><img loading=\"lazy\" decoding=\"async\" src=\"https:\/\/fcmanrique.org\/wp-content\/uploads\/fc-manrique-conferencia-aurora-fernandez-polanco1.jpg\" alt=\"\" width=\"920\" height=\"627\"><\/a> El camino comenz\u00f3 por pensadores como Rousseau y su obsesi\u00f3n por la totalidad, que ya enmarca la naturaleza como paisaje, o Goethe que se mud\u00f3 a una casa en el campo, o Kant que \u201csi hubiera tomado tierra, otro gallo nos hubiera cantado\u201d, se\u00f1al\u00f3 Fern\u00e1ndez Polanco. Son autores influidos por lo que Almudena Hernando denomina la fantas\u00eda de la individualidad, \u201ccomo si no dependi\u00e9ramos unos de otros\u201d. Es un momento de sublimaci\u00f3n en el que domina la est\u00e9tica de \u201clo pintoresco que alegra el ojo\u201d, pero no es una mirada inocente porque existe relaci\u00f3n entre el paisaje y la ideolog\u00eda, y entre el paisaje y el poder. La conferenciante puso diversos ejemplos de c\u00f3mo se separa el paisaje de la naturaleza. Esos paisajes, por otra parte, se encargan de hacer invisibles los procesos de industrializaci\u00f3n que no aparecen en los cuadros de la \u00e9poca. \u201cEl impresionismo cumple esa funci\u00f3n de enmascarar la industria\u201d. Dicho de manera m\u00e1s gr\u00e1fica: convierte el humo en nubes. El segundo acto: el \u201cchispazo del como no\u201d, haciendo alusi\u00f3n al t\u00edtulo de la conferencia. Fern\u00e1ndez Polanco puso ejemplos del siglo XX de destrucci\u00f3n y construcci\u00f3n del territorio, miradas de artistas que ponen su atenci\u00f3n en lo que ocurr\u00eda en la periferia y el exceso de construcci\u00f3n. Ya se considera el territorio como espacio vivido. Se trata de \u201cir m\u00e1s all\u00e1 de las apariencias y aproximarse a las experiencias\u201d, alejarse de la naturaleza como paisaje. Y despu\u00e9s de la naturaleza enmarcada y el territorio vivido, llega el tercer acto, el de \u201ctomar tierra\u201d o sentir la piedra del territorio en el zapato. Este \u00faltimo acto es una b\u00fasqueda de soluciones a la crisis ecosocial a trav\u00e9s de un cruce entre los saberes populares y acad\u00e9micos y entre diferentes disciplinas. \u201cLa naturaleza no es exterior ni inerte\u201d y en este acto se cuestionan las dicotom\u00edas anteriores. <a href=\"https:\/\/fcmanrique.org\/wp-content\/uploads\/fc-manrique-conferencia-aurora-fernandez-polanco.jpg\"><img loading=\"lazy\" decoding=\"async\" src=\"https:\/\/fcmanrique.org\/wp-content\/uploads\/fc-manrique-conferencia-aurora-fernandez-polanco.jpg\" alt=\"\" width=\"920\" height=\"624\"><\/a> Fern\u00e1ndez Polanco destac\u00f3 el trabajo de Jaime Vindel, doctor en Historia del Arte, cuya obra pone el dedo en la llaga sobre cu\u00e1les son los imaginarios \u201cque nos han llevado a la est\u00e9tica de lo f\u00f3sil\u201d con el objetivo de salir de ese marco. La autora puso algunos ejemplos de trabajos de estudiantes de Bellas Artes que ya toman ese camino, con mecanismos de apropiaci\u00f3n de espacios y \u201cganas de humanizar las ciudades\u201d, como la propuesta de \u2018A tomar la fresca, que es verano\u2019, talleres de fabricaci\u00f3n de bancos o el trabajo de la Fundaci\u00f3n Antonino y Cinia en el pueblo leon\u00e9s de Cerezales del Condado. Este tipo de proyectos toman el paisaje como un medio, no como un fin. En esa misma l\u00ednea est\u00e1 la iniciativa titulada \u201cEl aula de las maravillas\u201d, de B\u00e1rbara Flux\u00e1, aparentemente un aula paleobot\u00e1nica sobre las minas de Fabero que desaf\u00eda la l\u00f3gica dualista y en la que se cruzan la modernidad y la naturaleza, que acab\u00f3 convertida en unas jornadas de di\u00e1logo. Tambi\u00e9n expuso el proyecto de agrociudad de Amelie Aranguren sobre Roma y la videocreaci\u00f3n <em>Barruntaremos<\/em> de Asunci\u00f3n Molinos Gordo, que habla de las Caba\u00f1uelas como m\u00e9todo tradicional de predicci\u00f3n meteorol\u00f3gica. Los tres actos, en definitiva, se funden en una sola preocupaci\u00f3n: conocer y amar la peque\u00f1a parte del mundo que pisamos. Fern\u00e1ndez Polanco termin\u00f3 su intervenci\u00f3n se\u00f1alando que tanto los academicistas como aquellos que representan el saber popular, \u201cest\u00e1n en el mismo saco\u201d y estar\u00edan de acuerdo tanto en el <em>Manifiesto por la sostenibilidad de Lanzarote<\/em> de la Fundaci\u00f3n C\u00e9sar Manrique como en que \u201ccrecer indefinidamente ya es retroceder indefinidamente\u201d. <a href=\"https:\/\/fcmanrique.org\/wp-content\/uploads\/fc-manrique-invitacion-aurora-fernandez-polanco.jpg\"><img loading=\"lazy\" decoding=\"async\" src=\"https:\/\/fcmanrique.org\/wp-content\/uploads\/fc-manrique-invitacion-aurora-fernandez-polanco.jpg\" alt=\"\" width=\"1200\" height=\"1200\"><\/a><\/p>\n<p><strong>M\u00e1s informaci\u00f3n:<\/strong><\/p>\n<p><a href=\"https:\/\/fcmanrique.org\/wp-content\/uploads\/fc-manrique-nota-de-prensa-aurora-fernandez-polanco.pdf\" target=\"_blank\" rel=\"noopener\" class=\"fcm-pdf-download-link\">Nota de prensa<\/a><\/p>\n<p><strong>Grabaci\u00f3n de la conferencia: <\/strong><a href=\"https:\/\/fcmanrique.org\/fcm-video\/aurora-fernandez-polanco\/\" target=\"_blank\" rel=\"noopener\">Grabaci\u00f3n<\/a><\/p>","protected":false},"featured_media":25221,"parent":0,"template":"","meta":{"_acf_changed":false,"ngg_post_thumbnail":0,"footnotes":""},"actividad_tipo":[34],"actividad_lugar":[49],"actividad_departamento":[],"actividad_ciclo":[75,71],"class_list":["post-25218","fcm_actividad","type-fcm_actividad","status-publish","has-post-thumbnail","hentry","actividad_tipo-conferencias","actividad_lugar-lugar-sala-saramago","actividad_ciclo-conferencias-inaugurales","actividad_ciclo-miradas-divergentes"],"acf":[],"_links":{"self":[{"href":"https:\/\/ludiccc.ddns.net\/en\/wp-json\/wp\/v2\/fcm_actividad\/25218","targetHints":{"allow":["GET"]}}],"collection":[{"href":"https:\/\/ludiccc.ddns.net\/en\/wp-json\/wp\/v2\/fcm_actividad"}],"about":[{"href":"https:\/\/ludiccc.ddns.net\/en\/wp-json\/wp\/v2\/types\/fcm_actividad"}],"version-history":[{"count":6,"href":"https:\/\/ludiccc.ddns.net\/en\/wp-json\/wp\/v2\/fcm_actividad\/25218\/revisions"}],"predecessor-version":[{"id":26986,"href":"https:\/\/ludiccc.ddns.net\/en\/wp-json\/wp\/v2\/fcm_actividad\/25218\/revisions\/26986"}],"wp:featuredmedia":[{"embeddable":true,"href":"https:\/\/ludiccc.ddns.net\/en\/wp-json\/wp\/v2\/media\/25221"}],"wp:attachment":[{"href":"https:\/\/ludiccc.ddns.net\/en\/wp-json\/wp\/v2\/media?parent=25218"}],"wp:term":[{"taxonomy":"actividad_tipo","embeddable":true,"href":"https:\/\/ludiccc.ddns.net\/en\/wp-json\/wp\/v2\/actividad_tipo?post=25218"},{"taxonomy":"actividad_lugar","embeddable":true,"href":"https:\/\/ludiccc.ddns.net\/en\/wp-json\/wp\/v2\/actividad_lugar?post=25218"},{"taxonomy":"actividad_departamento","embeddable":true,"href":"https:\/\/ludiccc.ddns.net\/en\/wp-json\/wp\/v2\/actividad_departamento?post=25218"},{"taxonomy":"actividad_ciclo","embeddable":true,"href":"https:\/\/ludiccc.ddns.net\/en\/wp-json\/wp\/v2\/actividad_ciclo?post=25218"}],"curies":[{"name":"wp","href":"https:\/\/api.w.org\/{rel}","templated":true}]}}