{"id":17754,"date":"2018-10-26T12:29:43","date_gmt":"2018-10-26T12:29:43","guid":{"rendered":"https:\/\/fcmanrique.org\/?post_type=fcm_actividad&#038;p=17754"},"modified":"2026-04-23T23:19:29","modified_gmt":"2026-04-23T23:19:29","slug":"lanzamiento-nacional-de-libros-relacionados-con-la-recepcion-del-premio-nobel-de-jose-saramago","status":"publish","type":"fcm_actividad","link":"https:\/\/ludiccc.ddns.net\/en\/fcm-actividad\/lanzamiento-nacional-de-libros-relacionados-con-la-recepcion-del-premio-nobel-de-jose-saramago\/","title":{"rendered":"Lanzamiento nacional de libros relacionados con la recepci\u00f3n del Premio Nobel de Jos\u00e9 Saramago"},"content":{"rendered":"<figure class=\"wp-block-image size-full\"><img fetchpriority=\"high\" width=\"369\" height=\"246\" src=\"https:\/\/fcm.local\/wp-content\/uploads\/fc-manrique-lanzamiento-libros-saramago-1p.jpg\" class=\"wp-image-17756\" alt=\"Lanzamiento nacional de libros relacionados con la recepci\u00f3n del Premio Nobel de Jos\u00e9 Saramago\" loading=\"eager\" decoding=\"async\" srcset=\"https:\/\/fcm.local\/wp-content\/uploads\/fc-manrique-lanzamiento-libros-saramago-1p.jpg 369w, https:\/\/fcm.local\/wp-content\/uploads\/fc-manrique-lanzamiento-libros-saramago-1p-300x200.jpg 300w, https:\/\/fcm.local\/wp-content\/uploads\/fc-manrique-lanzamiento-libros-saramago-1p-289x193.jpg 289w\" sizes=\"(max-width: 369px) 100vw, 369px\" \/><\/figure>\n<p>El pasado jueves 25 de octubre, a las 20:00 horas, en la sede de la FCM de Taro de Tah\u00edche, tuvo lugar el lanzamiento nacional de los libros <em><strong>El cuaderno del a\u00f1o del Nobel<\/strong>, <\/em>de Jos\u00e9 Saramago y de<em> Un pa\u00eds levantado en alegr\u00eda <\/em>de Ricardo Viel<em>.<\/em> En el acto estuvieron presentes Pilar del R\u00edo, Ricardo Viel, Pilar Reyes \u2014directora editorial de Alfaguara, Taurus y Publicaciones Acad\u00e9micas\u2014 y Fernando G\u00f3mez Aguilera, que mantuvieron una conversaci\u00f3n en torno a las obras presentadas. <b>El cuaderno del a\u00f1o del Nobel: el diario perdido de Saramago<\/b> \u201cTraspasando la ausencia nos ha regalado un nuevo libro\u201d. As\u00ed se refiri\u00f3 el director de la Fundaci\u00f3n C\u00e9sar Manrique, Fernando G\u00f3mez Aguilera, a Jos\u00e9 Saramago y su libro p\u00f3stumo <i>El cuaderno del a\u00f1o del Nobel<\/i> (Alfaguara), que se present\u00f3 en Taro de Tah\u00edche, junto a un libro hermano, <em>Un pa\u00eds levantado en alegr\u00eda, <\/em>del periodista Ricardo Viel, que narra c\u00f3mo vivieron Saramago y su entorno durante 1998, el a\u00f1o en que gan\u00f3 el Premio Nobel de Literatura. En la mesa del coloquio de presentaci\u00f3n, adem\u00e1s de G\u00f3mez Aguilera y Viel, participaron Pilar del R\u00edo, traductora y presidenta de la Fundaci\u00f3n Jos\u00e9 Saramago y Pilar Reyes, directora editorial de Alfaguara.<\/p>\n<figure class=\"wp-block-image alignnone\"><a href=\"https:\/\/fcmanrique.org\/wp-content\/uploads\/fc-manrique-lanzamiento-libros-saramago-1g.jpg\"><img loading=\"lazy\" decoding=\"async\" src=\"https:\/\/fcmanrique.org\/wp-content\/uploads\/fc-manrique-lanzamiento-libros-saramago-1g.jpg\" alt=\"\" width=\"800\" height=\"533\"><\/a><figcaption class=\"wp-element-caption\">Pilar Reyes, Ricardo Viel, Pilar del R\u00edo, Fernando G\u00f3mez Aguilera<\/figcaption><\/figure>\n<p>Este \u201clibro durmiente alojado en el vientre de la ballena\u201d, que en este caso era el ordenador Acer del despacho del Nobel, es el protagonista de los actos de conmemoraci\u00f3n del veinte aniversario de ese premio, que se van repitiendo por Espa\u00f1a y Portugal desde el 6 de octubre. De la existencia del libro, el sexto <i>Cuaderno de Lanzarote<\/i>, dej\u00f3 noticia el autor en 2001 pero \u201cel propio Saramago lo olvid\u00f3\u201d, se\u00f1alo G\u00f3mez Aguilera antes de preguntar a Pilar Reyes c\u00f3mo recibi\u00f3 la noticia del hallazgo. La recibi\u00f3 como un regalo. \u201cHe encontrado algo que se nos escap\u00f3 a todos, no entiendo por qu\u00e9 no se public\u00f3&#8221;, le dijo Pilar del R\u00edo. \u201cJos\u00e9 est\u00e1 jugando contigo\u201d, contest\u00f3 Reyes. El libro contiene las entradas del diario correspondientes a 1998, dos m\u00e1s de 1999 y cuatro conferencias del Nobel. Seg\u00fan Reyes, este diario \u201cno es tan cotidiano como los cinco anteriores\u201d y hay un libro hasta el 8 de octubre, cuando recibe la noticia del Nobel y otro despu\u00e9s, porque \u201cle era casi imposible escribir\u201d. De hecho, el d\u00eda que recibe la noticia, la entrada del diario es la siguiente: \u201cAeropuerto de Frankfurt. Premio Nobel. La azafata. Teresa Cruz. Entrevistas.\u201d <a href=\"https:\/\/fcmanrique.org\/wp-content\/uploads\/fc-manrique-lanzamiento-libros-saramago-4.jpg\"><img loading=\"lazy\" decoding=\"async\" src=\"https:\/\/fcmanrique.org\/wp-content\/uploads\/fc-manrique-lanzamiento-libros-saramago-4.jpg\" alt=\"\" width=\"800\" height=\"533\"><\/a> El periodista brasile\u00f1o <strong>Ricardo Viel<\/strong> nunca conoci\u00f3 a Saramago ni habl\u00f3 con \u00e9l ni estrech\u00f3 su mano. Tan s\u00f3lo lo vio una vez de lejos en el Foro de Portoalegre. \u201cA\u00fan as\u00ed es una persona presente en mi vida, tengo muy presente su obra\u201d, dijo. Cuando era estudiante compr\u00f3 <i>La balsa de piedra<\/i>, pero cuando le quedaban dos cap\u00edtulos olvid\u00f3 el libro en el autob\u00fas. Como no ten\u00eda m\u00e1s dinero, fue a la librer\u00eda donde lo hab\u00eda comprado y ley\u00f3 el final all\u00ed, de pie. \u201cEsa media hora no hubo nada m\u00e1s importante en mi vida\u201d. Cuando termin\u00f3 el libro \u201cya era otra persona\u201d. <strong>Pilar del R\u00edo<\/strong> cont\u00f3 c\u00f3mo fue el hallazgo. Hab\u00eda mirado, \u201cfisgoneado mil veces\u201d, en ese ordenador pero no hab\u00eda abierto el archivo &#8216;Cuadernos&#8217;. Necesitaba encontrar un dato para el libro que prepara Fernando G\u00f3mez Aguilera sobre los escritos p\u00fablicos del autor portugu\u00e9s. Eran las dos de la madrugada y no ten\u00eda los libros a mano. Estaban en la biblioteca que est\u00e1 en la casa de al lado. As\u00ed que abri\u00f3 el ordenador, entr\u00f3 en el archivo &#8216;Cuadernos&#8217; y vio seis carpetas. Pens\u00f3 que eran unas notas pero r\u00e1pidamente se dio cuenta de que no era as\u00ed. \u201cEsto empieza a ser demasiado fuerte\u201d, se dijo. \u201c\u00bfEs posible -se pregunt\u00f3 en alto- que por el d\u00eda a d\u00eda se pierda un libro en un ordenador?\u201d. Se respondi\u00f3: \u201cPosible no es, pero pas\u00f3\u201d. Y a\u00f1adi\u00f3: \u201cDicen que es un invento m\u00edo. Corran la voz porque adoro que me atribuyan libros\u201d. <a href=\"https:\/\/fcmanrique.org\/wp-content\/uploads\/fc-manrique-lanzamiento-libros-saramago-3.jpg\"><img loading=\"lazy\" decoding=\"async\" src=\"https:\/\/fcmanrique.org\/wp-content\/uploads\/fc-manrique-lanzamiento-libros-saramago-3.jpg\" alt=\"\" width=\"800\" height=\"533\"><\/a><\/p>\n<p><strong>Pilar Reyes<\/strong> dijo que en este libro hay \u201cm\u00e1s reflexi\u00f3n literaria y pol\u00edtica\u201d y que \u201cla presencia de los lectores empieza a ser muy v\u00edvida\u201d. Record\u00f3 que \u201clo que provoc\u00f3 el Nobel no fue normal\u201d. \u201cLa sensaci\u00f3n es que lo hab\u00eda ganado una lengua, un pa\u00eds y casi un continente, fue un logro colectivo\u201d, dijo: \u201cHizo que la gente pareciera que hab\u00eda crecido tres cent\u00edmetros\u201d. Tanto es as\u00ed que, como cont\u00f3 Pilar del R\u00edo, en la asamblea del Benfica, el equipo de f\u00fatbol de Lisboa, uno de los socios tom\u00f3 la palabra y dijo: \u201c\u00a1Hemos ganado el campeonato mundial de literatura!\u201d Gracias al Nobel, Saramago \u201cplant\u00f3 m\u00e1s \u00e1rboles que su abuelo, que era agricultor\u201d, inaugur\u00f3 colegios, bibliotecas y hasta puentes. \u201cVimos que un pa\u00eds era capaz de levantarse de alegr\u00eda\u201d, dijo Del R\u00edo, para quien el Nobel de este a\u00f1o vuelve a ser de Saramago, veinte a\u00f1os despu\u00e9s, porque va a quedar desierto. <strong>G\u00f3mez Aguilera<\/strong> coincidi\u00f3 en que el libro es \u201crico en observaciones de car\u00e1cter social y pol\u00edtico\u201d y apunt\u00f3 que aborda asuntos como la sociedad de consumo, la iglesia, el indigenismo, el neoliberalismo o el europe\u00edsmo\u2026 Pilar del R\u00edo afirm\u00f3 que Saramago no era un visionario sino s\u00f3lo un pensador. El director de la FCM a\u00f1adi\u00f3 que ya es un cl\u00e1sico contempor\u00e1neo. <a href=\"https:\/\/fcmanrique.org\/wp-content\/uploads\/fc-manrique-lanzamiento-libros-saramago-5.jpg\"><img loading=\"lazy\" decoding=\"async\" src=\"https:\/\/fcmanrique.org\/wp-content\/uploads\/fc-manrique-lanzamiento-libros-saramago-5.jpg\" alt=\"\" width=\"800\" height=\"533\"><\/a> Para escribir su libro, Viel recopil\u00f3 noticias y vio decenas de horas de programas de televisi\u00f3n dedicados a la noticia del Nobel. Tambi\u00e9n entrevist\u00f3 a uno de los personajes del libro, Amadeu Batel, un profesor portugu\u00e9s que viv\u00eda en Estocolmo y a quien comunicaron el Nobel seis d\u00edas antes de que se hiciera p\u00fablico. Batel llam\u00f3 a la casa de Saramago, en T\u00edas, el 7 de octubre, preguntando por el tel\u00e9fono del escritor que estaba en Francfort. Pilar del R\u00edo logr\u00f3 sonsacarle la noticia con la promesa de no revelarlo. Lo que s\u00ed hizo fue llamar a su marido para proponerle que al d\u00eda siguiente no fuera al aeropuerto, como ten\u00eda previsto, y se quedara en el hotel hasta que se supiera a qui\u00e9n le daban el Nobel, por si acaso. Saramago le contest\u00f3: \u201cClaro, y pierdo el Nobel y el avi\u00f3n\u201d. <a href=\"https:\/\/fcmanrique.org\/wp-content\/uploads\/fc-manrique-lanzamiento-libros-saramago-6.jpg\"><img loading=\"lazy\" decoding=\"async\" src=\"https:\/\/fcmanrique.org\/wp-content\/uploads\/fc-manrique-lanzamiento-libros-saramago-6.jpg\" alt=\"\" width=\"800\" height=\"533\"><\/a><\/p>\n<p><b>Se\u00f1alizaci\u00f3n de <i>A Casa<\/i><\/b> El acto termin\u00f3 con la recomendaci\u00f3n por parte de G\u00f3mez Aguilera de algunas de las entradas del libro y la lectura de varios pasajes, muchos de ellos dedicados a Lanzarote. A continuaci\u00f3n, hizo p\u00fablica una reivindicaci\u00f3n. Se\u00f1al\u00f3 que en estos momentos en que se calculan los impactos de algunas noticias sobre Lanzarote por su potencialidad como promoci\u00f3n tur\u00edstica, ser\u00eda incalculable el valor de las palabras de Saramago sobre la isla. \u201cSi alguien tiene la tentaci\u00f3n de hacerlo, que antes se\u00f1alen c\u00f3mo se puede llegar a la Casa Museo de Saramago\u201d, <i>A Casa<\/i>, ya que no hay letreros que lo indiquen y las instituciones aluden a normativas u ordenanzas para no hacerlo. Aguilera se\u00f1al\u00f3 que \u201cse refugian en la catetada\u201d para no ayudar a llegar a un lugar \u201cque es un faro en el mundo\u201d. \u201cHan perdido ya mucho tiempo -dijo interpelando a los responsables p\u00fablicos-, p\u00f3nganse manos a la obra sin m\u00e1s demora, aprovechando que vienen elecciones, e incorporen un pu\u00f1ado de se\u00f1ales viarias\u201d. <strong>M\u00e1s informaci\u00f3n:<\/strong><\/p>\n<p><a href=\"https:\/\/fcmanrique.org\/wp-content\/uploads\/fc-manrique-lanzamiento-libros-saramago-viel.pdf\" target=\"_blank\" rel=\"noopener\" class=\"fcm-pdf-download-link\">Nota de prensa<\/a><\/p>\n<p><a href=\"https:\/\/fcmanrique.org\/wp-content\/uploads\/fc-manrique-presentacion-libro-jose-saramago-ricardo-viel-800.jpg\"><img loading=\"lazy\" decoding=\"async\" src=\"https:\/\/fcmanrique.org\/wp-content\/uploads\/fc-manrique-presentacion-libro-jose-saramago-ricardo-viel-800.jpg\" alt=\"\" width=\"800\" height=\"528\"><\/a><\/p>","protected":false},"featured_media":17756,"parent":0,"template":"","meta":{"_acf_changed":false,"ngg_post_thumbnail":0,"footnotes":""},"actividad_tipo":[36],"actividad_lugar":[46],"actividad_departamento":[],"actividad_ciclo":[],"class_list":["post-17754","fcm_actividad","type-fcm_actividad","status-publish","has-post-thumbnail","hentry","actividad_tipo-presentacion-libros","actividad_lugar-lugar-fcm"],"acf":[],"_links":{"self":[{"href":"https:\/\/ludiccc.ddns.net\/en\/wp-json\/wp\/v2\/fcm_actividad\/17754","targetHints":{"allow":["GET"]}}],"collection":[{"href":"https:\/\/ludiccc.ddns.net\/en\/wp-json\/wp\/v2\/fcm_actividad"}],"about":[{"href":"https:\/\/ludiccc.ddns.net\/en\/wp-json\/wp\/v2\/types\/fcm_actividad"}],"version-history":[{"count":7,"href":"https:\/\/ludiccc.ddns.net\/en\/wp-json\/wp\/v2\/fcm_actividad\/17754\/revisions"}],"predecessor-version":[{"id":27024,"href":"https:\/\/ludiccc.ddns.net\/en\/wp-json\/wp\/v2\/fcm_actividad\/17754\/revisions\/27024"}],"wp:featuredmedia":[{"embeddable":true,"href":"https:\/\/ludiccc.ddns.net\/en\/wp-json\/wp\/v2\/media\/17756"}],"wp:attachment":[{"href":"https:\/\/ludiccc.ddns.net\/en\/wp-json\/wp\/v2\/media?parent=17754"}],"wp:term":[{"taxonomy":"actividad_tipo","embeddable":true,"href":"https:\/\/ludiccc.ddns.net\/en\/wp-json\/wp\/v2\/actividad_tipo?post=17754"},{"taxonomy":"actividad_lugar","embeddable":true,"href":"https:\/\/ludiccc.ddns.net\/en\/wp-json\/wp\/v2\/actividad_lugar?post=17754"},{"taxonomy":"actividad_departamento","embeddable":true,"href":"https:\/\/ludiccc.ddns.net\/en\/wp-json\/wp\/v2\/actividad_departamento?post=17754"},{"taxonomy":"actividad_ciclo","embeddable":true,"href":"https:\/\/ludiccc.ddns.net\/en\/wp-json\/wp\/v2\/actividad_ciclo?post=17754"}],"curies":[{"name":"wp","href":"https:\/\/api.w.org\/{rel}","templated":true}]}}