{"id":16896,"date":"2018-06-21T14:07:51","date_gmt":"2018-06-21T14:07:51","guid":{"rendered":"https:\/\/fcmanrique.org\/?p=16896"},"modified":"2026-04-23T23:19:19","modified_gmt":"2026-04-23T23:19:19","slug":"el-universo-de-las-artes-digitales-ciencia-tecnologia-archivos-feminismos-big-data-propuestas-e-instalaciones","status":"publish","type":"fcm_actividad","link":"https:\/\/ludiccc.ddns.net\/en\/fcm-actividad\/el-universo-de-las-artes-digitales-ciencia-tecnologia-archivos-feminismos-big-data-propuestas-e-instalaciones\/","title":{"rendered":"El universo de las artes digitales: ciencia, tecnolog\u00eda, archivos, feminismos, big data, propuestas e instalaciones"},"content":{"rendered":"<figure class=\"wp-block-image size-full\"><img fetchpriority=\"high\" width=\"289\" height=\"189\" src=\"https:\/\/fcm.local\/wp-content\/uploads\/fc-manrique-jaume-reus-webp.jpg\" class=\"wp-image-16893\" alt=\"El universo de las artes digitales: ciencia, tecnolog\u00eda, archivos, feminismos, big data, propuestas e instalaciones\" loading=\"eager\" decoding=\"async\" \/><\/figure>\n<p>El historiador y gestor cultural, <strong>Jaume Reus<\/strong>, demostr\u00f3 emp\u00edricamente el t\u00edtulo del taller: <strong>\u201cArtes digitales hoy, m\u00e1s que interactividad\u201d<\/strong> durante las dos jornadas, los d\u00edas 19 y 20 de junio, en que lo dirigi\u00f3. El director de la Fundaci\u00f3n C\u00e9sar Manrique, Fernando G\u00f3mez Aguilera, lo present\u00f3 se\u00f1alando que la cuesti\u00f3n digital es un gran campo p\u00fablico, con impacto en muchos \u00e1mbitos, al que hay que estar atento. Reus destac\u00f3 que en un principio parec\u00eda que la interactividad era la \u00fanica caracter\u00edstica del arte digital, pero que hay una gran variedad. \u201cEs algo expandido e interdisciplinario\u201d. Hay mucha experimentaci\u00f3n, y tambi\u00e9n, en muchos casos, solo hay tecnolog\u00eda sin relato, \u201csin nada que decir\u201d. La unidad m\u00ednima en este arte es el p\u00edxel y su precedente en pintura fue el puntillismo, o neoimpresionismo, de artistas como Seurat. <a href=\"https:\/\/fcmanrique.org\/wp-content\/uploads\/fc-manrique-jaume-reus-3web.jpg\"><img loading=\"lazy\" decoding=\"async\" src=\"https:\/\/fcmanrique.org\/wp-content\/uploads\/fc-manrique-jaume-reus-3web.jpg\" alt=\"\" width=\"800\" height=\"556\"><\/a> El taller se dividi\u00f3 en <strong>cuatro ponencias y dos sesiones pr\u00e1cticas de trabajo<\/strong>. La primera de las ponencias se centr\u00f3 en la relaci\u00f3n entre el arte y la tecnolog\u00eda. Reus expuso propuestas como la de la Fundaci\u00f3n Sorigu\u00e9 y su relaci\u00f3n con el Festival Sonar. De esa uni\u00f3n expuso cuatro proyectos o instalaciones arriesgadas. La de Carsten Nicolai, <em>Unidisplay<\/em>, \u201cuna realidad inmersiva\u201d, la del estudio brit\u00e1nico Semiconductor, <em>Earthworks<\/em>, una instalaci\u00f3n que es \u201cun salto cu\u00e1ntico\u201d y que muestra datos sismogr\u00e1ficos (de movimientos del Planeta) convertidos en sonidos e im\u00e1genes que no dejan de moverse, y <em>Phosphere<\/em>, la esfera de luz y danza de Daito Manabe. Otros ejemplos de obras destacadas por Jaume Reus son los de Ryoichi <em>Kurokawa, una instalaci\u00f3n sofisticada que une el arte de este japon\u00e9s con la figura de Ram\u00f3n Llull, en el 700 aniversario del nacimiento de este \u00faltimo. Ambos autores se maravillan ante la naturaleza, uno a trav\u00e9s de Dios y otro, de la ciencia.<\/em><em> \u201c<\/em>La tecnolog\u00eda permite un desaf\u00edo a la naturaleza\u201d, se\u00f1al\u00f3 Reus, que tambi\u00e9n hizo un repaso a las revistas digitales que se encargan de este arte, como la de la Universitat Oberta de Catalunya, <em>Art Nodes<\/em>, dirigida por Pau Alsina, o la del IMT de Boston, <em>Leonardo<\/em>, la m\u00e1s prestigiosa en el \u00e1mbito internacional, o en el \u00e1mbito dom\u00e9stico el blog <em>El arte en la edad del silicio<\/em>, de Roberta Bosco y Stefano Caldana. Repas\u00f3 otras exposiciones como la colectiva<em> Real Time<\/em>, arte en tiempo real, en la que las instalaciones solo funcionan si est\u00e1n conectadas a Internet y que reflejan el n\u00famero de tuits por ciudades o muestran las pel\u00edculas que se est\u00e1n descargando, el sonido asociado a algunas calles o un contador de tiempo que recoge los segundos y minutos que el p\u00fablico observa el propio contador. La segunda ponencia comenz\u00f3 con la postfotograf\u00eda, planteada por Joan Fontcuberta, que desmonta que la imagen sea igual a la verdad. Tambi\u00e9n habl\u00f3 Reus de las im\u00e1genes pobres, que habitan la Red, son de poca calidad y se usan muchas veces, pero se prefieren, incluso por la prensa, por su inmediatez. Plante\u00f3 la acumulaci\u00f3n de im\u00e1genes: a Facebook se suben 250 millones de im\u00e1genes al d\u00eda y en Flickr hay ocho millones de puestas de sol. Se gasta m\u00e1s tiempo en captar im\u00e1genes que en verlas. En la postfotograf\u00eda, la toma de la imagen es solo el primer paso antes de la postproducci\u00f3n. Hay fot\u00f3grafos que son m\u00e1s prescriptores que fabricantes de im\u00e1genes, son apropiacionistas, reciclan im\u00e1genes. <a href=\"https:\/\/fcmanrique.org\/wp-content\/uploads\/fc-manrique-jaume-reus-2web.jpg\"><img loading=\"lazy\" decoding=\"async\" src=\"https:\/\/fcmanrique.org\/wp-content\/uploads\/fc-manrique-jaume-reus-2web.jpg\" alt=\"\" width=\"800\" height=\"498\"><\/a> El proyecto <em>The file room<\/em>, un archivo internacional de censura, de Antoni Muntadas, dio pie para hablar sobre la censura en el arte digital, con el ejemplo de la obra retirada en la Feria Internacional de Arte Contempor\u00e1neo de Madrid, ARCO, titulada <em>Presos pol\u00edticos<\/em>, de Ricardo Sierra. En Espa\u00f1a, dijo Reus, hay 13 artistas encarcelados, m\u00e1s que en China o Ir\u00e1n. \u201cEstamos en el top\u201d. \u201cParece que el arte digital est\u00e1 en otro universo, que es evasivo, y no es as\u00ed, hay artistas implicados\u201d, se\u00f1al\u00f3. La <strong>segunda jornada<\/strong> comenz\u00f3 con los archivos o colecciones digitales. En primer lugar, la Colecci\u00f3n BEEP, de las tiendas de inform\u00e1tica del mismo nombre. Cada a\u00f1o, convocan un premio y compran una obra digital en ARCO, adem\u00e1s de fomentar la creaci\u00f3n de otras obras, de artistas como Daniel Canogar, Rafael Lozano Hemmer, Paul Friedlander o Ricardo Iglesias. Otro archivo es el del MEIAC &#8211; Museo Extreme\u00f1o e Iberoamericano de Arte Contempor\u00e1neo, que incorpora dos colecciones, Turbulence y NETescopio. A estos se a\u00f1ade el archivo ADA, el de la Asociaci\u00f3n de arte electr\u00f3nico y experimental o el trabajo de Soliman L\u00f3pez, creador de <em>Harddiskmuseum<\/em>, un disco duro que, en s\u00ed mismo, es un museo en el que invita a artistas. Tambi\u00e9n Jaume Reus destac\u00f3 Rhizome, una de las grandes plataformas de arte digital; MIDECiant \u2013 Museo Internacional de Electrograf\u00eda de Cuenca, un centro asociado a la Universidad de Cuenca y promovido por Jos\u00e9 Ram\u00f3n Alcal\u00e1; eTOPIA, en Zaragoza, un centro municipal de arte y tecnolog\u00eda o el proyecto de Archivo Espa\u00f1ol de Media Art; Jodi.org es el archivo de dos artistas, dos hackers \u201cque juegan con el error\u201d, o Art Futura, una propuesta desde 1995 que profundiza en la cognici\u00f3n aumentada, que consiste en usar la tecnolog\u00eda para aumentar nuestras capacidades cognitivas y conectar mejor con los dem\u00e1s. Por \u00faltimo: MADATAC (la Muestra Internacional de Arte Digital Audiovisual y Tecnolog\u00edas Acontempor\u00e1neas), un evento internacional en el Centro Conde Duque de Madrid. <a href=\"https:\/\/fcmanrique.org\/wp-content\/uploads\/fc-manrique-jaume-reus-webg.jpg\"><img loading=\"lazy\" decoding=\"async\" src=\"https:\/\/fcmanrique.org\/wp-content\/uploads\/fc-manrique-jaume-reus-webg.jpg\" alt=\"\" width=\"800\" height=\"522\"><\/a> El taller sigui\u00f3 con una mirada a la perspectiva de g\u00e9nero, poniendo sobre la mesa el <em>Ensayo sobre g\u00e9nero y ciberespacio<\/em>, el <em>Manifiesto ciberfeminista en el Siglo XXI<\/em> o la web obn.org de women hackers. Seg\u00fan Reus, \u201ca nivel creativo y de gesti\u00f3n cultural, la presencia de la mujer va creciendo pero sigue habiendo muy poca visibilidad\u201d. As\u00ed mismo, \u201cen el mundo del arte m\u00e1s tradicional hab\u00eda poca presencia de la mujer y eso se mantiene en el mundo digital\u201d. Una de las te\u00f3ricas m\u00e1s destacadas en este campo, el del arte, redes y ciberfeminismos, es Remedios Zafra. La \u00faltima visi\u00f3n es el Big Data, ya que \u201choy todo es susceptible de ser datificado\u201d. Entre las plataformas y centros de inter\u00e9s, est\u00e1 la exposici\u00f3n del Centro de Cultura Contempor\u00e1nea de Barcelona, <em>Big Bang Data<\/em>, de Jos\u00e9 Luis de Vicente y Olga Subir\u00f3s, la Bienal online Thewrong.org, el ZKM (Centro de Arte y Medios Tecnol\u00f3gicos), uno de los centros de cultura digital de referencia, m\u00e1s importantes del mundo, en Karlsruhe (Alemania), y el Ars Electronica Center de Austria, el otro gran centro relacionado con la ciencia y la investigaci\u00f3n que otorga los Golden Nica, los premios m\u00e1s importantes del mundo de arte electr\u00f3nico. Otros proyectos relacionados con la ciencia y arte digital son la plataforma para arte y cultura digital, Ars Electronica (aec.at), el sitio web de arte vanguardista ubu.com, el estudio de artistas visuales de Mar Canet y Varvara Guljajeva (varvarag), el grupo japon\u00e9s TeamLab, o Arts.cern, el proyecto art\u00edstico del acelerador de part\u00edculas de Ginebra que dirige M\u00f3nica Bello. El taller finaliz\u00f3 con otra sesi\u00f3n pr\u00e1ctica sobre el arte post-Internet y la inmaterialidad del arte digital. <strong>M\u00e1s informaci\u00f3n del taller: <\/strong><a href=\"https:\/\/fcmanrique.org\/wp-content\/uploads\/fc-manrique-programa-horario-taller-arte-digital-1.pdf\" class=\"fcm-pdf-download-link\">Programa y horarios<\/a><\/p>\n<p><strong>M\u00e1s informaci\u00f3n:<\/strong><\/p>\n<p><a href=\"https:\/\/fcmanrique.org\/wp-content\/uploads\/nota-de-prensa-taller-arte-digital-en-la-fcm.pdf\" class=\"fcm-pdf-download-link\">Nota de prensa<\/a><\/p>\n<p><a href=\"https:\/\/fcmanrique.org\/wp-content\/uploads\/fc-manrique-taller-arte-digital-portada-webg.jpg\"><img loading=\"lazy\" decoding=\"async\" src=\"https:\/\/fcmanrique.org\/wp-content\/uploads\/fc-manrique-taller-arte-digital-portada-webg.jpg\" alt=\"\" width=\"800\" height=\"800\"><\/a><\/p>","protected":false},"featured_media":16893,"parent":0,"template":"","meta":{"_acf_changed":false,"ngg_post_thumbnail":0,"footnotes":""},"actividad_tipo":[35],"actividad_lugar":[],"actividad_departamento":[],"actividad_ciclo":[],"class_list":["post-16896","fcm_actividad","type-fcm_actividad","status-publish","has-post-thumbnail","hentry","actividad_tipo-cursos-y-talleres"],"acf":[],"_links":{"self":[{"href":"https:\/\/ludiccc.ddns.net\/en\/wp-json\/wp\/v2\/fcm_actividad\/16896","targetHints":{"allow":["GET"]}}],"collection":[{"href":"https:\/\/ludiccc.ddns.net\/en\/wp-json\/wp\/v2\/fcm_actividad"}],"about":[{"href":"https:\/\/ludiccc.ddns.net\/en\/wp-json\/wp\/v2\/types\/fcm_actividad"}],"version-history":[{"count":5,"href":"https:\/\/ludiccc.ddns.net\/en\/wp-json\/wp\/v2\/fcm_actividad\/16896\/revisions"}],"predecessor-version":[{"id":26977,"href":"https:\/\/ludiccc.ddns.net\/en\/wp-json\/wp\/v2\/fcm_actividad\/16896\/revisions\/26977"}],"wp:featuredmedia":[{"embeddable":true,"href":"https:\/\/ludiccc.ddns.net\/en\/wp-json\/wp\/v2\/media\/16893"}],"wp:attachment":[{"href":"https:\/\/ludiccc.ddns.net\/en\/wp-json\/wp\/v2\/media?parent=16896"}],"wp:term":[{"taxonomy":"actividad_tipo","embeddable":true,"href":"https:\/\/ludiccc.ddns.net\/en\/wp-json\/wp\/v2\/actividad_tipo?post=16896"},{"taxonomy":"actividad_lugar","embeddable":true,"href":"https:\/\/ludiccc.ddns.net\/en\/wp-json\/wp\/v2\/actividad_lugar?post=16896"},{"taxonomy":"actividad_departamento","embeddable":true,"href":"https:\/\/ludiccc.ddns.net\/en\/wp-json\/wp\/v2\/actividad_departamento?post=16896"},{"taxonomy":"actividad_ciclo","embeddable":true,"href":"https:\/\/ludiccc.ddns.net\/en\/wp-json\/wp\/v2\/actividad_ciclo?post=16896"}],"curies":[{"name":"wp","href":"https:\/\/api.w.org\/{rel}","templated":true}]}}