{"id":14399,"date":"2012-05-17T00:00:00","date_gmt":"2012-05-17T00:00:00","guid":{"rendered":"https:\/\/fcmanrique.org\/fcm-actividad\/cesar-estaba-solo-y-desesperado-per\/"},"modified":"2026-04-23T23:19:19","modified_gmt":"2026-04-23T23:19:19","slug":"cesar-estaba-solo-y-desesperado-per","status":"publish","type":"fcm_actividad","link":"https:\/\/ludiccc.ddns.net\/en\/fcm-actividad\/cesar-estaba-solo-y-desesperado-per\/","title":{"rendered":"<em>C\u00e9sar estaba solo y desesperado pero ten\u00eda mucha voluntad y era indestructible<\/em>"},"content":{"rendered":"<div class=\"wp-block-columns fcm-page-migration-columns is-layout-flex wp-container-core-columns-is-layout-9d6595d7 wp-block-columns-is-layout-flex\"><div class=\"wp-block-column is-layout-flow wp-block-column-is-layout-flow\" style=\"flex-basis:66.66%\"><figure class=\"wp-block-image size-full\"><img width=\"135\" height=\"100\" src=\"https:\/\/fcm.local\/wp-content\/uploads\/thmb_508511d7mr1-ppal_135x100.jpg\" class=\"wp-image-14400\" alt=\"C\u00e9sar estaba solo y desesperado pero ten\u00eda mucha voluntad y era indestructible\" loading=\"eager\" decoding=\"async\" \/><\/figure>\n<p>La Sala Jos\u00e9 Saramago de la FCM en la Plazuela (Arrecife) acogi\u00f3 la primera de la cinco mesas redondas previstas este a\u00f1o para abordar la figura de C\u00e9sar Manrique desde distintos puntos de vista, cuando se cumplen veinte a\u00f1os de la apertura de la Fundaci\u00f3n y de la muerte del artista. La mesa, moderada por los periodistas Soraya Morales y Gonzalo Mej\u00edas, y bajo el t\u00edtulo <em>C\u00e9sar Manrique en Lanzarote. Artista moderno y agitador social, <\/em>reuni\u00f3 a Gin\u00e9s D\u00edaz Pallar\u00e9s, primer presidente de la asociaci\u00f3n ecologista <em>El Guincho<\/em>; Mario Alberto Perdomo, periodista y economista, adem\u00e1s de patrono de la FCM; y a Carlos Matallana, artista, patrono de la FCM y sobrino de C\u00e9sar Manrique. <\/p>\n<p>Matallana comenz\u00f3 haciendo referencia al primer recuerdo sobre su t\u00edo, cuando regres\u00f3 a la Isla desde Nueva York en 1965, con un gato en una jaula, un collar de brillantes falso y unas bermudas. \u201cMe impresion\u00f3\u201d, dijo, sobre todo por el contraste con la vida gris de la Isla en aquel momento. D\u00edaz Pallar\u00e9s tambi\u00e9n comparti\u00f3 sus primeros recuerdos de C\u00e9sar, al que conoci\u00f3 gracias a que su padre era el \u00fanico traductor de ingl\u00e9s en la Isla y \u201cC\u00e9sar estaba en todo\u201d. \u201cMe ense\u00f1\u00f3 a ver las cosas de otra manera, te sent\u00edas pleno con \u00e9l\u201d, asegur\u00f3, y relat\u00f3 los inicios de la asociaci\u00f3n ecologista <em>El Guincho<\/em>, de la que Manrique fue presidente de honor: \u201cAquello fue una bronca permanente, todos los d\u00edas nos pele\u00e1bamos\u201d. Reivindic\u00f3 la entrega y la energ\u00eda de C\u00e9sar Manrique en aquella \u00e9poca, con 55 a\u00f1os. \u201cLo de C\u00e9sar era incre\u00edble \u2014seg\u00fan Pallar\u00e9s\u2014, s\u00f3lo con que los trabajadores del Cabildo nos pusi\u00e9ramos a trabajar de verdad, le d\u00e1bamos la vuelta a la Isla\u201d. Mario Alberto Perdomo record\u00f3 que tanto \u00e9l como otras personas de su edad accedieron a Manrique a ra\u00edz de la apertura de <em>El Almac\u00e9n<\/em>, donde tuvo su primera sede social <em>El Guincho<\/em>, por una peseta de simb\u00f3lico alquiler anual. Sobre este centro cultural dijo que \u201ca mucha gente le abri\u00f3 los ojos\u201d, por la posibilidad de ver obras de teatro, cine o, por ejemplo, poder o\u00edr recitar a Rafael Alberti. A\u00f1adi\u00f3 que gran parte de la sociedad lo consideraba como un espacio de \u00e9lite, como ahora ocurre con la FCM.<\/p>\n<p>Los tres reflexionaron sobre la acogida de la sociedad lanzarote\u00f1a hacia Manrique. Matallana dijo que en los a\u00f1os 60 y 70 \u201cC\u00e9sar era el diablo\u201d porque creaba pol\u00e9mica y la sociedad era muy conservadora mientras que \u00e9l era muy moderno. Entonces era criticado e insultado pero, seg\u00fan Matallana, la situaci\u00f3n despu\u00e9s fue cambiando. Revel\u00f3 que una vez C\u00e9sar le dijo que estaba a a\u00f1os luz de la realidad de Lanzarote, y sin embargo segu\u00eda luchando por ella. Para D\u00edaz Pallar\u00e9s, el rechazo hacia Manrique no cambi\u00f3 nunca. \u201cC\u00e9sar estaba solo y desesperado pero ten\u00eda mucha voluntad y era indestructible, nunca estaba cansado\u201d. Record\u00f3 que Dimas Mart\u00edn \u201cgan\u00f3 unas elecciones llamando maric\u00f3n a C\u00e9sar Manrique\u201d, para evidenciar que nunca tuvo grandes apoyos, excepto de la colonia alemana de Lanzarote. \u201cC\u00e9sar cre\u00f3 proyectos que supon\u00edan \u2018pelas\u2019 y entonces se lanz\u00f3 todo el mundo, y despu\u00e9s no hemos sido capaces de hacer nada de lo que \u00e9l propon\u00eda\u201d, dijo el ex presidente de <em>El Guincho<\/em>, que se refiri\u00f3 al \u2018caso Uni\u00f3n\u2019, asegurando que si C\u00e9sar se enterara de esas cosas, \u201cpor la afinidad con algunas familias, se le romper\u00eda el coraz\u00f3n\u201d. A\u00f1adi\u00f3 que la visi\u00f3n de C\u00e9sar era insular y que las decisiones en la Isla han sido municipales. \u201cSi en Lanzarote hubiera habido s\u00f3lo un ayuntamiento la cosas habr\u00edan sido diferentes\u201d, se\u00f1al\u00f3.<\/p>\n<p>Avanzando en el tiempo, Carlos Matallana fij\u00f3 el a\u00f1o 1985 como la fecha en que la sociedad comenz\u00f3 a darse cuenta del valor de C\u00e9sar Manrique. Mario Alberto Perdomo traspas\u00f3 un a\u00f1o m\u00e1s y coloc\u00f3 a 1986 como una fecha clave en la que el artista se plant\u00f3 ante las autoridades. En ese a\u00f1o, C\u00e9sar convoc\u00f3 a los alcaldes de la Isla en su estudio e hizo el Manifiesto \u2018Lanzarote se est\u00e1 muriendo\u2019. Perdomo explic\u00f3 la relaci\u00f3n dual entre el artista y las autoridades: C\u00e9sar conven\u00eda para embellecer una zona y atraer inversiones y turismo pero no interesaba que hablara de territorio o ecolog\u00eda. \u201cInteresaba un C\u00e9sar parcial, el creador, uno dome\u00f1ado, acr\u00edtico, s\u00f3lo el artista y punto\u201d, y compar\u00f3 esta visi\u00f3n, de nuevo, con la situaci\u00f3n de la FCM, de la que dijo que si se dedicara a las artes pl\u00e1sticas y a promocionar la Isla en el exterior, no tendr\u00eda ning\u00fan problema.<\/p>\n<p>Por aquellos a\u00f1os, lleg\u00f3 un momento en que a D\u00edaz Pallar\u00e9s le daba pena que Manrique no se fuera de la Isla, \u201cpara que no estuviera perdiendo el tiempo\u201d. El l\u00edder ecologista critic\u00f3 a los pol\u00edticos insulares, que se aprovecharon de las condiciones que cre\u00f3 C\u00e9sar en la Isla para ganar dinero muy f\u00e1cil. \u201cC\u00e9sar estaba muy cabreado\u201d. Carlos Matallana record\u00f3 que en esos a\u00f1os, los \u00faltimos de su vida, abandon\u00f3 la pintura por el activismo social y algunos de sus amigos se lo echaban en cara. Frente a esto, Perdomo dijo que Lanzarote se convirti\u00f3 en su \u201clienzo total\u201d que se empe\u00f1\u00f3 en seguir pintando pese a todas las dificultades.<\/p>\n<p>Una \u00faltima fecha: la manifestaci\u00f3n de Los Pocillos en 1988. A Matallana le sorprendi\u00f3 ver tanta gente, y cree que muchas cosas se hubieran parado en Lanzarote si C\u00e9sar hubiera seguido vivo aunque afirm\u00f3 que C\u00e9sar, en el fondo, era muy ingenuo porque cre\u00eda que tan s\u00f3lo explicando las cosas, la gente las iba a asumir. D\u00edaz Pallar\u00e9s dijo que \u201cah\u00ed \u2014en Los Pocillos\u2014 ten\u00edamos que habernos muerto, yo no le desear\u00eda a C\u00e9sar que viera esto\u201d, opinando que tras la muerte de C\u00e9sar, la FCM ha mejorado mucho y \u201cha frenado m\u00e1s la FCM, probablemente, que C\u00e9sar\u201d. Perdomo termin\u00f3 coincidiendo con sus compa\u00f1eros en lo cabreado que segu\u00eda C\u00e9sar en sus \u00faltimos a\u00f1os y record\u00f3 el discurso (p\u00f3stumo) que iba a dar el D\u00eda del Turismo en los Jameos, que era incendiario. \u201cHoy estar\u00eda dando una rueda de prensa en Alemania indignado por las prospecciones petrol\u00edferas\u2026 y los canarios estar\u00edan orgullosos de \u00e9l\u201d, concluy\u00f3.<\/p><\/div><div class=\"wp-block-column is-layout-flow wp-block-column-is-layout-flow\" style=\"flex-basis:33.33%\"><div class=\"wp-block-group detail-panel detail-media wp-block-group-\"><div class=\"wp-block-group__inner-container is-layout-flow wp-block-group-is-layout-flow\"><p><a href=\"https:\/\/fcmanrique.org\/wp-content\/uploads\/50851313mr1-ppal_640.jpg\"><\/a><\/p><\/div><\/div>\n<div class=\"wp-block-group detail-panel detail-media wp-block-group-\"><div class=\"wp-block-group__inner-container is-layout-flow wp-block-group-is-layout-flow\"><ul class=\"wp-block-list\"><li><a href=\"\/recursos\/actividad\/50851223np07-12%20mesa%20rdonda%201.pdf\" class=\"fcm-pdf-download-link\">Nota de prensa<\/a><\/li><\/ul><\/div><\/div><\/div><\/div>","protected":false},"featured_media":14400,"parent":0,"template":"","meta":{"_acf_changed":false,"ngg_post_thumbnail":0,"footnotes":""},"actividad_tipo":[37],"actividad_lugar":[49],"actividad_departamento":[31],"actividad_ciclo":[],"class_list":["post-14399","fcm_actividad","type-fcm_actividad","status-publish","has-post-thumbnail","hentry","actividad_tipo-otras-actividades","actividad_lugar-lugar-sala-saramago","actividad_departamento-departamento-de-programas-culturales"],"acf":[],"_links":{"self":[{"href":"https:\/\/ludiccc.ddns.net\/en\/wp-json\/wp\/v2\/fcm_actividad\/14399","targetHints":{"allow":["GET"]}}],"collection":[{"href":"https:\/\/ludiccc.ddns.net\/en\/wp-json\/wp\/v2\/fcm_actividad"}],"about":[{"href":"https:\/\/ludiccc.ddns.net\/en\/wp-json\/wp\/v2\/types\/fcm_actividad"}],"version-history":[{"count":1,"href":"https:\/\/ludiccc.ddns.net\/en\/wp-json\/wp\/v2\/fcm_actividad\/14399\/revisions"}],"predecessor-version":[{"id":26933,"href":"https:\/\/ludiccc.ddns.net\/en\/wp-json\/wp\/v2\/fcm_actividad\/14399\/revisions\/26933"}],"wp:featuredmedia":[{"embeddable":true,"href":"https:\/\/ludiccc.ddns.net\/en\/wp-json\/wp\/v2\/media\/14400"}],"wp:attachment":[{"href":"https:\/\/ludiccc.ddns.net\/en\/wp-json\/wp\/v2\/media?parent=14399"}],"wp:term":[{"taxonomy":"actividad_tipo","embeddable":true,"href":"https:\/\/ludiccc.ddns.net\/en\/wp-json\/wp\/v2\/actividad_tipo?post=14399"},{"taxonomy":"actividad_lugar","embeddable":true,"href":"https:\/\/ludiccc.ddns.net\/en\/wp-json\/wp\/v2\/actividad_lugar?post=14399"},{"taxonomy":"actividad_departamento","embeddable":true,"href":"https:\/\/ludiccc.ddns.net\/en\/wp-json\/wp\/v2\/actividad_departamento?post=14399"},{"taxonomy":"actividad_ciclo","embeddable":true,"href":"https:\/\/ludiccc.ddns.net\/en\/wp-json\/wp\/v2\/actividad_ciclo?post=14399"}],"curies":[{"name":"wp","href":"https:\/\/api.w.org\/{rel}","templated":true}]}}