{"id":14377,"date":"2011-06-16T00:00:00","date_gmt":"2011-06-16T00:00:00","guid":{"rendered":"https:\/\/fcmanrique.org\/fcm-actividad\/jose-de-leon-ni-un-trozo-de-canaria\/"},"modified":"2026-04-23T23:19:28","modified_gmt":"2026-04-23T23:19:28","slug":"jose-de-leon-ni-un-trozo-de-canaria","status":"publish","type":"fcm_actividad","link":"https:\/\/ludiccc.ddns.net\/en\/fcm-actividad\/jose-de-leon-ni-un-trozo-de-canaria\/","title":{"rendered":"Jos\u00e9 de Le\u00f3n: \u00abNi un trozo de Canarias est\u00e1 salvado del todo si no hay una actitud permanente de resistencia de la poblaci\u00f3n\u00bb"},"content":{"rendered":"<div class=\"wp-block-columns fcm-page-migration-columns is-layout-flex wp-container-core-columns-is-layout-9d6595d7 wp-block-columns-is-layout-flex\"><div class=\"wp-block-column is-layout-flow wp-block-column-is-layout-flow\" style=\"flex-basis:66.66%\"><figure class=\"wp-block-image size-full\"><img fetchpriority=\"high\" width=\"394\" height=\"335\" src=\"https:\/\/fcm.local\/wp-content\/uploads\/fc-manrique-presentacion-jose-de-leon.jpg\" class=\"wp-image-24847\" alt=\"Jos\u00e9 de Le\u00f3n: \u00abNi un trozo de Canarias est\u00e1 salvado del todo si no hay una actitud permanente de resistencia de la poblaci\u00f3n\u00bb\" loading=\"eager\" decoding=\"async\" srcset=\"https:\/\/fcm.local\/wp-content\/uploads\/fc-manrique-presentacion-jose-de-leon.jpg 394w, https:\/\/fcm.local\/wp-content\/uploads\/fc-manrique-presentacion-jose-de-leon-300x255.jpg 300w, https:\/\/fcm.local\/wp-content\/uploads\/fc-manrique-presentacion-jose-de-leon-289x246.jpg 289w\" sizes=\"(max-width: 394px) 100vw, 394px\" \/><\/figure>\n<p>El primer proyecto de urbanizaci\u00f3n del barranco de Veneguera contemplaba 140.000 camas tur\u00edsticas, cuatro puertos deportivos y un campo de golf, que no se han llegado a construir. El libro <strong><em>Salvar Veneguera. El poder en movimiento<\/em><\/strong> recoge treinta a\u00f1os de lucha por evitar las obras en ese barranco de Gran Canaria. Sus autores, Jos\u00e9 de Le\u00f3n, Miguel \u00c1ngel Robayna y Juan Manuel Brito, lo presentaron en la Sala Jos\u00e9 Saramago. De Le\u00f3n comenz\u00f3 se\u00f1alando que \u201cel libro tiene mucho que ver con las acciones de la Fundaci\u00f3n C\u00e9sar Manrique\u201d y que \u201cadem\u00e1s est\u00e1 de actualidad por el Movimiento 15-M\u201d, y dio paso a un v\u00eddeo en el que se muestran im\u00e1genes de esas tres d\u00e9cadas de movilizaciones, desde que nueve personas decidieran hacer frente a la urbanizaci\u00f3n, hasta que el Parlamento aprob\u00f3 la ley para congelarla. Puntualiz\u00f3 que \u201cVeneguera no est\u00e1 a salvo del todo, ya que no hay ni un trozo de Canarias que est\u00e9 salvado del todo si no hay una actitud permanente de resistencia por parte de la poblaci\u00f3n\u201d. Para elaborar el libro, los autores utilizaron tres tipos de fuentes: m\u00e1s de treinta entrevistas a personas relacionadas con el movimiento, el an\u00e1lisis de las noticias aparecidas en prensa y el expediente de la urbanizaci\u00f3n. <strong>De Le\u00f3n<\/strong> explic\u00f3 la evoluci\u00f3n de la propiedad del suelo y c\u00f3mo se filtran a la prensa en 1983 los detalles del primer plan parcial, que da lugar al primer comit\u00e9 de \u2018Salvar Veneguera\u2019, que sirve como reacci\u00f3n no solo contra la urbanizaci\u00f3n sino contra todo el modelo de desarrollo econ\u00f3mico y tur\u00edstico y tambi\u00e9n contra el modelo pol\u00edtico y legislativo que nace con la elaboraci\u00f3n de las primeras leyes canarias. Destac\u00f3 a \u201cdos personajes que atraviesan esta historia y siempre apoyan la urbanizaci\u00f3n\u201d: Lorenzo Olarte y Jer\u00f3nimo Saavedra, as\u00ed como los debates dentro del movimiento sobre si era mejor aceptar una peque\u00f1a urbanizaci\u00f3n o rechazar cualquier obra en el barranco. Tambi\u00e9n puso de manifiesto el papel de Mario Conde en el proyecto. Veneguera pertenece a La Uni\u00f3n y el F\u00e9nix, que a su vez pertenece a Banesto y Urbis. \u201cUno de los tres grandes temas por los que cae Conde fue Veneguera\u201d, dijo Jos\u00e9 de Le\u00f3n, \u2018Pepe el Uruguayo\u2019. El movimiento logra reunir 50.000 firmas contra la urbanizaci\u00f3n y presentarlas en el Parlamento como una Iniciativa Legislativa Popular (ILP). Esa ley, de un solo art\u00edculo, se convierte en otra completamente distinta tras las enmiendas, y se acaba aprobando un proyecto de 20.000 camas, aunque finalmente, cinco a\u00f1os despu\u00e9s, se aprueba en el mismo Parlamento no llevar a cabo la urbanizaci\u00f3n. \u201cEl 35 por ciento de los parlamentarios que votaron una cosa, despu\u00e9s votaron la contraria\u201d. Hace unos meses, el Tribunal Supremo confirm\u00f3 que los propietarios no tienen derecho a indemnizaci\u00f3n, pero a\u00fan no se ha puesto en marcha un proyecto de recuperaci\u00f3n del barranco, tal y como contempla la \u00faltima ley aprobada. \u201cHasta que esto no se cumpla, siempre habr\u00e1 posibilidad de que se desarrolle\u201d, apunt\u00f3 de Le\u00f3n. <strong> Juan Manuel Brito<\/strong> comenz\u00f3 su intervenci\u00f3n se\u00f1alando que una de sus intenciones al afrontar el libro era la de ver \u201cqu\u00e9 pod\u00eda aportar esta historia a la sociedad\u201d y explic\u00f3 que la elecci\u00f3n del subt\u00edtulo <em>El poder en movimiento<\/em> es una reivindicaci\u00f3n \u201cdel poder basado en la legitimidad y no en la autoridad\u201d, reclamando la idea de que \u201ces posible actuar y condicionar las pol\u00edticas p\u00fablicas\u201d. Dijo que \u2018Salvar Veneguera\u2019 es uno de los focos constituyentes del movimiento ecologista canario en el que aparecen las caracter\u00edsticas m\u00e1s comunes de los grupos ecologistas posteriores. El Movimiento puso de relieve \u201cla baja calidad del modelo democr\u00e1tico en Canarias\u201d. \u201cLa reflexi\u00f3n sobre la democracia no est\u00e1 muy extendida\u201d, aunque destac\u00f3 que en \u2019Salvar Veneguera\u2019 participaron miles de personas. Para Brito, lo ocurrido en el Parlamento con la ILP deja clara la vinculaci\u00f3n entre el poder econ\u00f3mico y el pol\u00edtico y que los parlamentarios responden a una l\u00f3gica de \u201cmantenerse en el poder. \u201cHay falta de deliberaci\u00f3n en el Parlamento \u2014asegur\u00f3 \u2014, los mismos que rechazaron la ley, la aprobaron, cinco a\u00f1os despu\u00e9s, sin dar ning\u00fan argumento\u201d. Tambi\u00e9n se\u00f1al\u00f3 que el conflicto de Veneguera \u201cretrata a Coalici\u00f3n Canaria\u201d porque desencadena una lucha de poder interna, tres de sus diputados no acatan la disciplina de voto y el consejero Gonz\u00e1lez Vi\u00e9itez acaba abandonando el Gobierno y con \u00e9l, el sector progresista de CC. Tambi\u00e9n en el PSOE hubo conflicto entre Jer\u00f3nimo Saavedra y Carmelo Padr\u00f3n. El tercero de los autores, <strong>Miguel \u00c1ngel Robayna<\/strong>, relat\u00f3 que su inicio en los movimientos sociales parti\u00f3 de Lanzarote con el del \u2018Malpa\u00eds de la Corona\u2019, \u201cuna batalla muy bonita\u201d, que se gan\u00f3, aunque despu\u00e9s se perdi\u00f3 la de \u2018Salvar Papagayo\u2019. Dijo que el libro es un intento de estimular la memoria para que las siguientes generaciones no empiecen de cero. Reflexion\u00f3 sobre la necesidad de conseguir \u201cque la defensa del territorio sea una parte importante de nuestro pueblo\u201d. Describi\u00f3, finalmente, c\u00f3mo confluyeron en \u2018Salvar Veneguera\u2019 distintas corrientes ideol\u00f3gicas y c\u00f3mo se plantearon entonces muchos de los problemas actuales, surgidos de la l\u00f3gica impuesta por el turismo sobre el territorio, compar\u00e1ndolo con la locomotora de los Hermanos Marx, que van quemando los vagones para que contin\u00fae en marcha. Sin embargo, \u201clos sucesivos gobiernos de Canarias siguen fascinados por la falacia del crecimiento continuo\u201d. \u201cHace falta coraje moral y valent\u00eda c\u00edvica\u201d, concluy\u00f3.<\/p><\/div><div class=\"wp-block-column is-layout-flow wp-block-column-is-layout-flow\" style=\"flex-basis:33.33%\"><div class=\"wp-block-group detail-panel detail-media wp-block-group-\"><div class=\"wp-block-group__inner-container is-layout-flow wp-block-group-is-layout-flow\"><p><a href=\"https:\/\/fcmanrique.org\/wp-content\/uploads\/4fb3aa17jdeleon_640.jpg\"><\/a><\/p><\/div><\/div>\n<div class=\"wp-block-group detail-panel detail-media wp-block-group-\"><div class=\"wp-block-group__inner-container is-layout-flow wp-block-group-is-layout-flow\"><ul class=\"wp-block-list\"><li><a href=\"\/recursos\/actividad\/4fb3a9bbnp08-11%20libro%20veneguera.pdf\" class=\"fcm-pdf-download-link\">Nota de prensa<\/a><\/li><\/ul><\/div><\/div><\/div><\/div>","protected":false},"featured_media":24847,"parent":0,"template":"","meta":{"_acf_changed":false,"ngg_post_thumbnail":0,"footnotes":""},"actividad_tipo":[36],"actividad_lugar":[49],"actividad_departamento":[31],"actividad_ciclo":[],"class_list":["post-14377","fcm_actividad","type-fcm_actividad","status-publish","has-post-thumbnail","hentry","actividad_tipo-presentacion-libros","actividad_lugar-lugar-sala-saramago","actividad_departamento-departamento-de-programas-culturales"],"acf":[],"_links":{"self":[{"href":"https:\/\/ludiccc.ddns.net\/en\/wp-json\/wp\/v2\/fcm_actividad\/14377","targetHints":{"allow":["GET"]}}],"collection":[{"href":"https:\/\/ludiccc.ddns.net\/en\/wp-json\/wp\/v2\/fcm_actividad"}],"about":[{"href":"https:\/\/ludiccc.ddns.net\/en\/wp-json\/wp\/v2\/types\/fcm_actividad"}],"version-history":[{"count":2,"href":"https:\/\/ludiccc.ddns.net\/en\/wp-json\/wp\/v2\/fcm_actividad\/14377\/revisions"}],"predecessor-version":[{"id":27006,"href":"https:\/\/ludiccc.ddns.net\/en\/wp-json\/wp\/v2\/fcm_actividad\/14377\/revisions\/27006"}],"wp:featuredmedia":[{"embeddable":true,"href":"https:\/\/ludiccc.ddns.net\/en\/wp-json\/wp\/v2\/media\/24847"}],"wp:attachment":[{"href":"https:\/\/ludiccc.ddns.net\/en\/wp-json\/wp\/v2\/media?parent=14377"}],"wp:term":[{"taxonomy":"actividad_tipo","embeddable":true,"href":"https:\/\/ludiccc.ddns.net\/en\/wp-json\/wp\/v2\/actividad_tipo?post=14377"},{"taxonomy":"actividad_lugar","embeddable":true,"href":"https:\/\/ludiccc.ddns.net\/en\/wp-json\/wp\/v2\/actividad_lugar?post=14377"},{"taxonomy":"actividad_departamento","embeddable":true,"href":"https:\/\/ludiccc.ddns.net\/en\/wp-json\/wp\/v2\/actividad_departamento?post=14377"},{"taxonomy":"actividad_ciclo","embeddable":true,"href":"https:\/\/ludiccc.ddns.net\/en\/wp-json\/wp\/v2\/actividad_ciclo?post=14377"}],"curies":[{"name":"wp","href":"https:\/\/api.w.org\/{rel}","templated":true}]}}