{"id":14340,"date":"2010-05-08T00:00:00","date_gmt":"2010-05-08T00:00:00","guid":{"rendered":"https:\/\/fcmanrique.org\/fcm-actividad\/presentada-la-biografia-de-saramago\/"},"modified":"2026-04-23T23:19:29","modified_gmt":"2026-04-23T23:19:29","slug":"presentada-la-biografia-de-saramago","status":"publish","type":"fcm_actividad","link":"https:\/\/ludiccc.ddns.net\/en\/fcm-actividad\/presentada-la-biografia-de-saramago\/","title":{"rendered":"Presentada la biograf\u00eda de Saramago en la Feria del Libro de Sevilla"},"content":{"rendered":"<div class=\"wp-block-columns fcm-page-migration-columns is-layout-flex wp-container-core-columns-is-layout-9d6595d7 wp-block-columns-is-layout-flex\"><div class=\"wp-block-column is-layout-flow wp-block-column-is-layout-flow\" style=\"flex-basis:66.66%\"><figure class=\"wp-block-image size-full\"><img fetchpriority=\"high\" width=\"394\" height=\"335\" src=\"https:\/\/fcm.local\/wp-content\/uploads\/fc-manrique-presentacion-biografia-saramago.jpg\" class=\"wp-image-24829\" alt=\"Presentada la biograf\u00eda de Saramago en la Feria del Libro de Sevilla\" loading=\"eager\" decoding=\"async\" srcset=\"https:\/\/fcm.local\/wp-content\/uploads\/fc-manrique-presentacion-biografia-saramago.jpg 394w, https:\/\/fcm.local\/wp-content\/uploads\/fc-manrique-presentacion-biografia-saramago-300x255.jpg 300w, https:\/\/fcm.local\/wp-content\/uploads\/fc-manrique-presentacion-biografia-saramago-289x246.jpg 289w\" sizes=\"(max-width: 394px) 100vw, 394px\" \/><\/figure>\n<p>El s\u00e1bado, 8 de mayo, en la Feria del Libro de Sevilla fue presentado el libro <strong><em>Jos\u00e9 Saramago. La consistencia de los sue\u00f1os. <\/em><\/strong><em><strong>(Biograf\u00eda cronol\u00f3gica)<\/strong>, editado por la Fundaci\u00f3n C\u00e9sar Manrique,<\/em> en un acto organizado por la Universidad de Sevilla, como conmemoraci\u00f3n de la investidura<em> Honoris Causa<\/em> de Saramago hace 20 a\u00f1os. El autor del libro, <strong>Fernando G\u00f3mez Aguilera<\/strong> estuvo arropado por el vicepresidente tercero del Gobierno, Manuel Chaves, el catedr\u00e1tico Javier P\u00e9rez Royo y centenares de espectadores que llegaron a completar el aforo de la carpa en la Plaza Nueva. El acto lo cerr\u00f3 por sorpresa Jos\u00e9 Saramago que sigui\u00f3 la presentaci\u00f3n a trav\u00e9s de la <em>web<\/em> de la Feria. Saramago quiso comunicarse con los asistentes a trav\u00e9s de un <em>sms<\/em>, en el que daba las gracias a todos, destacando \u201cla exageraci\u00f3n de los sevillanos por los afectos\u201d y devolvi\u00f3 \u201cel cari\u00f1o y respeto demostrado en el acto\u201d. Por \u00faltimo, se despidi\u00f3 animando a los presentes \u201ca seguir, que el camino espera\u201d. Manuel Chaves introdujo la obra afirmando que Saramago siempre ha sido \u201cuno de los nuestros\u201d desde que \u201cAndaluc\u00eda se cruz\u00f3 en su vida\u201d cuando conoci\u00f3 a su mujer, Pilar del R\u00edo, en 1986. \u201cPesimista por la raz\u00f3n, optimista por voluntad, Saramago siempre ha sido un amigo y c\u00f3mplice de los andaluces\u201d. Chaves apunt\u00f3 asimismo que Saramago, para definirse como un pesimista, \u201cha demostrado creer en el presente de forma tajante\u201d. \u201cHay escritores tan importantes para nosotros, como Saramago, que forman parte de nuestra vida y experiencias m\u00e1s profundas\u201d. Con respecto al libro de G\u00f3mez Aguilera, comisario de la exposici\u00f3n sobre el escritor que organiz\u00f3 la Fundaci\u00f3n C\u00e9sar Manrique en 2007, Manuel Chaves afirm\u00f3 que \u201ccasi recoge toda la extensa vida del escritor\u201d. Adem\u00e1s, apunt\u00f3 que \u201cel libro recorre a\u00f1o a a\u00f1o y recuerdo a recuerdo su vida\u201d. \u201cM\u00e1s que &#8216;La consistencia de los sue\u00f1os&#8217;, deber\u00eda llamarse &#8216;la contundencia de la memoria\u201d, dijo. Por \u00faltimo, a\u00f1adi\u00f3 que, reconociendo su genio, su vida resulta \u201cejemplo esperanzador para los que pasan de los 50, 60, 70 y 80 a\u00f1os\u201d. Por su parte, Javier P\u00e9rez Royo, antiguo rector de la Universidad de Sevilla coment\u00f3 durante el acto de presentaci\u00f3n que Saramago comenz\u00f3 formalmente su romance con la literatura cuando ya dejaba atr\u00e1s el medio siglo, una edad con la que \u201cla mayor\u00eda empieza la retirada o la pr\u00f3rroga\u201d. <em><em>Jos\u00e9 Saramago. La consistencia de los sue\u00f1os <\/em><\/em>(Biograf\u00eda cronol\u00f3gica) es un retrato del Nobel trazado por Fernando G\u00f3mez Aguilera, director de la Fundaci\u00f3n C\u00e9sar Manrique y amigo personal del literato. G\u00f3mez Aguilera repas\u00f3 la vida de Saramago tomando como referencia su libro. En primer lugar, resalt\u00f3 que vino a Sevilla \u201cpara abrazar a uno de los novelistas dotados de mayor talento entre los escritores vivos\u201d, seg\u00fan reconociera Harold Bloom. Se refiri\u00f3 a Saramago en sus inicios como un \u201cobrero de las letras\u201d \u2014traductor, periodista, escritor&#8230;\u2014 durante dos tercios de su vida, para convertirse a partir de los a\u00f1os 80 en un \u201cPr\u00edncipe de la literatura\u201d. \u201cLa vida de Saramago \u2014prosigui\u00f3 G\u00f3mez Aguilera\u2014 es como un gran \u00e1rbol de ra\u00edces profundas hundidas en un suelo f\u00e9rtil, con un tronco y una copa colmada de frutos. Se refiri\u00f3 al narrador portugu\u00e9s afincado en Lanzarote como un hombre que entiende que la felicidad es mirarse en el espejo y ver que no hemos hecho da\u00f1o a los dem\u00e1s\u201d. Patrono de la Fundaci\u00f3n Jos\u00e9 Saramago, Fernando G\u00f3mez Aguilera decidi\u00f3 acometer la biograf\u00eda del Nobel \u201cno como un pintor de retratos\u201d, la manera convencional de abordar este tipo de obras, \u201csino como un cart\u00f3grafo, haciendo un levantamiento de los hitos topogr\u00e1ficos de la trayectoria vital de Saramago, de su obra y de su proyecci\u00f3n como intelectual cr\u00edtico\u201d. Jos\u00e9 Saramago es \u201cuna de las grandes conciencias universales contempor\u00e1neas\u201d, asegur\u00f3 G\u00f3mez Aguilera, \u201ces un escritor pol\u00e9mico y racionalista, generoso y directo, austero y reservado, complejo e infatigable, as\u00ed como un ciudadano portugu\u00e9s que incita a no resignarnos, sino a indignarnos\u201d. Asimismo, destac\u00f3 que el Nobel \u201cinterpreta el papel del intelectual como el de un contrapoder, ejerciendo una funci\u00f3n cr\u00edtica, la de reclamar el cumplimiento de los derechos humanos y denunciar el error y la hipocres\u00eda del mundo\u201d. Seg\u00fan el bi\u00f3grafo, Saramago acompa\u00f1a su celebrada obra literaria con \u201cuna sostenida intervenci\u00f3n p\u00fablica\u201d, hasta el punto de encarnar, seg\u00fan indic\u00f3, \u201cuna de las conciencias cr\u00edticas contempor\u00e1neas con mayor influencia y prestigio intelectual\u201d. Saramago est\u00e1 \u201csiempre abierto a pensar libremente, a intervenir y a desasosegar con sus palabras\u201d, explic\u00f3. Saramago, asegura el bi\u00f3grafo, \u201cha sido un escritor an\u00f3malo en todos los sentidos, tanto por lo mucho que ha escrito como por las obligaciones que \u00e9l se impone como ciudadano\u201d. El ser \u201cun escritor reconocido y haber tenido m\u00e1s brillo todav\u00eda a partir del Nobel, no le ha servido nunca de coartada para camuflar sus obligaciones como ciudadano. La musculatura de su literatura no ha sido excusa para que su compromiso ideol\u00f3gico, social y pol\u00edtico se atenuara\u201d, se\u00f1ala.  Con respecto a su libro, <em>Jos\u00e9 Saramago. La consistencia de los sue\u00f1os<\/em>, apunt\u00f3 que se trata de \u201cuna metonimia\u201d de la trayectoria vital del Premio Nobel, una parte significativa de un todo muy amplio, inabarcable. La <em>Cronobiograf\u00eda<\/em> es fruto del trabajo de investigaci\u00f3n que el autor realiz\u00f3 durante cuatro a\u00f1os para la exposici\u00f3n \u201cJos\u00e9 Saramago. La consistencia de los sue\u00f1os\u201d, producida por la Fundaci\u00f3n C\u00e9sar Manrique y que se inaugur\u00f3 en Lanzarote en noviembre de 2007. Luego viaj\u00f3 a Lisboa y a Sao Paulo. Su comisario fue el propio G\u00f3mez Aguilera (San Felices de Buelna, Cantabria). Durante ese tiempo tuvo acceso a m\u00faltiples materiales, entre ellos un contingente que corresponde a lo que podr\u00eda llamarse \u201cla arqueolog\u00eda literaria de Saramago\u201d. Pertenecen a los a\u00f1os 40 y 50 y entre ellos \u201chay teatro, poes\u00eda y novelas inacabadas\u201d, in\u00e9ditos y desconocidos, se\u00f1ala G\u00f3mez Aguilera, que mostr\u00f3 primero esos documentos en la exposici\u00f3n y los ha utilizado luego para el libro. Con m\u00e1s de 300 p\u00e1ginas y 200 im\u00e1genes, se trata de una biograf\u00eda enriquecida con numerosos comentarios de Saramago sobre su propia vida, sus obras y su compromiso como ciudadano. FUENTES: Ana Mendoza (Efe), Jos\u00e9 Gallego Espina (El Correo) y EUROPA PRESS<\/p><\/div><div class=\"wp-block-column is-layout-flow wp-block-column-is-layout-flow\" style=\"flex-basis:33.33%\"><div class=\"wp-block-group detail-panel detail-media wp-block-group-\"><div class=\"wp-block-group__inner-container is-layout-flow wp-block-group-is-layout-flow\"><p><a href=\"https:\/\/fcmanrique.org\/wp-content\/uploads\/4dd0f8a8mesa4_640.jpg\"><\/a><\/p><\/div><\/div>\n<div class=\"wp-block-group detail-panel detail-media wp-block-group-\"><div class=\"wp-block-group__inner-container is-layout-flow wp-block-group-is-layout-flow\"><ul class=\"wp-block-list\"><li><a href=\"\/recursos\/actividad\/4dd0f72fnp11-10jssevilla.pdf\" class=\"fcm-pdf-download-link\">Nota de prensa<\/a><\/li><\/ul><\/div><\/div><\/div><\/div>","protected":false},"featured_media":24829,"parent":0,"template":"","meta":{"_acf_changed":false,"ngg_post_thumbnail":0,"footnotes":""},"actividad_tipo":[36],"actividad_lugar":[],"actividad_departamento":[31],"actividad_ciclo":[],"class_list":["post-14340","fcm_actividad","type-fcm_actividad","status-publish","has-post-thumbnail","hentry","actividad_tipo-presentacion-libros","actividad_departamento-departamento-de-programas-culturales"],"acf":[],"_links":{"self":[{"href":"https:\/\/ludiccc.ddns.net\/en\/wp-json\/wp\/v2\/fcm_actividad\/14340","targetHints":{"allow":["GET"]}}],"collection":[{"href":"https:\/\/ludiccc.ddns.net\/en\/wp-json\/wp\/v2\/fcm_actividad"}],"about":[{"href":"https:\/\/ludiccc.ddns.net\/en\/wp-json\/wp\/v2\/types\/fcm_actividad"}],"version-history":[{"count":3,"href":"https:\/\/ludiccc.ddns.net\/en\/wp-json\/wp\/v2\/fcm_actividad\/14340\/revisions"}],"predecessor-version":[{"id":27053,"href":"https:\/\/ludiccc.ddns.net\/en\/wp-json\/wp\/v2\/fcm_actividad\/14340\/revisions\/27053"}],"wp:featuredmedia":[{"embeddable":true,"href":"https:\/\/ludiccc.ddns.net\/en\/wp-json\/wp\/v2\/media\/24829"}],"wp:attachment":[{"href":"https:\/\/ludiccc.ddns.net\/en\/wp-json\/wp\/v2\/media?parent=14340"}],"wp:term":[{"taxonomy":"actividad_tipo","embeddable":true,"href":"https:\/\/ludiccc.ddns.net\/en\/wp-json\/wp\/v2\/actividad_tipo?post=14340"},{"taxonomy":"actividad_lugar","embeddable":true,"href":"https:\/\/ludiccc.ddns.net\/en\/wp-json\/wp\/v2\/actividad_lugar?post=14340"},{"taxonomy":"actividad_departamento","embeddable":true,"href":"https:\/\/ludiccc.ddns.net\/en\/wp-json\/wp\/v2\/actividad_departamento?post=14340"},{"taxonomy":"actividad_ciclo","embeddable":true,"href":"https:\/\/ludiccc.ddns.net\/en\/wp-json\/wp\/v2\/actividad_ciclo?post=14340"}],"curies":[{"name":"wp","href":"https:\/\/api.w.org\/{rel}","templated":true}]}}