{"id":14292,"date":"2010-05-03T00:00:00","date_gmt":"2010-05-03T00:00:00","guid":{"rendered":"https:\/\/fcmanrique.org\/fcm-actividad\/angeles-mastretta\/"},"modified":"2026-04-23T23:19:19","modified_gmt":"2026-04-23T23:19:19","slug":"angeles-mastretta","status":"publish","type":"fcm_actividad","link":"https:\/\/ludiccc.ddns.net\/en\/fcm-actividad\/angeles-mastretta\/","title":{"rendered":"\u00c1ngeles Mastretta"},"content":{"rendered":"<figure class=\"wp-block-image size-full\"><img width=\"241\" height=\"180\" src=\"https:\/\/fcm.local\/wp-content\/uploads\/thmb_4c162dbcmastretta135x100.jpg\" class=\"wp-image-14293\" alt=\"\u00c1ngeles Mastretta\" loading=\"eager\" decoding=\"async\" \/><\/figure>\n<p><strong>\u00c1ngeles Mastretta: \u201cEscribo para contar la certeza de que estos tiempos tienen remedio\u201d<\/strong><\/p>\n<p>El pasado 25 de marzo Juan Cruz presentaba en la FCM junto a Pilar del R\u00edo su \u00faltimo libro <em>Egos revueltos,<\/em> en el que recoge an\u00e9cdotas sobre los escritores que ha frecuentado a lo largo de su vida. La presidenta de la Fundaci\u00f3n Jos\u00e9 Saramago recrimin\u00f3 al escritor tinerfe\u00f1o que apenas hubiera nombres de mujer entre la relaci\u00f3n de egos descritos y cit\u00f3 a algunas escritoras que merec\u00edan habitar en las p\u00e1ginas del libro. Una de ellas fue \u00c1ngeles Mastretta. \u201cDecir su nombre en alto fue un conjuro\u201d, dijo ayer Pilar del R\u00edo, que volv\u00eda a la FCM, en esta ocasi\u00f3n a la sala de la Plazuela, para acompa\u00f1ar precisamente a la escritora mexicana en su conferencia, dentro del ciclo <em>El autor y su obra<\/em>. <\/p>\n<p>Mastretta es una conferenciante notable, cercana y aguda. Busca y encuentra la complicidad del p\u00fablico y es capaz de desatar carcajadas sin que se note c\u00f3mo tira del nudo. Cont\u00f3 su vida, su obra, su enfermedad y acab\u00f3 leyendo sus textos. Comenz\u00f3 con una breve reflexi\u00f3n sobre el motivo de la escritura (\u201cque est\u00e9n ustedes aqu\u00ed me ayuda a creer que vale la pena escribir\u201d) y pas\u00f3 a hablar de su infancia \u201cfebril y feliz\u201d, su adolescencia \u201cconsternada\u201d, su padre, que escrib\u00eda los domingos para un peri\u00f3dico que nunca le pag\u00f3, su madre, \u201ct\u00edmida y dr\u00e1stica\u201d, su hermana, presente en la sala, sus hijos, su pareja\u2026 Estudi\u00f3 periodismo en M\u00e9xico DF \u201cpara buscar la verdad como una mezcla de verdades\u201d y se qued\u00f3 a vivir en esa ciudad: \u201cBendigo mi desgracia de vivir en M\u00e9xico DF\u201d. Se defini\u00f3 como \u201cindecisa, impuntual, friolenta, incapacitada para dar \u00f3rdenes y para decir no\u201d, seducida por las causas perdidas y regida por el deseo de contar el mundo y las cosas en las que cree.<\/p>\n<p>Tras la vida, la obra. \u201c\u00bfPara qu\u00e9 escribe una un libro?, se pregunt\u00f3. Primera raz\u00f3n: \u201cPara sentirse acompa\u00f1ada\u201d. \u201cLos escritores somos menos certeros que los f\u00edsicos y m\u00e1s empe\u00f1ados en la magia que los m\u00e9dicos\u201d, dijo despu\u00e9s de explicar las dificultades a las que se enfrenta un escritor para hacer interesante y cre\u00edble aquello que escribe. Segunda raz\u00f3n: \u201cPara poder vivir todas las vidas que no podemos vivir nosotros\u201d y porque \u201cnuestra realidad puede mejorar si convocamos otras realidades\u201d. Reconoci\u00f3 que es experta en finales felices y que s\u00f3lo una vez comenz\u00f3 un libro sabiendo c\u00f3mo iba a acabarlo, aunque no lo cumpli\u00f3. Transmiti\u00f3 su \u201cobsesi\u00f3n por las palabras\u201d, \u201cpor c\u00f3mo suenan y se combinan\u201d. \u201c\u00c9sa es la parte m\u00e1s secreta de mi vida privada\u201d, dijo. El desvelo por trazar la novela, por dibujar un destino para los personajes, es algo solitario. \u201cA nadie le interesa\u201d. S\u00f3lo apunt\u00f3 una trampa sobre el oficio de escribir: \u201cPara que las cosas parezcan naturales tiene que haber un artificio\u201d. Y tercera raz\u00f3n: \u201cPara contar la certeza de que estos tiempos tienen remedio, no son peores que otros\u201d.<\/p>\n<p>A partir de aqu\u00ed comenz\u00f3 un coloquio entre Pilar del R\u00edo y \u00c1ngeles Mastretta. La periodista invit\u00f3 a la escritora a que hablara sobre su enfermedad, la epilepsia. \u201cUna enfermedad de genios\u201d, seg\u00fan le dijo el poeta Renato Leduc. La autora de <em>Mujeres de ojos grandes<\/em> explic\u00f3, entre carcajadas del p\u00fablico, su relaci\u00f3n con la epilepsia desde que tuvo conocimiento de ella y su evoluci\u00f3n hasta la actualidad, que ha ido desapareciendo. Tambi\u00e9n explic\u00f3 el motivo de su inmediato viaje a Mil\u00e1n con su hermana Ver\u00f3nica. Va a ir a conocer a Ludovica, una mujer que se enamor\u00f3 de su padre porque le hac\u00eda re\u00edr mientras ca\u00edan las bombas en Italia en la Segunda Guerra Mundial. Mastretta hab\u00eda comenzado la conferencia contando que Jos\u00e9 Saramago le hab\u00eda retado a que se centrara en escribir un nuevo libro y no tanto en el blog que escribe en <em>El Pa\u00eds <\/em>(<a href=\"http:\/\/lacomunidad.elpais.com\/puerto-libre\">http:\/\/lacomunidad.elpais.com\/puerto-libre<\/a>) y termin\u00f3 comprometi\u00e9ndose con el p\u00fablico, con sus lectores, a escribir esa historia, \u201cla de qui\u00e9nes eran estas dos personas y el mundo en que vivieron antes de que naci\u00e9ramos\u201d. La autora mexicana cerr\u00f3 la conferencia leyendo textos propios, sobre la felicidad, sobre el juego\u2026 y aunque hab\u00eda advertido que tiene la certidumbre de que no entiende nada, concluy\u00f3 con una certeza: \u201cLa felicidad no se busca, se encuentra\u201d.<\/p>","protected":false},"featured_media":14293,"parent":0,"template":"","meta":{"_acf_changed":false,"ngg_post_thumbnail":0,"footnotes":""},"actividad_tipo":[34],"actividad_lugar":[49],"actividad_departamento":[31],"actividad_ciclo":[70],"class_list":["post-14292","fcm_actividad","type-fcm_actividad","status-publish","has-post-thumbnail","hentry","actividad_tipo-conferencias","actividad_lugar-lugar-sala-saramago","actividad_departamento-departamento-de-programas-culturales","actividad_ciclo-el-autor-y-su-obra"],"acf":[],"_links":{"self":[{"href":"https:\/\/ludiccc.ddns.net\/en\/wp-json\/wp\/v2\/fcm_actividad\/14292","targetHints":{"allow":["GET"]}}],"collection":[{"href":"https:\/\/ludiccc.ddns.net\/en\/wp-json\/wp\/v2\/fcm_actividad"}],"about":[{"href":"https:\/\/ludiccc.ddns.net\/en\/wp-json\/wp\/v2\/types\/fcm_actividad"}],"version-history":[{"count":3,"href":"https:\/\/ludiccc.ddns.net\/en\/wp-json\/wp\/v2\/fcm_actividad\/14292\/revisions"}],"predecessor-version":[{"id":26949,"href":"https:\/\/ludiccc.ddns.net\/en\/wp-json\/wp\/v2\/fcm_actividad\/14292\/revisions\/26949"}],"wp:featuredmedia":[{"embeddable":true,"href":"https:\/\/ludiccc.ddns.net\/en\/wp-json\/wp\/v2\/media\/14293"}],"wp:attachment":[{"href":"https:\/\/ludiccc.ddns.net\/en\/wp-json\/wp\/v2\/media?parent=14292"}],"wp:term":[{"taxonomy":"actividad_tipo","embeddable":true,"href":"https:\/\/ludiccc.ddns.net\/en\/wp-json\/wp\/v2\/actividad_tipo?post=14292"},{"taxonomy":"actividad_lugar","embeddable":true,"href":"https:\/\/ludiccc.ddns.net\/en\/wp-json\/wp\/v2\/actividad_lugar?post=14292"},{"taxonomy":"actividad_departamento","embeddable":true,"href":"https:\/\/ludiccc.ddns.net\/en\/wp-json\/wp\/v2\/actividad_departamento?post=14292"},{"taxonomy":"actividad_ciclo","embeddable":true,"href":"https:\/\/ludiccc.ddns.net\/en\/wp-json\/wp\/v2\/actividad_ciclo?post=14292"}],"curies":[{"name":"wp","href":"https:\/\/api.w.org\/{rel}","templated":true}]}}