{"id":13959,"date":"2006-04-18T00:00:00","date_gmt":"2006-04-18T00:00:00","guid":{"rendered":"https:\/\/fcmanrique.org\/fcm-actividad\/las-intermitencias-de-la-muerte-jos\/"},"modified":"2026-04-23T23:19:29","modified_gmt":"2026-04-23T23:19:29","slug":"las-intermitencias-de-la-muerte-jos","status":"publish","type":"fcm_actividad","link":"https:\/\/ludiccc.ddns.net\/en\/fcm-actividad\/las-intermitencias-de-la-muerte-jos\/","title":{"rendered":"Presentaci\u00f3n de <em>Las intermitencias de la muerte<\/em> de Jos\u00e9 Saramago"},"content":{"rendered":"<div class=\"wp-block-columns fcm-page-migration-columns is-layout-flex wp-container-core-columns-is-layout-9d6595d7 wp-block-columns-is-layout-flex\"><div class=\"wp-block-column is-layout-flow wp-block-column-is-layout-flow\" style=\"flex-basis:66.66%\"><figure class=\"wp-block-image size-full\"><img fetchpriority=\"high\" width=\"400\" height=\"340\" src=\"https:\/\/fcm.local\/wp-content\/uploads\/fc-manrique-presentacion-las-intermitencias-de-la-muerte-saramago.jpg\" class=\"wp-image-24726\" alt=\"Presentaci\u00f3n de Las intermitencias de la muerte de Jos\u00e9 Saramago\" loading=\"eager\" decoding=\"async\" srcset=\"https:\/\/fcm.local\/wp-content\/uploads\/fc-manrique-presentacion-las-intermitencias-de-la-muerte-saramago.jpg 400w, https:\/\/fcm.local\/wp-content\/uploads\/fc-manrique-presentacion-las-intermitencias-de-la-muerte-saramago-300x255.jpg 300w, https:\/\/fcm.local\/wp-content\/uploads\/fc-manrique-presentacion-las-intermitencias-de-la-muerte-saramago-289x246.jpg 289w\" sizes=\"(max-width: 400px) 100vw, 400px\" \/><\/figure>\n<p>El 18 de abril de 2006, en la sede de la Fundaci\u00f3n C\u00e9sar Manrique, se present\u00f3 el libro <strong><em>Las intermitencias de la muerte<\/em><\/strong>, de Jos\u00e9 Saramago, publicado por la editorial Alfaguara. <\/p>\n<p>Tras la anterior presentaci\u00f3n del libro en el teatro San Carlos de Lisboa, esta fue la primera y \u00fanica vez que Saramago present\u00f3 su \u00faltima novela en nuestro pa\u00eds.<\/p>\n<p>El acto, que convoc\u00f3 a m\u00e1s de 300 personas, comenz\u00f3 con una introducci\u00f3n a <em>Las intermitencias de la muerte<\/em> por parte del director de Actividades Fundacionales de la FCM, Fernando G\u00f3mez Aguilera, a la que sigui\u00f3 una lectura de fragmentos del libro por parte de Pilar del R\u00edo, traductora de Jos\u00e9 Saramago. Se cont\u00f3 asimismo con la intervenci\u00f3n de un violonchelista que interpret\u00f3 el preludio de la suite n\u00famero seis opus mil doce en re mayor de Bach, pieza que aparece referida en la nueva obra del escritor portugu\u00e9s. <\/p>\n<p><strong>Jos\u00e9 Saramago<\/strong> (Azinhaga, 1922) public\u00f3 su primera novela <em>Tierra de pecado<\/em> en 1947. Despu\u00e9s de permanecer veinte a\u00f1os sin publicar, a finales de los sesenta public\u00f3 dos libros de poemas <em>Os poemas possiveis<\/em> y <em>Provavelmente alegr\u00eda<\/em>. Pero ser\u00e1 a partir de la publicaci\u00f3n de <em>Manual de pintura<\/em> (1977) y de <em>Alzado del suelo<\/em> (1980) cuando lo acreditan como un autor de indiscutible originalidad, por su controvertida visi\u00f3n de la historia y la cultura.<\/p>\n<p>Con la publicaci\u00f3n de la novela <em>Memorial del convento<\/em> le llega el reconocimiento internacional, a la que sigui\u00f3 <em>El a\u00f1o de la muerte de Ricardo Reis;<\/em> <em>La balsa de piedra<\/em> (1986); <em>Historia del cerco de Lisboa<\/em> (1989); <em>El evangelio seg\u00fan Jesucristo<\/em> (1991); <em>Casi un Objeto<\/em> (1994); <em>Viaje a Portugal<\/em> (1995); <em>Ensayo sobre la ceguera<\/em> (1996); <em>Todos los nombres<\/em> (1999); <em>La caverna<\/em> (2001); y <em>El hombre duplicado<\/em> (2003). <\/p>\n<p>Considerado como uno de los grandes nombres de la literatura de este siglo, Saramago ha sido distinguido con numerosos galardones y doctorados <em>honoris causa <\/em>en todo el mundo. Ha recibido el Premio Camoes, equivalente al Premio Cervantes en los pa\u00edses de lengua portuguesa, y el Premio Nobel de Literatura en 1998.<\/p>\n<p>Militante del Partido Comunista Portugu\u00e9s, Jos\u00e9 Saramago mantiene un fuerte compromiso c\u00edvico en numerosas causas humanitarias. <\/p>\n<p><strong>\u00ab<\/strong>Al d\u00eda siguiente no muri\u00f3 nadie<strong>\u00bb. <\/strong>Este es el punto de partida de la nueva novela de Saramago: en un pa\u00eds imaginario, un primero de enero, la gente deja de morir. De la anciana reina madre abajo, ninguno muere. La convulsi\u00f3n en el peque\u00f1o pa\u00eds es, como cabe suponer, indescriptible. A primera vista, el suceso parece feliz sin el menor reparo: no morir, ese viejo sue\u00f1o de la humanidad. Sin embargo, los problemas se presentan muy pronto. Que la gente no muera lo trastoca todo, de la econom\u00eda a la religi\u00f3n, pasando por la convivencia familiar. Porque los enfermos terminales, como la reina madre, no mueren, pero tampoco mejoran. As\u00ed que no son pocos a los que se les arruina el negocio, empezando por las funerarias y la Iglesia Cat\u00f3lica, cuya base es la administraci\u00f3n del m\u00e1s all\u00e1, y siguiendo por las compa\u00f1\u00edas de seguros.<\/p>\n<p>En <em>Las intermitencias de la muerte<\/em> hay referencias a cuestiones actuales como la eutanasia, el cuidado de los mayores o el futuro de las pensiones en pa\u00edses con abundancia de personas de la tercera edad. Hay reflexiones sobre la enfermedad y la muerte (\u201clas enfermedades tienen algo curioso, los seres humanos siempre esperan librarse de ellas\u201d). Y en un nivel m\u00e1s profundo, ese que aparece en el tramo final de la novela, Saramago nos entrega una par\u00e1bola de apariencia fant\u00e1stica sobre la muerte en su largu\u00edsima e indisoluble relaci\u00f3n con la humanidad.<\/p><\/div><div class=\"wp-block-column is-layout-flow wp-block-column-is-layout-flow\" style=\"flex-basis:33.33%\"><div class=\"wp-block-group detail-panel detail-media wp-block-group-\"><div class=\"wp-block-group__inner-container is-layout-flow wp-block-group-is-layout-flow\"><p><a href=\"https:\/\/fcmanrique.org\/wp-content\/uploads\/thmb_saramago2_600.jpg\"><\/a><\/p><\/div><\/div><\/div><\/div>","protected":false},"featured_media":24726,"parent":0,"template":"","meta":{"_acf_changed":false,"ngg_post_thumbnail":0,"footnotes":""},"actividad_tipo":[36],"actividad_lugar":[46],"actividad_departamento":[31],"actividad_ciclo":[],"class_list":["post-13959","fcm_actividad","type-fcm_actividad","status-publish","has-post-thumbnail","hentry","actividad_tipo-presentacion-libros","actividad_lugar-lugar-fcm","actividad_departamento-departamento-de-programas-culturales"],"acf":[],"_links":{"self":[{"href":"https:\/\/ludiccc.ddns.net\/en\/wp-json\/wp\/v2\/fcm_actividad\/13959","targetHints":{"allow":["GET"]}}],"collection":[{"href":"https:\/\/ludiccc.ddns.net\/en\/wp-json\/wp\/v2\/fcm_actividad"}],"about":[{"href":"https:\/\/ludiccc.ddns.net\/en\/wp-json\/wp\/v2\/types\/fcm_actividad"}],"version-history":[{"count":4,"href":"https:\/\/ludiccc.ddns.net\/en\/wp-json\/wp\/v2\/fcm_actividad\/13959\/revisions"}],"predecessor-version":[{"id":27047,"href":"https:\/\/ludiccc.ddns.net\/en\/wp-json\/wp\/v2\/fcm_actividad\/13959\/revisions\/27047"}],"wp:featuredmedia":[{"embeddable":true,"href":"https:\/\/ludiccc.ddns.net\/en\/wp-json\/wp\/v2\/media\/24726"}],"wp:attachment":[{"href":"https:\/\/ludiccc.ddns.net\/en\/wp-json\/wp\/v2\/media?parent=13959"}],"wp:term":[{"taxonomy":"actividad_tipo","embeddable":true,"href":"https:\/\/ludiccc.ddns.net\/en\/wp-json\/wp\/v2\/actividad_tipo?post=13959"},{"taxonomy":"actividad_lugar","embeddable":true,"href":"https:\/\/ludiccc.ddns.net\/en\/wp-json\/wp\/v2\/actividad_lugar?post=13959"},{"taxonomy":"actividad_departamento","embeddable":true,"href":"https:\/\/ludiccc.ddns.net\/en\/wp-json\/wp\/v2\/actividad_departamento?post=13959"},{"taxonomy":"actividad_ciclo","embeddable":true,"href":"https:\/\/ludiccc.ddns.net\/en\/wp-json\/wp\/v2\/actividad_ciclo?post=13959"}],"curies":[{"name":"wp","href":"https:\/\/api.w.org\/{rel}","templated":true}]}}