{"id":17421,"date":"2018-09-13T19:34:50","date_gmt":"2018-09-13T19:34:50","guid":{"rendered":"https:\/\/fcmanrique.org\/?page_id=17421"},"modified":"2022-05-03T16:47:40","modified_gmt":"2022-05-03T16:47:40","slug":"politica-de-privacidad","status":"publish","type":"page","link":"https:\/\/ludiccc.ddns.net\/de\/politica-de-privacidad\/","title":{"rendered":"Pol\u00edtica de Privacidad"},"content":{"rendered":"<p><strong>POL\u00cdTICA DE PRIVACIDAD WEB<br \/>\nFUNDACI\u00d3N C\u00c9SAR MANRIQUE<\/strong><\/p>\n<table class=\"table-fecha-actualizacion\">\n<tbody>\n<tr>\n<td>Fecha de actualizaci\u00f3n:<\/td>\n<td>27 de abril de 2022<\/td>\n<\/tr>\n<\/tbody>\n<\/table>\n<p>A continuaci\u00f3n, se muestra la<strong> pol\u00edtica de privacidad<\/strong> (en adelante, <em><strong>\u201cpol\u00edtica de privacidad web\u201d<\/strong><\/em> o<em><strong> \u201cpol\u00edtica\u201d<\/strong><\/em>) que rige la Plataforma Web <a href=\"https:\/\/fcmanrique.org\/\" target=\"new\" rel=\"noopener noreferrer\">https:\/\/fcmanrique.org\/<\/a>&nbsp;(en adelante,<em><strong> \u201cla Plataforma\u201d<\/strong><\/em>), bajo la titularidad de <strong>FUNDACI\u00d3N C\u00c9SAR MANRIQUE<\/strong> (en lo sucesivo, \u201cla FUNDACI\u00d3N\u201d o <em><strong>\u201cnosotros\u201d<\/strong><\/em>), entidad con CIF G35243211, inscrita en el registro de Fundaciones del Ministerio de Cultura por Orden ministerial del 30 de Septiembre de 1983 siendo el n\u00famero de registro asignado el 60 y con domicilio en Calle Jorge Luis Borges, 16, 35507 \u2013 Tahiche, Teguise, Lanzarote, y direcci\u00f3n de correo electr\u00f3nico de contacto a efectos de la presente pol\u00edtica de privacidad y de cookies en: <a href=\"mailto:protecciondatos@fcmanrique.org\">protecciondatos@fcmanrique.org<\/a>&nbsp;<\/p>\n<p><strong>POR FAVOR, DEDICA UNOS MINUTOS A LEER NUESTRA POL\u00cdTICA DE PRIVACIDAD, NO TE LLEVAR\u00c1 MUCHO TIEMPO. CON ELLA QUEREMOS EXPLICARTE DE <u>FORMA SENCILLA, CLARA Y TRANSPARENTE<\/u> C\u00d3MO TRATAMOS Y PROTEGEMOS TU INFORMACI\u00d3N PERSONAL Y TUS DERECHOS. <u>TU SEGURIDAD Y LA DE TUS DATOS PERSONALES ES FUNDAMENTAL PARA LA FUNDACI\u00d3N Y NOS TOMAMOS MUY EN SERIO SU ADECUADA PROTECCI\u00d3N.<\/u><\/strong><\/p>\n<p><strong>\u00bfA QUI\u00c9N SE DIRIGE Y APLICA ESTA POL\u00cdTICA?<\/strong><\/p>\n<p>Esta pol\u00edtica es de aplicaci\u00f3n a<strong> todos los usuarios de la plataforma<\/strong>, sean o no clientes de la FUNDACI\u00d3N (en adelante, indistintamente, <em><strong>\u201cel usuario\u201d<\/strong><\/em> o <em><strong>\u201clos usuarios\u201d<\/strong><\/em>) que tengan la consideraci\u00f3n de personas f\u00edsicas. Y es que, por datos personales, nos referimos a toda informaci\u00f3n sobre una persona f\u00edsica identificada o identificable.<\/p>\n<p>Esta Pol\u00edtica de Privacidad podr\u00eda ser traducida a diversos idiomas en desarrollo de la actividad de la FUNDACI\u00d3N y a su pol\u00edtica corporativa de calidad, servicios y de atenci\u00f3n al cliente. Sin perjuicio de lo anterior, en caso de cualquier conflicto relativo a la interpretaci\u00f3n u aplicaci\u00f3n de las condiciones que integran la presente pol\u00edtica, las partes convienen que primar\u00e1 la versi\u00f3n de la Pol\u00edtica de Privacidad en idioma espa\u00f1ol frente a cualquier otra versi\u00f3n idiom\u00e1tica a todos los efectos legales.<\/p>\n<p><strong>SI NAVEGAS O UTILIZAS NUESTRA PLATAFORMA WEB \u00bfQUI\u00c9N ES EL RESPONSABLE DEL TRATAMIENTO DE TUS DATOS PERSONALES?<\/strong><\/p>\n<p>Nosotros somos el responsable del tratamiento de tus datos personales:<\/p>\n<p><strong>Denominaci\u00f3n completa de la entidad:<\/strong> FUNDACI\u00d3N C\u00c9SAR MANRIQUE<br \/>\n<strong>Domicilio social:<\/strong> Calle Jorge Luis Borges, 16, 35507 \u2013 Tahiche, Teguise, Lanzarote<br \/>\n<strong>Localizaci\u00f3n f\u00edsica\/sede:<\/strong> Calle Jorge Luis Borges, 16, 35507 \u2013 Tahiche, Teguise, Lanzarote<br \/>\n<strong>Tel\u00e9fono\/s de contacto:<\/strong> 928 84 31 38<br \/>\n<strong>Correo electr\u00f3nico de contacto (general):<\/strong> <a href=\"mailto:protecciondatos@fcmanrique.org\">protecciondatos@fcmanrique.org<\/a><\/p>\n<p>Para cualquier cuesti\u00f3n relativa a la protecci\u00f3n de tu informaci\u00f3n personal remitiendo un correo electr\u00f3nico de contacto a: <a href=\"mailto:protecciondatos@fcmanrique.org\">protecciondatos@fcmanrique.org<\/a><\/p>\n<p><strong>\u00bfQUI\u00c9N ES EL DELEGADO DE PROTECCI\u00d3N DE DATOS (DPD) DE LA FUNDACI\u00d3N?<\/strong><\/p>\n<p>La FUNDACI\u00d3N ha designado un DELEGADO DE PROTECCI\u00d3N DE DATOS (DPD), con quien los usuarios, si as\u00ed lo desean, podr\u00e1n contactar en lo referente a todas las cuestiones relativas al tratamiento de sus datos personales y para el ejercicio de sus derechos seg\u00fan lo dispuesto en el RGPD. Puede contactar con nuestro DPD a trav\u00e9s de los siguientes datos de contacto:<\/p>\n<p><strong>Domicilio postal:<\/strong> Calle Jorge Luis Borges, 16, 35507 \u2013 Tahiche, Teguise, Lanzarote<br \/>\n<strong>Correo electr\u00f3nico de contacto:<\/strong> <a href=\"mailto:protecciondatos@fcmanrique.org\">protecciondatos@fcmanrique.org<\/a><\/p>\n<p><strong>\u00bfQU\u00c9 TIPO DE DATOS TRATAMOS?<\/strong><\/p>\n<p><strong>El tratamiento de tus datos es necesario para darte acceso a los contenidos y\/o funcionalidades de la plataforma o, en caso de que as\u00ed lo requieras, poder remitirte la informaci\u00f3n o prestarte los servicios dispuestos a trav\u00e9s de la misma. Al respecto, mantenemos un firme compromiso a tratar tus datos personales de forma leg\u00edtima y coherente de acuerdo con los principios y obligaciones legales dispuestas por la vigente normativa de protecci\u00f3n de datos personales.<\/strong><\/p>\n<p>Los datos personales que utilizamos son aqu\u00e9llos estrictamente necesarios para prestarle el\/los servicio\/s requeridos:<\/p>\n<p><strong>\u2022 Datos personales identificativos<\/strong> (nombre y apellidos).<br \/>\n<strong>\u2022 Datos personales de contacto<\/strong> (tel\u00e9fono o m\u00f3vil personal, correo electr\u00f3nico).<br \/>\n<strong>\u2022 Datos sobre caracter\u00edsticas personales<\/strong> (servicios que te interesan, necesidades o dudas asociadas, etc.).<\/p>\n<p>Asimismo, podr\u00e1s configurar tus preferencias sobre el uso de las cookies utilizadas en nuestra Plataforma a trav\u00e9s del panel de configuraci\u00f3n habilitado, tal y como se indica en la Pol\u00edtica de Cookies.<\/p>\n<p><strong>\u00bfCON QU\u00c9 FINES USAMOS TUS DATOS?<\/strong><\/p>\n<p><strong>Los datos personales que nos facilites ser\u00e1n tratados con la finalidad estipulada de forma particular en esta pol\u00edtica de privacidad y, en su caso, en los distintos formularios de datos dispuestos en \u00e9sta.<\/strong> En tal sentido, la recogida de datos atiende a los siguientes fines de tratamiento:<\/p>\n<p><strong>\u2022 Posibilitar a los usuarios la navegaci\u00f3n por el Portal, permitiendo con ello el acceso a la informaci\u00f3n y a los contenidos dispuestos.<\/strong> Tal acceso se entiende sin perjuicio del car\u00e1cter oneroso de los contenidos, servicios y productos espec\u00edficos que se ofrecen a trav\u00e9s del Portal y que los usuarios podr\u00e1n contratar si as\u00ed lo desean.<br \/>\n<strong>\u2022 Contactar con el usuario, dar respuesta a las solicitudes, peticiones o consultas<\/strong> que pudieran derivarse de la utilizaci\u00f3n de los distintos formularios dispuestos en el Portal.<br \/>\n<strong>\u2022 Prestar y gestionar de forma \u00edntegra el servicio de compra venta de entradas,<\/strong> incluyendo todos los tratamientos de sus datos que puedan resultar estrictamente necesarios para brindarle los servicios solicitados. Ello incluye los tratamientos asociados al servicio de atenci\u00f3n al cliente, la gesti\u00f3n y mejora de calidad en el servicio.<br \/>\n<strong>\u2022 Informar sobre los diferentes productos y servicios similares a los contratados y ofrecidos por la FUNDACI\u00d3N<\/strong> con independencia del canal de comunicaci\u00f3n utilizado. Ello en virtud del art\u00edculo 21.2 de la Ley 34\/2002, de 11 de julio, de servicios de la sociedad de la informaci\u00f3n y de comercio electr\u00f3nico, sin perjuicio del leg\u00edtimo ejercicio de sus derechos personales en cualquier momento, en particular, el de oposici\u00f3n.<br \/>\n<strong>\u2022 Enviar comunicaciones comerciales o publicitarias<\/strong> siempre que, previamente hubieran sido solicitadas o expresamente autorizadas por usted, asociadas a posibles promociones, ventajas y descuentos espec\u00edficos en nuestros productos o servicios.<br \/>\n<strong>\u2022 Permitir los usos asociados a las cookies de la Plataforma<\/strong> seg\u00fan se describe en nuestra <a href=\"https:\/\/fcmanrique.org\/politica-de-cookies\">pol\u00edtica de cookies<\/a>.<br \/>\n\u2022 En caso de que haya aceptado la pol\u00edtica de cookies, para el desarrollo de los fines asociados a los distintos tipos de cookies informadas a trav\u00e9s de la misma, en particular, las de tipo anal\u00edtico (perfil de navegaci\u00f3n\/usuario),<strong> realizar tal an\u00e1lisis y estad\u00edsticas asociadas a la navegaci\u00f3n web al objeto de poder mejorar nuestros servicios y la calidad en la prestaci\u00f3n de los mismos<\/strong>. En cualquier momento, si as\u00ed lo deseas, podr\u00e1s configurar el uso de las cookies anal\u00edticas, ostentando un derecho a revocar tu consentimiento respecto a los fines asociados a estas cookies. Te informamos que la revocaci\u00f3n de tu consentimiento al tratamiento de tus datos respecto a ciertos tipos de cookies como son las de sesi\u00f3n o t\u00e9cnicas pueden impedir que navegues por nuestra plataforma (ver <a href=\"https:\/\/fcmanrique.org\/politica-de-cookies\">pol\u00edtica de cookies<\/a>).<br \/>\n<strong>\u2022 Adoptar cuantas medidas de protecci\u00f3n resulten aplicables<\/strong> de conformidad con la normativa vigente, incluyendo, la posible anonimizaci\u00f3n de sus datos personales aplicando, para ello, las adecuadas t\u00e9cnicas disponibles al efecto. Por consiguiente, en este \u00e1mbito, tambi\u00e9n podr\u00e1n realizarse tratamientos de anonimizaci\u00f3n y seudonimizaci\u00f3n para la mejor protecci\u00f3n de sus datos personales.<br \/>\n<strong>\u2022 Aplicar las pertinentes medidas de seguridad, t\u00e9cnicas y\/o organizativas<\/strong> sobre los datos personales que resulten convenientes en atenci\u00f3n a los riesgos detectados en torno a sus derechos en cada momento, incluyendo el cifrado de datos personales y otras medidas que pueden comportar ciertos tratamientos sobre los datos de los usuarios del Portal.<\/p>\n<p><strong>\u00bfEN QU\u00c9 NOS BASAMOS PARA TRATAR DE FORMA LEG\u00cdTIMA TUS DATOS Y POR CUANTO TIEMPO CONSERVAMOS TUS DATOS?<\/strong><\/p>\n<p>&nbsp;<\/p>\n<table width=\"100%\" border=\"1\">\n<tbody>\n<tr>\n<th scope=\"col\">Fines del tratamiento<\/th>\n<th scope=\"col\">Base leg\u00edtima de tratamiento<\/th>\n<th scope=\"col\">Conservaci\u00f3n de tus datos personales<\/th>\n<\/tr>\n<tr>\n<td><strong>Posibilitar a los usuarios la navegaci\u00f3n por el Portal<\/strong><\/td>\n<td>Su consentimiento y, seg\u00fan los casos, satisfacci\u00f3n del inter\u00e9s leg\u00edtimo, propio o de terceros, asociado a la adecuada gesti\u00f3n, mantenimiento, desarrollo y evoluci\u00f3n del Portal, herramientas, red y sistemas de la informaci\u00f3n asociados, permitiendo su correcto funcionamiento, funcionalidades, acceso a contenidos y servicios, as\u00ed como la seguridad general de todos los anteriores extremos.<\/td>\n<td>-Con car\u00e1cter general, se conservar\u00e1n sus datos a estos fines por el tiempo imprescindible y necesario para posibilitarte la correcta navegaci\u00f3n y el uso de nuestra plataforma y de los contenidos dispuestos a trav\u00e9s de la misma a los que accedes.<\/p>\n<p>-Respecto a los datos asociados a su perfil de navegaci\u00f3n, por relaci\u00f3n a las cookies de tipo anal\u00edticas que hayas aceptado seg\u00fan se indica en la pol\u00edtica de cookies.<\/td>\n<\/tr>\n<tr>\n<td><strong>Contactar con el usuario, dar respuesta a las solicitudes, peticiones o consultas realizadas.<\/strong><\/td>\n<td>Su consentimiento<\/td>\n<td>-Por el tiempo imprescindible para atender de forma correcta sus peticiones y\/o solicitudes espec\u00edficas seg\u00fan cada caso.<\/p>\n<p>-Si las mismas, consistieran en la ejecuci\u00f3n a petici\u00f3n de medidas precontractuales o la suscripci\u00f3n de un contrato con la FUNDACI\u00d3N, sus datos se conservar\u00e1n tiempo necesario para satisfacer dichas finalidades.<\/td>\n<\/tr>\n<tr>\n<td><strong>Prestar y gestionar de forma \u00edntegra el servicio de compra venta de entradas, incluyendo todos los tratamientos de sus datos que puedan resultar estrictamente necesarios para brindarle los servicios solicitados.<\/strong><\/td>\n<td>Ejecuci\u00f3n contractual.<\/td>\n<td>Durante los plazos necesarios para dar debida satisfacci\u00f3n a la ejecuci\u00f3n y el efectivo cumplimiento de todos los elementos del contrato suscrito entre las partes.<\/td>\n<\/tr>\n<tr>\n<td><strong>Informar sobre los diferentes productos y servicios similares a los contratados.<\/strong><\/td>\n<td>Satisfacci\u00f3n de inter\u00e9s leg\u00edtimo, fundamentado en el art\u00edculo 21.2 de la Ley 34\/2002, de 11 de julio, de servicios de la sociedad de la informaci\u00f3n y de comercio electr\u00f3nico.<\/td>\n<td>Hasta el momento en que solicite la baja efectiva de tal suscripci\u00f3n.<\/td>\n<\/tr>\n<tr>\n<td><strong>Enviar comunicaciones comerciales o publicitarias.<\/strong><\/td>\n<td>Su consentimiento.<\/td>\n<td>Hasta que se ejercite su derecho de oposici\u00f3n.<\/td>\n<\/tr>\n<tr>\n<td><strong>Adoptar cuantas medidas de protecci\u00f3n resulten aplicables de conformidad con la normativa vigente, incluyendo, la posible seudonimizaci\u00f3n y anonimizaci\u00f3n de tus datos personales aplicando, para ello, las adecuadas t\u00e9cnicas disponibles al efecto.<\/strong><\/td>\n<td>Cumplimiento de una obligaci\u00f3n legal (REGLAMENTO (UE) 2016\/679 del Parlamento Europeo y del Consejo, de 27 de abril de 2016, relativo a la protecci\u00f3n de las personas f\u00edsicas en lo que respecta al tratamiento de datos personales y a la libre circulaci\u00f3n de estos datos y por el que se deroga la Directiva 95\/46\/CE (en adelante, el \u201cReglamento general de protecci\u00f3n de datos\u201d o el \u201cRGPD\u201d) <a href=\"https:\/\/www.boe.es\/doue\/2016\/119\/L00001-00088.pdf\" target=\"_blank\" rel=\"noopener\">https:\/\/www.boe.es\/doue\/2016\/119\/L00001-00088.pdf<\/a>. En caso de tratamientos destinados para garantizar la seguridad de la plataforma, la red y el sistema de informaci\u00f3n asociado podr\u00e1 esgrimirse, cuando proceda, la satisfacci\u00f3n del inter\u00e9s leg\u00edtimo de la FUNDACI\u00d3N o, en su caso, de un tercero (Considerando 49 del RGPD).<\/td>\n<td>Mientras se traten datos personales del usuario, incluida la conservaci\u00f3n de tales datos durante los plazos legales dispuestos, y con independencia de la base leg\u00edtima de tratamiento que esgrima La FUNDACI\u00d3N.<\/td>\n<\/tr>\n<tr>\n<td><strong>Aplicar las pertinentes medidas de seguridad, t\u00e9cnicas y\/o organizativas sobre tus datos personales con enfoque al riesgo existente en cada momento.<\/strong><\/td>\n<td>Cumplimiento de una obligaci\u00f3n legal (REGLAMENTO (UE) 2016\/679 del Parlamento Europeo y del Consejo, de 27 de abril de 2016, relativo a la protecci\u00f3n de las personas f\u00edsicas en lo que respecta al tratamiento de datos personales y a la libre circulaci\u00f3n de estos datos y por el que se deroga la Directiva 95\/46\/CE (\u201cReglamento general de protecci\u00f3n de datos\u201d o \u201cRGPD\u201d) <a href=\"https:\/\/www.boe.es\/doue\/2016\/119\/L00001-00088.pdf\" target=\"_blank\" rel=\"noopener\">https:\/\/www.boe.es\/doue\/2016\/119\/L00001-00088.pdf<\/a>. En caso de tratamientos destinados para garantizar la seguridad de la plataforma, la red y el sistema de informaci\u00f3n asociado podr\u00e1 esgrimirse, cuando proceda, la satisfacci\u00f3n del inter\u00e9s leg\u00edtimo de la FUNDACI\u00d3N o, en su caso, de un tercero (Considerando 49 del RGPD).<\/td>\n<td>Mientras se traten datos personales del usuario, incluida la conservaci\u00f3n de tales datos durante los plazos legales dispuestos, y con independencia de la base leg\u00edtima de tratamiento que esgrima La FUNDACI\u00d3N.<\/td>\n<\/tr>\n<\/tbody>\n<\/table>\n<p>Cuando la base leg\u00edtima del tratamiento de tus datos personales sea tu consentimiento, te recordamos que tienes derecho a revocar el mismo en cualquier momento de forma sencilla y gratuita escribi\u00e9ndonos a <a href=\"mailto:protecciondatos@fcmanrique.org\">protecciondatos@fcmanrique.org<\/a>.<\/p>\n<p>En todo caso, y sin perjuicio de lo anterior, se informa asimismo al usuario de lo que sigue:<\/p>\n<p>\u2022 De conformidad con la normativa vigente de protecci\u00f3n de datos personales, en todo lo que concierne al correcto tratamiento de la informaci\u00f3n personal por parte de la FUNDACI\u00d3N, esta entidad tambi\u00e9n podr\u00e1 conservar la informaci\u00f3n durante tres a\u00f1os de forma segura desde su recogida\/captaci\u00f3n (plazos de prescripci\u00f3n de infracciones en este \u00e1mbito).<\/p>\n<p>\u2022 Respecto al tiempo de conservaci\u00f3n de las cookies, se recomienda al usuario consultar nuestra <a href=\"https:\/\/fcmanrique.org\/politica-de-cookies\">Pol\u00edtica de Cookies<\/a> (apartado temporalidad).<\/p>\n<p>\u2022 Con car\u00e1cter general, cuando los datos personales ya no resulten necesarios para los fines de tratamiento para los que fueron recabados, se proceder\u00e1 a su bloqueo, quedando a disposici\u00f3n \u00fanicamente de las autoridades competentes para la posible depuraci\u00f3n de las responsabilidades jur\u00eddicas durante el tratamiento de los mismos, siempre de conformidad con la normativa aplicable, y no pudiendo utilizarse a otros fines distintos a \u00e9stos. Transcurridos los plazos legales correspondientes en caso de bloqueo, sus datos se suprimir\u00e1n seg\u00fan dispone la normativa aplicable, pudiendo tambi\u00e9n, si as\u00ed resultara aplicable, anonimizarse de forma segura por la FUNDACI\u00d3N (datos anonimizados\/no personales).<\/p>\n<p><strong>\u00bfQU\u00c9 CONSECUENCIAS TIENE NO FACILITARNOS TUS DATOS?<\/strong><\/p>\n<p>Procuramos solicitar o aplicar los datos m\u00ednimos e imprescindibles para realizar los tratamientos de datos personales que efectuamos en desarrollo pleno de nuestro objeto y fines sociales. Todo ello en consonancia con los principios contenidos en la normativa aplicable.<\/p>\n<p>Ahora bien, la falta de aportaci\u00f3n de tus datos personales podr\u00eda dar lugar a la imposibilidad de que: 1) puedas navegar correctamente por nuestra web (inhabilitar las cookies t\u00e9cnicas); 2) acceder a ciertos contenidos o servicios (por ejemplo, si no nos aportas tus datos para recibir nuestra newsletter no la recibir\u00e1s, como tampoco la informaci\u00f3n o contenidos asociados a la misma); 3) tramitar tu solicitud o petici\u00f3n espec\u00edfica (por ejemplo, por la falta o insuficiente cumplimentaci\u00f3n del formulario o solicitud que corresponda).<\/p>\n<p>En todo caso, la informaci\u00f3n y datos personales que nos aportes, seg\u00fan cada caso, deber\u00e1 ser en todo caso:<\/p>\n<p>\u2022 Suficiente, aunque ajustada, limitada y proporcionada a los fines leg\u00edtimos de tratamiento informados en cada caso, con el m\u00e1ximo respeto a los principios de la limitaci\u00f3n de la finalidad y de minimizaci\u00f3n de los datos personales.<br \/>\n\u2022 Exacta, actualizada y veraz, a fin de poder verificar de forma adecuada la identidad, capacidad y, en su caso, representaci\u00f3n, as\u00ed como poder ajustar, en cada caso, los tratamientos de datos que se realizan a sus necesidades espec\u00edficas y su situaci\u00f3n real. Todo ello en atenci\u00f3n al principio de exactitud de los datos personales.<\/p>\n<p>Los usuarios ser\u00e1n plenamente responsables por los datos e informaci\u00f3n personal que aporten a Cliente en el marco de la plataforma y, en su caso, de los servicios que requieran o nos contraten.<\/p>\n<p><strong>\u00bfCOMPARTIMOS TUS DATOS PERSONALES CON TERCEROS?<\/strong><\/p>\n<p>Con car\u00e1cter general, no compartimos tus datos con terceros, ni los vendemos u ofrecemos a \u00e9stos. Ahora bien, es posible que ciertos terceros puedan acceder a tu informaci\u00f3n personal en desarrollo de los servicios que puedan prestar a la FUNDACI\u00d3N. Por ejemplo, en el caso de las cookies de terceros que se aplican en la plataforma (ver <a href=\"https:\/\/fcmanrique.org\/politica-de-cookies\">pol\u00edtica de cookies<\/a>).<\/p>\n<p>La FUNDACI\u00d3N cuenta con diversos encargados del tratamiento de los datos personales bajo su control, permitiendo el acceso a \u00e9stos, como proveedores de confianza, y en la medida en que sea estrictamente necesario para la prestaci\u00f3n de los servicios contratados con los mismos. Tales encargados del tratamiento operan bajo un contrato de servicios en los t\u00e9rminos, con las condiciones y garant\u00edas contenidas en el art\u00edculo 28 del RGPD, realizando <u>la FUNDACI\u00d3N<\/u> los controles, inspecciones y auditor\u00edas correspondientes en este \u00e1mbito para comprobar que tales encargados del tratamiento cumplen de forma estricta con los contratos suscritos a tal fin y la normativa de aplicaci\u00f3n.<\/p>\n<p><strong>\u00bfSE HACEN TRANSFERENCIAS INTERNACIONALES DE TUS DATOS PERSONALES?<\/strong><\/p>\n<p>Te informamos que, con car\u00e1cter general, no est\u00e1n previstas transferencias internacionales de tus datos personales, adopt\u00e1ndose las medidas y garant\u00edas necesarias por la FUNDACI\u00d3N en este \u00e1mbito de conformidad con la normativa vigente de protecci\u00f3n de datos personales.<\/p>\n<p>Sin perjuicio de lo anterior, en nuestra pol\u00edtica de cookies encontrar\u00e1s informaci\u00f3n sobre el uso de Cookies por parte de terceros que podr\u00edan realizar transferencias internacionales de datos personales. Puedes consultar la informaci\u00f3n de privacidad de los terceros que sirven cookies en esta web, a trav\u00e9s de nuestra Pol\u00edtica de Cookies.<\/p>\n<p><strong>\u00bfQU\u00c9 DERECHOS TIENES, QU\u00c9 SIGNIFICAN Y C\u00d3MO PUEDES EJERCERLOS?<\/strong><\/p>\n<p>&nbsp;<\/p>\n<table width=\"100%\" border=\"1\">\n<tbody>\n<tr>\n<th scope=\"col\">Tus derechos<\/th>\n<th scope=\"col\">\u00bfEn qu\u00e9 consiste?<\/th>\n<th scope=\"col\">\u00bfC\u00f3mo ejercitarlo?<\/th>\n<\/tr>\n<tr>\n<td><strong>Derecho de informaci\u00f3n<\/strong><\/td>\n<td>Derecho a que se te facilite por la FUNDACI\u00d3N informaci\u00f3n apropiada, tanto en el momento en que se han recabado tus datos personales (ya se hayan obtenido de ti o a trav\u00e9s de un tercero), cuanto en cualquier momento posterior por lo que concierne al tratamiento de tus datos personales. Tu decides sobre tu informaci\u00f3n personal. Remitirse a los art\u00edculos 12 a 14 del RGPD.<\/td>\n<td>La FUNDACI\u00d3N procura brindarte toda la informaci\u00f3n necesaria en torno al tratamiento de sus datos personales en aplicaci\u00f3n de los art\u00edculos 12 a 14 del RGPD. Sin embargo, si tuvieras alguna cuesti\u00f3n o duda sobre nuestras pol\u00edticas de privacidad y de cookies, por favor, no dudes en escribirnos, a trav\u00e9s del correo electr\u00f3nico: <a href=\"mailto:protecciondatos@fcmanrique.org\">protecciondatos@fcmanrique.org<\/a> y atenderemos tu petici\u00f3n adicional de informaci\u00f3n.<\/td>\n<\/tr>\n<tr>\n<td><strong>Derecho de acceso<\/strong><\/td>\n<td>Derecho a obtener de la FUNDACI\u00d3N confirmaci\u00f3n de si se est\u00e1n tratando o no tus datos personales, y a informaci\u00f3n b\u00e1sica relativa a tales tratamientos (art\u00edculo 15 del RGPD), as\u00ed como a obtener una copia de los datos personales objeto de tratamiento.<\/td>\n<td>Dirigiendo una comunicaci\u00f3n por escrito a trav\u00e9s del correo electr\u00f3nico <a href=\"mailto:protecciondatos@fcmanrique.org\">protecciondatos@fcmanrique.org<\/a> con la Ref. \u201cEjercicio Derechos\u201d acompa\u00f1ando, si fuera necesario acreditar su identificaci\u00f3n, copia de su documento nacional de identidad o documento identificativo equivalente (pasaporte, N.I.E\u2026.).<\/td>\n<\/tr>\n<tr>\n<td><strong>Derecho de rectificaci\u00f3n<\/strong><\/td>\n<td>Derecho a obtener sin dilaci\u00f3n indebida por parte de la FUNDACI\u00d3N la rectificaci\u00f3n de tus datos personales en los t\u00e9rminos del art\u00edculo 16 del RGPD.<\/td>\n<td>Dirigiendo una comunicaci\u00f3n por escrito a trav\u00e9s del correo electr\u00f3nico <a href=\"mailto:protecciondatos@fcmanrique.org\">protecciondatos@fcmanrique.org<\/a> con la Ref. \u201cEjercicio Derechos\u201d acompa\u00f1ando, si fuera necesario acreditar su identificaci\u00f3n, copia de su documento nacional de identidad o documento identificativo equivalente (pasaporte, N.I.E\u2026.).<\/td>\n<\/tr>\n<tr>\n<td><strong>Derecho de supresi\u00f3n<\/strong><\/td>\n<td>Derecho a obtener sin dilaci\u00f3n indebida por parte de la FUNDACI\u00d3N la supresi\u00f3n de tus datos personales en los t\u00e9rminos del art\u00edculo 17del RGPD.<\/td>\n<td>Dirigiendo una comunicaci\u00f3n por escrito a trav\u00e9s del correo electr\u00f3nico <a href=\"mailto:protecciondatos@fcmanrique.org\">protecciondatos@fcmanrique.org<\/a> con la Ref. \u201cEjercicio Derechos\u201d acompa\u00f1ando, si fuera necesario acreditar su identificaci\u00f3n, copia de su documento nacional de identidad o documento identificativo equivalente (pasaporte, N.I.E\u2026.).<\/td>\n<\/tr>\n<tr>\n<td><strong>Derecho a la limitaci\u00f3n del tratamiento<\/strong><\/td>\n<td>Derecho a obtener por parte de la FUNDACI\u00d3N la limitaci\u00f3n del tratamiento de tus datos cuando:<br \/>\n-Impugnes la exactitud de tus datos personales, durante un plazo que permita a la FUNDACI\u00d3N verificar su exactitud.<br \/>\n-El tratamiento sea il\u00edcito y te opongas a su supresi\u00f3n (y en su lugar, solicites la limitaci\u00f3n de los mismos).<br \/>\n&#8211; La FUNDACI\u00d3N ya no necesite los datos personales, pero los necesites para la formulaci\u00f3n, el ejercicio o la defensa de reclamaciones.Su ejercicio se circunscribir\u00e1 a lo descrito en el art\u00edculo 18 del RGPD.<\/td>\n<td>Dirigiendo una comunicaci\u00f3n por escrito a trav\u00e9s del correo electr\u00f3nico <a href=\"mailto:protecciondatos@fcmanrique.org\">protecciondatos@fcmanrique.org<\/a> con la Ref. \u201cEjercicio Derechos\u201d acompa\u00f1ando, si fuera necesario acreditar su identificaci\u00f3n, copia de su documento nacional de identidad o documento identificativo equivalente (pasaporte, N.I.E\u2026.).<\/td>\n<\/tr>\n<tr>\n<td><strong>Derecho a la portabilidad de los datos<\/strong><\/td>\n<td>Derecho a recibir los datos personales que te incumban y que nos hayas facilitado en un formato estructurado, de uso com\u00fan y lectura mec\u00e1nica, o a transmitirlos a otro responsable del tratamiento cuando t\u00e9cnicamente sea posible en los t\u00e9rminos descritos en el art\u00edculo 20 del RGPD.<\/td>\n<td>Dirigiendo una comunicaci\u00f3n por escrito a trav\u00e9s del correo electr\u00f3nico <a href=\"mailto:protecciondatos@fcmanrique.org\">protecciondatos@fcmanrique.org<\/a> con la Ref. \u201cEjercicio Derechos\u201d acompa\u00f1ando, si fuera necesario acreditar su identificaci\u00f3n, copia de su documento nacional de identidad o documento identificativo equivalente (pasaporte, N.I.E\u2026.).<\/td>\n<\/tr>\n<tr>\n<td><strong>Derecho de oposici\u00f3n<\/strong><\/td>\n<td>Derecho a oponerte en cualquier momento al tratamiento de tus datos personales, incluida la elaboraci\u00f3n de perfiles, cuando \u00e9ste se base en la satisfacci\u00f3n del inter\u00e9s leg\u00edtimo de la FUNDACI\u00d3N o de un tercero seg\u00fan lo descrito en el art\u00edculo 21 del RGPD.<\/td>\n<td>Dirigiendo una comunicaci\u00f3n por escrito a trav\u00e9s del correo electr\u00f3nico <a href=\"mailto:protecciondatos@fcmanrique.org\">protecciondatos@fcmanrique.org<\/a> con la Ref. \u201cEjercicio Derechos\u201d acompa\u00f1ando, si fuera necesario acreditar su identificaci\u00f3n, copia de su documento nacional de identidad o documento identificativo equivalente (pasaporte, N.I.E\u2026.).<\/td>\n<\/tr>\n<tr>\n<td><strong>Derecho a no ser objeto de una decisi\u00f3n basada \u00fanicamente en el tratamiento automatizado (incluida la elaboraci\u00f3n de perfiles)<\/strong><\/td>\n<td>Derecho a no ser objeto de una decisi\u00f3n basada \u00fanicamente en el tratamiento automatizado, incluida la elaboraci\u00f3n de perfiles, que te produzca efectos jur\u00eddicos o te afecte significativamente de modo similar en los t\u00e9rminos del art\u00edculo 22 del RGPD.<\/td>\n<td>Dirigiendo una comunicaci\u00f3n por escrito a trav\u00e9s del correo electr\u00f3nico <a href=\"mailto:protecciondatos@fcmanrique.org\">protecciondatos@fcmanrique.org<\/a> con la Ref. \u201cEjercicio Derechos\u201d acompa\u00f1ando, si fuera necesario acreditar su identificaci\u00f3n, copia de su documento nacional de identidad o documento identificativo equivalente (pasaporte, N.I.E\u2026.).<\/td>\n<\/tr>\n<tr>\n<td><strong>Derecho a revocar el consentimiento otorgado<\/strong><\/td>\n<td>Tendr\u00e1s derecho a retirar tu consentimiento en cualquier momento. La retirada del consentimiento no afectar\u00e1 a la licitud del tratamiento realizado por Cliente basada en tu consentimiento previo a su retirada.<\/td>\n<td>A trav\u00e9s de los formularios, contenidos y espacios de configuraci\u00f3n de privacidad dispuestos por Cliente, seg\u00fan cada caso, podr\u00e1 articularse tal revocaci\u00f3n (por ejemplo, solicitar la baja del servicio de newsletter solicitado a trav\u00e9s del enlace dispuesto a al fin). Sin embargo, siempre puede igualmente dirigir una comunicaci\u00f3n al efecto al correo electr\u00f3nico: <a href=\"mailto:protecciondatos@fcmanrique.org\">protecciondatos@fcmanrique.org<\/a> para que pueda atenderse de forma debida su derecho conforme lo descrito en la normativa aplicable.<\/td>\n<\/tr>\n<tr>\n<td><strong>Derecho a presentar una reclamaci\u00f3n ante la autoridad de control competente (AEPD)<\/strong><\/td>\n<td>Implica la posibilidad de acudir ante la autoridad de control en caso de entender vulnerados tus derechos a la protecci\u00f3n de datos personales (art\u00edculos 13 y 14 del RGPD)<\/td>\n<td>Te recomendamos que antes de presentar cualquier denuncia o reclamaci\u00f3n ante la Agencia Espa\u00f1ola de Protecci\u00f3n de Datos (AEPD), contactes con nosotros a fin de analizar la situaci\u00f3n concreta que corresponda e intentar, en su caso, buscar una soluci\u00f3n eficaz y amistosa. Al margen de lo anterior, si lo deseas, tambi\u00e9n puedes remitirte a la p\u00e1gina web de la AEPD <a href=\"http:\/\/www.aepd.es\" target=\"_blank\" rel=\"noopener\">www.aepd.es<\/a><\/td>\n<\/tr>\n<\/tbody>\n<\/table>\n<p><strong>\u00bfSE APLICAN MEDIDAS DE SEGURIDAD Y PROTECCI\u00d3N DE TUS DATOS PERSONALES?<\/strong><\/p>\n<p>Teniendo en cuenta la naturaleza, el \u00e1mbito, el contexto y los indicados fines del tratamiento, as\u00ed como los riesgos de diversa probabilidad y gravedad para tus derechos y libertades, la FUNDACI\u00d3N aplica (y aplicar\u00e1) medidas t\u00e9cnicas y organizativas apropiadas a fin de garantizar la debida seguridad y protecci\u00f3n de tus datos personales atendiendo a criterios de privacidad desde el dise\u00f1o y por defecto, as\u00ed como aplicando un sistema de enfoque al riesgo concurrente que se revisar\u00e1 y actualizar\u00e1 por la FUNDACI\u00d3N cuando sea necesario.<\/p>\n<p>El uso del protocolo de Transferencia de Hiper-Texto (HTTPS) en nuestra plataforma es una garant\u00eda reforzada para la seguridad de tus datos personales.<\/p>\n<p><strong>VIGENCIA Y MODIFICACI\u00d3N DE LA POL\u00cdTICA DE PRIVACIDAD<\/strong><\/p>\n<p>La presente pol\u00edtica est\u00e1 vigente desde el d\u00eda 22 de febrero de 2022.<\/p>\n<p>La FUNDACI\u00d3N se reserva el derecho de modificar esta pol\u00edtica, para adaptarla a futuras novedades legislativas, doctrinales o jurisprudenciales que resulten de aplicaci\u00f3n, o por motivos t\u00e9cnicos, operativos, comerciales, corporativos y de negocio, inform\u00e1ndote previa y razonablemente de los cambios que se produzcan cuando ello sea posible. En todo caso, se recomienda que, cada vez que accedas a esta plataforma, leas con detalle esta pol\u00edtica, ya que cualquier modificaci\u00f3n ser\u00e1 publicada a trav\u00e9s de la misma.<\/p>\n<p>Asimismo, la FUNDACI\u00d3N podr\u00e1 informarte de forma personal y previa de los cambios proyectados en esta pol\u00edtica, antes de su entrada en vigor, siempre que ello resultara t\u00e9cnica y razonablemente posible, en particular, cuando tengas la consideraci\u00f3n de usuario registrado o seas cliente de la FUNDACI\u00d3N.<\/p>\n<p><strong>\u00bfNECESITAS CONTACTAR CON NOSOTROS?<\/strong><\/p>\n<p>En caso de cualquier cuesti\u00f3n o sugerencia que quisieras hacernos llegar en torno a la presente pol\u00edtica, por favor, no dudes en ponerte en contacto con nosotros a trav\u00e9s de la direcci\u00f3n de correo electr\u00f3nico: <a href=\"mailto:protecciondatos@fcmanrique.org\">protecciondatos@fcmanrique.org<\/a><\/p>\n<p><strong>COMPETENCIA Y FUERO APLICABLE<\/strong><\/p>\n<p>Con car\u00e1cter general, cualquier controversia y conflicto ser\u00e1 sometido con car\u00e1cter preferente por las partes al conocimiento de las mismas a los efectos de recabar una soluci\u00f3n amistosa y de com\u00fan acuerdo utilizando, a estos efectos, el canal y correo electr\u00f3nico dispuesto en el apartado 13 de esta pol\u00edtica.<\/p>\n<p>En caso de no ser posible la misma, atendiendo a los criterios contenidos en el RGPD para la determinaci\u00f3n de la competencia de la autoridad l\u00edder o principal en orden el conocimiento de cualquier conflicto, controversia o reclamaci\u00f3n en torno a la presente pol\u00edtica de privacidad, al menos, en v\u00eda administrativa, se informa que tal autoridad ser\u00e1 la Agencia Espa\u00f1ola de Protecci\u00f3n de Datos (AEPD), debi\u00e9ndose atender, en todo caso, a lo previsto en el art\u00edculo 56 del RGPD. Por lo que concierne al derecho a la tutela judicial efectiva contra Cliente en estos casos, se estar\u00e1 asimismo a lo dispuesto en el art\u00edculo 79.2 del RGPD, pudiendo ejercitarse la acci\u00f3n que corresponda ante los Jueces y Tribunales de Lanzarote (Canarias \u2013 Espa\u00f1a), en la medida en que la entidad responsable es una sociedad radicada en Espa\u00f1a. Se atender\u00e1 a la vigente normativa espa\u00f1ola y europea aplicable en este \u00e1mbito.<\/p>\n<p>&nbsp;<\/p>","protected":false},"excerpt":{"rendered":"<p>POL\u00cdTICA DE PRIVACIDAD WEB FUNDACI\u00d3N C\u00c9SAR MANRIQUE Fecha de actualizaci\u00f3n: 27 de abril de 2022 A continuaci\u00f3n, se muestra la pol\u00edtica de privacidad (en adelante, \u201cpol\u00edtica de privacidad web\u201d o \u201cpol\u00edtica\u201d) que rige la Plataforma Web https:\/\/fcmanrique.org\/&nbsp;(en adelante, \u201cla Plataforma\u201d), bajo la titularidad de FUNDACI\u00d3N C\u00c9SAR MANRIQUE (en lo sucesivo, \u201cla FUNDACI\u00d3N\u201d o \u201cnosotros\u201d), entidad [&hellip;]<\/p>\n","protected":false},"author":1,"featured_media":0,"parent":0,"menu_order":0,"comment_status":"closed","ping_status":"closed","template":"","meta":{"_acf_changed":false,"ngg_post_thumbnail":0,"footnotes":""},"class_list":["post-17421","page","type-page","status-publish","hentry"],"acf":[],"_links":{"self":[{"href":"https:\/\/ludiccc.ddns.net\/de\/wp-json\/wp\/v2\/pages\/17421","targetHints":{"allow":["GET"]}}],"collection":[{"href":"https:\/\/ludiccc.ddns.net\/de\/wp-json\/wp\/v2\/pages"}],"about":[{"href":"https:\/\/ludiccc.ddns.net\/de\/wp-json\/wp\/v2\/types\/page"}],"author":[{"embeddable":true,"href":"https:\/\/ludiccc.ddns.net\/de\/wp-json\/wp\/v2\/users\/1"}],"replies":[{"embeddable":true,"href":"https:\/\/ludiccc.ddns.net\/de\/wp-json\/wp\/v2\/comments?post=17421"}],"version-history":[{"count":35,"href":"https:\/\/ludiccc.ddns.net\/de\/wp-json\/wp\/v2\/pages\/17421\/revisions"}],"predecessor-version":[{"id":22642,"href":"https:\/\/ludiccc.ddns.net\/de\/wp-json\/wp\/v2\/pages\/17421\/revisions\/22642"}],"wp:attachment":[{"href":"https:\/\/ludiccc.ddns.net\/de\/wp-json\/wp\/v2\/media?parent=17421"}],"curies":[{"name":"wp","href":"https:\/\/api.w.org\/{rel}","templated":true}]}}