{"id":16229,"date":"2006-07-31T00:00:00","date_gmt":"2006-07-31T00:00:00","guid":{"rendered":"https:\/\/fcmanrique.org\/fcm-publicacion\/jameos-del-agua\/"},"modified":"2023-11-23T11:09:29","modified_gmt":"2023-11-23T11:09:29","slug":"jameos-del-agua","status":"publish","type":"fcm_publicacion","link":"https:\/\/ludiccc.ddns.net\/de\/fcm-publicacion\/jameos-del-agua\/","title":{"rendered":"Jameos del Agua"},"content":{"rendered":"<p><\/p>\n<p style=\"text-align: left;\"><span style=\"ofont-size: 10pt; ofont-family: Arial;\"><strong>Jameos del Agua<\/strong> es el cuarto t\u00edtulo publicado de la colecci\u00f3n Lugares, en el que Javier Maderuelo recorre, en los sucesivos cap\u00edtulos del libro, la figura de Manrique, la g\u00e9nesis de Jameos del Agua, la historia de su realizaci\u00f3n y sus valores arquitect\u00f3nicos y paisaj\u00edsticos.<\/span><\/p>\n<p class=\"MsoNormal\" style=\"text-align: left;\"><span style=\"ofont-size: 10pt; ofont-family: Arial;\">La publicaci\u00f3n se complementa con un amplio repertorio de im\u00e1genes de Jameos del Agua y su entorno, realizado por el fot\u00f3grafo Pedro Mart\u00ednez de Albornoz.<\/span><\/p>\n<p style=\"text-align: left;\"><span lang=\"ES-TRAD\" style=\"ofont-size: 10pt; ofont-family: Arial; letter-spacing: -0.15pt;\"><strong>Javier Maderuelo<\/strong> (Madrid, 1950) es Doctor en Arquitectura por la Universidad de Valladolid, Doctor en Historia del Arte por la Universidad de Zaragoza, y Catedr\u00e1tico de Arquitectura del Paisaje en el Departamento de Arquitectura de la Universidad de Alcal\u00e1. Ha sido, adem\u00e1s, profesor invitado en las universidades Nacional de Chile y Lisboa.<\/span><\/p>\n<p class=\"MsoNormal\" style=\"text-align: left;\"><span lang=\"ES-TRAD\" style=\"ofont-size: 10pt; ofont-family: Arial; letter-spacing: -0.15pt;\">Ha participado como profesor en m\u00e1s de cien cursos monogr\u00e1ficos y seminarios y ha impartido cursos de doctorado en las universidades de Valladolid, Polit\u00e9cnica de Valencia, del Pa\u00eds Vasco y en la Escola Superior Art\u00edstica do Porto, Oporto.<\/span><\/p>\n<p class=\"MsoNormal\" style=\"text-align: left;\"><span lang=\"ES-TRAD\" style=\"ofont-size: 10pt; ofont-family: Arial; letter-spacing: -0.15pt;\">Ejerce como cr\u00edtico y ensayista, escribiendo asiduamente sobre arte y arquitectura. Ha sido cr\u00edtico de arte en diario <em>El Independiente<\/em> y en la revista <em>Cyan<\/em>, si\u00e9ndolo del diario <em>El Pa\u00eds<\/em> desde 1993.<\/span><\/p>\n<p class=\"MsoNormal\" style=\"text-align: left;\"><span lang=\"ES-TRAD\" style=\"ofont-size: 10pt; ofont-family: Arial; letter-spacing: -0.15pt;\">Dirige el programa <em>Arte y Naturaleza<\/em> de la Diputaci\u00f3n de Huesca y las publicaciones editadas bajo ese t\u00edtulo, as\u00ed como los cursos que se han celebrado entre 1995 y 1999. Como continuaci\u00f3n de ese programa, dirige los cursos sobre <em>Paisaje<\/em> del CDAN-Fundaci\u00f3n Beulas de Huesca.<\/span><\/p>\n<p class=\"MsoNormal\" style=\"text-align: left;\"><span lang=\"ES-TRAD\" style=\"ofont-size: 10pt; ofont-family: Arial; letter-spacing: -0.15pt;\">Es autor, entre otros, de los siguientes libros: <em>El espacio raptado. Interferencias entre arquitectura y escultura<\/em>, Mondadori, Madrid, 1990; <em>Arte p\u00fablico<\/em>, Diputaci\u00f3n de Huesca, Huesca, 1994; <em>La p\u00e9rdida del pedestal<\/em>, C\u00edrculo de Bellas Artes &#8211; Visor, Madrid, 1994; <em>Cristina Iglesias. Cinco proyectos<\/em>, Argentaria, Madrid, 1996; <em>Andreu Alfaro. Espacio P\u00fablico<\/em>, Fundaci\u00f3n CAM, Alicante, 1996; <em>Nuevas visiones de lo pintoresco: El paisaje como arte<\/em>, Fundaci\u00f3n C\u00e9sar Manrique, Teguise, Lanzarote, 1996; <em>El paisaje. G\u00e9nesis de un concepto<\/em>, Abada, Madrid, 2005; <em>Jameos del Agua<\/em>, Fundaci\u00f3n C\u00e9sar Manrique, Teguise, Lanzarote, 2006.<\/span><\/p>\n<p class=\"MsoNormal\" style=\"text-align: left;\"><span style=\"ofont-size: 10pt; ofont-family: Arial;\">Ha sido editor y coautor de los siguientes libros: <em>Arte y Naturaleza<\/em>, Diputaci\u00f3n de Huesca, Huesca, 1996; <em>El Paisaje<\/em>, Diputaci\u00f3n de Huesca, Huesca, 1997; <em>El jard\u00edn como arte<\/em>, Diputaci\u00f3n de Huesca, Huesca, 1998; <em>Desde la ciudad<\/em>, Diputaci\u00f3n de Huesca, Huesca, 1999; <em>Arte p\u00fablico<\/em>, Diputaci\u00f3n de Huesca, Huesca, 2000; <em>Arte p\u00fablico: Naturaleza y ciudad, <\/em>Fundaci\u00f3n C\u00e9sar Manrique, Teguise, 2001; <\/span><span lang=\"ES-TRAD\" style=\"ofont-size: 10pt; ofont-family: Arial;\">GILPIN, William, <em>Tres ensayos sobre la belleza pintoresca<\/em>, Abada, Madrid, 2004; <\/span><em><span style=\"ofont-size: 10pt; ofont-family: Arial;\">Medio siglo de arte. \u00daltimas tendencias 1955-2005<\/span><\/em><span style=\"ofont-size: 10pt; ofont-family: Arial;\">, Abada, Madrid, 2006.<\/span><\/p>\n<p><strong>Presentaci\u00f3n del libro, el 19 de octubre de 2006, en la sede de la FCM:<\/strong>&nbsp;<a href=\"https:\/\/fcmanrique.org\/fcm-actividad\/jameos-del-agua-javier-maderuelo\/?cpg=5\" target=\"_blank\" rel=\"noopener\">Acto de presentaci\u00f3n<\/a><\/p>","protected":false},"featured_media":17520,"parent":0,"template":"","meta":{"_acf_changed":false,"ngg_post_thumbnail":0,"footnotes":""},"publicacion_coleccion":[62],"class_list":["post-16229","fcm_publicacion","type-fcm_publicacion","status-publish","has-post-thumbnail","hentry","publicacion_coleccion-lugares"],"acf":[],"_links":{"self":[{"href":"https:\/\/ludiccc.ddns.net\/de\/wp-json\/wp\/v2\/fcm_publicacion\/16229","targetHints":{"allow":["GET"]}}],"collection":[{"href":"https:\/\/ludiccc.ddns.net\/de\/wp-json\/wp\/v2\/fcm_publicacion"}],"about":[{"href":"https:\/\/ludiccc.ddns.net\/de\/wp-json\/wp\/v2\/types\/fcm_publicacion"}],"version-history":[{"count":5,"href":"https:\/\/ludiccc.ddns.net\/de\/wp-json\/wp\/v2\/fcm_publicacion\/16229\/revisions"}],"predecessor-version":[{"id":24519,"href":"https:\/\/ludiccc.ddns.net\/de\/wp-json\/wp\/v2\/fcm_publicacion\/16229\/revisions\/24519"}],"wp:featuredmedia":[{"embeddable":true,"href":"https:\/\/ludiccc.ddns.net\/de\/wp-json\/wp\/v2\/media\/17520"}],"wp:attachment":[{"href":"https:\/\/ludiccc.ddns.net\/de\/wp-json\/wp\/v2\/media?parent=16229"}],"wp:term":[{"taxonomy":"publicacion_coleccion","embeddable":true,"href":"https:\/\/ludiccc.ddns.net\/de\/wp-json\/wp\/v2\/publicacion_coleccion?post=16229"}],"curies":[{"name":"wp","href":"https:\/\/api.w.org\/{rel}","templated":true}]}}