{"id":16015,"date":"2006-01-30T00:00:00","date_gmt":"2006-01-30T00:00:00","guid":{"rendered":"https:\/\/fcmanrique.org\/fcm-publicacion\/jardin-de-cactus\/"},"modified":"2023-11-23T09:16:25","modified_gmt":"2023-11-23T09:16:25","slug":"jardin-de-cactus","status":"publish","type":"fcm_publicacion","link":"https:\/\/ludiccc.ddns.net\/de\/fcm-publicacion\/jardin-de-cactus\/","title":{"rendered":"Jard\u00edn de Cactus"},"content":{"rendered":"<p><\/p>\n<p class=\"MsoBodyTextIndent\" style=\"text-align: left;\"><span style=\"ofont-size: 10pt; ofont-family: Arial; text-transform: none;\"><strong>Juan Ram\u00edrez de Lucas<\/strong> es escritor y cr\u00edtico de arte. Es colaborador asiduo en peri\u00f3dicos y revistas nacionales e internacionales especializadas en arte, en los que destaca su trabajo de cr\u00edtica de la arquitectura y el arte popular. Entre los premios recibidos por su labor destaca el de Colegiado de Honor del Consejo Superior de los Colegios de Arquitectos de Espa\u00f1a.<\/span><\/p>\n<p class=\"MsoNormal\" style=\"text-align: left;\"><span style=\"ofont-family: Arial;\">En <strong><em>Jard\u00edn de Cactus<\/em><\/strong>, Juan Ram\u00edrez de Lucas expone la figura de C\u00e9sar Manrique, la g\u00e9nesis del Jard\u00edn de Cactus, la historia de su realizaci\u00f3n, los valores arquitect\u00f3nicos y la aportaci\u00f3n del artista al dise\u00f1o de jardines. El profundo conocimiento de la obra y la vida de este artista singular ha servido al autor para realizar un detallado an\u00e1lisis de esta obra, puesto que \u00e9l particip\u00f3 del proceso generador de la misma. En la presentaci\u00f3n del libro, Juan Ram\u00edrez de Lucas revel\u00f3 la manera en la que C\u00e9sar Manrique imagin\u00f3 el jard\u00edn en un espacio que &#8222;s\u00f3lo la fuerza creativa de un artista tan genial pod\u00eda vislumbrar&#8220;.<\/span><\/p>\n<p class=\"MsoNormal\" style=\"text-align: left;\"><span style=\"ofont-family: Arial;\">La obra se complementa con un amplio repertorio de im\u00e1genes del Jard\u00edn de Cactus y su entorno realizadas por el fot\u00f3grafo Pedro Albornoz.<\/span><\/p>\n<p><\/p>","protected":false},"featured_media":17522,"parent":0,"template":"","meta":{"_acf_changed":false,"ngg_post_thumbnail":0,"footnotes":""},"publicacion_coleccion":[62],"class_list":["post-16015","fcm_publicacion","type-fcm_publicacion","status-publish","has-post-thumbnail","hentry","publicacion_coleccion-lugares"],"acf":[],"_links":{"self":[{"href":"https:\/\/ludiccc.ddns.net\/de\/wp-json\/wp\/v2\/fcm_publicacion\/16015","targetHints":{"allow":["GET"]}}],"collection":[{"href":"https:\/\/ludiccc.ddns.net\/de\/wp-json\/wp\/v2\/fcm_publicacion"}],"about":[{"href":"https:\/\/ludiccc.ddns.net\/de\/wp-json\/wp\/v2\/types\/fcm_publicacion"}],"version-history":[{"count":2,"href":"https:\/\/ludiccc.ddns.net\/de\/wp-json\/wp\/v2\/fcm_publicacion\/16015\/revisions"}],"predecessor-version":[{"id":24479,"href":"https:\/\/ludiccc.ddns.net\/de\/wp-json\/wp\/v2\/fcm_publicacion\/16015\/revisions\/24479"}],"wp:featuredmedia":[{"embeddable":true,"href":"https:\/\/ludiccc.ddns.net\/de\/wp-json\/wp\/v2\/media\/17522"}],"wp:attachment":[{"href":"https:\/\/ludiccc.ddns.net\/de\/wp-json\/wp\/v2\/media?parent=16015"}],"wp:term":[{"taxonomy":"publicacion_coleccion","embeddable":true,"href":"https:\/\/ludiccc.ddns.net\/de\/wp-json\/wp\/v2\/publicacion_coleccion?post=16015"}],"curies":[{"name":"wp","href":"https:\/\/api.w.org\/{rel}","templated":true}]}}