{"id":14412,"date":"2012-06-07T00:00:00","date_gmt":"2012-06-07T00:00:00","guid":{"rendered":"https:\/\/fcmanrique.org\/fcm-actividad\/cesar-manrique-tenia-sensibilidad-n\/"},"modified":"2026-04-23T23:19:19","modified_gmt":"2026-04-23T23:19:19","slug":"cesar-manrique-tenia-sensibilidad-n","status":"publish","type":"fcm_actividad","link":"https:\/\/ludiccc.ddns.net\/de\/fcm-actividad\/cesar-manrique-tenia-sensibilidad-n\/","title":{"rendered":"<em>C\u00e9sar Manrique ten\u00eda sensibilidad no s\u00f3lo para crear sino tambi\u00e9n para convencer a los que estaban con \u00e9l<\/em>"},"content":{"rendered":"<div class=\"wp-block-columns fcm-page-migration-columns is-layout-flex wp-container-core-columns-is-layout-9d6595d7 wp-block-columns-is-layout-flex\"><div class=\"wp-block-column is-layout-flow wp-block-column-is-layout-flow\" style=\"flex-basis:66.66%\"><figure class=\"wp-block-image size-full\"><img width=\"135\" height=\"100\" src=\"https:\/\/fcm.local\/wp-content\/uploads\/thmb_50851dcdmr2_1_135x100.jpg\" class=\"wp-image-14413\" alt=\"C\u00e9sar Manrique ten\u00eda sensibilidad no s\u00f3lo para crear sino tambi\u00e9n para convencer a los que estaban con \u00e9l\" loading=\"eager\" decoding=\"async\" \/><\/figure>\n<p>La segunda de las cinco mesas redondas previstas este a\u00f1o sobre la figura de C\u00e9sar Manrique se celebr\u00f3 el 7 de junio, bajo el t\u00edtulo <em>C\u00e9sar Manrique. Construcci\u00f3n del espacio p\u00fablico<\/em>, y reuni\u00f3 a cuatro colaboradores del artista lanzarote\u00f1o: Luis Morales, Esteban Armas, Jos\u00e9 Luis Olcina y Antonio Ramos, moderados por los periodistas Sa\u00fal Garc\u00eda y Domingo Rivero. <\/p>\n<p>Luis Morales fue jefe del departamento de v\u00edas y obras del Cabildo de Lanzarote, comenz\u00f3 a colaborar con Manrique en 1952 y lo hizo durante cuatro d\u00e9cadas. A mediados de los a\u00f1os sesenta se form\u00f3 un \u201cequipo\u201d que se dedicaba a supervisar todas las obras los s\u00e1bados por la tarde. Lo formaban Manrique, Pep\u00edn Ram\u00edrez, Antonio \u00c1lvarez, Jes\u00fas Soto y el propio jefe de obras. \u201cLo que m\u00e1s me gustaba de C\u00e9sar era c\u00f3mo cuidaba el medio ambiente\u201d, dijo Morales. A lo largo de sus intervenciones, Morales fue contando c\u00f3mo se gestaron los Centros de Arte, Cultura y Turismo y otras obras, partiendo de una isla en la que apenas hab\u00eda tres trozos de carretera asfaltados y en la que el dinero de los obras previstas por el Estado se devolv\u00eda porque no hab\u00eda empresas constructoras. El Cabildo cre\u00f3 su propia empresa y comenz\u00f3 a asumir esas obras: carreteras, las galer\u00edas de agua de Famara, la Granja agr\u00edcola o la pista del aeropuerto, y con los remanentes se inici\u00f3 la construcci\u00f3n de Los Jameos del Agua, \u201ca mano, porque no hab\u00eda m\u00e1quinas\u201d, retirando toneladas de piedras \u201cpara hacer la sala de fiestas mejor del mundo\u201d como cont\u00f3 Morales que prometi\u00f3 C\u00e9sar. Otra obra complicada fue el restaurante El Diablo, en las Monta\u00f1as del Fuego. Para hacer el foso de la gran parrilla se hizo un peque\u00f1o cr\u00e1ter y se canaliz\u00f3 el fuego, con el apoyo, eso s\u00ed, de una bandeja llena de agua para apagar las llamas que se encend\u00edan en las botas de los trabajadores. En esas obras, seg\u00fan Morales, \u201ctodo el personal estaba entusiasmado, no hac\u00eda falta jefe\u201d porque Manrique logr\u00f3 sensibilizar a cada uno de esos trabajadores (llegaron a trabajar simult\u00e1neamente m\u00e1s de 300). \u201c\u00c9l se llevaba bien con todos, era muy cercano, ten\u00eda sensibilidad no s\u00f3lo para crear sino tambi\u00e9n para convencer a los que estaban con \u00e9l y nos ense\u00f1\u00f3 a ver el paisaje de la manera que \u00e9l lo ve\u00eda\u201d. Termin\u00f3 dando gracias a C\u00e9sar \u201cy a todos los que trabajaron con \u00e9l, porque lo que se ha hecho es como una cosa milagrosa, \u00a1c\u00f3mo fue posible reunir ese equipo, esa casualidad tan grande!\u201d<\/p>\n<p>Esteban Armas entr\u00f3 a trabajar en el Cabildo como arquitecto t\u00e9cnico en 1978. Dijo que en los a\u00f1os sesenta, los lanzarote\u00f1os cre\u00edan que Lanzarote era fea porque no hab\u00eda verde \u201cy C\u00e9sar reivindic\u00f3 la belleza de la piedra, de lo seco\u201d. Armas habl\u00f3 de la conjunci\u00f3n de Manrique con el entonces presidente del Cabildo, Pep\u00edn Ram\u00edrez, porque eran amigos de la infancia, lo que facilit\u00f3 que se llevara a cabo la obra p\u00fablica del artista lanzarote\u00f1o. Tambi\u00e9n habl\u00f3 de la construcci\u00f3n del Jard\u00edn de Cactus, una obra planificada desde los a\u00f1os setenta pero que concluy\u00f3 en los a\u00f1os noventa y en la que el dise\u00f1o de C\u00e9sar \u201cfue total, detalle por detalle\u201d. Y habl\u00f3 de dos obras frustradas: el Mirador de El Golfo, que C\u00e9sar, \u201cque ten\u00eda una capacidad desbordante\u201d, decidi\u00f3 no hacer porque ya ve\u00eda la masificaci\u00f3n de la Isla \u201cy pensaba que se lo iban a cargar\u201d y la adecuaci\u00f3n de El Charco de San Gin\u00e9s, porque C\u00e9sar falleci\u00f3 durante su ejecuci\u00f3n. Quiso terminar desmontando el mito de que C\u00e9sar hac\u00eda tirar muchas de las cosas que se constru\u00edan. \u201cNo tiraba nada, es un mito, porque cuando hab\u00eda un problema t\u00e9cnico o un exceso de coste, \u00e9l hac\u00eda otra propuesta distinta en el momento\u201d, y subray\u00f3 la labor de Luis Morales \u201cporque fue el traductor perfecto de C\u00e9sar.\u201d<\/p>\n<p>Antonio Ramos, \u2018To\u00f1\u00edn\u2019, era un adolescente cuando se incorpor\u00f3 en 1969 como electricista a la construcci\u00f3n de Los Jameos. \u201cYa me di cuenta de que C\u00e9sar era un artista y luego de que era un genio, nos inculcaba que las piedras eran bonitas, que todo hab\u00eda que cuidarlo porque era importante para el ser humano, nos hizo comprender que Lanzarote no era la ni\u00f1a fea.\u201d En una ocasi\u00f3n, C\u00e9sar le compar\u00f3 a Lanzarote con una mesa, en la que una pata era la agricultura, otra la pesca, otra el comercio y la cuarta, que estaban montando, era el turismo. \u201cComo esto funcione \u2014dec\u00eda\u2014 aqu\u00ed vamos a vivir de maravilla\u201d. \u201cY as\u00ed ha sido \u2014dijo Ramos con iron\u00eda\u2014, nos hemos cargado la agricultura y la pesca, pero tenemos el turismo.\u201d \u2018To\u00f1\u00edn\u2019, que record\u00f3 a otros trabajadores como Marcial Mart\u00edn, Ildefonso Aguilar, Jes\u00fas Soto, Ram\u00f3n Mart\u00ednez o profesionales de la piedra y alba\u00f1iles, era \u2018el chico para todo\u2019: \u201cSab\u00edamos cu\u00e1ndo empez\u00e1bamos, a las siete, pero no cu\u00e1ndo volv\u00edamos\u201d, porque a veces C\u00e9sar les ped\u00eda que se quedaran en Los Jameos para ense\u00f1ar el lugar a alguien importante. \u201cPara \u00e9l todos eran importantes\u201d, seg\u00fan To\u00f1\u00edn. Por all\u00ed pasaron Lindsay Kemp, Nuria Espert, Alberti, Marsillach, Kraus\u2026 \u201cy gente muy moderna, bien vestida.\u201d En los Jameos, Ramos pinchaba unos discos que Manrique hab\u00eda tra\u00eddo de Nueva York y as\u00ed conoci\u00f3 y se enamor\u00f3 del blues, el soul o el country. Para To\u00f1\u00edn, C\u00e9sar, que trataba muy bien a todos, era \u201cun genio, un hombre sencillo, amable y muy trabajador.\u201d <\/p>\n<p>El ingeniero Jos\u00e9 Luis Olcina conoci\u00f3 a C\u00e9sar en 1969 en el Puerto de la Cruz, junto con Alfredo Amig\u00f3 y el contratista Luis D\u00edaz de Losada. Decidieron que interviniera para hacer las piscinas del Lago Marti\u00e1nez y en una pizzer\u00eda dibuj\u00f3 en cinco minutos, en una servilleta, la forma actual del lago con la isla en medio. \u201cLa cogimos y presentamos el proyecto\u201d, dijo Olcina, que form\u00f3 parte de lo que Manrique llamaba \u201cla familia de Tenerife\u201d, con quienes colabor\u00f3 durante 25 a\u00f1os. La ilusi\u00f3n de los trabajadores de Lanzarote tambi\u00e9n se contagi\u00f3 a los tinerfe\u00f1os: \u201cestaban ilusionados, se sent\u00edan part\u00edcipes y orgullosos de las obras\u201d, seg\u00fan Olcina, que cont\u00f3 varias an\u00e9cdotas de C\u00e9sar con las autoridades. \u201cManrique nos ense\u00f1\u00f3 a ver la belleza, la naturaleza, ten\u00eda una capacidad creativa impresionante, transmit\u00eda ilusi\u00f3n a todos y ten\u00eda un gran factor humano\u201d, concluy\u00f3.<\/p>\n<p>El periodista Domingo Rivero cerr\u00f3 con unas palabras del artista y a\u00f1adi\u00f3 que \u201cen tiempos del todo vale, tenemos la obligaci\u00f3n moral de preservar el legado que nos dejaron C\u00e9sar Manrique y otras personas irrepetibles.\u201d<\/p><\/div><div class=\"wp-block-column is-layout-flow wp-block-column-is-layout-flow\" style=\"flex-basis:33.33%\"><div class=\"wp-block-group detail-panel detail-media wp-block-group-\"><div class=\"wp-block-group__inner-container is-layout-flow wp-block-group-is-layout-flow\"><p><a href=\"https:\/\/fcmanrique.org\/wp-content\/uploads\/50851e3dmr2_1_640.jpg\"><\/a><\/p><\/div><\/div>\n<div class=\"wp-block-group detail-panel detail-media wp-block-group-\"><div class=\"wp-block-group__inner-container is-layout-flow wp-block-group-is-layout-flow\"><ul class=\"wp-block-list\"><li><a href=\"\/recursos\/actividad\/50851facnp09-12%20mesa%20rdonda%202.pdf\" class=\"fcm-pdf-download-link\">Nota de prensa<\/a><\/li><\/ul><\/div><\/div><\/div><\/div>","protected":false},"featured_media":14413,"parent":0,"template":"","meta":{"_acf_changed":false,"ngg_post_thumbnail":0,"footnotes":""},"actividad_tipo":[37],"actividad_lugar":[49],"actividad_departamento":[31],"actividad_ciclo":[],"class_list":["post-14412","fcm_actividad","type-fcm_actividad","status-publish","has-post-thumbnail","hentry","actividad_tipo-otras-actividades","actividad_lugar-lugar-sala-saramago","actividad_departamento-departamento-de-programas-culturales"],"acf":[],"_links":{"self":[{"href":"https:\/\/ludiccc.ddns.net\/de\/wp-json\/wp\/v2\/fcm_actividad\/14412","targetHints":{"allow":["GET"]}}],"collection":[{"href":"https:\/\/ludiccc.ddns.net\/de\/wp-json\/wp\/v2\/fcm_actividad"}],"about":[{"href":"https:\/\/ludiccc.ddns.net\/de\/wp-json\/wp\/v2\/types\/fcm_actividad"}],"version-history":[{"count":1,"href":"https:\/\/ludiccc.ddns.net\/de\/wp-json\/wp\/v2\/fcm_actividad\/14412\/revisions"}],"predecessor-version":[{"id":26934,"href":"https:\/\/ludiccc.ddns.net\/de\/wp-json\/wp\/v2\/fcm_actividad\/14412\/revisions\/26934"}],"wp:featuredmedia":[{"embeddable":true,"href":"https:\/\/ludiccc.ddns.net\/de\/wp-json\/wp\/v2\/media\/14413"}],"wp:attachment":[{"href":"https:\/\/ludiccc.ddns.net\/de\/wp-json\/wp\/v2\/media?parent=14412"}],"wp:term":[{"taxonomy":"actividad_tipo","embeddable":true,"href":"https:\/\/ludiccc.ddns.net\/de\/wp-json\/wp\/v2\/actividad_tipo?post=14412"},{"taxonomy":"actividad_lugar","embeddable":true,"href":"https:\/\/ludiccc.ddns.net\/de\/wp-json\/wp\/v2\/actividad_lugar?post=14412"},{"taxonomy":"actividad_departamento","embeddable":true,"href":"https:\/\/ludiccc.ddns.net\/de\/wp-json\/wp\/v2\/actividad_departamento?post=14412"},{"taxonomy":"actividad_ciclo","embeddable":true,"href":"https:\/\/ludiccc.ddns.net\/de\/wp-json\/wp\/v2\/actividad_ciclo?post=14412"}],"curies":[{"name":"wp","href":"https:\/\/api.w.org\/{rel}","templated":true}]}}