{"id":14405,"date":"2012-05-24T00:00:00","date_gmt":"2012-05-24T00:00:00","guid":{"rendered":"https:\/\/fcmanrique.org\/fcm-actividad\/stipo-pranyko-durante-su-homenaje-a\/"},"modified":"2026-04-23T23:19:30","modified_gmt":"2026-04-23T23:19:30","slug":"stipo-pranyko-durante-su-homenaje-a","status":"publish","type":"fcm_actividad","link":"https:\/\/ludiccc.ddns.net\/de\/fcm-actividad\/stipo-pranyko-durante-su-homenaje-a\/","title":{"rendered":"Stipo Pranyko, durante su homenaje: <em>Agradezco a mi destino que me haya tra\u00eddo a Lanzarote<\/em>"},"content":{"rendered":"<div class=\"wp-block-columns fcm-page-migration-columns is-layout-flex wp-container-core-columns-is-layout-9d6595d7 wp-block-columns-is-layout-flex\"><div class=\"wp-block-column is-layout-flow wp-block-column-is-layout-flow\" style=\"flex-basis:66.66%\"><figure class=\"wp-block-image size-full\"><img width=\"135\" height=\"100\" src=\"https:\/\/fcm.local\/wp-content\/uploads\/thmb_50851874sp1_135-100.jpg\" class=\"wp-image-14406\" alt=\"Stipo Pranyko, durante su homenaje: Agradezco a mi destino que me haya tra\u00eddo a Lanzarote\" loading=\"eager\" decoding=\"async\" \/><\/figure>\n<p>La noche del homenaje a Stipo Pranyko (Bosnia, 1930) en la Sala Jos\u00e9 Saramago de la Fundaci\u00f3n C\u00e9sar Manrique comenz\u00f3 con la proyecci\u00f3n del documental \u2018Stipo Pranyko con cuadros blancos\u2019, dirigido por David Delgado San Gin\u00e9s. El documental muestra el \u201cesp\u00edritu\u201d, del pintor \u2014seg\u00fan dijo Delgado\u2014 y en \u00e9l aparece trabajando en su casa de Tah\u00edche y hablando sobre su arte, su experiencia cercana a la muerte, su concepto de la creaci\u00f3n, o explicando c\u00f3mo y por que lleg\u00f3 a Lanzarote hace m\u00e1s de veinte a\u00f1os en busca de soledad y huyendo de la arrogancia del arte. <\/p>\n<p>Hace varios meses que Pranyko traslad\u00f3 su residencia a la ciudad alemana de M\u00fcnich, y la FCM, seg\u00fan su director Fernando G\u00f3mez Aguilera, quiso realizar un acto de reconocimiento al pintor y de gratitud \u201cpor acompa\u00f1arnos desde la discreci\u00f3n y por su constante devoci\u00f3n por la vida y por el arte\u201d. G\u00f3mez Aguilera, que abri\u00f3 una mesa redonda en la que participaron adem\u00e1s, el poeta y amigo de Pranyko, Melchor L\u00f3pez, el conservador del Tenerife Espacio de las Artes (TEA), Isidro Hern\u00e1ndez y David Delgado, dijo que en Stipo \u201carte y vida se funden en una amalgama inseparable\u201d, destacando \u201cque siempre ha vivido con independencia en los bordes, en el silencio y el apartamiento, pasando desapercibido\u201d, sin que las dificultades para vivir, constantes en su existencia, le hayan apartado de su camino. Se\u00f1al\u00f3 que el blanco que domina su arte no simboliza la pureza sino que est\u00e1 \u201croto por las impurezas\u201d, como testimonio de esa andadura compleja, y adelant\u00f3 que la mesa no tratar\u00eda de hacer reflexiones sobre el artista sino de rendirle tributo para que se llevase el abrazo de \u201clas palabras que le vamos a entregar esta noche\u201d.<\/p>\n<p>Melchor L\u00f3pez, que ha frecuentado con asiduidad al pintor durante los dos \u00faltimos a\u00f1os, relat\u00f3 dos recuerdos sobre Pranyko. El primero de ellos se lo cont\u00f3 el propio artista, que en su juventud pas\u00f3 varias semanas encerrado en una c\u00e1mara oscura en Sarajevo. \u201cTras saturarse de oscuridad, c\u00f3mo no buscar el blanco en sus cuadros\u201d, dijo, y afirm\u00f3 que pinta buscando tambi\u00e9n un estado de pensamiento en blanco. \u201cStipo \u2014se\u00f1al\u00f3\u2014 es un resucitado que conoce la luz de este mundo y de aquel, es el L\u00e1zaro de Lanzarote\u201d. El otro recuerdo corresponde al d\u00eda en que conoci\u00f3 al artista en su casa de Tah\u00edche y sinti\u00f3 un \u201cmisterio religioso ante sus cuadros altares\u201d. Dijo L\u00f3pez que, en la obra de Pranyko, hasta el objeto m\u00e1s humilde puede ser una reliquia y que deber\u00eda contemplarse su obra \u201carrodillado como el que contempla un altar\u201d.<\/p>\n<p>Por su parte, Isidro Hern\u00e1ndez relat\u00f3 la grata experiencia de colaborar con Pranyko en el montaje de su gran exposici\u00f3n en el TEA. Asegur\u00f3 que durante el montaje asistieron a un proceso de rejuvenecimiento del artista, que estaba en estado de gracia por el inter\u00e9s que le suscitaba la exposici\u00f3n. Asimismo, aludi\u00f3 a las simpat\u00edas y empat\u00edas que despert\u00f3 no s\u00f3lo en el equipo del museo, sino en numerosos visitantes de la muestra. <\/p>\n<p>David Delgado explic\u00f3 el m\u00e9todo de rodaje del documental, que se elabor\u00f3 sin gui\u00f3n, a trav\u00e9s de experiencias vividas en la casa del artista. \u201cStipo es la persona que he conocido \u2014dijo el cineasta\u2014 m\u00e1s cercana a lo que yo concibo como la luz\u201d, y destac\u00f3 que el artista trabaja con elementos de verdad, a partir de experiencias vitales y no de invenciones, trasmitiendo una sensaci\u00f3n de espiritualidad.<\/p>\n<p>Retom\u00f3 la palabra G\u00f3mez Aguilera para manifestar que el homenajeado es un artista que suscita respeto entre los j\u00f3venes, un artista secreto que, \u201cpor su coherencia y apartamiento de los circuitos culturales, tiene la singularidad de no levantar sospechas, dentro de un mundo, el del arte, lleno de banalidad y oropeles, y una cultura trufada de apariencia y espectacularidad\u201d. Para el director de la FCM, la actitud de Stipo Pranyko encarna la veracidad en los comportamientos: \u201cDetr\u00e1s hay un ser humano de verdad, su vida es lo que hace, no hay trampa ni cart\u00f3n, y esto confiere una rara dignidad a su actitud y una visible dignidad a su obra\u201d, que calific\u00f3 como antiacad\u00e9mica, antigrandilocuente y nada solemne, apegada a consagrar lo banal y lo trivial. Asegur\u00f3 que este artista n\u00f3mada, desplazado, el eterno extranjero, \u201casume una profunda indiferencia ante la vida, como si se tratara de una derrota aceptada, pero capaz de dotar de un car\u00e1cter luminoso ese espacio de la ca\u00edda sin instalarse en la cultura de la queja, tan com\u00fan en el mundo del arte\u201d. \u201cEs imposible \u2014se\u00f1al\u00f3\u2014que un museo otorgue a un artista lo que el artista cree que se merece y es gratificante encontrarse con personas como Stipo Pranyko, que no piden nada\u201d. Para Stipo, seg\u00fan G\u00f3mez Aguilera, el proceso acaba por convertirse en el tema. Igual que vivir es la esencia de la vida, para el arista, trabajar es el fundamento de su arte, aceptando el fatalismo de que est\u00e1 condenado a vivir en una pulsi\u00f3n que le produce una insatisfacci\u00f3n permanente. \u201cLo relevante es que eso nos produce emociones, que est\u00e1n por encima de los discursos\u201d, termin\u00f3. <\/p>\n<p>La mesa la cerr\u00f3 Melchor L\u00f3pez, que record\u00f3 que, tras el visionado del documental hace unos meses, Pranyko dijo que iba a ser la mejor presentaci\u00f3n para su nueva etapa en Alemania, \u201c\u00a1y tiene m\u00e1s de 80 a\u00f1os!\u201d, se\u00f1al\u00f3, asegurando que es un experto en resurrecciones. <\/p>\n<p>El acto lo cerr\u00f3 el artista, que tan s\u00f3lo habl\u00f3 del destino. \u201cSi existe o no, no me interesa y no hablo de ello, lo dejo a los fil\u00f3sofos, pero agradezco a mi destino que me haya tra\u00eddo a Lanzarote\u201d. Cit\u00f3 a Nietzsche, que hablaba del amor por el destino, para decir que eso le permite dar gracias a su destino por haber llegado a Lanzarote, donde ha pasado gran parte de su vida, y unos \u201ca\u00f1os felices, productivos y creativos\u201d y de \u00e9xito por sus exposiciones en la FCM, el IVAM y el TEA. Agradeci\u00f3 el homenaje y su asistencia al p\u00fablico, que le entreg\u00f3 una cerrada ovaci\u00f3n. El artista, que se hab\u00eda dirigido al p\u00fablico de pie, fiel a s\u00ed mismo y confirmando las palabras que se hab\u00edan dicho de \u00e9l durante el acto, prefiri\u00f3 recibir sentado el aplauso.<\/p><\/div><div class=\"wp-block-column is-layout-flow wp-block-column-is-layout-flow\" style=\"flex-basis:33.33%\"><div class=\"wp-block-group detail-panel detail-media wp-block-group-\"><div class=\"wp-block-group__inner-container is-layout-flow wp-block-group-is-layout-flow\"><p><a href=\"https:\/\/fcmanrique.org\/wp-content\/uploads\/5085191dsp1_640.jpg\"><\/a><\/p><\/div><\/div>\n<div class=\"wp-block-group detail-panel detail-media wp-block-group-\"><div class=\"wp-block-group__inner-container is-layout-flow wp-block-group-is-layout-flow\"><ul class=\"wp-block-list\"><li><a href=\"\/recursos\/actividad\/508517e6np08-12%20homenaje%20stipo%20p.pdf\" class=\"fcm-pdf-download-link\">Nota de prensa<\/a><\/li><\/ul><\/div><\/div><\/div><\/div>","protected":false},"featured_media":14406,"parent":0,"template":"","meta":{"_acf_changed":false,"ngg_post_thumbnail":0,"footnotes":""},"actividad_tipo":[37],"actividad_lugar":[49],"actividad_departamento":[30],"actividad_ciclo":[],"class_list":["post-14405","fcm_actividad","type-fcm_actividad","status-publish","has-post-thumbnail","hentry","actividad_tipo-otras-actividades","actividad_lugar-lugar-sala-saramago","actividad_departamento-departamento-de-conservacion-y-artes-plasticas"],"acf":[],"_links":{"self":[{"href":"https:\/\/ludiccc.ddns.net\/de\/wp-json\/wp\/v2\/fcm_actividad\/14405","targetHints":{"allow":["GET"]}}],"collection":[{"href":"https:\/\/ludiccc.ddns.net\/de\/wp-json\/wp\/v2\/fcm_actividad"}],"about":[{"href":"https:\/\/ludiccc.ddns.net\/de\/wp-json\/wp\/v2\/types\/fcm_actividad"}],"version-history":[{"count":1,"href":"https:\/\/ludiccc.ddns.net\/de\/wp-json\/wp\/v2\/fcm_actividad\/14405\/revisions"}],"predecessor-version":[{"id":27068,"href":"https:\/\/ludiccc.ddns.net\/de\/wp-json\/wp\/v2\/fcm_actividad\/14405\/revisions\/27068"}],"wp:featuredmedia":[{"embeddable":true,"href":"https:\/\/ludiccc.ddns.net\/de\/wp-json\/wp\/v2\/media\/14406"}],"wp:attachment":[{"href":"https:\/\/ludiccc.ddns.net\/de\/wp-json\/wp\/v2\/media?parent=14405"}],"wp:term":[{"taxonomy":"actividad_tipo","embeddable":true,"href":"https:\/\/ludiccc.ddns.net\/de\/wp-json\/wp\/v2\/actividad_tipo?post=14405"},{"taxonomy":"actividad_lugar","embeddable":true,"href":"https:\/\/ludiccc.ddns.net\/de\/wp-json\/wp\/v2\/actividad_lugar?post=14405"},{"taxonomy":"actividad_departamento","embeddable":true,"href":"https:\/\/ludiccc.ddns.net\/de\/wp-json\/wp\/v2\/actividad_departamento?post=14405"},{"taxonomy":"actividad_ciclo","embeddable":true,"href":"https:\/\/ludiccc.ddns.net\/de\/wp-json\/wp\/v2\/actividad_ciclo?post=14405"}],"curies":[{"name":"wp","href":"https:\/\/api.w.org\/{rel}","templated":true}]}}