{"id":14332,"date":"2010-07-01T00:00:00","date_gmt":"2010-07-01T00:00:00","guid":{"rendered":"https:\/\/fcmanrique.org\/fcm-actividad\/baltasar-garzon-las-opiniones-de-sa\/"},"modified":"2026-04-23T23:19:19","modified_gmt":"2026-04-23T23:19:19","slug":"baltasar-garzon-las-opiniones-de-sa","status":"publish","type":"fcm_actividad","link":"https:\/\/ludiccc.ddns.net\/de\/fcm-actividad\/baltasar-garzon-las-opiniones-de-sa\/","title":{"rendered":"Baltasar Garz\u00f3n: \u00abLas opiniones de Saramago empujaron a miles de personas a reflexionar sobre la corresponsabilidad\u00bb"},"content":{"rendered":"<div class=\"wp-block-columns fcm-page-migration-columns is-layout-flex wp-container-core-columns-is-layout-9d6595d7 wp-block-columns-is-layout-flex\"><div class=\"wp-block-column is-layout-flow wp-block-column-is-layout-flow\" style=\"flex-basis:66.66%\"><figure class=\"wp-block-image size-full\"><img fetchpriority=\"high\" width=\"394\" height=\"335\" src=\"https:\/\/fcm.local\/wp-content\/uploads\/fc-manrique-actividad-baltasar-garzon.jpg\" class=\"wp-image-24835\" alt=\"Baltasar Garz\u00f3n: \u00abLas opiniones de Saramago empujaron a miles de personas a reflexionar sobre la corresponsabilidad\u00bb\" loading=\"eager\" decoding=\"async\" srcset=\"https:\/\/fcm.local\/wp-content\/uploads\/fc-manrique-actividad-baltasar-garzon.jpg 394w, https:\/\/fcm.local\/wp-content\/uploads\/fc-manrique-actividad-baltasar-garzon-300x255.jpg 300w, https:\/\/fcm.local\/wp-content\/uploads\/fc-manrique-actividad-baltasar-garzon-289x246.jpg 289w\" sizes=\"(max-width: 394px) 100vw, 394px\" \/><\/figure>\n<p>Jos\u00e9 Saramago sali\u00f3 a recibir a cada uno de los asistentes a la presentaci\u00f3n del libro<strong> <em>Jos\u00e9 Saramago. La consistencia de los sue\u00f1os<\/em><\/strong>, escrito por el director de la Fundaci\u00f3n C\u00e9sar Manrique, <strong>Fernando G\u00f3mez Aguilera<\/strong>. Lo hizo como sus libros, impreso, en una fotograf\u00eda con el lema \u2018Gracias, Jos\u00e9\u2019. Dentro de la sede de la FCM, algunas de sus p\u00e1ginas y un clavel rojo daban la bienvenida. En la sala, tras la mesa, dos grandes fotos del Nobel \u2014\u2019Gracias, Jos\u00e9\u2019\u2014 y una m\u00e1s, junto a Pilar del R\u00edo, con el lema \u2018Gracias, Pilar\u2019, presid\u00edan el acto. En la pared, impresa, una frase del Nobel escrita en 1999: \u201cLa gran victoria de mi vida es sentir que, en el fondo, lo m\u00e1s importante de todo es ser buena persona. Si pudiese inaugurar una nueva Internacional ser\u00eda la Internacional de la bondad\u201d. \u201cUna figura cumbre de la literatura contempor\u00e1nea\u201d. \u201cUn referente \u00e9tico\u201d. Fueron las dos primeras, de muchas, descripciones de la noche sobre el escritor portugu\u00e9s, a cargo del presidente de la FCM, Jos\u00e9 Juan Ram\u00edrez, que hizo de maestro de ceremonias. <strong>Pilar del R\u00edo<\/strong>, con el juez <strong>Baltasar Garz\u00f3n<\/strong> a su izquierda, comenz\u00f3 hablando de justicia: \u201cAnuncio que si la justicia universal es el empe\u00f1o al que estamos obligados, la justicia po\u00e9tica, sin embargo, ya est\u00e1 instalada en nuestro universo inmediato. Es justicia po\u00e9tica que hoy est\u00e9 aqu\u00ed la persona a la que Saramago dedic\u00f3 uno de sus \u00faltimos escritos y es justicia po\u00e9tica que Fernando G\u00f3mez Aguilera nos presente este libro. \u00c9l, como nadie, sabe lo que a Saramago le gustaba\u201d. Saramago, Garz\u00f3n, G\u00f3mez Aguilera: \u201cTres personas de la misma sangre, de la misma especie, la de pensar, la de no bajar la cabeza ante las dificultades (\u2026) y la de alzar la voz para decir que la \u00fanica prioridad del mundo es el ser humano\u201d, dijo la compa\u00f1era del escritor portugu\u00e9s, que se lament\u00f3 de que \u00e9l no estuviera presente\u2026 \u201c\u00bfO s\u00ed? S\u00e9 que tambi\u00e9n est\u00e1 Saramago\u201d. La presidenta de la Fundaci\u00f3n Jos\u00e9 Saramago anunci\u00f3 \u201clo que Saramago habr\u00eda hecho si la puta muerte no se lo hubiera impedido\u201d: que la Fundaci\u00f3n promover\u00e1 al juez Garz\u00f3n como candidato al Premio Nobel de la Paz, por su defensa de la justicia universal y su empe\u00f1o en perseguir el crimen \u201clo cometa quien lo cometa\u201d. <em>\u201cSaramago y su tiempo\u201d<\/em>. Tom\u00f3 la palabra el juez Garz\u00f3n: \u201cSaramago ha sido, es y ser\u00e1 un ciudadano del mundo, su biograf\u00eda lo acredita. Es un luchador de causas justas y siempre se le reconocer\u00e1 su honestidad, valent\u00eda y coherencia entre la afirmaci\u00f3n que hac\u00eda y la acci\u00f3n que desplegaba, incluso desde la discrepancia\u201d. El recorrido de Garz\u00f3n sobre Saramago parti\u00f3 de la convicci\u00f3n de que el escritor sab\u00eda que el mundo no est\u00e1 bien hecho, que a\u00fan permanece la explotaci\u00f3n del hombre por el hombre y que \u201caceptar las cosas como son lleva al suicidio\u201d. De \u00e9l dijo tambi\u00e9n, como virtud, \u201cporque el mundo no lo cambian los optimistas\u201d que era un pesimista impenitente. <em>\u201cUn defensor de causas justas\u201d<\/em>. Garz\u00f3n record\u00f3 unas palabras del Nobel pronunciadas junto a \u00e9l en un debate en Lisboa en diciembre de 2008: \u201cLa defensa de los Derechos Humanos no es de derechas ni de izquierdas; la gente honesta puede ponerse de acuerdo\u201d. \u201cSaramago \u2014se\u00f1al\u00f3 Garz\u00f3n\u2014 siempre ha estado del lado de las v\u00edctimas y ha sido implacable contra el poderoso\u201d. \u201cSus opiniones empujaron a miles de personas a reflexionar sobre la importancia de la sociedad civil y la corresponsabilidad de todos en una sociedad democr\u00e1tica\u201d. Hizo un repaso de su apoyo a esas causas justas alrededor del mundo, sus dardos hacia tiranos y malos gobernantes, su lucha contra la impunidad, contra la ausencia de democracia que reside en el poder o su aviso de que puede llegar un poder fascista a Europa. \u201cHablamos mucho de democracia y la practicamos poco\u201d, dec\u00eda el Nobel. \u201cCuando se alejan las voces cr\u00edticas, las conciencias se adormecen y aparece el riesgo de la indiferencia\u201d, dijo el juez. <em>\u201cSaramago, amigo\u201d<\/em>. \u201cLo tuve por un gran hombre, fue un gran amigo, no un viejo amigo ni un camarada\u201d. \u201cSu inter\u00e9s por m\u00ed me hizo sentirlo muy adentro, escribi\u00f3 sobre m\u00ed cosas bellas e inmerecidas\u201d. Garz\u00f3n tuvo tambi\u00e9n palabras de agradecimiento para Pilar del R\u00edo: \u201cA ella se debe en gran parte que Jos\u00e9 tuviera ganas de trabajar y de vivir\u201d. <em>\u201cEl libro\u201d<\/em>. \u201cUn documento exhaustivo, sin concesiones a la digresi\u00f3n ni a la dispersi\u00f3n, de un hombre hecho a s\u00ed mismo\u201d, en referencia esta vez al bi\u00f3grafo. \u201cEl libro, escrito con rigor acad\u00e9mico, sistematicidad y justeza en los datos, permite al lector hacer su propio recorrido por el escritor\u201d. Garz\u00f3n, record\u00f3, finalmente, que Saramago mantuvo alguna de sus pol\u00e9micas incluso despu\u00e9s de muerto, principalmente la de \u201cun peri\u00f3dico oficial malintencionado del Vaticano\u201d. Se despidi\u00f3 con una mirada al futuro: \u201cAhora que tanta falta hacen los referentes \u00e9ticos y los liderazgos verdaderos, contin\u00faa emergiendo su figura para las generaciones venideras\u201d. El autor del libro no habl\u00f3 del libro sino del escritor que lo ocupa. Se refiri\u00f3 a que \u201cel abrazo de la ausencia hace pensar que hubo mejores d\u00edas en nuestra vida\u201d y reivindic\u00f3 la necesidad \u201cde contar con seres excepcionales para salvarnos de la zozobra diaria, la injusticia y la arbitrariedad del poder\u201d. \u201cNecesitamos a esos raros hombres y mujeres de luz imperecedera para creer que podemos ser de otra forma m\u00e1s humana\u201d. Uno de esos seres excepcionales fue Saramago, quien desde su adolescencia asumi\u00f3 como valores propios los que ense\u00f1an estos versos de Ricardo Reis, heter\u00f3nimo de Fernando Pessoa: <em>Para ser grande<\/em>, <em>s\u00e9<\/em><\/p>\n<p><em>\u00edntegro.<\/em><\/p>\n<p><em>Nada tuyo exageres<\/em> o <em>excluyas<\/em>. <em>S\u00e9 todo<\/em><\/p>\n<p><em>en cada<\/em><\/p>\n<p><em>cosa<\/em>. <em>Pon<\/em><\/p>\n<p><em>cuanto<\/em><\/p>\n<p><em>eres en lo m\u00ednimo<\/em><\/p>\n<p><em>que<\/em><\/p>\n<p><em>hagas<\/em>. <em>As\u00ed en cada lago la luna entera<\/em><\/p>\n<p><em>brilla<\/em>, <em>porque alta vive.<\/em> El Nobel portugu\u00e9s, que tanto incomodaba al Vaticano, \u201ctodo lo hizo con palabras e ideas; sin hogueras\u201d, y no reconoc\u00eda ninguna prioridad por encima del ser humano, subray\u00f3 su bi\u00f3grafo. \u00c9ste desvel\u00f3 que el origen del t\u00edtulo \u201cLa consistencia de los sue\u00f1os\u201d eran las palabras de la abuela de Saramago a su nieto: \u201cJos\u00e9, en los sue\u00f1os no hay firmeza\u201d. El director de la FCM, calific\u00f3 como \u201cescasa altura de miras\u201d la forma en que Lanzarote y Canarias hab\u00edan tratado las honras f\u00fanebres del Nobel. Habl\u00f3 de \u201carrogancia, torpeza y desidia\u201d de la representaci\u00f3n p\u00fablica. \u201cLas instituciones \u2014dijo\u2014cuando no est\u00e1n a la altura de la labor que desempe\u00f1an, no se respetan a s\u00ed mismas y menoscaban su dignidad, da\u00f1ando a la democracia y a sus ciudadanos\u201d. \u201cA Lanzarote y a Canarias no les sobraba Saramago\u201d. Arrop\u00f3 a Garz\u00f3n con muchos de los elogios con los que visti\u00f3 a Saramago. Revel\u00f3 que el juez era un referente moral para el escritor, que denunciaba los vicios de la democracia: \u201cEl problema del sistema democr\u00e1tico es que permite hacer cosas poco democr\u00e1ticas, democr\u00e1ticamente\u201d, dec\u00eda. Hacia Pilar del R\u00edo mostr\u00f3 su admiraci\u00f3n y agradecimiento, apenas sin palabras: \u201c\u00bfCon qu\u00e9 palabras? Pilar, eres el futuro del pasado\u201d. Sigui\u00f3 con la evocaci\u00f3n de Saramago: \u201cun hombre bueno\u201d, \u201cun escritor de punzantes iron\u00edas\u201d, \u201cun escritor que convirti\u00f3 la ficci\u00f3n en un proyecto hom\u00e9rico, que convirti\u00f3 la novela en el g\u00e9nero entre g\u00e9neros, el lugar donde todo puede ocurrir\u201d, un hombre que dec\u00eda que el hombre no puede vivir sin renunciar a su libertad de hacer tres preguntas b\u00e1sicas: por qu\u00e9, para qu\u00e9 y para qui\u00e9n. En el af\u00e1n del escritor por buscar \u201cel otro lado de las cosas, la palabra m\u00e1s importante para \u00e9l era <em>No\u201d. <\/em> \u201cAl poder lo primero que se le dice es <em>No<\/em> porque el poder tiene que ser vigilado y tiende a excederse\u201d, dijo G\u00f3mez Aguilera, que al halago sobre el escritor sum\u00f3 el halago al ciudadano, por su empe\u00f1o por desasosegar, por su faceta como intelectual, como contrapoder, su defensa de los Derechos Humanos, \u201cincompatibles \u2014aseguraba\u2014con el capitalismo autoritario\u201d. \u201cSaramago fue un obrero de las letras y un pr\u00edncipe de la literatura: una convivencia en pie de igualdad, ilumin\u00e1ndose mutuamente\u201d. Y termin\u00f3 con la bondad, \u201cel \u00fanico valor que cuenta\u201d, el que permite \u201cno hacer nada en la vida que averg\u00fcence al ni\u00f1o que fuimos\u201d, el que puede desembocar en la felicidad, que es para el escritor, para el poeta, \u201cestar en paz con uno mismo y no haber hecho demasiado da\u00f1o a los dem\u00e1s\u201d. Antes de dar las gracias, de decir <em>obrigado<\/em>, de mostrar su gratitud al escritor a cuya obra y a cuya vida dedic\u00f3 cuatro a\u00f1os de la suya, de recibir el aplauso encendido del p\u00fablico y de ponerse en pie para aplaudir a su vez a la imagen de Saramago, el bi\u00f3grafo resumi\u00f3: \u201cSaramago vivi\u00f3 para demostrar que en los sue\u00f1os puede haber firmeza y eso es lo que demuestra el libro que escrib\u00ed\u201d. Sonaron las notas del violonchelo de Pilar Bola\u00f1os interpretando el<em> Cant dels ocells<\/em>, de Pau Casals y, tras el silencio, Pilar del R\u00edo dijo que las cenizas del escritor no se quedar\u00e1n en Lanzarote, que reposar\u00e1n en la sede de su Fundaci\u00f3n en Lisboa, \u201cporque all\u00ed vivi\u00f3 y all\u00ed estar\u00e9 yo\u201d, en el jard\u00edn, bajo una piedra en la que se podr\u00e1 leer: <em>No subi\u00f3 a las estrellas porque a la tierra pertenec\u00eda.<\/em><\/p><\/div><div class=\"wp-block-column is-layout-flow wp-block-column-is-layout-flow\" style=\"flex-basis:33.33%\"><div class=\"wp-block-group detail-panel detail-media wp-block-group-\"><div class=\"wp-block-group__inner-container is-layout-flow wp-block-group-is-layout-flow\"><p><a href=\"https:\/\/fcmanrique.org\/wp-content\/uploads\/4dcd4157claveles_640.jpg\"><\/a><\/p><\/div><\/div>\n<div class=\"wp-block-group detail-panel detail-media wp-block-group-\"><div class=\"wp-block-group__inner-container is-layout-flow wp-block-group-is-layout-flow\"><ul class=\"wp-block-list\"><li><a href=\"\/recursos\/actividad\/4dcd3319np16-10cronojs.pdf\" class=\"fcm-pdf-download-link\">Nota de prensa 1<\/a><\/li><li><a href=\"\/recursos\/actividad\/4dcd348anp17-10cronojsdos.pdf\" class=\"fcm-pdf-download-link\">Nota de prensa 2<\/a><\/li><li><a href=\"\/recursos\/actividad\/4dcd34bfprograma1dejulio.pdf\" class=\"fcm-pdf-download-link\">Programa del acto<\/a><\/li><\/ul><\/div><\/div><\/div><\/div>","protected":false},"featured_media":24835,"parent":0,"template":"","meta":{"_acf_changed":false,"ngg_post_thumbnail":0,"footnotes":""},"actividad_tipo":[36],"actividad_lugar":[46],"actividad_departamento":[31],"actividad_ciclo":[],"class_list":["post-14332","fcm_actividad","type-fcm_actividad","status-publish","has-post-thumbnail","hentry","actividad_tipo-presentacion-libros","actividad_lugar-lugar-fcm","actividad_departamento-departamento-de-programas-culturales"],"acf":[],"_links":{"self":[{"href":"https:\/\/ludiccc.ddns.net\/de\/wp-json\/wp\/v2\/fcm_actividad\/14332","targetHints":{"allow":["GET"]}}],"collection":[{"href":"https:\/\/ludiccc.ddns.net\/de\/wp-json\/wp\/v2\/fcm_actividad"}],"about":[{"href":"https:\/\/ludiccc.ddns.net\/de\/wp-json\/wp\/v2\/types\/fcm_actividad"}],"version-history":[{"count":3,"href":"https:\/\/ludiccc.ddns.net\/de\/wp-json\/wp\/v2\/fcm_actividad\/14332\/revisions"}],"predecessor-version":[{"id":26953,"href":"https:\/\/ludiccc.ddns.net\/de\/wp-json\/wp\/v2\/fcm_actividad\/14332\/revisions\/26953"}],"wp:featuredmedia":[{"embeddable":true,"href":"https:\/\/ludiccc.ddns.net\/de\/wp-json\/wp\/v2\/media\/24835"}],"wp:attachment":[{"href":"https:\/\/ludiccc.ddns.net\/de\/wp-json\/wp\/v2\/media?parent=14332"}],"wp:term":[{"taxonomy":"actividad_tipo","embeddable":true,"href":"https:\/\/ludiccc.ddns.net\/de\/wp-json\/wp\/v2\/actividad_tipo?post=14332"},{"taxonomy":"actividad_lugar","embeddable":true,"href":"https:\/\/ludiccc.ddns.net\/de\/wp-json\/wp\/v2\/actividad_lugar?post=14332"},{"taxonomy":"actividad_departamento","embeddable":true,"href":"https:\/\/ludiccc.ddns.net\/de\/wp-json\/wp\/v2\/actividad_departamento?post=14332"},{"taxonomy":"actividad_ciclo","embeddable":true,"href":"https:\/\/ludiccc.ddns.net\/de\/wp-json\/wp\/v2\/actividad_ciclo?post=14332"}],"curies":[{"name":"wp","href":"https:\/\/api.w.org\/{rel}","templated":true}]}}